{"id":3067,"date":"2022-10-05T07:04:11","date_gmt":"2022-10-05T07:04:11","guid":{"rendered":"https:\/\/foxiz.themeruby.com\/time\/?page_id=2158"},"modified":"2024-07-29T06:01:36","modified_gmt":"2024-07-29T06:01:36","slug":"home","status":"publish","type":"page","link":"https:\/\/theglobalhumanist.com\/de\/home\/","title":{"rendered":"Heim"},"content":{"rendered":"<div data-elementor-type=\"wp-page\" data-elementor-id=\"3067\" class=\"elementor elementor-3067\" data-elementor-post-type=\"page\">\n\t\t\t\t<div class=\"elementor-element elementor-element-cf90c41 e-flex e-con-boxed e-con e-parent\" data-id=\"cf90c41\" data-element_type=\"container\">\n\t\t\t\t\t<div class=\"e-con-inner\">\n\t\t<div class=\"elementor-element elementor-element-0f75b5c e-con-full e-flex e-con e-child\" data-id=\"0f75b5c\" data-element_type=\"container\">\n\t\t\t\t<div class=\"elementor-element elementor-element-359e02c elementor-widget elementor-widget-foxiz-grid-flex-1\" data-id=\"359e02c\" data-element_type=\"widget\" data-widget_type=\"foxiz-grid-flex-1.default\">\n\t\t\t\t<div class=\"elementor-widget-container\">\n\t\t\t\t\t<div id=\"uid_359e02c\" class=\"block-wrap block-grid block-grid-flex-1 rb-columns rb-col-1 rb-tcol-1 rb-mcol-1 is-gap-20 hovering-fade ecat-bg-4 ecat-size-big meta-s-line\"><div class=\"block-inner\">\t\t<div class=\"p-wrap p-grid p-grid-1\" data-pid=\"4422\">\r\n\t\t\t\t<div class=\"p-meta has-bookmark\">\r\n\t\t\t\t<div class=\"meta-inner is-meta\">\r\n\t\t\t\t\t\t\t<div class=\"meta-el meta-author\">\r\n\t\t\t<a href=\"https:\/\/theglobalhumanist.com\/de\/author\/ad4min\/\"><\/a>\t\t<\/div>\r\n\t\t\t\t<div class=\"meta-el meta-read\">0 Min Read<\/div>\r\n\t\t\t\t\t\t<\/div>\r\n\t\t\t\t<span class=\"rb-bookmark bookmark-trigger\" data-pid=\"4422\"><\/span>\t\t\t<\/div>\r\n\t\t<h2 class=\"entry-title\">\t\t<a class=\"p-url\" href=\"https:\/\/theglobalhumanist.com\/de\/at-un-humanists-international-highlights-risks-to-childrens-education-rights-in-conflict\/\" rel=\"bookmark\">At UN, Humanists International highlights risks to children\u2019s\u2019 education rights in conflict<\/a><\/h2><p class=\"entry-summary\">The post At UN, Humanists International highlights risks to children\u2019s\u2019 education rights in conflict appeared first on Humanists International.<\/p>\r\n\t\t\t\t\t<\/div>\r\n\t<\/div><\/div>\t\t\t\t<\/div>\n\t\t\t\t<\/div>\n\t\t\t\t<\/div>\n\t\t<div class=\"elementor-element elementor-element-246b5cb e-con-full e-flex e-con e-child\" data-id=\"246b5cb\" data-element_type=\"container\">\n\t\t\t\t<div class=\"elementor-element elementor-element-2b5fa8b elementor-widget elementor-widget-foxiz-heading\" data-id=\"2b5fa8b\" data-element_type=\"widget\" data-widget_type=\"foxiz-heading.default\">\n\t\t\t\t<div class=\"elementor-widget-container\">\n\t\t\t\t\t<div id=\"uid_2b5fa8b\" class=\"block-h heading-layout-16\"><div class=\"heading-inner\"><h3 class=\"heading-title\"><span>Schlagzeilen<\/span><\/h3><\/div><\/div>\t\t\t\t<\/div>\n\t\t\t\t<\/div>\n\t\t\t\t<div class=\"elementor-element elementor-element-4f24e55 elementor-widget elementor-widget-foxiz-list-small-1\" data-id=\"4f24e55\" data-element_type=\"widget\" data-widget_type=\"foxiz-list-small-1.default\">\n\t\t\t\t<div class=\"elementor-widget-container\">\n\t\t\t\t\t<div id=\"uid_4f24e55\" class=\"block-wrap block-small block-list block-list-small-1 rb-columns rb-col-1 rb-tcol-4 rb-mcol-1 is-gap-custom col-border is-border-gray bottom-border is-b-border-gray no-last-bb meta-s-line\"><div class=\"block-inner\">\t\t<div class=\"p-wrap p-small p-list-small-1\" data-pid=\"4417\">\r\n\t\t\t<div class=\"p-content\">\r\n\t\t\t<h3 class=\"entry-title\"><i class=\"rbi rbi-next\" aria-hidden=\"true\"><\/i>\t\t<a class=\"p-url\" href=\"https:\/\/theglobalhumanist.com\/de\/new-report-by-humanists-international-examines-the-link-between-religion-and-the-rise-of-authoritarianism-around-the-world\/\" rel=\"bookmark\">New report by Humanists International examines the link between religion and the rise of authoritarianism around the world<\/a><\/h3>\t\t\t<div class=\"p-meta has-bookmark\">\r\n\t\t\t\t<div class=\"meta-inner is-meta\">\r\n\t\t\t\t\t\t\t<div class=\"meta-el meta-author\">\r\n\t\t\t<a href=\"https:\/\/theglobalhumanist.com\/de\/author\/ad4min\/\"><\/a>\t\t<\/div>\r\n\t\t\t\t\t\t<\/div>\r\n\t\t\t\t<span class=\"rb-bookmark bookmark-trigger\" data-pid=\"4417\"><\/span>\t\t\t<\/div>\r\n\t\t\t\t<\/div>\r\n\t\t\t\t<\/div>\r\n\t\t\t<div class=\"p-wrap p-small p-list-small-1\" data-pid=\"3472\">\r\n\t\t\t<div class=\"p-content\">\r\n\t\t\t<h3 class=\"entry-title\"><i class=\"rbi rbi-next\" aria-hidden=\"true\"><\/i>\t\t<a class=\"p-url\" href=\"https:\/\/theglobalhumanist.com\/de\/why-orwell-matters-by-christopher-hitchens\/\" rel=\"bookmark\">Warum Orwell wichtig ist von Christopher Hitchens<\/a><\/h3>\t\t\t<div class=\"p-meta has-bookmark\">\r\n\t\t\t\t<div class=\"meta-inner is-meta\">\r\n\t\t\t\t\t\t\t<div class=\"meta-el meta-author\">\r\n\t\t\t<a href=\"https:\/\/theglobalhumanist.com\/de\/author\/ad4min\/\"><\/a>\t\t<\/div>\r\n\t\t\t\t\t\t<\/div>\r\n\t\t\t\t<span class=\"rb-bookmark bookmark-trigger\" data-pid=\"3472\"><\/span>\t\t\t<\/div>\r\n\t\t\t\t<\/div>\r\n\t\t\t\t<\/div>\r\n\t\t\t<div class=\"p-wrap p-small p-list-small-1\" data-pid=\"3391\">\r\n\t\t\t<div class=\"p-content\">\r\n\t\t\t<h3 class=\"entry-title\"><i class=\"rbi rbi-next\" aria-hidden=\"true\"><\/i>\t\t<a class=\"p-url\" href=\"https:\/\/theglobalhumanist.com\/de\/religion-evolution-and-an-immunology-of-cultural-systems-by-jasper-sorensen\/\" rel=\"bookmark\">Religion, Evolution und eine Immunologie kultureller Systeme von Jasper Sorensen<\/a><\/h3>\t\t\t<div class=\"p-meta has-bookmark\">\r\n\t\t\t\t<div class=\"meta-inner is-meta\">\r\n\t\t\t\t\t\t\t<div class=\"meta-el meta-author\">\r\n\t\t\t<a href=\"https:\/\/theglobalhumanist.com\/de\/author\/ad4min\/\"><\/a>\t\t<\/div>\r\n\t\t\t\t\t\t<\/div>\r\n\t\t\t\t<span class=\"rb-bookmark bookmark-trigger\" data-pid=\"3391\"><\/span>\t\t\t<\/div>\r\n\t\t\t\t<\/div>\r\n\t\t\t\t<\/div>\r\n\t\t\t<div class=\"p-wrap p-small p-list-small-1\" data-pid=\"3804\">\r\n\t\t\t<div class=\"p-content\">\r\n\t\t\t<h3 class=\"entry-title\"><i class=\"rbi rbi-next\" aria-hidden=\"true\"><\/i>\t\t<a class=\"p-url\" href=\"https:\/\/theglobalhumanist.com\/de\/essentials-of-physical-anthropology-discovering-our-origins-by-clark-spencer-larsen\/\" rel=\"bookmark\">Grundlagen der physischen Anthropologie: Die Entdeckung unserer Urspr\u00fcnge von Clark Spencer Larsen<\/a><\/h3>\t\t\t<div class=\"p-meta has-bookmark\">\r\n\t\t\t\t<div class=\"meta-inner is-meta\">\r\n\t\t\t\t\t\t\t<div class=\"meta-el meta-author\">\r\n\t\t\t<a href=\"https:\/\/theglobalhumanist.com\/de\/author\/ad4min\/\"><\/a>\t\t<\/div>\r\n\t\t\t\t\t\t<\/div>\r\n\t\t\t\t<span class=\"rb-bookmark bookmark-trigger\" data-pid=\"3804\"><\/span>\t\t\t<\/div>\r\n\t\t\t\t<\/div>\r\n\t\t\t\t<\/div>\r\n\t<\/div><\/div>\t\t\t\t<\/div>\n\t\t\t\t<\/div>\n\t\t\t\t<\/div>\n\t\t<div class=\"elementor-element elementor-element-fa7295a e-con-full e-flex e-con e-child\" data-id=\"fa7295a\" data-element_type=\"container\" data-settings=\"{&quot;background_background&quot;:&quot;classic&quot;}\">\n\t\t\t\t<div class=\"elementor-element elementor-element-c8d956f elementor-widget elementor-widget-foxiz-heading\" data-id=\"c8d956f\" data-element_type=\"widget\" data-widget_type=\"foxiz-heading.default\">\n\t\t\t\t<div class=\"elementor-widget-container\">\n\t\t\t\t\t<div id=\"uid_c8d956f\" class=\"block-h heading-layout-c10\"><div class=\"heading-inner\"><h4 class=\"heading-title\"><span>Ihre vertrauensw\u00fcrdige Quelle f\u00fcr genaue und zeitnahe Updates!<\/span><\/h4><div class=\"heading-tagline h6\"><span class=\"heading-tagline-label\">Unser Engagement f\u00fcr Genauigkeit, Unparteilichkeit und die Bereitstellung aktueller Nachrichten hat uns das Vertrauen eines breiten Publikums eingebracht. Bleiben Sie mit Echtzeit-Updates zu den neuesten Ereignissen und Trends auf dem Laufenden.<\/span><\/div><\/div><\/div>\t\t\t\t<\/div>\n\t\t\t\t<\/div>\n\t\t\t\t<div class=\"elementor-element elementor-element-3d3caa5 yes-mono elementor-widget elementor-widget-foxiz-social-follower\" data-id=\"3d3caa5\" data-element_type=\"widget\" data-widget_type=\"foxiz-social-follower.default\">\n\t\t\t\t<div class=\"elementor-widget-container\">\n\t\t\t\t\t<div class=\"socials-counter h6 is-style-6 is-icon-color is-h-bg\"><div class=\"social-follower effect-fadeout\"><div class=\"follower-el fb-follower\"><a target=\"_blank\" href=\"https:\/\/facebook.com\/#\" class=\"facebook\" aria-label=\"Facebook\" rel=\"noopener nofollow\"><\/a><span class=\"follower-inner\"><span class=\"fnicon\"><i class=\"rbi rbi-facebook\" aria-hidden=\"true\"><\/i><\/span><span class=\"fnlabel\">Facebook<\/span><span class=\"text-count\">Like<\/span><\/span><\/div><div class=\"follower-el twitter-follower\"><a target=\"_blank\" href=\"https:\/\/twitter.com\/#\" class=\"twitter\" aria-label=\"X\" rel=\"noopener nofollow\"><\/a><span class=\"follower-inner\"><span class=\"fnicon\"><i class=\"rbi rbi-twitter\" aria-hidden=\"true\"><\/i><\/span><span class=\"fnlabel\">X<\/span><span class=\"text-count\">Follow<\/span><\/span><\/div><div class=\"follower-el instagram-follower\"><a target=\"_blank\" href=\"https:\/\/instagram.com\/#\" class=\"instagram\" aria-label=\"Instagram\" rel=\"noopener nofollow\"><\/a><span class=\"follower-inner\"><span class=\"fnicon\"><i class=\"rbi rbi-instagram\" aria-hidden=\"true\"><\/i><\/span><span class=\"fnlabel\">Instagram<\/span><span class=\"text-count\">Follow<\/span><\/span><\/div><div class=\"follower-el linkedin-follower\"><a target=\"_blank\" href=\"#\" class=\"linkedin\" aria-label=\"LinkedIn\" rel=\"noopener nofollow\"><\/a><span class=\"follower-inner\"><span class=\"fnicon\"><i class=\"rbi rbi-linkedin\" aria-hidden=\"true\"><\/i><\/span><span class=\"fnlabel\">LinkedIn<\/span><span class=\"text-count\">Follow<\/span><\/span><\/div><div class=\"follower-el medium-follower\"><a target=\"_blank\" href=\"#\" class=\"medium\" aria-label=\"Medium\" rel=\"noopener nofollow\"><\/a><span class=\"follower-inner\"><span class=\"fnicon\"><i class=\"rbi rbi-medium\" aria-hidden=\"true\"><\/i><\/span><span class=\"fnlabel\">Medium<\/span><span class=\"text-count\">Follow<\/span><\/span><\/div><div class=\"follower-el quora-follower\"><a target=\"_blank\" href=\"#\" class=\"quora\" aria-label=\"Quora\" rel=\"noopener nofollow\"><\/a><span class=\"follower-inner\"><span class=\"fnicon\"><i class=\"rbi rbi-quora\" aria-hidden=\"true\"><\/i><\/span><span class=\"fnlabel\">Quora<\/span><span class=\"text-count\">Follow<\/span><\/span><\/div><\/div><\/div>\t\t\t\t<\/div>\n\t\t\t\t<\/div>\n\t\t\t\t<\/div>\n\t\t\t\t\t<\/div>\n\t\t\t\t<\/div>\n\t\t<div class=\"elementor-element elementor-element-4dfc2c8 e-flex e-con-boxed e-con e-parent\" data-id=\"4dfc2c8\" data-element_type=\"container\">\n\t\t\t\t\t<div class=\"e-con-inner\">\n\t\t\t\t<div class=\"elementor-element elementor-element-52eec7e elementor-widget elementor-widget-foxiz-heading\" data-id=\"52eec7e\" data-element_type=\"widget\" data-widget_type=\"foxiz-heading.default\">\n\t\t\t\t<div class=\"elementor-widget-container\">\n\t\t\t\t\t<div id=\"uid_52eec7e\" class=\"block-h heading-layout-5\"><div class=\"heading-inner\"><h3 class=\"heading-title\"><span>Meistgelesen diese Woche<\/span><\/h3><\/div><\/div>\t\t\t\t<\/div>\n\t\t\t\t<\/div>\n\t\t\t\t\t<\/div>\n\t\t\t\t<\/div>\n\t\t<div class=\"elementor-element elementor-element-9a15ccf e-flex e-con-boxed e-con e-parent\" data-id=\"9a15ccf\" data-element_type=\"container\">\n\t\t\t\t\t<div class=\"e-con-inner\">\n\t\t<div class=\"elementor-element elementor-element-592c597 e-con-full e-flex e-con e-child\" data-id=\"592c597\" data-element_type=\"container\">\n\t\t\t\t<div class=\"elementor-element elementor-element-ae1cca4 elementor-widget-tablet__width-initial elementor-widget elementor-widget-foxiz-ad-image\" data-id=\"ae1cca4\" data-element_type=\"widget\" data-widget_type=\"foxiz-ad-image.default\">\n\t\t\t\t<div class=\"elementor-widget-container\">\n\t\t\t\t\t<div class=\"ad-wrap ad-image-wrap\"><span class=\"ad-description is-meta\">- Werbung -<\/span><div class=\"ad-image\"><a class=\"ad-destination\" target=\"_blank\" rel=\"noopener nofollow\" href=\"\/\/1.envato.market\/MXYjYo\"><img loading=\"lazy\" decoding=\"async\" src=\"https:\/\/export.themeruby.com\/foxiz\/buzzstream\/wp-content\/uploads\/sites\/46\/2024\/01\/n-banner.jpg\" alt=\"Ad image\" width=\"400\" height=\"600\"\/><\/a><\/div><\/div>\t\t\t\t<\/div>\n\t\t\t\t<\/div>\n\t\t\t\t<\/div>\n\t\t<div class=\"elementor-element elementor-element-c32a2e0 e-con-full e-flex e-con e-child\" data-id=\"c32a2e0\" data-element_type=\"container\">\n\t\t\t\t<div class=\"elementor-element elementor-element-34abd94 elementor-widget elementor-widget-foxiz-list-1\" data-id=\"34abd94\" data-element_type=\"widget\" data-widget_type=\"foxiz-list-1.default\">\n\t\t\t\t<div class=\"elementor-widget-container\">\n\t\t\t\t\t<div id=\"uid_34abd94\" class=\"block-wrap block-big block-list block-list-1 rb-columns rb-col-1 rb-tcol-1 rb-mcol-1 hovering-fade bottom-border is-b-border-gray p-vtop ecat-bg-4 is-feat-right meta-s-line\"><div class=\"block-inner\">\t\t<div class=\"p-wrap p-list p-list-1\" data-pid=\"4319\">\r\n\t\t\t<div class=\"list-holder\">\r\n\t\t\t<div class=\"list-feat-holder\">\r\n\t\t\t\t\t\t\t<div class=\"feat-holder\">\r\n\t\t\t\t\t\t<div class=\"p-featured\">\r\n\t\t\t\t\t<a class=\"p-flink\" href=\"https:\/\/theglobalhumanist.com\/de\/humanism-now-the-weekly-podcast-from-humanise-live\/\" title=\"Humanism Now \u2013 Der w\u00f6chentliche Podcast von Humanise Live\">\r\n\t\t\t<img loading=\"lazy\" decoding=\"async\" width=\"615\" height=\"410\" src=\"https:\/\/theglobalhumanist.com\/wp-content\/uploads\/2025\/04\/Humanism-Now-Podcast-615x410.png\" class=\"featured-img wp-post-image\" alt=\"\" \/>\t\t<\/a>\r\n\t\t\t\t<\/div>\r\n\t<div class=\"p-categories light-scheme p-top\"><a class=\"p-category category-id-850\" href=\"https:\/\/theglobalhumanist.com\/de\/category\/podcasts\/\" rel=\"category\">Podcasts<\/a><\/div><\/div>\r\n\t\t\t\t\t<\/div>\r\n\t\t\t<div class=\"p-content\">\r\n\t\t\t\t<h2 class=\"entry-title\">\t\t<a class=\"p-url\" href=\"https:\/\/theglobalhumanist.com\/de\/humanism-now-the-weekly-podcast-from-humanise-live\/\" rel=\"bookmark\">Humanism Now \u2013 Der w\u00f6chentliche Podcast von Humanise Live<\/a><\/h2><p class=\"entry-summary\">Produziert von: Humanise Live Verf\u00fcgbar auf: Spotify Link: Auf Spotify anh\u00f6ren Zusammenfassung: Humanism Now ist ein w\u00f6chentlicher Podcast von Humanise Live, der sich mit zeitgen\u00f6ssischen humanistischen Ideen, Nachrichten und Themen besch\u00e4ftigt. Jede Folge enth\u00e4lt\u2026<\/p>\r\n\t\t\t\t\t\t<div class=\"p-meta has-bookmark\">\r\n\t\t\t\t<div class=\"meta-inner is-meta\">\r\n\t\t\t\t\t\t\t<a class=\"meta-el meta-avatar\" href=\"https:\/\/theglobalhumanist.com\/de\/author\/ad4min\/\"><img alt='' src='https:\/\/secure.gravatar.com\/avatar\/0503e328cbef274ead1225b9469fea557f6e98ae6b8d7368f28dbc177fe966a2?s=44&#038;d=mm&#038;r=g' srcset='https:\/\/secure.gravatar.com\/avatar\/0503e328cbef274ead1225b9469fea557f6e98ae6b8d7368f28dbc177fe966a2?s=88&#038;d=mm&#038;r=g 2x' class='avatar avatar-44 photo' height='44' width='44' \/><\/a>\r\n\t\t\t\t<div class=\"meta-el meta-author\">\r\n\t\t\t<a href=\"https:\/\/theglobalhumanist.com\/de\/author\/ad4min\/\"><\/a>\t\t<\/div>\r\n\t\t\t\t<div class=\"meta-el meta-update\">\r\n\t\t\t<i class=\"rbi rbi-time\" aria-hidden=\"true\"><\/i>\t\t\t<time class=\"updated\" datetime=\"2025-04-07T22:51:00+00:00\">7. April 2025<\/time>\r\n\t\t<\/div>\r\n\t\t\t\t\t\t<\/div>\r\n\t\t\t\t<span class=\"rb-bookmark bookmark-trigger\" data-pid=\"4319\"><\/span>\t\t\t<\/div>\r\n\t\t\t\t\t<\/div>\r\n\t\t<\/div>\r\n\t\t\t\t<\/div>\r\n\t<\/div><\/div>\t\t\t\t<\/div>\n\t\t\t\t<\/div>\n\t\t\t\t<div class=\"elementor-element elementor-element-ed4401c elementor-widget elementor-widget-foxiz-list-small-1\" data-id=\"ed4401c\" data-element_type=\"widget\" data-widget_type=\"foxiz-list-small-1.default\">\n\t\t\t\t<div class=\"elementor-widget-container\">\n\t\t\t\t\t<div id=\"uid_ed4401c\" class=\"block-wrap block-small block-list block-list-small-1 rb-columns rb-col-3 rb-tcol-3 rb-mcol-1 is-gap-custom col-border is-border-gray bottom-border is-b-border-gray no-last-bb ecat-bg-4 meta-s-line\"><div class=\"block-inner\">\t\t<div class=\"p-wrap p-small p-list-small-1\" data-pid=\"4417\">\r\n\t\t\t<div class=\"p-content\">\r\n\t\t\t<h3 class=\"entry-title\">\t\t<a class=\"p-url\" href=\"https:\/\/theglobalhumanist.com\/de\/new-report-by-humanists-international-examines-the-link-between-religion-and-the-rise-of-authoritarianism-around-the-world\/\" rel=\"bookmark\">New report by Humanists International examines the link between religion and the rise of authoritarianism around the world<\/a><\/h3><p class=\"entry-summary\">The post New report by Humanists International examines the link between religion and the rise&hellip;<\/p>\r\n\t\t\t\t\t\t<div class=\"p-meta has-bookmark\">\r\n\t\t\t\t<div class=\"meta-inner is-meta\">\r\n\t\t\t\t\t\t\t<div class=\"meta-el meta-author\">\r\n\t\t\t<a href=\"https:\/\/theglobalhumanist.com\/de\/author\/ad4min\/\"><\/a>\t\t<\/div>\r\n\t\t\t\t\t\t<\/div>\r\n\t\t\t\t<span class=\"rb-bookmark bookmark-trigger\" data-pid=\"4417\"><\/span>\t\t\t<\/div>\r\n\t\t\t\t<\/div>\r\n\t\t\t\t<\/div>\r\n\t\t\t<div class=\"p-wrap p-small p-list-small-1\" data-pid=\"2997\">\r\n\t\t\t<div class=\"p-content\">\r\n\t\t\t<div class=\"p-categories p-top\"><a class=\"p-category category-id-851\" href=\"https:\/\/theglobalhumanist.com\/de\/category\/books\/\" rel=\"category\">B\u00fccher<\/a><a class=\"p-category category-id-43\" href=\"https:\/\/theglobalhumanist.com\/de\/category\/critiques\/\" rel=\"category\">Kritiken<\/a><\/div><h3 class=\"entry-title\">\t\t<a class=\"p-url\" href=\"https:\/\/theglobalhumanist.com\/de\/objecting-to-god-by-colin-howson\/\" rel=\"bookmark\">Einw\u00e4nde gegen Gott von Colin Howson<\/a><\/h3><p class=\"entry-summary\">\u201eObjecting to God\u201c von Colin Howson ist eine philosophische Kritik des Theismus und des Konzepts\u2026<\/p>\r\n\t\t\t\t\t\t<div class=\"p-meta has-bookmark\">\r\n\t\t\t\t<div class=\"meta-inner is-meta\">\r\n\t\t\t\t\t\t\t<div class=\"meta-el meta-author\">\r\n\t\t\t<a href=\"https:\/\/theglobalhumanist.com\/de\/author\/ad4min\/\"><\/a>\t\t<\/div>\r\n\t\t\t\t\t\t<\/div>\r\n\t\t\t\t<span class=\"rb-bookmark bookmark-trigger\" data-pid=\"2997\"><\/span>\t\t\t<\/div>\r\n\t\t\t\t<\/div>\r\n\t\t\t\t<\/div>\r\n\t\t\t<div class=\"p-wrap p-small p-list-small-1\" data-pid=\"149\">\r\n\t\t\t<div class=\"p-content\">\r\n\t\t\t<div class=\"p-categories p-top\"><a class=\"p-category category-id-851\" href=\"https:\/\/theglobalhumanist.com\/de\/category\/books\/\" rel=\"category\">B\u00fccher<\/a><a class=\"p-category category-id-43\" href=\"https:\/\/theglobalhumanist.com\/de\/category\/critiques\/\" rel=\"category\">Kritiken<\/a><\/div><h3 class=\"entry-title\">\t\t<a class=\"p-url\" href=\"https:\/\/theglobalhumanist.com\/de\/god-is-not-great-by-christopher-hitchens\/\" rel=\"bookmark\">Gott ist nicht gro\u00df von Christopher Hitchens<\/a><\/h3><p class=\"entry-summary\">\u201eGott ist nicht gro\u00df: Wie Religion alles vergiftet\u201c von Christopher Hitchens ist eine kraftvolle Kritik\u2026<\/p>\r\n\t\t\t\t\t\t<div class=\"p-meta has-bookmark\">\r\n\t\t\t\t<div class=\"meta-inner is-meta\">\r\n\t\t\t\t\t\t\t<div class=\"meta-el meta-author\">\r\n\t\t\t<a href=\"https:\/\/theglobalhumanist.com\/de\/author\/ad4min\/\"><\/a>\t\t<\/div>\r\n\t\t\t\t\t\t<\/div>\r\n\t\t\t\t<span class=\"rb-bookmark bookmark-trigger\" data-pid=\"149\"><\/span>\t\t\t<\/div>\r\n\t\t\t\t<\/div>\r\n\t\t\t\t<\/div>\r\n\t<\/div><\/div>\t\t\t\t<\/div>\n\t\t\t\t<\/div>\n\t\t\t\t<\/div>\n\t\t\t\t\t<\/div>\n\t\t\t\t<\/div>\n\t\t<div class=\"elementor-element elementor-element-313e6b5 e-flex e-con-boxed e-con e-parent\" data-id=\"313e6b5\" data-element_type=\"container\">\n\t\t\t\t\t<div class=\"e-con-inner\">\n\t\t\t\t<div class=\"elementor-element elementor-element-aadd301 elementor-widget elementor-widget-foxiz-heading\" data-id=\"aadd301\" data-element_type=\"widget\" data-widget_type=\"foxiz-heading.default\">\n\t\t\t\t<div class=\"elementor-widget-container\">\n\t\t\t\t\t<div id=\"uid_aadd301\" class=\"block-h heading-layout-5\"><div class=\"heading-inner\"><h3 class=\"heading-title\"><span>Nur f\u00fcr dich<\/span><\/h3><\/div><\/div>\t\t\t\t<\/div>\n\t\t\t\t<\/div>\n\t\t\t\t<div class=\"elementor-element elementor-element-93e49bc elementor-widget elementor-widget-foxiz-grid-recommended-1\" data-id=\"93e49bc\" data-element_type=\"widget\" data-widget_type=\"foxiz-grid-recommended-1.default\">\n\t\t\t\t<div class=\"elementor-widget-container\">\n\t\t\t\t\t<div id=\"uid_93e49bc\" class=\"block-wrap block-grid block-grid-personalize-1 is-ajax-block is-hoz-scroll rb-columns rb-col-4 is-gap-custom col-border is-border-gray hovering-fade bottom-border is-b-border-gray no-last-bb ecat-bg-4 is-m-grid meta-s-line\"><div class=\"block-loader\"><svg class=\"svg-icon svg-loading\" aria-hidden=\"true\" role=\"img\" focusable=\"false\" version=\"1.1\" viewbox=\"0 0 66 100\" xmlns=\"http:\/\/www.w3.org\/2000\/svg\"><circle cx=\"6\" cy=\"50\" r=\"6\" fill=\"currentColor\"><animatetransform attributename=\"transform\" begin=\"0.1\" dur=\"1s\" repeatcount=\"indefinite\" type=\"translate\" values=\"0 15 ; 0 -15; 0 15\"\/><\/circle><circle cx=\"30\" cy=\"50\" r=\"6\" fill=\"currentColor\"><animatetransform attributename=\"transform\" begin=\"0.2\" dur=\"1s\" repeatcount=\"indefinite\" type=\"translate\" values=\"0 10 ; 0 -10; 0 10\"\/><\/circle><circle cx=\"54\" cy=\"50\" r=\"6\" fill=\"currentColor\"><animatetransform attributename=\"transform\" begin=\"0.3\" dur=\"1s\" repeatcount=\"indefinite\" type=\"translate\" values=\"0 5 ; 0 -5; 0 5\"\/><\/circle><\/svg><\/div><\/div>\t\t\t\t<\/div>\n\t\t\t\t<\/div>\n\t\t\t\t<div class=\"elementor-element elementor-element-5d49376 elementor-widget elementor-widget-foxiz-heading\" data-id=\"5d49376\" data-element_type=\"widget\" data-widget_type=\"foxiz-heading.default\">\n\t\t\t\t<div class=\"elementor-widget-container\">\n\t\t\t\t\t<div id=\"uid_5d49376\" class=\"block-h heading-layout-5\"><div class=\"heading-inner\"><h3 class=\"heading-title\"><a class=\"h-link\" href=\"https:\/\/foxiz.themeruby.com\/buzzstream\/category\/opinion\/\">Meinung<\/a><\/h3><div class=\"heading-tagline h6\"><a class=\"heading-tagline-label\" href=\"https:\/\/foxiz.themeruby.com\/buzzstream\/category\/opinion\/\">Weitere Beitr\u00e4ge<\/a><\/div><\/div><\/div>\t\t\t\t<\/div>\n\t\t\t\t<\/div>\n\t\t\t\t<div class=\"elementor-element elementor-element-24adc3f elementor-widget elementor-widget-foxiz-list-1\" data-id=\"24adc3f\" data-element_type=\"widget\" data-widget_type=\"foxiz-list-1.default\">\n\t\t\t\t<div class=\"elementor-widget-container\">\n\t\t\t\t\t<div id=\"uid_24adc3f\" class=\"block-wrap block-big block-list block-list-1 rb-columns rb-col-2 rb-tcol-1 rb-mcol-1 is-gap-custom col-border is-border-gray hovering-fade bottom-border is-b-border-gray no-last-bb p-vtop ecat-bg-4 is-feat-left is-m-list res-feat-left meta-s-line\"><div class=\"block-inner\">\t\t<div class=\"p-wrap p-list p-list-1\" data-pid=\"3033\">\r\n\t\t\t<div class=\"list-holder\">\r\n\t\t\t<div class=\"list-feat-holder\">\r\n\t\t\t\t\t\t\t<div class=\"feat-holder\">\r\n\t\t\t\t\t\t<div class=\"p-featured\">\r\n\t\t\t\t\t<a class=\"p-flink\" href=\"https:\/\/theglobalhumanist.com\/de\/living-without-god-new-directions-for-atheists-agnostics-secularists-and-the-undecided-by-ronald-aronson\/\" title=\"Leben ohne Gott: Neue Wege f\u00fcr Atheisten, Agnostiker, S\u00e4kularisten und Unentschlossene von Ronald Aronson\">\r\n\t\t\t<img loading=\"lazy\" decoding=\"async\" width=\"420\" height=\"280\" src=\"https:\/\/theglobalhumanist.com\/wp-content\/uploads\/2023\/12\/Living-Without-God-New-Directions-for-Atheists-Agnostics-Secularists-and-the-Undecided22-by-Ronald-Aronson-420x280.jpg\" class=\"featured-img wp-post-image\" alt=\"\" \/>\t\t<\/a>\r\n\t\t\t\t<\/div>\r\n\t<div class=\"p-categories light-scheme p-top mobile-hide\"><a class=\"p-category category-id-851\" href=\"https:\/\/theglobalhumanist.com\/de\/category\/books\/\" rel=\"category\">B\u00fccher<\/a><a class=\"p-category category-id-43\" href=\"https:\/\/theglobalhumanist.com\/de\/category\/critiques\/\" rel=\"category\">Kritiken<\/a><\/div><\/div>\r\n\t\t\t\t\t<\/div>\r\n\t\t\t<div class=\"p-content\">\r\n\t\t\t\t<h2 class=\"entry-title\">\t\t<a class=\"p-url\" href=\"https:\/\/theglobalhumanist.com\/de\/living-without-god-new-directions-for-atheists-agnostics-secularists-and-the-undecided-by-ronald-aronson\/\" rel=\"bookmark\">Leben ohne Gott: Neue Wege f\u00fcr Atheisten, Agnostiker, S\u00e4kularisten und Unentschlossene von Ronald Aronson<\/a><\/h2><p class=\"entry-summary mobile-hide\">\u201eLeben ohne Gott: Neue Wege f\u00fcr Atheisten, Agnostiker, S\u00e4kularisten und Unentschlossene\u201c von Ronald Aronson \u2026<\/p>\r\n\t\t\t\t\t\t<div class=\"p-meta has-bookmark\">\r\n\t\t\t\t<div class=\"meta-inner is-meta\">\r\n\t\t\t\t\t\t\t<a class=\"meta-el meta-avatar\" href=\"https:\/\/theglobalhumanist.com\/de\/author\/ad4min\/\"><img alt='' src='https:\/\/secure.gravatar.com\/avatar\/0503e328cbef274ead1225b9469fea557f6e98ae6b8d7368f28dbc177fe966a2?s=44&#038;d=mm&#038;r=g' srcset='https:\/\/secure.gravatar.com\/avatar\/0503e328cbef274ead1225b9469fea557f6e98ae6b8d7368f28dbc177fe966a2?s=88&#038;d=mm&#038;r=g 2x' class='avatar avatar-44 photo' height='44' width='44' \/><\/a>\r\n\t\t\t\t<div class=\"meta-el meta-author\">\r\n\t\t\t<a href=\"https:\/\/theglobalhumanist.com\/de\/author\/ad4min\/\"><\/a>\t\t<\/div>\r\n\t\t\t\t<div class=\"meta-el meta-update\">\r\n\t\t\t<i class=\"rbi rbi-time\" aria-hidden=\"true\"><\/i>\t\t\t<time class=\"updated\" datetime=\"2025-04-08T04:45:04+00:00\">8. April 2025<\/time>\r\n\t\t<\/div>\r\n\t\t\t\t\t\t<\/div>\r\n\t\t\t\t<span class=\"rb-bookmark bookmark-trigger\" data-pid=\"3033\"><\/span>\t\t\t<\/div>\r\n\t\t\t\t\t<\/div>\r\n\t\t<\/div>\r\n\t\t\t\t<\/div>\r\n\t\t\t<div class=\"p-wrap p-list p-list-1\" data-pid=\"3632\">\r\n\t\t\t<div class=\"list-holder\">\r\n\t\t\t<div class=\"list-feat-holder\">\r\n\t\t\t\t\t\t\t<div class=\"feat-holder\">\r\n\t\t\t\t\t\t<div class=\"p-featured\">\r\n\t\t\t\t\t<a class=\"p-flink\" href=\"https:\/\/theglobalhumanist.com\/de\/the-gods-of-eden-by-william-bramley\/\" title=\"Die G\u00f6tter von Eden von William Bramley\">\r\n\t\t\t<img loading=\"lazy\" decoding=\"async\" width=\"420\" height=\"280\" src=\"https:\/\/theglobalhumanist.com\/wp-content\/uploads\/2024\/07\/The-Gods-of-Eden-by-William-Bramley-420x280.jpg\" class=\"featured-img wp-post-image\" alt=\"\" \/>\t\t<\/a>\r\n\t\t\t\t<\/div>\r\n\t<div class=\"p-categories light-scheme p-top mobile-hide\"><a class=\"p-category category-id-851\" href=\"https:\/\/theglobalhumanist.com\/de\/category\/books\/\" rel=\"category\">B\u00fccher<\/a><a class=\"p-category category-id-1\" href=\"https:\/\/theglobalhumanist.com\/de\/category\/uncategorized\/\" rel=\"category\">Unkategorisiert<\/a><\/div><\/div>\r\n\t\t\t\t\t<\/div>\r\n\t\t\t<div class=\"p-content\">\r\n\t\t\t\t<h2 class=\"entry-title\">\t\t<a class=\"p-url\" href=\"https:\/\/theglobalhumanist.com\/de\/the-gods-of-eden-by-william-bramley\/\" rel=\"bookmark\">Die G\u00f6tter von Eden von William Bramley<\/a><\/h2><p class=\"entry-summary mobile-hide\">\u201eDie G\u00f6tter von Eden\u201c von William Bramley untersucht die Idee, dass au\u00dferirdische Wesen Einfluss hatten \u2026<\/p>\r\n\t\t\t\t\t\t<div class=\"p-meta has-bookmark\">\r\n\t\t\t\t<div class=\"meta-inner is-meta\">\r\n\t\t\t\t\t\t\t<a class=\"meta-el meta-avatar\" href=\"https:\/\/theglobalhumanist.com\/de\/author\/ad4min\/\"><img alt='' src='https:\/\/secure.gravatar.com\/avatar\/0503e328cbef274ead1225b9469fea557f6e98ae6b8d7368f28dbc177fe966a2?s=44&#038;d=mm&#038;r=g' srcset='https:\/\/secure.gravatar.com\/avatar\/0503e328cbef274ead1225b9469fea557f6e98ae6b8d7368f28dbc177fe966a2?s=88&#038;d=mm&#038;r=g 2x' class='avatar avatar-44 photo' height='44' width='44' \/><\/a>\r\n\t\t\t\t<div class=\"meta-el meta-author\">\r\n\t\t\t<a href=\"https:\/\/theglobalhumanist.com\/de\/author\/ad4min\/\"><\/a>\t\t<\/div>\r\n\t\t\t\t<div class=\"meta-el meta-update\">\r\n\t\t\t<i class=\"rbi rbi-time\" aria-hidden=\"true\"><\/i>\t\t\t<time class=\"updated\" datetime=\"2025-04-08T04:50:43+00:00\">8. April 2025<\/time>\r\n\t\t<\/div>\r\n\t\t\t\t\t\t<\/div>\r\n\t\t\t\t<span class=\"rb-bookmark bookmark-trigger\" data-pid=\"3632\"><\/span>\t\t\t<\/div>\r\n\t\t\t\t\t<\/div>\r\n\t\t<\/div>\r\n\t\t\t\t<\/div>\r\n\t\t\t<div class=\"p-wrap p-list p-list-1\" data-pid=\"4392\">\r\n\t\t\t<div class=\"list-holder\">\r\n\t\t\t<div class=\"list-feat-holder\">\r\n\t\t\t\t\t\t\t<\/div>\r\n\t\t\t<div class=\"p-content\">\r\n\t\t\t\t<h2 class=\"entry-title\">\t\t<a class=\"p-url\" href=\"https:\/\/theglobalhumanist.com\/de\/humanists-international-urges-eu-commission-to-strengthen-bodily-autonomy-in-comments-on-new-gender-equality-strategy\/\" rel=\"bookmark\">Humanists International fordert die EU-Kommission in einer Stellungnahme zur neuen Strategie f\u00fcr die Gleichstellung der Geschlechter auf, die k\u00f6rperliche Selbstbestimmung zu st\u00e4rken.<\/a><\/h2><p class=\"entry-summary mobile-hide\">The post Humanists International urges EU Commission to strengthen bodily autonomy in comments on new&hellip;<\/p>\r\n\t\t\t\t\t\t<div class=\"p-meta has-bookmark\">\r\n\t\t\t\t<div class=\"meta-inner is-meta\">\r\n\t\t\t\t\t\t\t<a class=\"meta-el meta-avatar\" href=\"https:\/\/theglobalhumanist.com\/de\/author\/ad4min\/\"><img alt='' src='https:\/\/secure.gravatar.com\/avatar\/0503e328cbef274ead1225b9469fea557f6e98ae6b8d7368f28dbc177fe966a2?s=44&#038;d=mm&#038;r=g' srcset='https:\/\/secure.gravatar.com\/avatar\/0503e328cbef274ead1225b9469fea557f6e98ae6b8d7368f28dbc177fe966a2?s=88&#038;d=mm&#038;r=g 2x' class='avatar avatar-44 photo' height='44' width='44' \/><\/a>\r\n\t\t\t\t<div class=\"meta-el meta-author\">\r\n\t\t\t<a href=\"https:\/\/theglobalhumanist.com\/de\/author\/ad4min\/\"><\/a>\t\t<\/div>\r\n\t\t\t\t<div class=\"meta-el meta-update\">\r\n\t\t\t<i class=\"rbi rbi-time\" aria-hidden=\"true\"><\/i>\t\t\t<time class=\"updated\" datetime=\"2025-08-27T15:11:23+00:00\">27. August 2025<\/time>\r\n\t\t<\/div>\r\n\t\t\t\t\t\t<\/div>\r\n\t\t\t\t<span class=\"rb-bookmark bookmark-trigger\" data-pid=\"4392\"><\/span>\t\t\t<\/div>\r\n\t\t\t\t\t<\/div>\r\n\t\t<\/div>\r\n\t\t\t\t<\/div>\r\n\t\t\t<div class=\"p-wrap p-list p-list-1\" data-pid=\"149\">\r\n\t\t\t<div class=\"list-holder\">\r\n\t\t\t<div class=\"list-feat-holder\">\r\n\t\t\t\t\t\t\t<div class=\"feat-holder\">\r\n\t\t\t\t\t\t<div class=\"p-featured\">\r\n\t\t\t\t\t<a class=\"p-flink\" href=\"https:\/\/theglobalhumanist.com\/de\/god-is-not-great-by-christopher-hitchens\/\" title=\"Gott ist nicht gro\u00df von Christopher Hitchens\">\r\n\t\t\t<img loading=\"lazy\" decoding=\"async\" width=\"420\" height=\"280\" src=\"https:\/\/theglobalhumanist.com\/wp-content\/uploads\/2024\/07\/Christopher-Hitchens-God-is-Not-Great-420x280.jpg\" class=\"featured-img wp-post-image\" alt=\"\" \/>\t\t<\/a>\r\n\t\t\t\t<\/div>\r\n\t<div class=\"p-categories light-scheme p-top mobile-hide\"><a class=\"p-category category-id-851\" href=\"https:\/\/theglobalhumanist.com\/de\/category\/books\/\" rel=\"category\">B\u00fccher<\/a><a class=\"p-category category-id-43\" href=\"https:\/\/theglobalhumanist.com\/de\/category\/critiques\/\" rel=\"category\">Kritiken<\/a><\/div><\/div>\r\n\t\t\t\t\t<\/div>\r\n\t\t\t<div class=\"p-content\">\r\n\t\t\t\t<h2 class=\"entry-title\">\t\t<a class=\"p-url\" href=\"https:\/\/theglobalhumanist.com\/de\/god-is-not-great-by-christopher-hitchens\/\" rel=\"bookmark\">Gott ist nicht gro\u00df von Christopher Hitchens<\/a><\/h2><p class=\"entry-summary mobile-hide\">\u201eGott ist nicht gro\u00df: Wie Religion alles vergiftet\u201c von Christopher Hitchens ist eine kraftvolle Kritik\u2026<\/p>\r\n\t\t\t\t\t\t<div class=\"p-meta has-bookmark\">\r\n\t\t\t\t<div class=\"meta-inner is-meta\">\r\n\t\t\t\t\t\t\t<a class=\"meta-el meta-avatar\" href=\"https:\/\/theglobalhumanist.com\/de\/author\/ad4min\/\"><img alt='' src='https:\/\/secure.gravatar.com\/avatar\/0503e328cbef274ead1225b9469fea557f6e98ae6b8d7368f28dbc177fe966a2?s=44&#038;d=mm&#038;r=g' srcset='https:\/\/secure.gravatar.com\/avatar\/0503e328cbef274ead1225b9469fea557f6e98ae6b8d7368f28dbc177fe966a2?s=88&#038;d=mm&#038;r=g 2x' class='avatar avatar-44 photo' height='44' width='44' \/><\/a>\r\n\t\t\t\t<div class=\"meta-el meta-author\">\r\n\t\t\t<a href=\"https:\/\/theglobalhumanist.com\/de\/author\/ad4min\/\"><\/a>\t\t<\/div>\r\n\t\t\t\t<div class=\"meta-el meta-update\">\r\n\t\t\t<i class=\"rbi rbi-time\" aria-hidden=\"true\"><\/i>\t\t\t<time class=\"updated\" datetime=\"2025-04-08T04:44:28+00:00\">8. April 2025<\/time>\r\n\t\t<\/div>\r\n\t\t\t\t\t\t<\/div>\r\n\t\t\t\t<span class=\"rb-bookmark bookmark-trigger\" data-pid=\"149\"><\/span>\t\t\t<\/div>\r\n\t\t\t\t\t<\/div>\r\n\t\t<\/div>\r\n\t\t\t\t<\/div>\r\n\t<\/div><\/div>\t\t\t\t<\/div>\n\t\t\t\t<\/div>\n\t\t\t\t\t<\/div>\n\t\t\t\t<\/div>\n\t\t<div class=\"elementor-element elementor-element-fe841f2 e-flex e-con-boxed e-con e-parent\" data-id=\"fe841f2\" data-element_type=\"container\">\n\t\t\t\t\t<div class=\"e-con-inner\">\n\t\t<div class=\"elementor-element elementor-element-ecb602e e-con-full e-flex e-con e-child\" data-id=\"ecb602e\" data-element_type=\"container\">\n\t\t\t\t<div class=\"elementor-element elementor-element-b86b74c elementor-widget elementor-widget-foxiz-heading\" data-id=\"b86b74c\" data-element_type=\"widget\" data-widget_type=\"foxiz-heading.default\">\n\t\t\t\t<div class=\"elementor-widget-container\">\n\t\t\t\t\t<div id=\"uid_b86b74c\" class=\"block-h heading-layout-7\"><div class=\"heading-inner\"><h3 class=\"heading-title\"><span>Top-Autoren<\/span><\/h3><\/div><\/div>\t\t\t\t<\/div>\n\t\t\t\t<\/div>\n\t\t\t\t<div class=\"elementor-element elementor-element-32cee90 elementor-widget elementor-widget-foxiz-authors-1\" data-id=\"32cee90\" data-element_type=\"widget\" data-widget_type=\"foxiz-authors-1.default\">\n\t\t\t\t<div class=\"elementor-widget-container\">\n\t\t\t\t\t<div id=\"uid_32cee90\" class=\"block-wrap block-authors block-authors-1 is-box-gray rb-columns rb-col-1 rb-tcol-1 rb-mcol-1 is-gap-custom meta-s-line\">\t\t<div class=\"block-inner\">\r\n\t\t\t\t\t<div class=\"a-card a-card-1\">\r\n\t\t\t<div class=\"a-card-inner box-inner\">\r\n\t\t\t\t<div class=\"a-card-content\">\r\n\t\t\t\t\t<div class=\"a-card-name\">\r\n\t\t\t\t\t\t<a class=\"h4 nice-name\" href=\"https:\/\/theglobalhumanist.com\/de\/author\/\"><\/a>\r\n\t\t\t\t\t\t\t\t\t\t\t<\/div>\r\n\t\t\t\t\t<div class=\"description-text rb-text\"><\/div>\r\n\t\t\t\t\t<span class=\"rb-follow follow-trigger\" data-uid=\"13\" data-name=\"\"><\/span>\t\t\t\t<\/div>\r\n\t\t\t\t<div class=\"a-card-feat\">\r\n\t\t\t\t\t<a href=\"https:\/\/theglobalhumanist.com\/de\/author\/\"><img alt='' src='https:\/\/secure.gravatar.com\/avatar\/?s=400&#038;d=mm&#038;r=g' srcset='https:\/\/secure.gravatar.com\/avatar\/?s=800&#038;d=mm&#038;r=g 2x' class='avatar avatar-400 photo avatar-default' height='400' width='400' \/><\/a>\r\n\t\t\t\t\t\t\t\t\t<\/div>\r\n\t\t\t<\/div>\r\n\t\t<\/div>\r\n\t\t\t\t<div class=\"a-card a-card-1\">\r\n\t\t\t<div class=\"a-card-inner box-inner\">\r\n\t\t\t\t<div class=\"a-card-content\">\r\n\t\t\t\t\t<div class=\"a-card-name\">\r\n\t\t\t\t\t\t<a class=\"h4 nice-name\" href=\"https:\/\/theglobalhumanist.com\/de\/author\/\"><\/a>\r\n\t\t\t\t\t\t\t\t\t\t\t<\/div>\r\n\t\t\t\t\t<div class=\"description-text rb-text\"><\/div>\r\n\t\t\t\t\t<span class=\"rb-follow follow-trigger\" data-uid=\"15\" data-name=\"\"><\/span>\t\t\t\t<\/div>\r\n\t\t\t\t<div class=\"a-card-feat\">\r\n\t\t\t\t\t<a href=\"https:\/\/theglobalhumanist.com\/de\/author\/\"><img alt='' src='https:\/\/secure.gravatar.com\/avatar\/?s=400&#038;d=mm&#038;r=g' srcset='https:\/\/secure.gravatar.com\/avatar\/?s=800&#038;d=mm&#038;r=g 2x' class='avatar avatar-400 photo avatar-default' height='400' width='400' \/><\/a>\r\n\t\t\t\t\t\t\t\t\t<\/div>\r\n\t\t\t<\/div>\r\n\t\t<\/div>\r\n\t\t\t\t<div class=\"a-card a-card-1\">\r\n\t\t\t<div class=\"a-card-inner box-inner\">\r\n\t\t\t\t<div class=\"a-card-content\">\r\n\t\t\t\t\t<div class=\"a-card-name\">\r\n\t\t\t\t\t\t<a class=\"h4 nice-name\" href=\"https:\/\/theglobalhumanist.com\/de\/author\/\"><\/a>\r\n\t\t\t\t\t\t\t\t\t\t\t<\/div>\r\n\t\t\t\t\t<div class=\"description-text rb-text\"><\/div>\r\n\t\t\t\t\t<span class=\"rb-follow follow-trigger\" data-uid=\"14\" data-name=\"\"><\/span>\t\t\t\t<\/div>\r\n\t\t\t\t<div class=\"a-card-feat\">\r\n\t\t\t\t\t<a href=\"https:\/\/theglobalhumanist.com\/de\/author\/\"><img alt='' src='https:\/\/secure.gravatar.com\/avatar\/?s=400&#038;d=mm&#038;r=g' srcset='https:\/\/secure.gravatar.com\/avatar\/?s=800&#038;d=mm&#038;r=g 2x' class='avatar avatar-400 photo avatar-default' height='400' width='400' \/><\/a>\r\n\t\t\t\t\t\t\t\t\t<\/div>\r\n\t\t\t<\/div>\r\n\t\t<\/div>\r\n\t\t\t\t<div class=\"a-card a-card-1\">\r\n\t\t\t<div class=\"a-card-inner box-inner\">\r\n\t\t\t\t<div class=\"a-card-content\">\r\n\t\t\t\t\t<div class=\"a-card-name\">\r\n\t\t\t\t\t\t<a class=\"h4 nice-name\" href=\"https:\/\/theglobalhumanist.com\/de\/author\/\"><\/a>\r\n\t\t\t\t\t\t\t\t\t\t\t<\/div>\r\n\t\t\t\t\t<div class=\"description-text rb-text\"><\/div>\r\n\t\t\t\t\t<span class=\"rb-follow follow-trigger\" data-uid=\"16\" data-name=\"\"><\/span>\t\t\t\t<\/div>\r\n\t\t\t\t<div class=\"a-card-feat\">\r\n\t\t\t\t\t<a href=\"https:\/\/theglobalhumanist.com\/de\/author\/\"><img alt='' src='https:\/\/secure.gravatar.com\/avatar\/?s=400&#038;d=mm&#038;r=g' srcset='https:\/\/secure.gravatar.com\/avatar\/?s=800&#038;d=mm&#038;r=g 2x' class='avatar avatar-400 photo avatar-default' height='400' width='400' \/><\/a>\r\n\t\t\t\t\t\t\t\t\t<\/div>\r\n\t\t\t<\/div>\r\n\t\t<\/div>\r\n\t\t\t\t<\/div>\r\n\t\t<\/div>\t\t\t\t<\/div>\n\t\t\t\t<\/div>\n\t\t\t\t<div class=\"elementor-element elementor-element-336a2aa is-divider-hyphen elementor-widget elementor-widget-foxiz-quick-links\" data-id=\"336a2aa\" data-element_type=\"widget\" data-widget_type=\"foxiz-quick-links.default\">\n\t\t\t\t<div class=\"elementor-widget-container\">\n\t\t\t\t\t<div id=\"uid_336a2aa\" class=\"block-wrap block-qlinks qlayout-1 effect-dotted res-nowrap qlinks-scroll meta-s-line\">\t\t<ul class=\"qlinks-inner\">\r\n\t\t\t\t\t\t\t<li class=\"qlink qlinks-heading\">\r\n\t\t\t\t\t<div class=\"qlink-label\">Schauen Sie sich die Tags an:<\/div>\r\n\t\t\t\t<\/li>\r\n\t\t\t<li class=\"qlink h5\"><a href=\"https:\/\/theglobalhumanist.com\/de\/category\/books\/\">B\u00fccher<\/a><\/li><li class=\"qlink h5\"><a href=\"https:\/\/theglobalhumanist.com\/de\/tag\/religion\/\">Religion<\/a><\/li><li class=\"qlink h5\"><a href=\"https:\/\/theglobalhumanist.com\/de\/tag\/atheism\/\">Atheismus<\/a><\/li><li class=\"qlink h5\"><a href=\"https:\/\/theglobalhumanist.com\/de\/tag\/skepticism\/\">Skepsis<\/a><\/li><li class=\"qlink h5\"><a href=\"https:\/\/theglobalhumanist.com\/de\/tag\/secularism\/\">S\u00e4kularismus<\/a><\/li><li class=\"qlink h5\"><a href=\"https:\/\/theglobalhumanist.com\/de\/tag\/philosophy\/\">Philosophie<\/a><\/li><li class=\"qlink h5\"><a href=\"https:\/\/theglobalhumanist.com\/de\/tag\/rationalism\/\">Rationalismus<\/a><\/li><li class=\"qlink h5\"><a href=\"https:\/\/theglobalhumanist.com\/de\/tag\/science\/\">Wissenschaft<\/a><\/li><\/ul>\r\n\t\t<\/div>\t\t\t\t<\/div>\n\t\t\t\t<\/div>\n\t\t\t\t<\/div>\n\t\t<div class=\"elementor-element elementor-element-2c47147 e-con-full e-flex e-con e-child\" data-id=\"2c47147\" data-element_type=\"container\">\n\t\t\t\t<div class=\"elementor-element elementor-element-bbcedb2 elementor-widget elementor-widget-foxiz-heading\" data-id=\"bbcedb2\" data-element_type=\"widget\" data-widget_type=\"foxiz-heading.default\">\n\t\t\t\t<div class=\"elementor-widget-container\">\n\t\t\t\t\t<div id=\"uid_bbcedb2\" class=\"block-h heading-layout-7\"><div class=\"heading-inner\"><h3 class=\"heading-title\"><a class=\"h-link\" href=\"https:\/\/foxiz.themeruby.com\/buzzstream\/category\/tech\/\">Technik<\/a><\/h3><\/div><\/div>\t\t\t\t<\/div>\n\t\t\t\t<\/div>\n\t\t\t\t<div class=\"elementor-element elementor-element-00c5f18 elementor-widget elementor-widget-foxiz-grid-1\" data-id=\"00c5f18\" data-element_type=\"widget\" data-widget_type=\"foxiz-grid-1.default\">\n\t\t\t\t<div class=\"elementor-widget-container\">\n\t\t\t\t\t<div id=\"uid_00c5f18\" class=\"block-wrap block-grid block-grid-1 rb-columns rb-col-1 rb-tcol-1 rb-mcol-1 is-gap-20 hovering-fade bottom-border is-b-border-gray ecat-bg-4 is-m-list meta-s-line\"><div class=\"block-inner\">\t\t<div class=\"p-wrap p-grid p-grid-1\" data-pid=\"3004\">\r\n\t\t\t\t<div class=\"feat-holder\">\r\n\t\t\t\t\t\t<div class=\"p-featured\">\r\n\t\t\t\t\t<a class=\"p-flink\" href=\"https:\/\/theglobalhumanist.com\/de\/atheist-universe-by-david-mills\/\" title=\"Atheist Universe von David Mills\">\r\n\t\t\t<img loading=\"lazy\" decoding=\"async\" width=\"420\" height=\"280\" src=\"https:\/\/theglobalhumanist.com\/wp-content\/uploads\/2023\/12\/Atheist-Universe22-by-David-Mills-420x280.jpg\" class=\"featured-img wp-post-image\" alt=\"\" \/>\t\t<\/a>\r\n\t\t\t\t<\/div>\r\n\t<div class=\"p-categories light-scheme p-top mobile-hide\"><a class=\"p-category category-id-851\" href=\"https:\/\/theglobalhumanist.com\/de\/category\/books\/\" rel=\"category\">B\u00fccher<\/a><a class=\"p-category category-id-43\" href=\"https:\/\/theglobalhumanist.com\/de\/category\/critiques\/\" rel=\"category\">Kritiken<\/a><\/div><\/div>\r\n\t\t<h3 class=\"entry-title\">\t\t<a class=\"p-url\" href=\"https:\/\/theglobalhumanist.com\/de\/atheist-universe-by-david-mills\/\" rel=\"bookmark\">Atheist Universe von David Mills<\/a><\/h3><p class=\"entry-summary mobile-hide\">\u201eAtheist Universe: The Thinking Person&#039;s Answer to Christian Fundamentalism\u201c von David Mills entlarvt systematisch g\u00e4ngige Argumente f\u00fcr die Existenz von \u2026<\/p>\r\n\t\t\t\t\t\t<div class=\"p-meta has-bookmark\">\r\n\t\t\t\t<div class=\"meta-inner is-meta\">\r\n\t\t\t\t\t\t\t<a class=\"meta-el meta-avatar\" href=\"https:\/\/theglobalhumanist.com\/de\/author\/ad4min\/\"><img alt='' src='https:\/\/secure.gravatar.com\/avatar\/0503e328cbef274ead1225b9469fea557f6e98ae6b8d7368f28dbc177fe966a2?s=44&#038;d=mm&#038;r=g' srcset='https:\/\/secure.gravatar.com\/avatar\/0503e328cbef274ead1225b9469fea557f6e98ae6b8d7368f28dbc177fe966a2?s=88&#038;d=mm&#038;r=g 2x' class='avatar avatar-44 photo' height='44' width='44' \/><\/a>\r\n\t\t\t\t<div class=\"meta-el meta-author\">\r\n\t\t\t<a href=\"https:\/\/theglobalhumanist.com\/de\/author\/ad4min\/\"><\/a>\t\t<\/div>\r\n\t\t\t\t<div class=\"meta-el meta-update\">\r\n\t\t\t<i class=\"rbi rbi-time\" aria-hidden=\"true\"><\/i>\t\t\t<time class=\"updated\" datetime=\"2025-04-08T04:44:24+00:00\">8. April 2025<\/time>\r\n\t\t<\/div>\r\n\t\t\t\t\t\t<\/div>\r\n\t\t\t\t<span class=\"rb-bookmark bookmark-trigger\" data-pid=\"3004\"><\/span>\t\t\t<\/div>\r\n\t\t\t\t<\/div>\r\n\t<\/div><\/div>\t\t\t\t<\/div>\n\t\t\t\t<\/div>\n\t\t\t\t<div class=\"elementor-element elementor-element-002bfdd elementor-widget elementor-widget-foxiz-list-small-1\" data-id=\"002bfdd\" data-element_type=\"widget\" data-widget_type=\"foxiz-list-small-1.default\">\n\t\t\t\t<div class=\"elementor-widget-container\">\n\t\t\t\t\t<div id=\"uid_002bfdd\" class=\"block-wrap block-small block-list block-list-small-1 rb-columns rb-col-1 rb-tcol-1 rb-mcol-1 is-gap-custom col-border is-border-gray bottom-border is-b-border-gray no-last-bb meta-s-line\"><div class=\"block-inner\">\t\t<div class=\"p-wrap p-small p-list-small-1\" data-pid=\"3235\">\r\n\t\t\t<div class=\"p-content\">\r\n\t\t\t<h3 class=\"entry-title\">\t\t<a class=\"p-url\" href=\"https:\/\/theglobalhumanist.com\/de\/the-bible-is-it-the-word-of-god-by-thomas-l-strange\/\" rel=\"bookmark\">Die Bibel: Ist sie das Wort Gottes? von Thomas L. Strange<\/a><\/h3><p class=\"entry-summary\">\u201eDie Bibel: Ist sie das Wort Gottes?\u201c von Thomas L. Strange untersucht kritisch die \u2026<\/p>\r\n\t\t\t\t\t\t<div class=\"p-meta has-bookmark\">\r\n\t\t\t\t<div class=\"meta-inner is-meta\">\r\n\t\t\t\t\t\t\t<div class=\"meta-el meta-author\">\r\n\t\t\t<a href=\"https:\/\/theglobalhumanist.com\/de\/author\/ad4min\/\"><\/a>\t\t<\/div>\r\n\t\t\t\t\t\t<\/div>\r\n\t\t\t\t<span class=\"rb-bookmark bookmark-trigger\" data-pid=\"3235\"><\/span>\t\t\t<\/div>\r\n\t\t\t\t<\/div>\r\n\t\t\t\t<\/div>\r\n\t\t\t<div class=\"p-wrap p-small p-list-small-1\" data-pid=\"3783\">\r\n\t\t\t<div class=\"p-content\">\r\n\t\t\t<h3 class=\"entry-title\">\t\t<a class=\"p-url\" href=\"https:\/\/theglobalhumanist.com\/de\/a-devils-chaplain-reflections-on-hope-lies-science-and-love-by-richard-dawkins\/\" rel=\"bookmark\">Ein Kaplan des Teufels: Betrachtungen \u00fcber Hoffnung, L\u00fcgen, Wissenschaft und Liebe von Richard Dawkins<\/a><\/h3><p class=\"entry-summary\">\u201eA Devil&#039;s Chaplain: Reflexionen \u00fcber Hoffnung, L\u00fcgen, Wissenschaft und Liebe\u201c von Richard Dawkins ist ein\u2026<\/p>\r\n\t\t\t\t\t\t<div class=\"p-meta has-bookmark\">\r\n\t\t\t\t<div class=\"meta-inner is-meta\">\r\n\t\t\t\t\t\t\t<div class=\"meta-el meta-author\">\r\n\t\t\t<a href=\"https:\/\/theglobalhumanist.com\/de\/author\/ad4min\/\"><\/a>\t\t<\/div>\r\n\t\t\t\t\t\t<\/div>\r\n\t\t\t\t<span class=\"rb-bookmark bookmark-trigger\" data-pid=\"3783\"><\/span>\t\t\t<\/div>\r\n\t\t\t\t<\/div>\r\n\t\t\t\t<\/div>\r\n\t<\/div><\/div>\t\t\t\t<\/div>\n\t\t\t\t<\/div>\n\t\t\t\t<\/div>\n\t\t<div class=\"elementor-element elementor-element-2dec6fd e-con-full e-flex e-con e-child\" data-id=\"2dec6fd\" data-element_type=\"container\">\n\t\t\t\t<div class=\"elementor-element elementor-element-43dbc72 elementor-widget elementor-widget-foxiz-heading\" data-id=\"43dbc72\" data-element_type=\"widget\" data-widget_type=\"foxiz-heading.default\">\n\t\t\t\t<div class=\"elementor-widget-container\">\n\t\t\t\t\t<div id=\"uid_43dbc72\" class=\"block-h heading-layout-7\"><div class=\"heading-inner\"><h3 class=\"heading-title\"><a class=\"h-link\" href=\"https:\/\/foxiz.themeruby.com\/buzzstream\/category\/world\/\">Welt<\/a><\/h3><\/div><\/div>\t\t\t\t<\/div>\n\t\t\t\t<\/div>\n\t\t\t\t<div class=\"elementor-element elementor-element-c0f78a7 elementor-widget elementor-widget-foxiz-list-small-1\" data-id=\"c0f78a7\" data-element_type=\"widget\" data-widget_type=\"foxiz-list-small-1.default\">\n\t\t\t\t<div class=\"elementor-widget-container\">\n\t\t\t\t\t<div id=\"uid_c0f78a7\" class=\"block-wrap block-small block-list block-list-small-1 rb-columns rb-col-1 rb-tcol-1 rb-mcol-1 is-gap-custom col-border is-border-gray bottom-border is-b-border-gray meta-s-line\"><div class=\"block-inner\">\t\t<div class=\"p-wrap p-small p-list-small-1\" data-pid=\"4397\">\r\n\t\t\t<div class=\"p-content\">\r\n\t\t\t<h3 class=\"entry-title\">\t\t<a class=\"p-url\" href=\"https:\/\/theglobalhumanist.com\/de\/registration-opens-for-the-2026-world-humanist-congress-humanism-as-resistance\/\" rel=\"bookmark\">Registration Opens for the 2026 World Humanist Congress: \u201cHumanism as Resistance\u201d<\/a><\/h3><p class=\"entry-summary\">The post Registration Opens for the 2026 World Humanist Congress: \u201cHumanism as Resistance\u201d appeared first&hellip;<\/p>\r\n\t\t\t\t\t\t<div class=\"p-meta has-bookmark\">\r\n\t\t\t\t<div class=\"meta-inner is-meta\">\r\n\t\t\t\t\t\t\t<div class=\"meta-el meta-author\">\r\n\t\t\t<a href=\"https:\/\/theglobalhumanist.com\/de\/author\/ad4min\/\"><\/a>\t\t<\/div>\r\n\t\t\t\t\t\t<\/div>\r\n\t\t\t\t<span class=\"rb-bookmark bookmark-trigger\" data-pid=\"4397\"><\/span>\t\t\t<\/div>\r\n\t\t\t\t<\/div>\r\n\t\t\t\t<\/div>\r\n\t\t\t<div class=\"p-wrap p-small p-list-small-1\" data-pid=\"3362\">\r\n\t\t\t<div class=\"p-content\">\r\n\t\t\t<h3 class=\"entry-title\">\t\t<a class=\"p-url\" href=\"https:\/\/theglobalhumanist.com\/de\/ishmael-an-adventure-of-the-mind-and-spirit-by-daniel-quinn\/\" rel=\"bookmark\">Ishmael: Ein Abenteuer des Geistes und der Seele von Daniel Quinn<\/a><\/h3><p class=\"entry-summary\">\u201eIshmael: An Adventure of the Mind and Spirit\u201c von Daniel Quinn ist ein philosophischer Roman \u2026<\/p>\r\n\t\t\t\t\t\t<div class=\"p-meta has-bookmark\">\r\n\t\t\t\t<div class=\"meta-inner is-meta\">\r\n\t\t\t\t\t\t\t<div class=\"meta-el meta-author\">\r\n\t\t\t<a href=\"https:\/\/theglobalhumanist.com\/de\/author\/ad4min\/\"><\/a>\t\t<\/div>\r\n\t\t\t\t\t\t<\/div>\r\n\t\t\t\t<span class=\"rb-bookmark bookmark-trigger\" data-pid=\"3362\"><\/span>\t\t\t<\/div>\r\n\t\t\t\t<\/div>\r\n\t\t\t\t<\/div>\r\n\t<\/div><\/div>\t\t\t\t<\/div>\n\t\t\t\t<\/div>\n\t\t\t\t<div class=\"elementor-element elementor-element-c2a71e7 elementor-widget elementor-widget-foxiz-grid-1\" data-id=\"c2a71e7\" data-element_type=\"widget\" data-widget_type=\"foxiz-grid-1.default\">\n\t\t\t\t<div class=\"elementor-widget-container\">\n\t\t\t\t\t<div id=\"uid_c2a71e7\" class=\"block-wrap block-grid block-grid-1 rb-columns rb-col-1 rb-tcol-1 rb-mcol-1 is-gap-20 hovering-fade bottom-border is-b-border-gray no-last-bb ecat-bg-4 is-m-list meta-s-line\"><div class=\"block-inner\">\t\t<div class=\"p-wrap p-grid p-grid-1\" data-pid=\"4412\">\r\n\t\t\t\t<div class=\"feat-holder\">\r\n\t\t\t\t\t\t<div class=\"p-featured\">\r\n\t\t\t\t\t<a class=\"p-flink\" href=\"https:\/\/theglobalhumanist.com\/de\/humanists-international-opens-applications-for-2026-grants-program\/\" title=\"Humanists International opens applications for 2026 Grants Program\">\r\n\t\t\t<img loading=\"lazy\" decoding=\"async\" width=\"77\" height=\"77\" src=\"https:\/\/theglobalhumanist.com\/wp-content\/uploads\/2026\/01\/feedzy-qA0Q8q.svgz\" class=\"featured-img wp-post-image\" alt=\"\" \/>\t\t<\/a>\r\n\t\t\t\t<\/div>\r\n\t<\/div>\r\n\t\t<h3 class=\"entry-title\">\t\t<a class=\"p-url\" href=\"https:\/\/theglobalhumanist.com\/de\/humanists-international-opens-applications-for-2026-grants-program\/\" rel=\"bookmark\">Humanists International opens applications for 2026 Grants Program<\/a><\/h3><p class=\"entry-summary mobile-hide\">The post Humanists International opens applications for 2026 Grants Program appeared first on Humanists International.<\/p>\r\n\t\t\t\t\t\t<div class=\"p-meta has-bookmark\">\r\n\t\t\t\t<div class=\"meta-inner is-meta\">\r\n\t\t\t\t\t\t\t<a class=\"meta-el meta-avatar\" href=\"https:\/\/theglobalhumanist.com\/de\/author\/ad4min\/\"><img alt='' src='https:\/\/secure.gravatar.com\/avatar\/0503e328cbef274ead1225b9469fea557f6e98ae6b8d7368f28dbc177fe966a2?s=44&#038;d=mm&#038;r=g' srcset='https:\/\/secure.gravatar.com\/avatar\/0503e328cbef274ead1225b9469fea557f6e98ae6b8d7368f28dbc177fe966a2?s=88&#038;d=mm&#038;r=g 2x' class='avatar avatar-44 photo' height='44' width='44' \/><\/a>\r\n\t\t\t\t<div class=\"meta-el meta-author\">\r\n\t\t\t<a href=\"https:\/\/theglobalhumanist.com\/de\/author\/ad4min\/\"><\/a>\t\t<\/div>\r\n\t\t\t\t<div class=\"meta-el meta-update\">\r\n\t\t\t<i class=\"rbi rbi-time\" aria-hidden=\"true\"><\/i>\t\t\t<time class=\"updated\" datetime=\"2026-01-21T10:45:22+00:00\">Januar 21, 2026<\/time>\r\n\t\t<\/div>\r\n\t\t\t\t\t\t<\/div>\r\n\t\t\t\t<span class=\"rb-bookmark bookmark-trigger\" data-pid=\"4412\"><\/span>\t\t\t<\/div>\r\n\t\t\t\t<\/div>\r\n\t<\/div><\/div>\t\t\t\t<\/div>\n\t\t\t\t<\/div>\n\t\t\t\t<\/div>\n\t\t\t\t\t<\/div>\n\t\t\t\t<\/div>\n\t\t<div class=\"elementor-element elementor-element-b554322 e-flex e-con-boxed e-con e-parent\" data-id=\"b554322\" data-element_type=\"container\">\n\t\t\t\t\t<div class=\"e-con-inner\">\n\t\t\t\t<div class=\"elementor-element elementor-element-e57441d submit-layout-2 elementor-widget elementor-widget-foxiz-newsletter-1\" data-id=\"e57441d\" data-element_type=\"widget\" id=\"newsletter\" data-widget_type=\"foxiz-newsletter-1.default\">\n\t\t\t\t<div class=\"elementor-widget-container\">\n\t\t\t\t\t<div class=\"newsletter-box newsletter-style is-box-none newsletter-box-1\"><div class=\"newsletter-inner\"><div class=\"newsletter-featured\"><img loading=\"lazy\" decoding=\"async\" width=\"300\" height=\"285\" src=\"https:\/\/theglobalhumanist.com\/wp-content\/uploads\/2024\/01\/newsletter.png\" class=\"attachment-full size-full\" alt=\"\" \/><\/div><div class=\"newsletter-content\"><h2 class=\"newsletter-title\">Den Puls der Gegenwart sp\u00fcren<\/h2><div class=\"newsletter-description rb-text\">Abonnieren Sie jetzt, um in Echtzeit \u00fcber die neuesten Geschichten informiert zu werden!<\/div><\/div><div class=\"newsletter-form\"><script>(function() {\n\twindow.mc4wp = window.mc4wp || {\n\t\tlisteners: [],\n\t\tforms: {\n\t\t\ton: function(evt, cb) {\n\t\t\t\twindow.mc4wp.listeners.push(\n\t\t\t\t\t{\n\t\t\t\t\t\tevent   : evt,\n\t\t\t\t\t\tcallback: cb\n\t\t\t\t\t}\n\t\t\t\t);\n\t\t\t}\n\t\t}\n\t}\n})();\n<\/script><!-- Mailchimp for WordPress v4.10.3 - https:\/\/wordpress.org\/plugins\/mailchimp-for-wp\/ --><form id=\"mc4wp-form-1\" class=\"mc4wp-form mc4wp-form-3992\" method=\"post\" data-id=\"3992\" data-name=\"Subscribe\" action=\"\" ><div class=\"mc4wp-form-fields\"><p>\r\n\t<label>E-Mail-Adresse: \r\n\t\t<input type=\"email\" name=\"EMAIL\" placeholder=\"Ihre E-Mail-Adresse\" required \/>\r\n<\/label>\r\n<\/p>\r\n\r\n<p>\r\n\t<input type=\"submit\" value=\"Melden Sie sich an\" \/>\r\n<\/p><\/div><label style=\"display: none !important;\">Wenn du ein Mensch bist, lasse das Feld leer: <input type=\"text\" name=\"_mc4wp_honeypot\" value=\"\" tabindex=\"-1\" autocomplete=\"off\" \/><\/label><input type=\"hidden\" name=\"_mc4wp_timestamp\" value=\"1788374890\" \/><input type=\"hidden\" name=\"_mc4wp_form_id\" value=\"3992\" \/><input type=\"hidden\" name=\"_mc4wp_form_element_id\" value=\"mc4wp-form-1\" \/><div class=\"mc4wp-response\"><\/div><input type=\"hidden\" name=\"trp-form-language\" value=\"de\"\/><\/form><!-- \/ Mailchimp for WordPress Plugin --><\/div><\/div><\/div>\t\t\t\t<\/div>\n\t\t\t\t<\/div>\n\t\t\t\t<div class=\"elementor-element elementor-element-5e03810 elementor-widget elementor-widget-foxiz-heading\" data-id=\"5e03810\" data-element_type=\"widget\" data-widget_type=\"foxiz-heading.default\">\n\t\t\t\t<div class=\"elementor-widget-container\">\n\t\t\t\t\t<div id=\"uid_5e03810\" class=\"block-h heading-layout-7\"><div class=\"heading-inner\"><h3 class=\"heading-title\"><span>Muss gelesen werden<\/span><\/h3><\/div><\/div>\t\t\t\t<\/div>\n\t\t\t\t<\/div>\n\t\t\t\t<div class=\"elementor-element elementor-element-6049edc elementor-widget elementor-widget-foxiz-grid-1\" data-id=\"6049edc\" data-element_type=\"widget\" data-widget_type=\"foxiz-grid-1.default\">\n\t\t\t\t<div class=\"elementor-widget-container\">\n\t\t\t\t\t<div id=\"uid_6049edc\" class=\"block-wrap block-grid block-grid-1 is-hoz-scroll rb-columns rb-col-4 is-gap-custom col-border is-border-gray hovering-fade bottom-border is-b-border-gray no-last-bb ecat-bg-4 meta-s-line\"><div class=\"block-inner\">\t\t<div class=\"p-wrap p-grid p-grid-1\" data-pid=\"3021\">\r\n\t\t\t\t<div class=\"feat-holder\">\r\n\t\t\t\t\t\t<div class=\"p-featured\">\r\n\t\t\t\t\t<a class=\"p-flink\" href=\"https:\/\/theglobalhumanist.com\/de\/the-atheists-bible-by-joan-konner\/\" title=\"Die Bibel des Atheisten von Joan Konner\">\r\n\t\t\t<img loading=\"lazy\" decoding=\"async\" width=\"330\" height=\"220\" src=\"https:\/\/theglobalhumanist.com\/wp-content\/uploads\/2023\/12\/The-Atheists-Bible22-by-Joan-Konner-330x220.jpg\" class=\"featured-img wp-post-image\" alt=\"\" \/>\t\t<\/a>\r\n\t\t\t\t<\/div>\r\n\t<div class=\"p-categories light-scheme p-top\"><a class=\"p-category category-id-851\" href=\"https:\/\/theglobalhumanist.com\/de\/category\/books\/\" rel=\"category\">B\u00fccher<\/a><a class=\"p-category category-id-43\" href=\"https:\/\/theglobalhumanist.com\/de\/category\/critiques\/\" rel=\"category\">Kritiken<\/a><\/div><\/div>\r\n\t\t<h3 class=\"entry-title\">\t\t<a class=\"p-url\" href=\"https:\/\/theglobalhumanist.com\/de\/the-atheists-bible-by-joan-konner\/\" rel=\"bookmark\">Die Bibel des Atheisten von Joan Konner<\/a><\/h3><p class=\"entry-summary mobile-hide\">\u201eDie Bibel des Atheisten\u201c von Joan Konner ist eine Anthologie mit Zitaten, Betrachtungen und Schriften verschiedener Denker, Wissenschaftler und \u2026<\/p>\r\n\t\t\t\t\t\t<div class=\"p-meta has-bookmark\">\r\n\t\t\t\t<div class=\"meta-inner is-meta\">\r\n\t\t\t\t\t\t\t<div class=\"meta-el meta-author\">\r\n\t\t\t<a href=\"https:\/\/theglobalhumanist.com\/de\/author\/ad4min\/\"><\/a>\t\t<\/div>\r\n\t\t\t\t\t\t<\/div>\r\n\t\t\t\t<span class=\"rb-bookmark bookmark-trigger\" data-pid=\"3021\"><\/span>\t\t\t<\/div>\r\n\t\t\t\t<\/div>\r\n\t\t\t<div class=\"p-wrap p-grid p-grid-1\" data-pid=\"3457\">\r\n\t\t\t\t<div class=\"feat-holder\">\r\n\t\t\t\t\t\t<div class=\"p-featured\">\r\n\t\t\t\t\t<a class=\"p-flink\" href=\"https:\/\/theglobalhumanist.com\/de\/thomas-jefferson-author-of-america-by-christopher-hitchens\/\" title=\"Thomas Jefferson: Autor von Amerika von Christopher Hitchens\">\r\n\t\t\t<img loading=\"lazy\" decoding=\"async\" width=\"330\" height=\"220\" src=\"https:\/\/theglobalhumanist.com\/wp-content\/uploads\/2024\/07\/Thomas-Jefferson-Author-of-America-by-Christopher-Hitchens-330x220.jpg\" class=\"featured-img wp-post-image\" alt=\"\" \/>\t\t<\/a>\r\n\t\t\t\t<\/div>\r\n\t<div class=\"p-categories light-scheme p-top\"><a class=\"p-category category-id-851\" href=\"https:\/\/theglobalhumanist.com\/de\/category\/books\/\" rel=\"category\">B\u00fccher<\/a><a class=\"p-category category-id-49\" href=\"https:\/\/theglobalhumanist.com\/de\/category\/history\/\" rel=\"category\">Geschichte<\/a><\/div><\/div>\r\n\t\t<h3 class=\"entry-title\">\t\t<a class=\"p-url\" href=\"https:\/\/theglobalhumanist.com\/de\/thomas-jefferson-author-of-america-by-christopher-hitchens\/\" rel=\"bookmark\">Thomas Jefferson: Autor von Amerika von Christopher Hitchens<\/a><\/h3><p class=\"entry-summary mobile-hide\">\u201eThomas Jefferson: Author of America\u201c von Christopher Hitchens ist eine biografische und kritische Studie \u00fcber Thomas Jefferson, einen der bedeutendsten amerikanischen\u2026<\/p>\r\n\t\t\t\t\t\t<div class=\"p-meta has-bookmark\">\r\n\t\t\t\t<div class=\"meta-inner is-meta\">\r\n\t\t\t\t\t\t\t<div class=\"meta-el meta-author\">\r\n\t\t\t<a href=\"https:\/\/theglobalhumanist.com\/de\/author\/ad4min\/\"><\/a>\t\t<\/div>\r\n\t\t\t\t\t\t<\/div>\r\n\t\t\t\t<span class=\"rb-bookmark bookmark-trigger\" data-pid=\"3457\"><\/span>\t\t\t<\/div>\r\n\t\t\t\t<\/div>\r\n\t\t\t<div class=\"p-wrap p-grid p-grid-1\" data-pid=\"4443\">\r\n\t<h3 class=\"entry-title\">\t\t<a class=\"p-url\" href=\"https:\/\/theglobalhumanist.com\/de\/global-events-mark-launch-of-freedom-of-thought-report-2025\/\" rel=\"bookmark\">Global events mark launch of Freedom of Thought Report 2025<\/a><\/h3><p class=\"entry-summary mobile-hide\">The post Global events mark launch of Freedom of Thought Report 2025 appeared first on Humanists International.<\/p>\r\n\t\t\t\t\t\t<div class=\"p-meta has-bookmark\">\r\n\t\t\t\t<div class=\"meta-inner is-meta\">\r\n\t\t\t\t\t\t\t<div class=\"meta-el meta-author\">\r\n\t\t\t<a href=\"https:\/\/theglobalhumanist.com\/de\/author\/ad4min\/\"><\/a>\t\t<\/div>\r\n\t\t\t\t\t\t<\/div>\r\n\t\t\t\t<span class=\"rb-bookmark bookmark-trigger\" data-pid=\"4443\"><\/span>\t\t\t<\/div>\r\n\t\t\t\t<\/div>\r\n\t\t\t<div class=\"p-wrap p-grid p-grid-1\" data-pid=\"4460\">\r\n\t<h3 class=\"entry-title\">\t\t<a class=\"p-url\" href=\"https:\/\/theglobalhumanist.com\/de\/united-nations-invites-humanist-organizations-to-shape-new-human-rights-report\/\" rel=\"bookmark\">United Nations invites humanist organizations to shape new human rights report<\/a><\/h3><p class=\"entry-summary mobile-hide\">The post United Nations invites humanist organizations to shape new human rights report appeared first on Humanists International.<\/p>\r\n\t\t\t\t\t\t<div class=\"p-meta has-bookmark\">\r\n\t\t\t\t<div class=\"meta-inner is-meta\">\r\n\t\t\t\t\t\t\t<div class=\"meta-el meta-author\">\r\n\t\t\t<a href=\"https:\/\/theglobalhumanist.com\/de\/author\/ad4min\/\"><\/a>\t\t<\/div>\r\n\t\t\t\t\t\t<\/div>\r\n\t\t\t\t<span class=\"rb-bookmark bookmark-trigger\" data-pid=\"4460\"><\/span>\t\t\t<\/div>\r\n\t\t\t\t<\/div>\r\n\t<\/div><\/div>\t\t\t\t<\/div>\n\t\t\t\t<\/div>\n\t\t\t\t<div class=\"elementor-element elementor-element-2e9826a elementor-widget elementor-widget-foxiz-heading\" data-id=\"2e9826a\" data-element_type=\"widget\" data-widget_type=\"foxiz-heading.default\">\n\t\t\t\t<div class=\"elementor-widget-container\">\n\t\t\t\t\t<div id=\"uid_2e9826a\" class=\"block-h heading-layout-5\"><div class=\"heading-inner\"><h3 class=\"heading-title\"><a class=\"h-link\" href=\"https:\/\/foxiz.themeruby.com\/buzzstream\/category\/health\/\">Gesundheit<\/a><\/h3><div class=\"heading-tagline h6\"><a class=\"heading-tagline-label\" href=\"https:\/\/foxiz.themeruby.com\/buzzstream\/category\/health\/\">Weitere Beitr\u00e4ge<\/a><\/div><\/div><\/div>\t\t\t\t<\/div>\n\t\t\t\t<\/div>\n\t\t\t\t\t<\/div>\n\t\t\t\t<\/div>\n\t\t<div class=\"elementor-element elementor-element-edda0bb e-flex e-con-boxed e-con e-parent\" data-id=\"edda0bb\" data-element_type=\"container\">\n\t\t\t\t\t<div class=\"e-con-inner\">\n\t\t<div class=\"elementor-element elementor-element-9bf8ecb e-con-full e-flex e-con e-child\" data-id=\"9bf8ecb\" data-element_type=\"container\">\n\t\t\t\t<div class=\"elementor-element elementor-element-9e82218 elementor-widget elementor-widget-foxiz-overlay-1\" data-id=\"9e82218\" data-element_type=\"widget\" data-widget_type=\"foxiz-overlay-1.default\">\n\t\t\t\t<div class=\"elementor-widget-container\">\n\t\t\t\t\t<div id=\"uid_9e82218\" class=\"block-wrap block-overlay overlay-1 p-gradient rb-columns rb-col-1 rb-tcol-1 rb-mcol-1 hovering-fade meta-s-line\"><div class=\"block-inner\">\t\t<div class=\"p-wrap p-highlight p-overlay-1\" data-pid=\"4460\">\r\n\t\t\t<div class=\"overlay-holder\">\r\n\t\t\t\t\t<div class=\"p-featured\">\r\n\t\t\t\t\t<a class=\"p-flink\" href=\"https:\/\/theglobalhumanist.com\/de\/united-nations-invites-humanist-organizations-to-shape-new-human-rights-report\/\" title=\"United Nations invites humanist organizations to shape new human rights report\">\r\n\t\t\t\t\t<\/a>\r\n\t\t\t\t<\/div>\r\n\t\t\t\t<div class=\"overlay-wrap\">\r\n\t\t\t\t<div class=\"overlay-inner p-content light-scheme\">\r\n\t\t\t\t\t<h2 class=\"entry-title\">\t\t<a class=\"p-url\" href=\"https:\/\/theglobalhumanist.com\/de\/united-nations-invites-humanist-organizations-to-shape-new-human-rights-report\/\" rel=\"bookmark\">United Nations invites humanist organizations to shape new human rights report<\/a><\/h2><p class=\"entry-summary\">The post United Nations invites humanist organizations to shape new human rights report appeared first on Humanists International.<\/p>\r\n\t\t\t\t\t\t<div class=\"p-meta has-bookmark\">\r\n\t\t\t\t<div class=\"meta-inner is-meta\">\r\n\t\t\t\t\t\t\t<div class=\"meta-el meta-author\">\r\n\t\t\t<a href=\"https:\/\/theglobalhumanist.com\/de\/author\/ad4min\/\"><\/a>\t\t<\/div>\r\n\t\t\t\t<div class=\"meta-el meta-read\">0 Min Read<\/div>\r\n\t\t\t\t\t\t<\/div>\r\n\t\t\t\t<span class=\"rb-bookmark bookmark-trigger\" data-pid=\"4460\"><\/span>\t\t\t<\/div>\r\n\t\t\t\t\t\t<\/div>\r\n\t\t\t<\/div>\r\n\t\t<\/div>\r\n\t\t\t\t<\/div>\r\n\t<\/div><\/div>\t\t\t\t<\/div>\n\t\t\t\t<\/div>\n\t\t\t\t<\/div>\n\t\t<div class=\"elementor-element elementor-element-75fff00 e-con-full e-flex e-con e-child\" data-id=\"75fff00\" data-element_type=\"container\">\n\t\t\t\t<div class=\"elementor-element elementor-element-c3f33ff elementor-widget elementor-widget-foxiz-list-small-1\" data-id=\"c3f33ff\" data-element_type=\"widget\" data-widget_type=\"foxiz-list-small-1.default\">\n\t\t\t\t<div class=\"elementor-widget-container\">\n\t\t\t\t\t<div id=\"uid_c3f33ff\" class=\"block-wrap block-small block-list block-list-small-1 rb-columns rb-col-2 rb-tcol-4 rb-mcol-1 is-gap-custom col-border is-border-gray bottom-border is-b-border-gray no-last-bb meta-s-line\"><div class=\"block-inner\">\t\t<div class=\"p-wrap p-small p-list-small-1\" data-pid=\"4460\">\r\n\t\t\t<div class=\"p-content\">\r\n\t\t\t<h3 class=\"entry-title\">\t\t<a class=\"p-url\" href=\"https:\/\/theglobalhumanist.com\/de\/united-nations-invites-humanist-organizations-to-shape-new-human-rights-report\/\" rel=\"bookmark\">United Nations invites humanist organizations to shape new human rights report<\/a><\/h3><p class=\"entry-summary\">The post United Nations invites humanist organizations to shape new human rights report appeared first&hellip;<\/p>\r\n\t\t\t\t\t\t<div class=\"p-meta has-bookmark\">\r\n\t\t\t\t<div class=\"meta-inner is-meta\">\r\n\t\t\t\t\t\t\t<div class=\"meta-el meta-author\">\r\n\t\t\t<a href=\"https:\/\/theglobalhumanist.com\/de\/author\/ad4min\/\"><\/a>\t\t<\/div>\r\n\t\t\t\t\t\t<\/div>\r\n\t\t\t\t<span class=\"rb-bookmark bookmark-trigger\" data-pid=\"4460\"><\/span>\t\t\t<\/div>\r\n\t\t\t\t<\/div>\r\n\t\t\t\t<\/div>\r\n\t\t\t<div class=\"p-wrap p-small p-list-small-1\" data-pid=\"4459\">\r\n\t\t\t<div class=\"p-content\">\r\n\t\t\t<h3 class=\"entry-title\">\t\t<a class=\"p-url\" href=\"https:\/\/theglobalhumanist.com\/de\/the-world-humanist-congress-2026-welcomes-over-500-delegates\/\" rel=\"bookmark\">The World Humanist Congress 2026 welcomes over 500 delegates<\/a><\/h3><p class=\"entry-summary\">The post The World Humanist Congress 2026 welcomes over 500 delegates appeared first on Humanists&hellip;<\/p>\r\n\t\t\t\t\t\t<div class=\"p-meta has-bookmark\">\r\n\t\t\t\t<div class=\"meta-inner is-meta\">\r\n\t\t\t\t\t\t\t<div class=\"meta-el meta-author\">\r\n\t\t\t<a href=\"https:\/\/theglobalhumanist.com\/de\/author\/ad4min\/\"><\/a>\t\t<\/div>\r\n\t\t\t\t\t\t<\/div>\r\n\t\t\t\t<span class=\"rb-bookmark bookmark-trigger\" data-pid=\"4459\"><\/span>\t\t\t<\/div>\r\n\t\t\t\t<\/div>\r\n\t\t\t\t<\/div>\r\n\t\t\t<div class=\"p-wrap p-small p-list-small-1\" data-pid=\"4458\">\r\n\t\t\t<div class=\"p-content\">\r\n\t\t\t<h3 class=\"entry-title\">\t\t<a class=\"p-url\" href=\"https:\/\/theglobalhumanist.com\/de\/humanists-international-makes-a-submission-on-freedom-of-association-to-the-un\/\" rel=\"bookmark\">Humanists International makes a submission on freedom of association to the UN<\/a><\/h3><p class=\"entry-summary\">The post Humanists International makes a submission on freedom of association to the UN appeared&hellip;<\/p>\r\n\t\t\t\t\t\t<div class=\"p-meta has-bookmark\">\r\n\t\t\t\t<div class=\"meta-inner is-meta\">\r\n\t\t\t\t\t\t\t<div class=\"meta-el meta-author\">\r\n\t\t\t<a href=\"https:\/\/theglobalhumanist.com\/de\/author\/ad4min\/\"><\/a>\t\t<\/div>\r\n\t\t\t\t\t\t<\/div>\r\n\t\t\t\t<span class=\"rb-bookmark bookmark-trigger\" data-pid=\"4458\"><\/span>\t\t\t<\/div>\r\n\t\t\t\t<\/div>\r\n\t\t\t\t<\/div>\r\n\t\t\t<div class=\"p-wrap p-small p-list-small-1\" data-pid=\"4454\">\r\n\t\t\t<div class=\"p-content\">\r\n\t\t\t<h3 class=\"entry-title\">\t\t<a class=\"p-url\" href=\"https:\/\/theglobalhumanist.com\/de\/roslyn-mould-to-step-down-as-vice-president-of-humanists-international\/\" rel=\"bookmark\">Roslyn Mould to step down as Vice President of Humanists International<\/a><\/h3><p class=\"entry-summary\">The post Roslyn Mould to step down as Vice President of Humanists International appeared first&hellip;<\/p>\r\n\t\t\t\t\t\t<div class=\"p-meta has-bookmark\">\r\n\t\t\t\t<div class=\"meta-inner is-meta\">\r\n\t\t\t\t\t\t\t<div class=\"meta-el meta-author\">\r\n\t\t\t<a href=\"https:\/\/theglobalhumanist.com\/de\/author\/ad4min\/\"><\/a>\t\t<\/div>\r\n\t\t\t\t\t\t<\/div>\r\n\t\t\t\t<span class=\"rb-bookmark bookmark-trigger\" data-pid=\"4454\"><\/span>\t\t\t<\/div>\r\n\t\t\t\t<\/div>\r\n\t\t\t\t<\/div>\r\n\t<\/div><\/div>\t\t\t\t<\/div>\n\t\t\t\t<\/div>\n\t\t\t\t<\/div>\n\t\t\t\t\t<\/div>\n\t\t\t\t<\/div>\n\t\t<div class=\"elementor-element elementor-element-c8613ce e-flex e-con-boxed e-con e-parent\" data-id=\"c8613ce\" data-element_type=\"container\">\n\t\t\t\t\t<div class=\"e-con-inner\">\n\t\t\t\t<div class=\"elementor-element elementor-element-892d7a5 elementor-widget elementor-widget-foxiz-heading\" data-id=\"892d7a5\" data-element_type=\"widget\" data-widget_type=\"foxiz-heading.default\">\n\t\t\t\t<div class=\"elementor-widget-container\">\n\t\t\t\t\t<div id=\"uid_892d7a5\" class=\"block-h heading-layout-5\"><div class=\"heading-inner\"><h3 class=\"heading-title\"><a class=\"h-link\" href=\"https:\/\/foxiz.themeruby.com\/time\/category\/travel\/\">Reisen<\/a><\/h3><div class=\"heading-tagline h6\"><a class=\"heading-tagline-label\" href=\"https:\/\/foxiz.themeruby.com\/time\/category\/travel\/\">Weitere Beitr\u00e4ge<\/a><\/div><\/div><\/div>\t\t\t\t<\/div>\n\t\t\t\t<\/div>\n\t\t\t\t<div class=\"elementor-element elementor-element-512876f elementor-widget elementor-widget-foxiz-grid-1\" data-id=\"512876f\" data-element_type=\"widget\" data-widget_type=\"foxiz-grid-1.default\">\n\t\t\t\t<div class=\"elementor-widget-container\">\n\t\t\t\t\t<div id=\"uid_512876f\" class=\"block-wrap block-grid block-grid-1 is-thoz-scroll rb-columns rb-col-5 rb-mcol-1 is-gap-custom col-border is-border-gray hovering-fade bottom-border is-b-border-gray no-last-bb is-m-list meta-s-line\"><div class=\"block-inner\">\t\t<div class=\"p-wrap p-grid p-grid-1\" data-pid=\"4319\">\r\n\t\t\t\t<div class=\"feat-holder\">\r\n\t\t\t\t\t\t<div class=\"p-featured\">\r\n\t\t\t\t\t<a class=\"p-flink\" href=\"https:\/\/theglobalhumanist.com\/de\/humanism-now-the-weekly-podcast-from-humanise-live\/\" title=\"Humanism Now \u2013 Der w\u00f6chentliche Podcast von Humanise Live\">\r\n\t\t\t<img loading=\"lazy\" decoding=\"async\" width=\"330\" height=\"220\" src=\"https:\/\/theglobalhumanist.com\/wp-content\/uploads\/2025\/04\/Humanism-Now-Podcast-330x220.png\" class=\"featured-img wp-post-image\" alt=\"\" \/>\t\t<\/a>\r\n\t\t\t\t<\/div>\r\n\t<\/div>\r\n\t\t<h3 class=\"entry-title\">\t\t<a class=\"p-url\" href=\"https:\/\/theglobalhumanist.com\/de\/humanism-now-the-weekly-podcast-from-humanise-live\/\" rel=\"bookmark\">Humanism Now \u2013 Der w\u00f6chentliche Podcast von Humanise Live<\/a><\/h3><p class=\"entry-summary mobile-hide\">Produziert von: Humanise Live. Verf\u00fcgbar auf: Spotify. Link: Auf Spotify anh\u00f6ren. Zusammenfassung: Humanism Now ist ein w\u00f6chentlicher Podcast von Humanise Live, der sich mit \u2026 befasst.<\/p>\r\n\t\t\t\t\t\t<div class=\"p-meta has-bookmark\">\r\n\t\t\t\t<div class=\"meta-inner is-meta\">\r\n\t\t\t\t\t\t\t<div class=\"meta-el meta-author\">\r\n\t\t\t<a href=\"https:\/\/theglobalhumanist.com\/de\/author\/ad4min\/\"><\/a>\t\t<\/div>\r\n\t\t\t\t\t\t<\/div>\r\n\t\t\t\t<span class=\"rb-bookmark bookmark-trigger\" data-pid=\"4319\"><\/span>\t\t\t<\/div>\r\n\t\t\t\t<\/div>\r\n\t\t\t<div class=\"p-wrap p-grid p-grid-1\" data-pid=\"3528\">\r\n\t\t\t\t<div class=\"feat-holder\">\r\n\t\t\t\t\t\t<div class=\"p-featured\">\r\n\t\t\t\t\t<a class=\"p-flink\" href=\"https:\/\/theglobalhumanist.com\/de\/a-review-article-of-the-cognitive-science-of-religion-by-jasper-sorensen\/\" title=\"Ein \u00dcbersichtsartikel zur Kognitionswissenschaft der Religion von Jasper Sorensen\">\r\n\t\t\t<img loading=\"lazy\" decoding=\"async\" width=\"330\" height=\"220\" src=\"https:\/\/theglobalhumanist.com\/wp-content\/uploads\/2024\/07\/A-Review-article-of-the-Cognitive-Science-of-Religion-by-Jasper-Sorensen-330x220.png\" class=\"featured-img wp-post-image\" alt=\"\" \/>\t\t<\/a>\r\n\t\t\t\t<\/div>\r\n\t<\/div>\r\n\t\t<h3 class=\"entry-title\">\t\t<a class=\"p-url\" href=\"https:\/\/theglobalhumanist.com\/de\/a-review-article-of-the-cognitive-science-of-religion-by-jasper-sorensen\/\" rel=\"bookmark\">Ein \u00dcbersichtsartikel zur Kognitionswissenschaft der Religion von Jasper Sorensen<\/a><\/h3><p class=\"entry-summary mobile-hide\">\u201eA Review Article of the Cognitive Science of Religion\u201c von Jasper Sorensen bietet einen \u00dcberblick \u00fcber den Ansatz der Kognitionswissenschaft \u2026<\/p>\r\n\t\t\t\t\t\t<div class=\"p-meta has-bookmark\">\r\n\t\t\t\t<div class=\"meta-inner is-meta\">\r\n\t\t\t\t\t\t\t<div class=\"meta-el meta-author\">\r\n\t\t\t<a href=\"https:\/\/theglobalhumanist.com\/de\/author\/ad4min\/\"><\/a>\t\t<\/div>\r\n\t\t\t\t\t\t<\/div>\r\n\t\t\t\t<span class=\"rb-bookmark bookmark-trigger\" data-pid=\"3528\"><\/span>\t\t\t<\/div>\r\n\t\t\t\t<\/div>\r\n\t\t\t<div class=\"p-wrap p-grid p-grid-1\" data-pid=\"3790\">\r\n\t\t\t\t<div class=\"feat-holder\">\r\n\t\t\t\t\t\t<div class=\"p-featured\">\r\n\t\t\t\t\t<a class=\"p-flink\" href=\"https:\/\/theglobalhumanist.com\/de\/a-universe-from-nothing-why-there-is-something-rather-than-nothing-by-lawrence-m-krauss\/\" title=\"Ein Universum aus dem Nichts: Warum es etwas und nicht nichts gibt von Lawrence M. Krauss\">\r\n\t\t\t<img loading=\"lazy\" decoding=\"async\" width=\"330\" height=\"220\" src=\"https:\/\/theglobalhumanist.com\/wp-content\/uploads\/2024\/07\/A-Universe-From-Nothing-Why-There-Is-Something-Rather-Than-Nothing-by-Lawrence-M.-Krauss-330x220.jpg\" class=\"featured-img wp-post-image\" alt=\"\" \/>\t\t<\/a>\r\n\t\t\t\t<\/div>\r\n\t<\/div>\r\n\t\t<h3 class=\"entry-title\">\t\t<a class=\"p-url\" href=\"https:\/\/theglobalhumanist.com\/de\/a-universe-from-nothing-why-there-is-something-rather-than-nothing-by-lawrence-m-krauss\/\" rel=\"bookmark\">Ein Universum aus dem Nichts: Warum es etwas und nicht nichts gibt von Lawrence M. Krauss<\/a><\/h3><p class=\"entry-summary mobile-hide\">\u201eEin Universum aus dem Nichts: Warum es etwas und nicht nichts gibt\u201c von Lawrence M. Krauss erforscht die Urspr\u00fcnge des\u2026<\/p>\r\n\t\t\t\t\t\t<div class=\"p-meta has-bookmark\">\r\n\t\t\t\t<div class=\"meta-inner is-meta\">\r\n\t\t\t\t\t\t\t<div class=\"meta-el meta-author\">\r\n\t\t\t<a href=\"https:\/\/theglobalhumanist.com\/de\/author\/ad4min\/\"><\/a>\t\t<\/div>\r\n\t\t\t\t\t\t<\/div>\r\n\t\t\t\t<span class=\"rb-bookmark bookmark-trigger\" data-pid=\"3790\"><\/span>\t\t\t<\/div>\r\n\t\t\t\t<\/div>\r\n\t\t\t<div class=\"p-wrap p-grid p-grid-1\" data-pid=\"4419\">\r\n\t<h3 class=\"entry-title\">\t\t<a class=\"p-url\" href=\"https:\/\/theglobalhumanist.com\/de\/freedom-of-thought-report-2025-launched-in-brussels\/\" rel=\"bookmark\">Der Bericht zur Gedankenfreiheit 2025 wurde in Br\u00fcssel vorgestellt.<\/a><\/h3><p class=\"entry-summary mobile-hide\">The post Freedom of Thought Report 2025 launched in Brussels appeared first on Humanists International.<\/p>\r\n\t\t\t\t\t\t<div class=\"p-meta has-bookmark\">\r\n\t\t\t\t<div class=\"meta-inner is-meta\">\r\n\t\t\t\t\t\t\t<div class=\"meta-el meta-author\">\r\n\t\t\t<a href=\"https:\/\/theglobalhumanist.com\/de\/author\/ad4min\/\"><\/a>\t\t<\/div>\r\n\t\t\t\t\t\t<\/div>\r\n\t\t\t\t<span class=\"rb-bookmark bookmark-trigger\" data-pid=\"4419\"><\/span>\t\t\t<\/div>\r\n\t\t\t\t<\/div>\r\n\t\t\t<div class=\"p-wrap p-grid p-grid-1\" data-pid=\"4449\">\r\n\t\t\t\t<div class=\"feat-holder\">\r\n\t\t\t\t\t\t<div class=\"p-featured\">\r\n\t\t\t\t\t<a class=\"p-flink\" href=\"https:\/\/theglobalhumanist.com\/de\/critical-thinking-project-reaches-over-300-people-in-five-ugandan-schools\/\" title=\"Critical thinking project reaches over 300 people in five Ugandan schools\">\r\n\t\t\t<img loading=\"lazy\" decoding=\"async\" width=\"77\" height=\"77\" src=\"https:\/\/theglobalhumanist.com\/wp-content\/uploads\/2026\/06\/feedzy-ABsvQc.svgz\" class=\"featured-img wp-post-image\" alt=\"\" \/>\t\t<\/a>\r\n\t\t\t\t<\/div>\r\n\t<\/div>\r\n\t\t<h3 class=\"entry-title\">\t\t<a class=\"p-url\" href=\"https:\/\/theglobalhumanist.com\/de\/critical-thinking-project-reaches-over-300-people-in-five-ugandan-schools\/\" rel=\"bookmark\">Critical thinking project reaches over 300 people in five Ugandan schools<\/a><\/h3><p class=\"entry-summary mobile-hide\">The post Critical thinking project reaches over 300 people in five Ugandan schools appeared first on Humanists International.<\/p>\r\n\t\t\t\t\t\t<div class=\"p-meta has-bookmark\">\r\n\t\t\t\t<div class=\"meta-inner is-meta\">\r\n\t\t\t\t\t\t\t<div class=\"meta-el meta-author\">\r\n\t\t\t<a href=\"https:\/\/theglobalhumanist.com\/de\/author\/ad4min\/\"><\/a>\t\t<\/div>\r\n\t\t\t\t\t\t<\/div>\r\n\t\t\t\t<span class=\"rb-bookmark bookmark-trigger\" data-pid=\"4449\"><\/span>\t\t\t<\/div>\r\n\t\t\t\t<\/div>\r\n\t<\/div><\/div>\t\t\t\t<\/div>\n\t\t\t\t<\/div>\n\t\t\t\t\t<\/div>\n\t\t\t\t<\/div>\n\t\t<div class=\"elementor-element elementor-element-37e17ec e-flex e-con-boxed e-con e-parent\" data-id=\"37e17ec\" data-element_type=\"container\">\n\t\t\t\t\t<div class=\"e-con-inner\">\n\t\t\t\t<div class=\"elementor-element elementor-element-092227b elementor-widget elementor-widget-foxiz-heading\" data-id=\"092227b\" data-element_type=\"widget\" data-widget_type=\"foxiz-heading.default\">\n\t\t\t\t<div class=\"elementor-widget-container\">\n\t\t\t\t\t<div id=\"uid_092227b\" class=\"block-h heading-layout-5\"><div class=\"heading-inner\"><h3 class=\"heading-title\"><a class=\"h-link\" href=\"https:\/\/foxiz.themeruby.com\/buzzstream\/blog\">Aktuelle Neuigkeiten<\/a><\/h3><div class=\"heading-tagline h6\"><a class=\"heading-tagline-label\" href=\"https:\/\/foxiz.themeruby.com\/buzzstream\/blog\">Aus dem Blog<\/a><\/div><\/div><\/div>\t\t\t\t<\/div>\n\t\t\t\t<\/div>\n\t\t\t\t<div class=\"elementor-element elementor-element-bdd7145 elementor-widget elementor-widget-foxiz-list-box-1\" data-id=\"bdd7145\" data-element_type=\"widget\" data-widget_type=\"foxiz-list-box-1.default\">\n\t\t\t\t<div class=\"elementor-widget-container\">\n\t\t\t\t\t<div id=\"uid_bdd7145\" class=\"block-wrap block-big block-list block-list-box-1 rb-columns rb-col-1 rb-tcol-1 rb-mcol-1 light-scheme hovering-fade p-vtop ecat-bg-4 ecat-size-big is-feat-left meta-s-line\"><div class=\"block-inner\">\t\t<div class=\"p-wrap p-list p-box p-list-1 p-list-box-1 box-bg\" data-pid=\"4325\">\r\n\t\t\t<div class=\"list-box\">\r\n\t\t\t<div class=\"list-holder\">\r\n\t\t\t\t<div class=\"list-feat-holder\">\r\n\t\t\t\t\t\t\t\t<div class=\"feat-holder\">\r\n\t\t\t\t\t\t<div class=\"p-featured\">\r\n\t\t\t\t\t<a class=\"p-flink\" href=\"https:\/\/theglobalhumanist.com\/de\/humanist-agenda-exploring-humanist-perspectives\/\" title=\"Humanistische Agenda \u2013 Humanistische Perspektiven erkunden\">\r\n\t\t\t<img fetchpriority=\"high\" decoding=\"async\" width=\"615\" height=\"410\" src=\"https:\/\/theglobalhumanist.com\/wp-content\/uploads\/2025\/04\/Humanis-Agenda-615x410.png\" class=\"featured-img wp-post-image\" alt=\"\" loading=\"eager\" \/>\t\t<\/a>\r\n\t\t\t\t<\/div>\r\n\t<div class=\"p-categories light-scheme p-top\"><a class=\"p-category category-id-850\" href=\"https:\/\/theglobalhumanist.com\/de\/category\/podcasts\/\" rel=\"category\">Podcasts<\/a><\/div><\/div>\r\n\t\t\t\t\t\t<\/div>\r\n\t\t\t\t<div class=\"p-content\">\r\n\t\t\t\t\t<h2 class=\"entry-title\">\t\t<a class=\"p-url\" href=\"https:\/\/theglobalhumanist.com\/de\/humanist-agenda-exploring-humanist-perspectives\/\" rel=\"bookmark\">Humanistische Agenda \u2013 Humanistische Perspektiven erkunden<\/a><\/h2><p class=\"entry-summary\">Verf\u00fcgbar auf: Spotify Link: Auf Spotify anh\u00f6ren Zusammenfassung: Humanist Agenda ist ein Podcast, der sich verschiedenen Aspekten des Humanismus widmet, einschlie\u00dflich seiner Philosophie, seiner Anwendung im t\u00e4glichen Leben und seiner Relevanz in der heutigen Gesellschaft. Jeder\u2026<\/p>\r\n\t\t\t\t\t\t<div class=\"p-meta has-bookmark\">\r\n\t\t\t\t<div class=\"meta-inner is-meta\">\r\n\t\t\t\t\t\t\t<div class=\"meta-el meta-author\">\r\n\t\t\t<a href=\"https:\/\/theglobalhumanist.com\/de\/author\/ad4min\/\"><\/a>\t\t<\/div>\r\n\t\t\t\t<div class=\"meta-el meta-read\">0 Min Read<\/div>\r\n\t\t\t\t\t\t<\/div>\r\n\t\t\t\t<span class=\"rb-bookmark bookmark-trigger\" data-pid=\"4325\"><\/span>\t\t\t<\/div>\r\n\t\t\t\t\t\t<\/div>\r\n\t\t\t<\/div>\r\n\t\t<\/div>\r\n\t\t\t\t<\/div>\r\n\t<\/div><\/div>\t\t\t\t<\/div>\n\t\t\t\t<\/div>\n\t\t\t\t<div class=\"elementor-element elementor-element-7e576c4 elementor-widget__width-inherit elementor-widget elementor-widget-foxiz-categories-5\" data-id=\"7e576c4\" data-element_type=\"widget\" data-widget_type=\"foxiz-categories-5.default\">\n\t\t\t\t<div class=\"elementor-widget-container\">\n\t\t\t\t\t<div id=\"uid_7e576c4\" class=\"block-wrap block-categories block-categories-5 rb-columns rb-col-6 rb-tcol-6 rb-mcol-3 is-gap-custom meta-s-line\"><\/div>\t\t\t\t<\/div>\n\t\t\t\t<\/div>\n\t\t\t\t\t<\/div>\n\t\t\t\t<\/div>\n\t\t<div class=\"elementor-element elementor-element-1b1feaf e-flex e-con-boxed e-con e-parent\" data-id=\"1b1feaf\" data-element_type=\"container\">\n\t\t\t\t\t<div class=\"e-con-inner\">\n\t\t<div class=\"elementor-element elementor-element-54d5ff1 e-con-full e-flex e-con e-child\" data-id=\"54d5ff1\" data-element_type=\"container\">\n\t\t\t\t<div class=\"elementor-element elementor-element-f788a39 elementor-widget elementor-widget-foxiz-list-1\" data-id=\"f788a39\" data-element_type=\"widget\" data-widget_type=\"foxiz-list-1.default\">\n\t\t\t\t<div class=\"elementor-widget-container\">\n\t\t\t\t\t<div id=\"uid_f788a39\" class=\"block-wrap block-big block-list block-list-1 rb-columns rb-col-1 rb-tcol-1 rb-mcol-1 hovering-fade bottom-border is-b-border-gray no-last-bb is-pagi-text p-vtop ecat-bg-4 is-feat-left meta-s-line\"><div class=\"block-inner\">\t\t<div class=\"p-wrap p-list p-list-1\" data-pid=\"4460\">\r\n\t\t\t<div class=\"list-holder\">\r\n\t\t\t<div class=\"list-feat-holder\">\r\n\t\t\t\t\t\t\t<\/div>\r\n\t\t\t<div class=\"p-content\">\r\n\t\t\t\t<h3 class=\"entry-title\">\t\t<a class=\"p-url\" href=\"https:\/\/theglobalhumanist.com\/de\/united-nations-invites-humanist-organizations-to-shape-new-human-rights-report\/\" rel=\"bookmark\">United Nations invites humanist organizations to shape new human rights report<\/a><\/h3><p class=\"entry-summary mobile-hide\">The post United Nations invites humanist organizations to shape new human rights report appeared first on Humanists International.<\/p>\r\n\t\t\t\t\t\t<div class=\"p-meta has-bookmark\">\r\n\t\t\t\t<div class=\"meta-inner is-meta\">\r\n\t\t\t\t\t\t\t<div class=\"meta-el meta-author\">\r\n\t\t\t<a href=\"https:\/\/theglobalhumanist.com\/de\/author\/ad4min\/\"><\/a>\t\t<\/div>\r\n\t\t\t\t<div class=\"meta-el meta-read\">0 Min Read<\/div>\r\n\t\t\t\t\t\t<\/div>\r\n\t\t\t\t<span class=\"rb-bookmark bookmark-trigger\" data-pid=\"4460\"><\/span>\t\t\t<\/div>\r\n\t\t\t\t\t<\/div>\r\n\t\t<\/div>\r\n\t\t\t\t<\/div>\r\n\t\t\t<div class=\"p-wrap p-list p-list-1\" data-pid=\"4459\">\r\n\t\t\t<div class=\"list-holder\">\r\n\t\t\t<div class=\"list-feat-holder\">\r\n\t\t\t\t\t\t\t<\/div>\r\n\t\t\t<div class=\"p-content\">\r\n\t\t\t\t<h3 class=\"entry-title\">\t\t<a class=\"p-url\" href=\"https:\/\/theglobalhumanist.com\/de\/the-world-humanist-congress-2026-welcomes-over-500-delegates\/\" rel=\"bookmark\">The World Humanist Congress 2026 welcomes over 500 delegates<\/a><\/h3><p class=\"entry-summary mobile-hide\">The post The World Humanist Congress 2026 welcomes over 500 delegates appeared first on Humanists International.<\/p>\r\n\t\t\t\t\t\t<div class=\"p-meta has-bookmark\">\r\n\t\t\t\t<div class=\"meta-inner is-meta\">\r\n\t\t\t\t\t\t\t<div class=\"meta-el meta-author\">\r\n\t\t\t<a href=\"https:\/\/theglobalhumanist.com\/de\/author\/ad4min\/\"><\/a>\t\t<\/div>\r\n\t\t\t\t<div class=\"meta-el meta-read\">0 Min Read<\/div>\r\n\t\t\t\t\t\t<\/div>\r\n\t\t\t\t<span class=\"rb-bookmark bookmark-trigger\" data-pid=\"4459\"><\/span>\t\t\t<\/div>\r\n\t\t\t\t\t<\/div>\r\n\t\t<\/div>\r\n\t\t\t\t<\/div>\r\n\t\t\t<div class=\"p-wrap p-list p-list-1\" data-pid=\"4458\">\r\n\t\t\t<div class=\"list-holder\">\r\n\t\t\t<div class=\"list-feat-holder\">\r\n\t\t\t\t\t\t\t<\/div>\r\n\t\t\t<div class=\"p-content\">\r\n\t\t\t\t<h3 class=\"entry-title\">\t\t<a class=\"p-url\" href=\"https:\/\/theglobalhumanist.com\/de\/humanists-international-makes-a-submission-on-freedom-of-association-to-the-un\/\" rel=\"bookmark\">Humanists International makes a submission on freedom of association to the UN<\/a><\/h3><p class=\"entry-summary mobile-hide\">The post Humanists International makes a submission on freedom of association to the UN appeared first on Humanists International.<\/p>\r\n\t\t\t\t\t\t<div class=\"p-meta has-bookmark\">\r\n\t\t\t\t<div class=\"meta-inner is-meta\">\r\n\t\t\t\t\t\t\t<div class=\"meta-el meta-author\">\r\n\t\t\t<a href=\"https:\/\/theglobalhumanist.com\/de\/author\/ad4min\/\"><\/a>\t\t<\/div>\r\n\t\t\t\t<div class=\"meta-el meta-read\">0 Min Read<\/div>\r\n\t\t\t\t\t\t<\/div>\r\n\t\t\t\t<span class=\"rb-bookmark bookmark-trigger\" data-pid=\"4458\"><\/span>\t\t\t<\/div>\r\n\t\t\t\t\t<\/div>\r\n\t\t<\/div>\r\n\t\t\t\t<\/div>\r\n\t\t\t<div class=\"p-wrap p-list p-list-1\" data-pid=\"4454\">\r\n\t\t\t<div class=\"list-holder\">\r\n\t\t\t<div class=\"list-feat-holder\">\r\n\t\t\t\t\t\t\t<div class=\"feat-holder\">\r\n\t\t\t\t\t\t<div class=\"p-featured\">\r\n\t\t\t\t\t<a class=\"p-flink\" href=\"https:\/\/theglobalhumanist.com\/de\/roslyn-mould-to-step-down-as-vice-president-of-humanists-international\/\" title=\"Roslyn Mould to step down as Vice President of Humanists International\">\r\n\t\t\t<img loading=\"lazy\" decoding=\"async\" width=\"77\" height=\"77\" src=\"https:\/\/theglobalhumanist.com\/wp-content\/uploads\/2026\/07\/feedzy-du7D83.svgz\" class=\"featured-img wp-post-image\" alt=\"\" \/>\t\t<\/a>\r\n\t\t\t\t<\/div>\r\n\t<\/div>\r\n\t\t\t\t\t<\/div>\r\n\t\t\t<div class=\"p-content\">\r\n\t\t\t\t<h3 class=\"entry-title\">\t\t<a class=\"p-url\" href=\"https:\/\/theglobalhumanist.com\/de\/roslyn-mould-to-step-down-as-vice-president-of-humanists-international\/\" rel=\"bookmark\">Roslyn Mould to step down as Vice President of Humanists International<\/a><\/h3><p class=\"entry-summary mobile-hide\">The post Roslyn Mould to step down as Vice President of Humanists International appeared first on Humanists International.<\/p>\r\n\t\t\t\t\t\t<div class=\"p-meta has-bookmark\">\r\n\t\t\t\t<div class=\"meta-inner is-meta\">\r\n\t\t\t\t\t\t\t<div class=\"meta-el meta-author\">\r\n\t\t\t<a href=\"https:\/\/theglobalhumanist.com\/de\/author\/ad4min\/\"><\/a>\t\t<\/div>\r\n\t\t\t\t<div class=\"meta-el meta-read\">0 Min Read<\/div>\r\n\t\t\t\t\t\t<\/div>\r\n\t\t\t\t<span class=\"rb-bookmark bookmark-trigger\" data-pid=\"4454\"><\/span>\t\t\t<\/div>\r\n\t\t\t\t\t<\/div>\r\n\t\t<\/div>\r\n\t\t\t\t<\/div>\r\n\t\t\t<div class=\"p-wrap p-list p-list-1\" data-pid=\"4456\">\r\n\t\t\t<div class=\"list-holder\">\r\n\t\t\t<div class=\"list-feat-holder\">\r\n\t\t\t\t\t\t\t<div class=\"feat-holder\">\r\n\t\t\t\t\t\t<div class=\"p-featured\">\r\n\t\t\t\t\t<a class=\"p-flink\" href=\"https:\/\/theglobalhumanist.com\/de\/humanists-international-calls-on-austria-to-strengthen-state-neutrality-at-the-un\/\" title=\"Humanists International calls on Austria to strengthen state neutrality at the UN\">\r\n\t\t\t<img loading=\"lazy\" decoding=\"async\" width=\"77\" height=\"77\" src=\"https:\/\/theglobalhumanist.com\/wp-content\/uploads\/2026\/07\/feedzy-7btv4B.svgz\" class=\"featured-img wp-post-image\" alt=\"\" \/>\t\t<\/a>\r\n\t\t\t\t<\/div>\r\n\t<\/div>\r\n\t\t\t\t\t<\/div>\r\n\t\t\t<div class=\"p-content\">\r\n\t\t\t\t<h3 class=\"entry-title\">\t\t<a class=\"p-url\" href=\"https:\/\/theglobalhumanist.com\/de\/humanists-international-calls-on-austria-to-strengthen-state-neutrality-at-the-un\/\" rel=\"bookmark\">Humanists International calls on Austria to strengthen state neutrality at the UN<\/a><\/h3><p class=\"entry-summary mobile-hide\">The post Humanists International calls on Austria to strengthen state neutrality at the UN appeared first on Humanists International.<\/p>\r\n\t\t\t\t\t\t<div class=\"p-meta has-bookmark\">\r\n\t\t\t\t<div class=\"meta-inner is-meta\">\r\n\t\t\t\t\t\t\t<div class=\"meta-el meta-author\">\r\n\t\t\t<a href=\"https:\/\/theglobalhumanist.com\/de\/author\/ad4min\/\"><\/a>\t\t<\/div>\r\n\t\t\t\t<div class=\"meta-el meta-read\">0 Min Read<\/div>\r\n\t\t\t\t\t\t<\/div>\r\n\t\t\t\t<span class=\"rb-bookmark bookmark-trigger\" data-pid=\"4456\"><\/span>\t\t\t<\/div>\r\n\t\t\t\t\t<\/div>\r\n\t\t<\/div>\r\n\t\t\t\t<\/div>\r\n\t\t\t<div class=\"p-wrap p-list p-list-1\" data-pid=\"4452\">\r\n\t\t\t<div class=\"list-holder\">\r\n\t\t\t<div class=\"list-feat-holder\">\r\n\t\t\t\t\t\t\t<div class=\"feat-holder\">\r\n\t\t\t\t\t\t<div class=\"p-featured\">\r\n\t\t\t\t\t<a class=\"p-flink\" href=\"https:\/\/theglobalhumanist.com\/de\/celebrating-positive-change-around-the-world-this-world-humanist-day\/\" title=\"Celebrating positive change around the world this World Humanist Day\">\r\n\t\t\t<img loading=\"lazy\" decoding=\"async\" width=\"77\" height=\"77\" src=\"https:\/\/theglobalhumanist.com\/wp-content\/uploads\/2026\/06\/feedzy-UdT32T.svgz\" class=\"featured-img wp-post-image\" alt=\"\" \/>\t\t<\/a>\r\n\t\t\t\t<\/div>\r\n\t<\/div>\r\n\t\t\t\t\t<\/div>\r\n\t\t\t<div class=\"p-content\">\r\n\t\t\t\t<h3 class=\"entry-title\">\t\t<a class=\"p-url\" href=\"https:\/\/theglobalhumanist.com\/de\/celebrating-positive-change-around-the-world-this-world-humanist-day\/\" rel=\"bookmark\">Celebrating positive change around the world this World Humanist Day<\/a><\/h3><p class=\"entry-summary mobile-hide\">The post Celebrating positive change around the world this World Humanist Day appeared first on Humanists International.<\/p>\r\n\t\t\t\t\t\t<div class=\"p-meta has-bookmark\">\r\n\t\t\t\t<div class=\"meta-inner is-meta\">\r\n\t\t\t\t\t\t\t<div class=\"meta-el meta-author\">\r\n\t\t\t<a href=\"https:\/\/theglobalhumanist.com\/de\/author\/ad4min\/\"><\/a>\t\t<\/div>\r\n\t\t\t\t<div class=\"meta-el meta-read\">0 Min Read<\/div>\r\n\t\t\t\t\t\t<\/div>\r\n\t\t\t\t<span class=\"rb-bookmark bookmark-trigger\" data-pid=\"4452\"><\/span>\t\t\t<\/div>\r\n\t\t\t\t\t<\/div>\r\n\t\t<\/div>\r\n\t\t\t\t<\/div>\r\n\t\t\t<div class=\"p-wrap p-list p-list-1\" data-pid=\"4451\">\r\n\t\t\t<div class=\"list-holder\">\r\n\t\t\t<div class=\"list-feat-holder\">\r\n\t\t\t\t\t\t\t<\/div>\r\n\t\t\t<div class=\"p-content\">\r\n\t\t\t\t<h3 class=\"entry-title\">\t\t<a class=\"p-url\" href=\"https:\/\/theglobalhumanist.com\/de\/mobile-reading-room-helps-children-explore-humanism-in-the-philippines\/\" rel=\"bookmark\">Mobile reading room helps children explore humanism in the Philippines<\/a><\/h3><p class=\"entry-summary mobile-hide\">The post Mobile reading room helps children explore humanism in the Philippines appeared first on Humanists International.<\/p>\r\n\t\t\t\t\t\t<div class=\"p-meta has-bookmark\">\r\n\t\t\t\t<div class=\"meta-inner is-meta\">\r\n\t\t\t\t\t\t\t<div class=\"meta-el meta-author\">\r\n\t\t\t<a href=\"https:\/\/theglobalhumanist.com\/de\/author\/ad4min\/\"><\/a>\t\t<\/div>\r\n\t\t\t\t<div class=\"meta-el meta-read\">0 Min Read<\/div>\r\n\t\t\t\t\t\t<\/div>\r\n\t\t\t\t<span class=\"rb-bookmark bookmark-trigger\" data-pid=\"4451\"><\/span>\t\t\t<\/div>\r\n\t\t\t\t\t<\/div>\r\n\t\t<\/div>\r\n\t\t\t\t<\/div>\r\n\t\t\t<div class=\"p-wrap p-list p-list-1\" data-pid=\"4445\">\r\n\t\t\t<div class=\"list-holder\">\r\n\t\t\t<div class=\"list-feat-holder\">\r\n\t\t\t\t\t\t\t<div class=\"feat-holder\">\r\n\t\t\t\t\t\t<div class=\"p-featured\">\r\n\t\t\t\t\t<a class=\"p-flink\" href=\"https:\/\/theglobalhumanist.com\/de\/humanists-warn-eu-of-ai-monopolies-urge-public-ownership-and-human-control\/\" title=\"Humanists warn EU of AI monopolies, urge public ownership and human control\">\r\n\t\t\t<img loading=\"lazy\" decoding=\"async\" width=\"77\" height=\"77\" src=\"https:\/\/theglobalhumanist.com\/wp-content\/uploads\/2026\/06\/feedzy-n2byVs.svgz\" class=\"featured-img wp-post-image\" alt=\"\" \/>\t\t<\/a>\r\n\t\t\t\t<\/div>\r\n\t<\/div>\r\n\t\t\t\t\t<\/div>\r\n\t\t\t<div class=\"p-content\">\r\n\t\t\t\t<h3 class=\"entry-title\">\t\t<a class=\"p-url\" href=\"https:\/\/theglobalhumanist.com\/de\/humanists-warn-eu-of-ai-monopolies-urge-public-ownership-and-human-control\/\" rel=\"bookmark\">Humanists warn EU of AI monopolies, urge public ownership and human control<\/a><\/h3><p class=\"entry-summary mobile-hide\">The post Humanists warn EU of AI monopolies, urge public ownership and human control appeared first on Humanists International.<\/p>\r\n\t\t\t\t\t\t<div class=\"p-meta has-bookmark\">\r\n\t\t\t\t<div class=\"meta-inner is-meta\">\r\n\t\t\t\t\t\t\t<div class=\"meta-el meta-author\">\r\n\t\t\t<a href=\"https:\/\/theglobalhumanist.com\/de\/author\/ad4min\/\"><\/a>\t\t<\/div>\r\n\t\t\t\t<div class=\"meta-el meta-read\">0 Min Read<\/div>\r\n\t\t\t\t\t\t<\/div>\r\n\t\t\t\t<span class=\"rb-bookmark bookmark-trigger\" data-pid=\"4445\"><\/span>\t\t\t<\/div>\r\n\t\t\t\t\t<\/div>\r\n\t\t<\/div>\r\n\t\t\t\t<\/div>\r\n\t\t\t<div class=\"p-wrap p-list p-list-1\" data-pid=\"4447\">\r\n\t\t\t<div class=\"list-holder\">\r\n\t\t\t<div class=\"list-feat-holder\">\r\n\t\t\t\t\t\t\t<div class=\"feat-holder\">\r\n\t\t\t\t\t\t<div class=\"p-featured\">\r\n\t\t\t\t\t<a class=\"p-flink\" href=\"https:\/\/theglobalhumanist.com\/de\/humanists-call-on-european-parliament-to-protect-human-centric-care-in-ai-rules\/\" title=\"Humanists call on European Parliament to protect human-centric care in AI rules\">\r\n\t\t\t<img loading=\"lazy\" decoding=\"async\" width=\"77\" height=\"77\" src=\"https:\/\/theglobalhumanist.com\/wp-content\/uploads\/2026\/06\/feedzy-Im3EPE.svgz\" class=\"featured-img wp-post-image\" alt=\"\" \/>\t\t<\/a>\r\n\t\t\t\t<\/div>\r\n\t<\/div>\r\n\t\t\t\t\t<\/div>\r\n\t\t\t<div class=\"p-content\">\r\n\t\t\t\t<h3 class=\"entry-title\">\t\t<a class=\"p-url\" href=\"https:\/\/theglobalhumanist.com\/de\/humanists-call-on-european-parliament-to-protect-human-centric-care-in-ai-rules\/\" rel=\"bookmark\">Humanists call on European Parliament to protect human-centric care in AI rules<\/a><\/h3><p class=\"entry-summary mobile-hide\">The post Humanists call on European Parliament to protect human-centric care in AI rules appeared first on Humanists International.<\/p>\r\n\t\t\t\t\t\t<div class=\"p-meta has-bookmark\">\r\n\t\t\t\t<div class=\"meta-inner is-meta\">\r\n\t\t\t\t\t\t\t<div class=\"meta-el meta-author\">\r\n\t\t\t<a href=\"https:\/\/theglobalhumanist.com\/de\/author\/ad4min\/\"><\/a>\t\t<\/div>\r\n\t\t\t\t<div class=\"meta-el meta-read\">0 Min Read<\/div>\r\n\t\t\t\t\t\t<\/div>\r\n\t\t\t\t<span class=\"rb-bookmark bookmark-trigger\" data-pid=\"4447\"><\/span>\t\t\t<\/div>\r\n\t\t\t\t\t<\/div>\r\n\t\t<\/div>\r\n\t\t\t\t<\/div>\r\n\t\t\t<div class=\"p-wrap p-list p-list-1\" data-pid=\"4449\">\r\n\t\t\t<div class=\"list-holder\">\r\n\t\t\t<div class=\"list-feat-holder\">\r\n\t\t\t\t\t\t\t<div class=\"feat-holder\">\r\n\t\t\t\t\t\t<div class=\"p-featured\">\r\n\t\t\t\t\t<a class=\"p-flink\" href=\"https:\/\/theglobalhumanist.com\/de\/critical-thinking-project-reaches-over-300-people-in-five-ugandan-schools\/\" title=\"Critical thinking project reaches over 300 people in five Ugandan schools\">\r\n\t\t\t<img loading=\"lazy\" decoding=\"async\" width=\"77\" height=\"77\" src=\"https:\/\/theglobalhumanist.com\/wp-content\/uploads\/2026\/06\/feedzy-ABsvQc.svgz\" class=\"featured-img wp-post-image\" alt=\"\" \/>\t\t<\/a>\r\n\t\t\t\t<\/div>\r\n\t<\/div>\r\n\t\t\t\t\t<\/div>\r\n\t\t\t<div class=\"p-content\">\r\n\t\t\t\t<h3 class=\"entry-title\">\t\t<a class=\"p-url\" href=\"https:\/\/theglobalhumanist.com\/de\/critical-thinking-project-reaches-over-300-people-in-five-ugandan-schools\/\" rel=\"bookmark\">Critical thinking project reaches over 300 people in five Ugandan schools<\/a><\/h3><p class=\"entry-summary mobile-hide\">The post Critical thinking project reaches over 300 people in five Ugandan schools appeared first on Humanists International.<\/p>\r\n\t\t\t\t\t\t<div class=\"p-meta has-bookmark\">\r\n\t\t\t\t<div class=\"meta-inner is-meta\">\r\n\t\t\t\t\t\t\t<div class=\"meta-el meta-author\">\r\n\t\t\t<a href=\"https:\/\/theglobalhumanist.com\/de\/author\/ad4min\/\"><\/a>\t\t<\/div>\r\n\t\t\t\t<div class=\"meta-el meta-read\">0 Min Read<\/div>\r\n\t\t\t\t\t\t<\/div>\r\n\t\t\t\t<span class=\"rb-bookmark bookmark-trigger\" data-pid=\"4449\"><\/span>\t\t\t<\/div>\r\n\t\t\t\t\t<\/div>\r\n\t\t<\/div>\r\n\t\t\t\t<\/div>\r\n\t<\/div>\t\t<div class=\"pagination-wrap pagination-loadmore\">\r\n\t\t\t<a href=\"#\" class=\"loadmore-trigger\"><span>Show More<\/span><i class=\"rb-loader\" aria-hidden=\"true\"><\/i><\/a>\r\n\t\t<\/div>\r\n\t\t<\/div>\t\t\t\t<\/div>\n\t\t\t\t<\/div>\n\t\t\t\t<\/div>\n\t\t<div class=\"elementor-element elementor-element-efcf474 e-con-full rb-sticky e-flex e-con e-child\" data-id=\"efcf474\" data-element_type=\"container\">\n\t\t\t\t<div class=\"elementor-element elementor-element-574347f elementor-widget elementor-widget-foxiz-ad-image\" data-id=\"574347f\" data-element_type=\"widget\" data-widget_type=\"foxiz-ad-image.default\">\n\t\t\t\t<div class=\"elementor-widget-container\">\n\t\t\t\t\t<div class=\"ad-wrap ad-image-wrap\"><span class=\"ad-description is-meta\">- Werbung -<\/span><div class=\"ad-image\"><img loading=\"lazy\" decoding=\"async\" src=\"https:\/\/export.themeruby.com\/foxiz\/buzzstream\/wp-content\/uploads\/sites\/46\/2024\/01\/n-banner.jpg\" alt=\"Ad image\" width=\"400\" height=\"600\"\/><\/div><\/div>\t\t\t\t<\/div>\n\t\t\t\t<\/div>\n\t\t\t\t<div class=\"elementor-element elementor-element-cc91349 elementor-widget elementor-widget-foxiz-heading\" data-id=\"cc91349\" data-element_type=\"widget\" data-widget_type=\"foxiz-heading.default\">\n\t\t\t\t<div class=\"elementor-widget-container\">\n\t\t\t\t\t<div id=\"uid_cc91349\" class=\"block-h heading-layout-7\"><div class=\"heading-inner\"><h3 class=\"heading-title\"><span>Minispiele<\/span><\/h3><\/div><\/div>\t\t\t\t<\/div>\n\t\t\t\t<\/div>\n\t\t\t\t<div class=\"elementor-element elementor-element-a49308f elementor-position-right elementor-vertical-align-middle elementor-widget elementor-widget-image-box\" data-id=\"a49308f\" data-element_type=\"widget\" data-widget_type=\"image-box.default\">\n\t\t\t\t<div class=\"elementor-widget-container\">\n\t\t\t\t\t<div class=\"elementor-image-box-wrapper\"><figure class=\"elementor-image-box-img\"><a href=\"#\" tabindex=\"-1\"><img decoding=\"async\" src=\"https:\/\/foxiz.themeruby.com\/time\/wp-content\/uploads\/sites\/2\/2022\/08\/word.png\" title=\"\" alt=\"\" class=\"elementor-animation-buzz\" loading=\"lazy\" \/><\/a><\/figure><div class=\"elementor-image-box-content\"><h4 class=\"elementor-image-box-title\"><a href=\"#\">Wordle<\/a><\/h4><p class=\"elementor-image-box-description\">Erraten Sie W\u00f6rter mit 4 bis 11 Buchstaben und erstellen Sie Ihre eigenen R\u00e4tsel.<\/p><\/div><\/div>\t\t\t\t<\/div>\n\t\t\t\t<\/div>\n\t\t\t\t<div class=\"elementor-element elementor-element-9819f13 elementor-position-right elementor-vertical-align-middle elementor-widget elementor-widget-image-box\" data-id=\"9819f13\" data-element_type=\"widget\" data-widget_type=\"image-box.default\">\n\t\t\t\t<div class=\"elementor-widget-container\">\n\t\t\t\t\t<div class=\"elementor-image-box-wrapper\"><figure class=\"elementor-image-box-img\"><a href=\"#\" tabindex=\"-1\"><img decoding=\"async\" src=\"https:\/\/foxiz.themeruby.com\/time\/wp-content\/uploads\/sites\/2\/2022\/08\/box.png\" title=\"\" alt=\"\" class=\"elementor-animation-buzz\" loading=\"lazy\" \/><\/a><\/figure><div class=\"elementor-image-box-content\"><h4 class=\"elementor-image-box-title\"><a href=\"#\">Briefkasten<\/a><\/h4><p class=\"elementor-image-box-description\">Bilden Sie W\u00f6rter mit Buchstaben rund um das Quadrat.<\/p><\/div><\/div>\t\t\t\t<\/div>\n\t\t\t\t<\/div>\n\t\t\t\t<div class=\"elementor-element elementor-element-d6405db elementor-position-right elementor-vertical-align-middle elementor-widget elementor-widget-image-box\" data-id=\"d6405db\" data-element_type=\"widget\" data-widget_type=\"image-box.default\">\n\t\t\t\t<div class=\"elementor-widget-container\">\n\t\t\t\t\t<div class=\"elementor-image-box-wrapper\"><figure class=\"elementor-image-box-img\"><a href=\"#\" tabindex=\"-1\"><img decoding=\"async\" src=\"https:\/\/foxiz.themeruby.com\/time\/wp-content\/uploads\/sites\/2\/2022\/08\/floor.png\" title=\"\" alt=\"\" class=\"elementor-animation-buzz\" loading=\"lazy\" \/><\/a><\/figure><div class=\"elementor-image-box-content\"><h4 class=\"elementor-image-box-title\"><a href=\"#\">Magische Kacheln<\/a><\/h4><p class=\"elementor-image-box-description\">Ordnen Sie Elemente zu und halten Sie Ihre Kette am Laufen.<\/p><\/div><\/div>\t\t\t\t<\/div>\n\t\t\t\t<\/div>\n\t\t\t\t<div class=\"elementor-element elementor-element-90dc331 elementor-position-right elementor-vertical-align-middle elementor-widget elementor-widget-image-box\" data-id=\"90dc331\" data-element_type=\"widget\" data-widget_type=\"image-box.default\">\n\t\t\t\t<div class=\"elementor-widget-container\">\n\t\t\t\t\t<div class=\"elementor-image-box-wrapper\"><figure class=\"elementor-image-box-img\"><a href=\"#\" tabindex=\"-1\"><img decoding=\"async\" src=\"https:\/\/foxiz.themeruby.com\/time\/wp-content\/uploads\/sites\/2\/2022\/08\/chess.png\" title=\"\" alt=\"\" class=\"elementor-animation-buzz\" loading=\"lazy\" \/><\/a><\/figure><div class=\"elementor-image-box-content\"><h4 class=\"elementor-image-box-title\"><a href=\"#\">Schachantwort<\/a><\/h4><p class=\"elementor-image-box-description\">Spielen Sie historische Schachspiele.<\/p><\/div><\/div>\t\t\t\t<\/div>\n\t\t\t\t<\/div>\n\t\t\t\t<\/div>\n\t\t\t\t\t<\/div>\n\t\t\t\t<\/div>\n\t\t\t\t<\/div>","protected":false},"excerpt":{"rendered":"<p>edit Politics Zephyr Pulse 8 Min Read Assessing the Diplomatic Challenges and Global Security We are just an advanced breed of monkeys on a minor planet of a very average star. But we can understand the Universe. That makes us something very special. Headlines That Bridge Borders and Offer Insights Into International Serena Storyteller Challenge [&hellip;]<\/p>","protected":false},"author":1,"featured_media":0,"parent":0,"menu_order":0,"comment_status":"closed","ping_status":"closed","template":"","meta":{"content-type":"","footnotes":""},"class_list":["post-3067","page","type-page","status-publish"],"_links":{"self":[{"href":"https:\/\/theglobalhumanist.com\/de\/wp-json\/wp\/v2\/pages\/3067","targetHints":{"allow":["GET"]}}],"collection":[{"href":"https:\/\/theglobalhumanist.com\/de\/wp-json\/wp\/v2\/pages"}],"about":[{"href":"https:\/\/theglobalhumanist.com\/de\/wp-json\/wp\/v2\/types\/page"}],"author":[{"embeddable":true,"href":"https:\/\/theglobalhumanist.com\/de\/wp-json\/wp\/v2\/users\/1"}],"replies":[{"embeddable":true,"href":"https:\/\/theglobalhumanist.com\/de\/wp-json\/wp\/v2\/comments?post=3067"}],"version-history":[{"count":1,"href":"https:\/\/theglobalhumanist.com\/de\/wp-json\/wp\/v2\/pages\/3067\/revisions"}],"predecessor-version":[{"id":4018,"href":"https:\/\/theglobalhumanist.com\/de\/wp-json\/wp\/v2\/pages\/3067\/revisions\/4018"}],"wp:attachment":[{"href":"https:\/\/theglobalhumanist.com\/de\/wp-json\/wp\/v2\/media?parent=3067"}],"curies":[{"name":"wp","href":"https:\/\/api.w.org\/{rel}","templated":true}]}}