{"id":3067,"date":"2022-10-05T07:04:11","date_gmt":"2022-10-05T07:04:11","guid":{"rendered":"https:\/\/foxiz.themeruby.com\/time\/?page_id=2158"},"modified":"2024-07-29T06:01:36","modified_gmt":"2024-07-29T06:01:36","slug":"home","status":"publish","type":"page","link":"https:\/\/theglobalhumanist.com\/de\/home\/","title":{"rendered":"Heim"},"content":{"rendered":"<div data-elementor-type=\"wp-page\" data-elementor-id=\"3067\" class=\"elementor elementor-3067\" data-elementor-post-type=\"page\">\n\t\t\t\t<div class=\"elementor-element elementor-element-cf90c41 e-flex e-con-boxed e-con e-parent\" data-id=\"cf90c41\" data-element_type=\"container\">\n\t\t\t\t\t<div class=\"e-con-inner\">\n\t\t<div class=\"elementor-element elementor-element-0f75b5c e-con-full e-flex e-con e-child\" data-id=\"0f75b5c\" data-element_type=\"container\">\n\t\t\t\t<div class=\"elementor-element elementor-element-359e02c elementor-widget elementor-widget-foxiz-grid-flex-1\" data-id=\"359e02c\" data-element_type=\"widget\" data-widget_type=\"foxiz-grid-flex-1.default\">\n\t\t\t\t<div class=\"elementor-widget-container\">\n\t\t\t\t\t<div id=\"uid_359e02c\" class=\"block-wrap block-grid block-grid-flex-1 rb-columns rb-col-1 rb-tcol-1 rb-mcol-1 is-gap-20 hovering-fade ecat-bg-4 ecat-size-big meta-s-line\"><div class=\"block-inner\">\t\t<div class=\"p-wrap p-grid p-grid-1\" data-pid=\"4365\">\r\n\t\t\t\t<div class=\"p-meta has-bookmark\">\r\n\t\t\t\t<div class=\"meta-inner is-meta\">\r\n\t\t\t\t\t\t\t<div class=\"meta-el meta-author\">\r\n\t\t\t<a href=\"https:\/\/theglobalhumanist.com\/de\/author\/ad4min\/\"><\/a>\t\t<\/div>\r\n\t\t\t\t<div class=\"meta-el meta-read\">3 Min Read<\/div>\r\n\t\t\t\t\t\t<\/div>\r\n\t\t\t\t<span class=\"rb-bookmark bookmark-trigger\" data-pid=\"4365\"><\/span>\t\t\t<\/div>\r\n\t\t<h2 class=\"entry-title\">\t\t<a class=\"p-url\" href=\"https:\/\/theglobalhumanist.com\/de\/privacy-policy\/\" rel=\"bookmark\">Datenschutzrichtlinie<\/a><\/h2><p class=\"entry-summary\">G\u00fcltig ab: 14. Mai 2025. The Global Humanist (\u201ewir\u201c, \u201eunser\u201c oder \u201euns\u201c) respektiert die Privatsph\u00e4re aller Nutzer und Mitwirkenden unserer Plattform. Diese Datenschutzrichtlinie beschreibt, wie wir Daten erheben, verwenden,\u2026<\/p>\r\n\t\t\t\t\t<\/div>\r\n\t<\/div><\/div>\t\t\t\t<\/div>\n\t\t\t\t<\/div>\n\t\t\t\t<\/div>\n\t\t<div class=\"elementor-element elementor-element-246b5cb e-con-full e-flex e-con e-child\" data-id=\"246b5cb\" data-element_type=\"container\">\n\t\t\t\t<div class=\"elementor-element elementor-element-2b5fa8b elementor-widget elementor-widget-foxiz-heading\" data-id=\"2b5fa8b\" data-element_type=\"widget\" data-widget_type=\"foxiz-heading.default\">\n\t\t\t\t<div class=\"elementor-widget-container\">\n\t\t\t\t\t<div id=\"uid_2b5fa8b\" class=\"block-h heading-layout-16\"><div class=\"heading-inner\"><h3 class=\"heading-title\"><span>Schlagzeilen<\/span><\/h3><\/div><\/div>\t\t\t\t<\/div>\n\t\t\t\t<\/div>\n\t\t\t\t<div class=\"elementor-element elementor-element-4f24e55 elementor-widget elementor-widget-foxiz-list-small-1\" data-id=\"4f24e55\" data-element_type=\"widget\" data-widget_type=\"foxiz-list-small-1.default\">\n\t\t\t\t<div class=\"elementor-widget-container\">\n\t\t\t\t\t<div id=\"uid_4f24e55\" class=\"block-wrap block-small block-list block-list-small-1 rb-columns rb-col-1 rb-tcol-4 rb-mcol-1 is-gap-custom col-border is-border-gray bottom-border is-b-border-gray no-last-bb meta-s-line\"><div class=\"block-inner\">\t\t<div class=\"p-wrap p-small p-list-small-1\" data-pid=\"3391\">\r\n\t\t\t<div class=\"p-content\">\r\n\t\t\t<h3 class=\"entry-title\"><i class=\"rbi rbi-next\" aria-hidden=\"true\"><\/i>\t\t<a class=\"p-url\" href=\"https:\/\/theglobalhumanist.com\/de\/religion-evolution-and-an-immunology-of-cultural-systems-by-jasper-sorensen\/\" rel=\"bookmark\">Religion, Evolution und eine Immunologie kultureller Systeme von Jasper Sorensen<\/a><\/h3>\t\t\t<div class=\"p-meta has-bookmark\">\r\n\t\t\t\t<div class=\"meta-inner is-meta\">\r\n\t\t\t\t\t\t\t<div class=\"meta-el meta-author\">\r\n\t\t\t<a href=\"https:\/\/theglobalhumanist.com\/de\/author\/ad4min\/\"><\/a>\t\t<\/div>\r\n\t\t\t\t\t\t<\/div>\r\n\t\t\t\t<span class=\"rb-bookmark bookmark-trigger\" data-pid=\"3391\"><\/span>\t\t\t<\/div>\r\n\t\t\t\t<\/div>\r\n\t\t\t\t<\/div>\r\n\t\t\t<div class=\"p-wrap p-small p-list-small-1\" data-pid=\"3147\">\r\n\t\t\t<div class=\"p-content\">\r\n\t\t\t<h3 class=\"entry-title\"><i class=\"rbi rbi-next\" aria-hidden=\"true\"><\/i>\t\t<a class=\"p-url\" href=\"https:\/\/theglobalhumanist.com\/de\/a-history-of-the-end-of-the-world-how-the-most-controversial-book-in-the-bible-changed-the-course-of-western-civilization-by-jonathan-kirsch\/\" rel=\"bookmark\">Eine Geschichte vom Ende der Welt: Wie das umstrittenste Buch der Bibel den Lauf der westlichen Zivilisation ver\u00e4nderte von Jonathan Kirsch<\/a><\/h3>\t\t\t<div class=\"p-meta has-bookmark\">\r\n\t\t\t\t<div class=\"meta-inner is-meta\">\r\n\t\t\t\t\t\t\t<div class=\"meta-el meta-author\">\r\n\t\t\t<a href=\"https:\/\/theglobalhumanist.com\/de\/author\/ad4min\/\"><\/a>\t\t<\/div>\r\n\t\t\t\t\t\t<\/div>\r\n\t\t\t\t<span class=\"rb-bookmark bookmark-trigger\" data-pid=\"3147\"><\/span>\t\t\t<\/div>\r\n\t\t\t\t<\/div>\r\n\t\t\t\t<\/div>\r\n\t\t\t<div class=\"p-wrap p-small p-list-small-1\" data-pid=\"3897\">\r\n\t\t\t<div class=\"p-content\">\r\n\t\t\t<h3 class=\"entry-title\"><i class=\"rbi rbi-next\" aria-hidden=\"true\"><\/i>\t\t<a class=\"p-url\" href=\"https:\/\/theglobalhumanist.com\/de\/trick-or-treatment-the-undeniable-facts-about-alternative-medicine-by-simon-singh-and-edzard-ernst\/\" rel=\"bookmark\">Trick or Treatment: Die unbestreitbaren Fakten \u00fcber Alternativmedizin von Simon Singh und Edzard Ernst<\/a><\/h3>\t\t\t<div class=\"p-meta has-bookmark\">\r\n\t\t\t\t<div class=\"meta-inner is-meta\">\r\n\t\t\t\t\t\t\t<div class=\"meta-el meta-author\">\r\n\t\t\t<a href=\"https:\/\/theglobalhumanist.com\/de\/author\/ad4min\/\"><\/a>\t\t<\/div>\r\n\t\t\t\t\t\t<\/div>\r\n\t\t\t\t<span class=\"rb-bookmark bookmark-trigger\" data-pid=\"3897\"><\/span>\t\t\t<\/div>\r\n\t\t\t\t<\/div>\r\n\t\t\t\t<\/div>\r\n\t\t\t<div class=\"p-wrap p-small p-list-small-1\" data-pid=\"4421\">\r\n\t\t\t<div class=\"p-content\">\r\n\t\t\t<h3 class=\"entry-title\"><i class=\"rbi rbi-next\" aria-hidden=\"true\"><\/i>\t\t<a class=\"p-url\" href=\"https:\/\/theglobalhumanist.com\/de\/humanists-international-urges-un-to-protect-the-rights-of-the-non-religious-in-life-and-death\/\" rel=\"bookmark\">Humanists International urges UN to protect the rights of the non-religious in life and death<\/a><\/h3>\t\t\t<div class=\"p-meta has-bookmark\">\r\n\t\t\t\t<div class=\"meta-inner is-meta\">\r\n\t\t\t\t\t\t\t<div class=\"meta-el meta-author\">\r\n\t\t\t<a href=\"https:\/\/theglobalhumanist.com\/de\/author\/ad4min\/\"><\/a>\t\t<\/div>\r\n\t\t\t\t\t\t<\/div>\r\n\t\t\t\t<span class=\"rb-bookmark bookmark-trigger\" data-pid=\"4421\"><\/span>\t\t\t<\/div>\r\n\t\t\t\t<\/div>\r\n\t\t\t\t<\/div>\r\n\t<\/div><\/div>\t\t\t\t<\/div>\n\t\t\t\t<\/div>\n\t\t\t\t<\/div>\n\t\t<div class=\"elementor-element elementor-element-fa7295a e-con-full e-flex e-con e-child\" data-id=\"fa7295a\" data-element_type=\"container\" data-settings=\"{&quot;background_background&quot;:&quot;classic&quot;}\">\n\t\t\t\t<div class=\"elementor-element elementor-element-c8d956f elementor-widget elementor-widget-foxiz-heading\" data-id=\"c8d956f\" data-element_type=\"widget\" data-widget_type=\"foxiz-heading.default\">\n\t\t\t\t<div class=\"elementor-widget-container\">\n\t\t\t\t\t<div id=\"uid_c8d956f\" class=\"block-h heading-layout-c10\"><div class=\"heading-inner\"><h4 class=\"heading-title\"><span>Ihre vertrauensw\u00fcrdige Quelle f\u00fcr genaue und zeitnahe Updates!<\/span><\/h4><div class=\"heading-tagline h6\"><span class=\"heading-tagline-label\">Unser Engagement f\u00fcr Genauigkeit, Unparteilichkeit und die Bereitstellung aktueller Nachrichten hat uns das Vertrauen eines breiten Publikums eingebracht. Bleiben Sie mit Echtzeit-Updates zu den neuesten Ereignissen und Trends auf dem Laufenden.<\/span><\/div><\/div><\/div>\t\t\t\t<\/div>\n\t\t\t\t<\/div>\n\t\t\t\t<div class=\"elementor-element elementor-element-3d3caa5 yes-mono elementor-widget elementor-widget-foxiz-social-follower\" data-id=\"3d3caa5\" data-element_type=\"widget\" data-widget_type=\"foxiz-social-follower.default\">\n\t\t\t\t<div class=\"elementor-widget-container\">\n\t\t\t\t\t<div class=\"socials-counter h6 is-style-6 is-icon-color is-h-bg\"><div class=\"social-follower effect-fadeout\"><div class=\"follower-el fb-follower\"><a target=\"_blank\" href=\"https:\/\/facebook.com\/#\" class=\"facebook\" aria-label=\"Facebook\" rel=\"noopener nofollow\"><\/a><span class=\"follower-inner\"><span class=\"fnicon\"><i class=\"rbi rbi-facebook\" aria-hidden=\"true\"><\/i><\/span><span class=\"fnlabel\">Facebook<\/span><span class=\"text-count\">Like<\/span><\/span><\/div><div class=\"follower-el twitter-follower\"><a target=\"_blank\" href=\"https:\/\/twitter.com\/#\" class=\"twitter\" aria-label=\"X\" rel=\"noopener nofollow\"><\/a><span class=\"follower-inner\"><span class=\"fnicon\"><i class=\"rbi rbi-twitter\" aria-hidden=\"true\"><\/i><\/span><span class=\"fnlabel\">X<\/span><span class=\"text-count\">Follow<\/span><\/span><\/div><div class=\"follower-el instagram-follower\"><a target=\"_blank\" href=\"https:\/\/instagram.com\/#\" class=\"instagram\" aria-label=\"Instagram\" rel=\"noopener nofollow\"><\/a><span class=\"follower-inner\"><span class=\"fnicon\"><i class=\"rbi rbi-instagram\" aria-hidden=\"true\"><\/i><\/span><span class=\"fnlabel\">Instagram<\/span><span class=\"text-count\">Follow<\/span><\/span><\/div><div class=\"follower-el linkedin-follower\"><a target=\"_blank\" href=\"#\" class=\"linkedin\" aria-label=\"LinkedIn\" rel=\"noopener nofollow\"><\/a><span class=\"follower-inner\"><span class=\"fnicon\"><i class=\"rbi rbi-linkedin\" aria-hidden=\"true\"><\/i><\/span><span class=\"fnlabel\">LinkedIn<\/span><span class=\"text-count\">Follow<\/span><\/span><\/div><div class=\"follower-el medium-follower\"><a target=\"_blank\" href=\"#\" class=\"medium\" aria-label=\"Medium\" rel=\"noopener nofollow\"><\/a><span class=\"follower-inner\"><span class=\"fnicon\"><i class=\"rbi rbi-medium\" aria-hidden=\"true\"><\/i><\/span><span class=\"fnlabel\">Medium<\/span><span class=\"text-count\">Follow<\/span><\/span><\/div><div class=\"follower-el quora-follower\"><a target=\"_blank\" href=\"#\" class=\"quora\" aria-label=\"Quora\" rel=\"noopener nofollow\"><\/a><span class=\"follower-inner\"><span class=\"fnicon\"><i class=\"rbi rbi-quora\" aria-hidden=\"true\"><\/i><\/span><span class=\"fnlabel\">Quora<\/span><span class=\"text-count\">Follow<\/span><\/span><\/div><\/div><\/div>\t\t\t\t<\/div>\n\t\t\t\t<\/div>\n\t\t\t\t<\/div>\n\t\t\t\t\t<\/div>\n\t\t\t\t<\/div>\n\t\t<div class=\"elementor-element elementor-element-4dfc2c8 e-flex e-con-boxed e-con e-parent\" data-id=\"4dfc2c8\" data-element_type=\"container\">\n\t\t\t\t\t<div class=\"e-con-inner\">\n\t\t\t\t<div class=\"elementor-element elementor-element-52eec7e elementor-widget elementor-widget-foxiz-heading\" data-id=\"52eec7e\" data-element_type=\"widget\" data-widget_type=\"foxiz-heading.default\">\n\t\t\t\t<div class=\"elementor-widget-container\">\n\t\t\t\t\t<div id=\"uid_52eec7e\" class=\"block-h heading-layout-5\"><div class=\"heading-inner\"><h3 class=\"heading-title\"><span>Meistgelesen diese Woche<\/span><\/h3><\/div><\/div>\t\t\t\t<\/div>\n\t\t\t\t<\/div>\n\t\t\t\t\t<\/div>\n\t\t\t\t<\/div>\n\t\t<div class=\"elementor-element elementor-element-9a15ccf e-flex e-con-boxed e-con e-parent\" data-id=\"9a15ccf\" data-element_type=\"container\">\n\t\t\t\t\t<div class=\"e-con-inner\">\n\t\t<div class=\"elementor-element elementor-element-592c597 e-con-full e-flex e-con e-child\" data-id=\"592c597\" data-element_type=\"container\">\n\t\t\t\t<div class=\"elementor-element elementor-element-ae1cca4 elementor-widget-tablet__width-initial elementor-widget elementor-widget-foxiz-ad-image\" data-id=\"ae1cca4\" data-element_type=\"widget\" data-widget_type=\"foxiz-ad-image.default\">\n\t\t\t\t<div class=\"elementor-widget-container\">\n\t\t\t\t\t<div class=\"ad-wrap ad-image-wrap\"><span class=\"ad-description is-meta\">- Werbung -<\/span><div class=\"ad-image\"><a class=\"ad-destination\" target=\"_blank\" rel=\"noopener nofollow\" href=\"\/\/1.envato.market\/MXYjYo\"><img loading=\"lazy\" decoding=\"async\" src=\"https:\/\/export.themeruby.com\/foxiz\/buzzstream\/wp-content\/uploads\/sites\/46\/2024\/01\/n-banner.jpg\" alt=\"Ad image\" width=\"400\" height=\"600\"\/><\/a><\/div><\/div>\t\t\t\t<\/div>\n\t\t\t\t<\/div>\n\t\t\t\t<\/div>\n\t\t<div class=\"elementor-element elementor-element-c32a2e0 e-con-full e-flex e-con e-child\" data-id=\"c32a2e0\" data-element_type=\"container\">\n\t\t\t\t<div class=\"elementor-element elementor-element-34abd94 elementor-widget elementor-widget-foxiz-list-1\" data-id=\"34abd94\" data-element_type=\"widget\" data-widget_type=\"foxiz-list-1.default\">\n\t\t\t\t<div class=\"elementor-widget-container\">\n\t\t\t\t\t<div id=\"uid_34abd94\" class=\"block-wrap block-big block-list block-list-1 rb-columns rb-col-1 rb-tcol-1 rb-mcol-1 hovering-fade bottom-border is-b-border-gray p-vtop ecat-bg-4 is-feat-right meta-s-line\"><div class=\"block-inner\">\t\t<div class=\"p-wrap p-list p-list-1\" data-pid=\"3368\">\r\n\t\t\t<div class=\"list-holder\">\r\n\t\t\t<div class=\"list-feat-holder\">\r\n\t\t\t\t\t\t\t<div class=\"feat-holder\">\r\n\t\t\t\t\t\t<div class=\"p-featured\">\r\n\t\t\t\t\t<a class=\"p-flink\" href=\"https:\/\/theglobalhumanist.com\/de\/jesus-interrupted-revealing-the-hidden-contradictions-in-the-bible-and-why-we-dont-know-about-them-by-bart-d-ehrman\/\" title=\"Jesus, unterbrochen: Die Enth\u00fcllung der verborgenen Widerspr\u00fcche in der Bibel (und warum wir nichts davon wissen) von Bart D. Ehrman\">\r\n\t\t\t<img loading=\"lazy\" decoding=\"async\" width=\"615\" height=\"410\" src=\"https:\/\/theglobalhumanist.com\/wp-content\/uploads\/2024\/07\/Jesus-Interrupted-Revealing-the-Hidden-Contradictions-in-the-Bible-And-Why-We-Dont-Know-About-Them-by-Bart-D.-Ehrman-615x410.jpg\" class=\"featured-img wp-post-image\" alt=\"\" \/>\t\t<\/a>\r\n\t\t\t\t<\/div>\r\n\t<div class=\"p-categories light-scheme p-top\"><a class=\"p-category category-id-851\" href=\"https:\/\/theglobalhumanist.com\/de\/category\/books\/\" rel=\"category\">B\u00fccher<\/a><a class=\"p-category category-id-49\" href=\"https:\/\/theglobalhumanist.com\/de\/category\/history\/\" rel=\"category\">Geschichte<\/a><\/div><\/div>\r\n\t\t\t\t\t<\/div>\r\n\t\t\t<div class=\"p-content\">\r\n\t\t\t\t<h2 class=\"entry-title\">\t\t<a class=\"p-url\" href=\"https:\/\/theglobalhumanist.com\/de\/jesus-interrupted-revealing-the-hidden-contradictions-in-the-bible-and-why-we-dont-know-about-them-by-bart-d-ehrman\/\" rel=\"bookmark\">Jesus, unterbrochen: Die Enth\u00fcllung der verborgenen Widerspr\u00fcche in der Bibel (und warum wir nichts davon wissen) von Bart D. Ehrman<\/a><\/h2><p class=\"entry-summary\">\u201eJesus, Interrupted\u201c von Bart D. Ehrman deckt die Ungereimtheiten und Widerspr\u00fcche im Neuen Testament auf. Der Bibelwissenschaftler untersucht die historischen und textlichen Abweichungen zwischen den Evangelien und anderen\u2026<\/p>\r\n\t\t\t\t\t\t<div class=\"p-meta has-bookmark\">\r\n\t\t\t\t<div class=\"meta-inner is-meta\">\r\n\t\t\t\t\t\t\t<a class=\"meta-el meta-avatar\" href=\"https:\/\/theglobalhumanist.com\/de\/author\/ad4min\/\"><img alt='' src='https:\/\/secure.gravatar.com\/avatar\/0503e328cbef274ead1225b9469fea557f6e98ae6b8d7368f28dbc177fe966a2?s=44&#038;d=mm&#038;r=g' srcset='https:\/\/secure.gravatar.com\/avatar\/0503e328cbef274ead1225b9469fea557f6e98ae6b8d7368f28dbc177fe966a2?s=88&#038;d=mm&#038;r=g 2x' class='avatar avatar-44 photo' height='44' width='44' \/><\/a>\r\n\t\t\t\t<div class=\"meta-el meta-author\">\r\n\t\t\t<a href=\"https:\/\/theglobalhumanist.com\/de\/author\/ad4min\/\"><\/a>\t\t<\/div>\r\n\t\t\t\t<div class=\"meta-el meta-update\">\r\n\t\t\t<i class=\"rbi rbi-time\" aria-hidden=\"true\"><\/i>\t\t\t<time class=\"updated\" datetime=\"2025-04-08T04:47:43+00:00\">8. April 2025<\/time>\r\n\t\t<\/div>\r\n\t\t\t\t\t\t<\/div>\r\n\t\t\t\t<span class=\"rb-bookmark bookmark-trigger\" data-pid=\"3368\"><\/span>\t\t\t<\/div>\r\n\t\t\t\t\t<\/div>\r\n\t\t<\/div>\r\n\t\t\t\t<\/div>\r\n\t<\/div><\/div>\t\t\t\t<\/div>\n\t\t\t\t<\/div>\n\t\t\t\t<div class=\"elementor-element elementor-element-ed4401c elementor-widget elementor-widget-foxiz-list-small-1\" data-id=\"ed4401c\" data-element_type=\"widget\" data-widget_type=\"foxiz-list-small-1.default\">\n\t\t\t\t<div class=\"elementor-widget-container\">\n\t\t\t\t\t<div id=\"uid_ed4401c\" class=\"block-wrap block-small block-list block-list-small-1 rb-columns rb-col-3 rb-tcol-3 rb-mcol-1 is-gap-custom col-border is-border-gray bottom-border is-b-border-gray no-last-bb ecat-bg-4 meta-s-line\"><div class=\"block-inner\">\t\t<div class=\"p-wrap p-small p-list-small-1\" data-pid=\"3646\">\r\n\t\t\t<div class=\"p-content\">\r\n\t\t\t<div class=\"p-categories p-top\"><a class=\"p-category category-id-851\" href=\"https:\/\/theglobalhumanist.com\/de\/category\/books\/\" rel=\"category\">B\u00fccher<\/a><a class=\"p-category category-id-1\" href=\"https:\/\/theglobalhumanist.com\/de\/category\/uncategorized\/\" rel=\"category\">Unkategorisiert<\/a><\/div><h3 class=\"entry-title\">\t\t<a class=\"p-url\" href=\"https:\/\/theglobalhumanist.com\/de\/the-monarchy-a-critique-of-britains-favorite-fetish-by-christopher-hitchens\/\" rel=\"bookmark\">Die Monarchie: Eine Kritik des beliebtesten Fetischs Gro\u00dfbritanniens von Christopher Hitchens<\/a><\/h3><p class=\"entry-summary\">\u201eDie Monarchie: Eine Kritik des beliebtesten Fetischs Gro\u00dfbritanniens\u201c von Christopher Hitchens bietet eine vernichtende Untersuchung \u2026<\/p>\r\n\t\t\t\t\t\t<div class=\"p-meta has-bookmark\">\r\n\t\t\t\t<div class=\"meta-inner is-meta\">\r\n\t\t\t\t\t\t\t<div class=\"meta-el meta-author\">\r\n\t\t\t<a href=\"https:\/\/theglobalhumanist.com\/de\/author\/ad4min\/\"><\/a>\t\t<\/div>\r\n\t\t\t\t\t\t<\/div>\r\n\t\t\t\t<span class=\"rb-bookmark bookmark-trigger\" data-pid=\"3646\"><\/span>\t\t\t<\/div>\r\n\t\t\t\t<\/div>\r\n\t\t\t\t<\/div>\r\n\t\t\t<div class=\"p-wrap p-small p-list-small-1\" data-pid=\"3862\">\r\n\t\t\t<div class=\"p-content\">\r\n\t\t\t<div class=\"p-categories p-top\"><a class=\"p-category category-id-851\" href=\"https:\/\/theglobalhumanist.com\/de\/category\/books\/\" rel=\"category\">B\u00fccher<\/a><a class=\"p-category category-id-44\" href=\"https:\/\/theglobalhumanist.com\/de\/category\/science\/\" rel=\"category\">Wissenschaft<\/a><\/div><h3 class=\"entry-title\">\t\t<a class=\"p-url\" href=\"https:\/\/theglobalhumanist.com\/de\/the-fallacy-of-fine-tuning-why-the-universe-is-not-designed-for-us-by-victor-j-stenger\/\" rel=\"bookmark\">Der Trugschluss der Feinabstimmung: Warum das Universum nicht f\u00fcr uns geschaffen ist von Victor J. Stenger<\/a><\/h3><p class=\"entry-summary\">\u201eDer Trugschluss der Feinabstimmung: Warum das Universum nicht f\u00fcr uns geschaffen ist\u201c von Victor J.\u2026<\/p>\r\n\t\t\t\t\t\t<div class=\"p-meta has-bookmark\">\r\n\t\t\t\t<div class=\"meta-inner is-meta\">\r\n\t\t\t\t\t\t\t<div class=\"meta-el meta-author\">\r\n\t\t\t<a href=\"https:\/\/theglobalhumanist.com\/de\/author\/ad4min\/\"><\/a>\t\t<\/div>\r\n\t\t\t\t\t\t<\/div>\r\n\t\t\t\t<span class=\"rb-bookmark bookmark-trigger\" data-pid=\"3862\"><\/span>\t\t\t<\/div>\r\n\t\t\t\t<\/div>\r\n\t\t\t\t<\/div>\r\n\t\t\t<div class=\"p-wrap p-small p-list-small-1\" data-pid=\"3457\">\r\n\t\t\t<div class=\"p-content\">\r\n\t\t\t<div class=\"p-categories p-top\"><a class=\"p-category category-id-851\" href=\"https:\/\/theglobalhumanist.com\/de\/category\/books\/\" rel=\"category\">B\u00fccher<\/a><a class=\"p-category category-id-49\" href=\"https:\/\/theglobalhumanist.com\/de\/category\/history\/\" rel=\"category\">Geschichte<\/a><\/div><h3 class=\"entry-title\">\t\t<a class=\"p-url\" href=\"https:\/\/theglobalhumanist.com\/de\/thomas-jefferson-author-of-america-by-christopher-hitchens\/\" rel=\"bookmark\">Thomas Jefferson: Autor von Amerika von Christopher Hitchens<\/a><\/h3><p class=\"entry-summary\">\u201eThomas Jefferson: Author of America\u201c von Christopher Hitchens ist eine biografische und kritische Studie \u00fcber \u2026<\/p>\r\n\t\t\t\t\t\t<div class=\"p-meta has-bookmark\">\r\n\t\t\t\t<div class=\"meta-inner is-meta\">\r\n\t\t\t\t\t\t\t<div class=\"meta-el meta-author\">\r\n\t\t\t<a href=\"https:\/\/theglobalhumanist.com\/de\/author\/ad4min\/\"><\/a>\t\t<\/div>\r\n\t\t\t\t\t\t<\/div>\r\n\t\t\t\t<span class=\"rb-bookmark bookmark-trigger\" data-pid=\"3457\"><\/span>\t\t\t<\/div>\r\n\t\t\t\t<\/div>\r\n\t\t\t\t<\/div>\r\n\t<\/div><\/div>\t\t\t\t<\/div>\n\t\t\t\t<\/div>\n\t\t\t\t<\/div>\n\t\t\t\t\t<\/div>\n\t\t\t\t<\/div>\n\t\t<div class=\"elementor-element elementor-element-313e6b5 e-flex e-con-boxed e-con e-parent\" data-id=\"313e6b5\" data-element_type=\"container\">\n\t\t\t\t\t<div class=\"e-con-inner\">\n\t\t\t\t<div class=\"elementor-element elementor-element-aadd301 elementor-widget elementor-widget-foxiz-heading\" data-id=\"aadd301\" data-element_type=\"widget\" data-widget_type=\"foxiz-heading.default\">\n\t\t\t\t<div class=\"elementor-widget-container\">\n\t\t\t\t\t<div id=\"uid_aadd301\" class=\"block-h heading-layout-5\"><div class=\"heading-inner\"><h3 class=\"heading-title\"><span>Nur f\u00fcr dich<\/span><\/h3><\/div><\/div>\t\t\t\t<\/div>\n\t\t\t\t<\/div>\n\t\t\t\t<div class=\"elementor-element elementor-element-93e49bc elementor-widget elementor-widget-foxiz-grid-recommended-1\" data-id=\"93e49bc\" data-element_type=\"widget\" data-widget_type=\"foxiz-grid-recommended-1.default\">\n\t\t\t\t<div class=\"elementor-widget-container\">\n\t\t\t\t\t<div id=\"uid_93e49bc\" class=\"block-wrap block-grid block-grid-personalize-1 is-ajax-block is-hoz-scroll rb-columns rb-col-4 is-gap-custom col-border is-border-gray hovering-fade bottom-border is-b-border-gray no-last-bb ecat-bg-4 is-m-grid meta-s-line\"><div class=\"block-loader\"><svg class=\"svg-icon svg-loading\" aria-hidden=\"true\" role=\"img\" focusable=\"false\" version=\"1.1\" viewbox=\"0 0 66 100\" xmlns=\"http:\/\/www.w3.org\/2000\/svg\"><circle cx=\"6\" cy=\"50\" r=\"6\" fill=\"currentColor\"><animatetransform attributename=\"transform\" begin=\"0.1\" dur=\"1s\" repeatcount=\"indefinite\" type=\"translate\" values=\"0 15 ; 0 -15; 0 15\"\/><\/circle><circle cx=\"30\" cy=\"50\" r=\"6\" fill=\"currentColor\"><animatetransform attributename=\"transform\" begin=\"0.2\" dur=\"1s\" repeatcount=\"indefinite\" type=\"translate\" values=\"0 10 ; 0 -10; 0 10\"\/><\/circle><circle cx=\"54\" cy=\"50\" r=\"6\" fill=\"currentColor\"><animatetransform attributename=\"transform\" begin=\"0.3\" dur=\"1s\" repeatcount=\"indefinite\" type=\"translate\" values=\"0 5 ; 0 -5; 0 5\"\/><\/circle><\/svg><\/div><\/div>\t\t\t\t<\/div>\n\t\t\t\t<\/div>\n\t\t\t\t<div class=\"elementor-element elementor-element-5d49376 elementor-widget elementor-widget-foxiz-heading\" data-id=\"5d49376\" data-element_type=\"widget\" data-widget_type=\"foxiz-heading.default\">\n\t\t\t\t<div class=\"elementor-widget-container\">\n\t\t\t\t\t<div id=\"uid_5d49376\" class=\"block-h heading-layout-5\"><div class=\"heading-inner\"><h3 class=\"heading-title\"><a class=\"h-link\" href=\"https:\/\/foxiz.themeruby.com\/buzzstream\/category\/opinion\/\">Meinung<\/a><\/h3><div class=\"heading-tagline h6\"><a class=\"heading-tagline-label\" href=\"https:\/\/foxiz.themeruby.com\/buzzstream\/category\/opinion\/\">Weitere Beitr\u00e4ge<\/a><\/div><\/div><\/div>\t\t\t\t<\/div>\n\t\t\t\t<\/div>\n\t\t\t\t<div class=\"elementor-element elementor-element-24adc3f elementor-widget elementor-widget-foxiz-list-1\" data-id=\"24adc3f\" data-element_type=\"widget\" data-widget_type=\"foxiz-list-1.default\">\n\t\t\t\t<div class=\"elementor-widget-container\">\n\t\t\t\t\t<div id=\"uid_24adc3f\" class=\"block-wrap block-big block-list block-list-1 rb-columns rb-col-2 rb-tcol-1 rb-mcol-1 is-gap-custom col-border is-border-gray hovering-fade bottom-border is-b-border-gray no-last-bb p-vtop ecat-bg-4 is-feat-left is-m-list res-feat-left meta-s-line\"><div class=\"block-inner\">\t\t<div class=\"p-wrap p-list p-list-1\" data-pid=\"3435\">\r\n\t\t\t<div class=\"list-holder\">\r\n\t\t\t<div class=\"list-feat-holder\">\r\n\t\t\t\t\t\t\t<div class=\"feat-holder\">\r\n\t\t\t\t\t\t<div class=\"p-featured\">\r\n\t\t\t\t\t<a class=\"p-flink\" href=\"https:\/\/theglobalhumanist.com\/de\/the-missionary-position-mother-teresa-in-theory-and-practice-by-christopher-hitchens\/\" title=\"Die Missionarsstellung: Mutter Teresa in Theorie und Praxis von Christopher Hitchens\">\r\n\t\t\t<img loading=\"lazy\" decoding=\"async\" width=\"420\" height=\"280\" src=\"https:\/\/theglobalhumanist.com\/wp-content\/uploads\/2024\/07\/The-Missionary-Position-Mother-Theresa-in-Theory-and-Practice-Christopher-Hitchens-420x280.jpg\" class=\"featured-img wp-post-image\" alt=\"\" \/>\t\t<\/a>\r\n\t\t\t\t<\/div>\r\n\t<div class=\"p-categories light-scheme p-top mobile-hide\"><a class=\"p-category category-id-851\" href=\"https:\/\/theglobalhumanist.com\/de\/category\/books\/\" rel=\"category\">B\u00fccher<\/a><a class=\"p-category category-id-49\" href=\"https:\/\/theglobalhumanist.com\/de\/category\/history\/\" rel=\"category\">Geschichte<\/a><\/div><\/div>\r\n\t\t\t\t\t<\/div>\r\n\t\t\t<div class=\"p-content\">\r\n\t\t\t\t<h2 class=\"entry-title\">\t\t<a class=\"p-url\" href=\"https:\/\/theglobalhumanist.com\/de\/the-missionary-position-mother-teresa-in-theory-and-practice-by-christopher-hitchens\/\" rel=\"bookmark\">Die Missionarsstellung: Mutter Teresa in Theorie und Praxis von Christopher Hitchens<\/a><\/h2><p class=\"entry-summary mobile-hide\">\u201eDie Missionarsstellung: Mutter Teresa in Theorie und Praxis\u201c von Christopher Hitchens untersucht kritisch die\u2026<\/p>\r\n\t\t\t\t\t\t<div class=\"p-meta has-bookmark\">\r\n\t\t\t\t<div class=\"meta-inner is-meta\">\r\n\t\t\t\t\t\t\t<a class=\"meta-el meta-avatar\" href=\"https:\/\/theglobalhumanist.com\/de\/author\/ad4min\/\"><img alt='' src='https:\/\/secure.gravatar.com\/avatar\/0503e328cbef274ead1225b9469fea557f6e98ae6b8d7368f28dbc177fe966a2?s=44&#038;d=mm&#038;r=g' srcset='https:\/\/secure.gravatar.com\/avatar\/0503e328cbef274ead1225b9469fea557f6e98ae6b8d7368f28dbc177fe966a2?s=88&#038;d=mm&#038;r=g 2x' class='avatar avatar-44 photo' height='44' width='44' \/><\/a>\r\n\t\t\t\t<div class=\"meta-el meta-author\">\r\n\t\t\t<a href=\"https:\/\/theglobalhumanist.com\/de\/author\/ad4min\/\"><\/a>\t\t<\/div>\r\n\t\t\t\t<div class=\"meta-el meta-update\">\r\n\t\t\t<i class=\"rbi rbi-time\" aria-hidden=\"true\"><\/i>\t\t\t<time class=\"updated\" datetime=\"2025-04-08T04:47:41+00:00\">8. April 2025<\/time>\r\n\t\t<\/div>\r\n\t\t\t\t\t\t<\/div>\r\n\t\t\t\t<span class=\"rb-bookmark bookmark-trigger\" data-pid=\"3435\"><\/span>\t\t\t<\/div>\r\n\t\t\t\t\t<\/div>\r\n\t\t<\/div>\r\n\t\t\t\t<\/div>\r\n\t\t\t<div class=\"p-wrap p-list p-list-1\" data-pid=\"2997\">\r\n\t\t\t<div class=\"list-holder\">\r\n\t\t\t<div class=\"list-feat-holder\">\r\n\t\t\t\t\t\t\t<div class=\"feat-holder\">\r\n\t\t\t\t\t\t<div class=\"p-featured\">\r\n\t\t\t\t\t<a class=\"p-flink\" href=\"https:\/\/theglobalhumanist.com\/de\/objecting-to-god-by-colin-howson\/\" title=\"Einw\u00e4nde gegen Gott von Colin Howson\">\r\n\t\t\t<img loading=\"lazy\" decoding=\"async\" width=\"420\" height=\"280\" src=\"https:\/\/theglobalhumanist.com\/wp-content\/uploads\/2023\/12\/Objecting-to-God22-by-Colin-Howson-420x280.jpg\" class=\"featured-img wp-post-image\" alt=\"\" \/>\t\t<\/a>\r\n\t\t\t\t<\/div>\r\n\t<div class=\"p-categories light-scheme p-top mobile-hide\"><a class=\"p-category category-id-851\" href=\"https:\/\/theglobalhumanist.com\/de\/category\/books\/\" rel=\"category\">B\u00fccher<\/a><a class=\"p-category category-id-43\" href=\"https:\/\/theglobalhumanist.com\/de\/category\/critiques\/\" rel=\"category\">Kritiken<\/a><\/div><\/div>\r\n\t\t\t\t\t<\/div>\r\n\t\t\t<div class=\"p-content\">\r\n\t\t\t\t<h2 class=\"entry-title\">\t\t<a class=\"p-url\" href=\"https:\/\/theglobalhumanist.com\/de\/objecting-to-god-by-colin-howson\/\" rel=\"bookmark\">Einw\u00e4nde gegen Gott von Colin Howson<\/a><\/h2><p class=\"entry-summary mobile-hide\">\u201eObjecting to God\u201c von Colin Howson ist eine philosophische Kritik des Theismus und des Konzepts\u2026<\/p>\r\n\t\t\t\t\t\t<div class=\"p-meta has-bookmark\">\r\n\t\t\t\t<div class=\"meta-inner is-meta\">\r\n\t\t\t\t\t\t\t<a class=\"meta-el meta-avatar\" href=\"https:\/\/theglobalhumanist.com\/de\/author\/ad4min\/\"><img alt='' src='https:\/\/secure.gravatar.com\/avatar\/0503e328cbef274ead1225b9469fea557f6e98ae6b8d7368f28dbc177fe966a2?s=44&#038;d=mm&#038;r=g' srcset='https:\/\/secure.gravatar.com\/avatar\/0503e328cbef274ead1225b9469fea557f6e98ae6b8d7368f28dbc177fe966a2?s=88&#038;d=mm&#038;r=g 2x' class='avatar avatar-44 photo' height='44' width='44' \/><\/a>\r\n\t\t\t\t<div class=\"meta-el meta-author\">\r\n\t\t\t<a href=\"https:\/\/theglobalhumanist.com\/de\/author\/ad4min\/\"><\/a>\t\t<\/div>\r\n\t\t\t\t<div class=\"meta-el meta-update\">\r\n\t\t\t<i class=\"rbi rbi-time\" aria-hidden=\"true\"><\/i>\t\t\t<time class=\"updated\" datetime=\"2025-04-08T04:44:26+00:00\">8. April 2025<\/time>\r\n\t\t<\/div>\r\n\t\t\t\t\t\t<\/div>\r\n\t\t\t\t<span class=\"rb-bookmark bookmark-trigger\" data-pid=\"2997\"><\/span>\t\t\t<\/div>\r\n\t\t\t\t\t<\/div>\r\n\t\t<\/div>\r\n\t\t\t\t<\/div>\r\n\t\t\t<div class=\"p-wrap p-list p-list-1\" data-pid=\"4395\">\r\n\t\t\t<div class=\"list-holder\">\r\n\t\t\t<div class=\"list-feat-holder\">\r\n\t\t\t\t\t\t\t<div class=\"feat-holder\">\r\n\t\t\t\t\t\t<div class=\"p-featured\">\r\n\t\t\t\t\t<a class=\"p-flink\" href=\"https:\/\/theglobalhumanist.com\/de\/empowering-humanist-voices-worldwide-congress-scholarship-fund-launches\/\" title=\"Empowering Humanist Voices Worldwide: Congress Scholarship Fund Launches\">\r\n\t\t\t<img loading=\"lazy\" decoding=\"async\" width=\"77\" height=\"77\" src=\"https:\/\/theglobalhumanist.com\/wp-content\/uploads\/2025\/12\/feedzy-gc9lk3.svgz\" class=\"featured-img wp-post-image\" alt=\"\" \/>\t\t<\/a>\r\n\t\t\t\t<\/div>\r\n\t<\/div>\r\n\t\t\t\t\t<\/div>\r\n\t\t\t<div class=\"p-content\">\r\n\t\t\t\t<h2 class=\"entry-title\">\t\t<a class=\"p-url\" href=\"https:\/\/theglobalhumanist.com\/de\/empowering-humanist-voices-worldwide-congress-scholarship-fund-launches\/\" rel=\"bookmark\">Empowering Humanist Voices Worldwide: Congress Scholarship Fund Launches<\/a><\/h2><p class=\"entry-summary mobile-hide\">The post Empowering Humanist Voices Worldwide: Congress Scholarship Fund Launches appeared first on Humanists International.<\/p>\r\n\t\t\t\t\t\t<div class=\"p-meta has-bookmark\">\r\n\t\t\t\t<div class=\"meta-inner is-meta\">\r\n\t\t\t\t\t\t\t<a class=\"meta-el meta-avatar\" href=\"https:\/\/theglobalhumanist.com\/de\/author\/ad4min\/\"><img alt='' src='https:\/\/secure.gravatar.com\/avatar\/0503e328cbef274ead1225b9469fea557f6e98ae6b8d7368f28dbc177fe966a2?s=44&#038;d=mm&#038;r=g' srcset='https:\/\/secure.gravatar.com\/avatar\/0503e328cbef274ead1225b9469fea557f6e98ae6b8d7368f28dbc177fe966a2?s=88&#038;d=mm&#038;r=g 2x' class='avatar avatar-44 photo' height='44' width='44' \/><\/a>\r\n\t\t\t\t<div class=\"meta-el meta-author\">\r\n\t\t\t<a href=\"https:\/\/theglobalhumanist.com\/de\/author\/ad4min\/\"><\/a>\t\t<\/div>\r\n\t\t\t\t<div class=\"meta-el meta-update\">\r\n\t\t\t<i class=\"rbi rbi-time\" aria-hidden=\"true\"><\/i>\t\t\t<time class=\"updated\" datetime=\"2025-12-01T14:45:56+00:00\">Dezember 1, 2025<\/time>\r\n\t\t<\/div>\r\n\t\t\t\t\t\t<\/div>\r\n\t\t\t\t<span class=\"rb-bookmark bookmark-trigger\" data-pid=\"4395\"><\/span>\t\t\t<\/div>\r\n\t\t\t\t\t<\/div>\r\n\t\t<\/div>\r\n\t\t\t\t<\/div>\r\n\t\t\t<div class=\"p-wrap p-list p-list-1\" data-pid=\"4365\">\r\n\t\t\t<div class=\"list-holder\">\r\n\t\t\t<div class=\"list-feat-holder\">\r\n\t\t\t\t\t\t\t<\/div>\r\n\t\t\t<div class=\"p-content\">\r\n\t\t\t\t<h2 class=\"entry-title\">\t\t<a class=\"p-url\" href=\"https:\/\/theglobalhumanist.com\/de\/privacy-policy\/\" rel=\"bookmark\">Datenschutzrichtlinie<\/a><\/h2><p class=\"entry-summary mobile-hide\">G\u00fcltig ab: 14. Mai 2025. The Global Humanist (\u201ewir\u201c, \u201eunser\u201c oder \u201euns\u201c) respektiert die Privatsph\u00e4re von \u2026<\/p>\r\n\t\t\t\t\t\t<div class=\"p-meta has-bookmark\">\r\n\t\t\t\t<div class=\"meta-inner is-meta\">\r\n\t\t\t\t\t\t\t<a class=\"meta-el meta-avatar\" href=\"https:\/\/theglobalhumanist.com\/de\/author\/ad4min\/\"><img alt='' src='https:\/\/secure.gravatar.com\/avatar\/0503e328cbef274ead1225b9469fea557f6e98ae6b8d7368f28dbc177fe966a2?s=44&#038;d=mm&#038;r=g' srcset='https:\/\/secure.gravatar.com\/avatar\/0503e328cbef274ead1225b9469fea557f6e98ae6b8d7368f28dbc177fe966a2?s=88&#038;d=mm&#038;r=g 2x' class='avatar avatar-44 photo' height='44' width='44' \/><\/a>\r\n\t\t\t\t<div class=\"meta-el meta-author\">\r\n\t\t\t<a href=\"https:\/\/theglobalhumanist.com\/de\/author\/ad4min\/\"><\/a>\t\t<\/div>\r\n\t\t\t\t<div class=\"meta-el meta-update\">\r\n\t\t\t<i class=\"rbi rbi-time\" aria-hidden=\"true\"><\/i>\t\t\t<time class=\"updated\" datetime=\"2025-05-14T22:09:54+00:00\">14. Mai 2025<\/time>\r\n\t\t<\/div>\r\n\t\t\t\t\t\t<\/div>\r\n\t\t\t\t<span class=\"rb-bookmark bookmark-trigger\" data-pid=\"4365\"><\/span>\t\t\t<\/div>\r\n\t\t\t\t\t<\/div>\r\n\t\t<\/div>\r\n\t\t\t\t<\/div>\r\n\t<\/div><\/div>\t\t\t\t<\/div>\n\t\t\t\t<\/div>\n\t\t\t\t\t<\/div>\n\t\t\t\t<\/div>\n\t\t<div class=\"elementor-element elementor-element-fe841f2 e-flex e-con-boxed e-con e-parent\" data-id=\"fe841f2\" data-element_type=\"container\">\n\t\t\t\t\t<div class=\"e-con-inner\">\n\t\t<div class=\"elementor-element elementor-element-ecb602e e-con-full e-flex e-con e-child\" data-id=\"ecb602e\" data-element_type=\"container\">\n\t\t\t\t<div class=\"elementor-element elementor-element-b86b74c elementor-widget elementor-widget-foxiz-heading\" data-id=\"b86b74c\" data-element_type=\"widget\" data-widget_type=\"foxiz-heading.default\">\n\t\t\t\t<div class=\"elementor-widget-container\">\n\t\t\t\t\t<div id=\"uid_b86b74c\" class=\"block-h heading-layout-7\"><div class=\"heading-inner\"><h3 class=\"heading-title\"><span>Top-Autoren<\/span><\/h3><\/div><\/div>\t\t\t\t<\/div>\n\t\t\t\t<\/div>\n\t\t\t\t<div class=\"elementor-element elementor-element-32cee90 elementor-widget elementor-widget-foxiz-authors-1\" data-id=\"32cee90\" data-element_type=\"widget\" data-widget_type=\"foxiz-authors-1.default\">\n\t\t\t\t<div class=\"elementor-widget-container\">\n\t\t\t\t\t<div id=\"uid_32cee90\" class=\"block-wrap block-authors block-authors-1 is-box-gray rb-columns rb-col-1 rb-tcol-1 rb-mcol-1 is-gap-custom meta-s-line\">\t\t<div class=\"block-inner\">\r\n\t\t\t\t\t<div class=\"a-card a-card-1\">\r\n\t\t\t<div class=\"a-card-inner box-inner\">\r\n\t\t\t\t<div class=\"a-card-content\">\r\n\t\t\t\t\t<div class=\"a-card-name\">\r\n\t\t\t\t\t\t<a class=\"h4 nice-name\" href=\"https:\/\/theglobalhumanist.com\/de\/author\/\"><\/a>\r\n\t\t\t\t\t\t\t\t\t\t\t<\/div>\r\n\t\t\t\t\t<div class=\"description-text rb-text\"><\/div>\r\n\t\t\t\t\t<span class=\"rb-follow follow-trigger\" data-uid=\"13\" data-name=\"\"><\/span>\t\t\t\t<\/div>\r\n\t\t\t\t<div class=\"a-card-feat\">\r\n\t\t\t\t\t<a href=\"https:\/\/theglobalhumanist.com\/de\/author\/\"><img alt='' src='https:\/\/secure.gravatar.com\/avatar\/?s=400&#038;d=mm&#038;r=g' srcset='https:\/\/secure.gravatar.com\/avatar\/?s=800&#038;d=mm&#038;r=g 2x' class='avatar avatar-400 photo avatar-default' height='400' width='400' \/><\/a>\r\n\t\t\t\t\t\t\t\t\t<\/div>\r\n\t\t\t<\/div>\r\n\t\t<\/div>\r\n\t\t\t\t<div class=\"a-card a-card-1\">\r\n\t\t\t<div class=\"a-card-inner box-inner\">\r\n\t\t\t\t<div class=\"a-card-content\">\r\n\t\t\t\t\t<div class=\"a-card-name\">\r\n\t\t\t\t\t\t<a class=\"h4 nice-name\" href=\"https:\/\/theglobalhumanist.com\/de\/author\/\"><\/a>\r\n\t\t\t\t\t\t\t\t\t\t\t<\/div>\r\n\t\t\t\t\t<div class=\"description-text rb-text\"><\/div>\r\n\t\t\t\t\t<span class=\"rb-follow follow-trigger\" data-uid=\"15\" data-name=\"\"><\/span>\t\t\t\t<\/div>\r\n\t\t\t\t<div class=\"a-card-feat\">\r\n\t\t\t\t\t<a href=\"https:\/\/theglobalhumanist.com\/de\/author\/\"><img alt='' src='https:\/\/secure.gravatar.com\/avatar\/?s=400&#038;d=mm&#038;r=g' srcset='https:\/\/secure.gravatar.com\/avatar\/?s=800&#038;d=mm&#038;r=g 2x' class='avatar avatar-400 photo avatar-default' height='400' width='400' \/><\/a>\r\n\t\t\t\t\t\t\t\t\t<\/div>\r\n\t\t\t<\/div>\r\n\t\t<\/div>\r\n\t\t\t\t<div class=\"a-card a-card-1\">\r\n\t\t\t<div class=\"a-card-inner box-inner\">\r\n\t\t\t\t<div class=\"a-card-content\">\r\n\t\t\t\t\t<div class=\"a-card-name\">\r\n\t\t\t\t\t\t<a class=\"h4 nice-name\" href=\"https:\/\/theglobalhumanist.com\/de\/author\/\"><\/a>\r\n\t\t\t\t\t\t\t\t\t\t\t<\/div>\r\n\t\t\t\t\t<div class=\"description-text rb-text\"><\/div>\r\n\t\t\t\t\t<span class=\"rb-follow follow-trigger\" data-uid=\"14\" data-name=\"\"><\/span>\t\t\t\t<\/div>\r\n\t\t\t\t<div class=\"a-card-feat\">\r\n\t\t\t\t\t<a href=\"https:\/\/theglobalhumanist.com\/de\/author\/\"><img alt='' src='https:\/\/secure.gravatar.com\/avatar\/?s=400&#038;d=mm&#038;r=g' srcset='https:\/\/secure.gravatar.com\/avatar\/?s=800&#038;d=mm&#038;r=g 2x' class='avatar avatar-400 photo avatar-default' height='400' width='400' \/><\/a>\r\n\t\t\t\t\t\t\t\t\t<\/div>\r\n\t\t\t<\/div>\r\n\t\t<\/div>\r\n\t\t\t\t<div class=\"a-card a-card-1\">\r\n\t\t\t<div class=\"a-card-inner box-inner\">\r\n\t\t\t\t<div class=\"a-card-content\">\r\n\t\t\t\t\t<div class=\"a-card-name\">\r\n\t\t\t\t\t\t<a class=\"h4 nice-name\" href=\"https:\/\/theglobalhumanist.com\/de\/author\/\"><\/a>\r\n\t\t\t\t\t\t\t\t\t\t\t<\/div>\r\n\t\t\t\t\t<div class=\"description-text rb-text\"><\/div>\r\n\t\t\t\t\t<span class=\"rb-follow follow-trigger\" data-uid=\"16\" data-name=\"\"><\/span>\t\t\t\t<\/div>\r\n\t\t\t\t<div class=\"a-card-feat\">\r\n\t\t\t\t\t<a href=\"https:\/\/theglobalhumanist.com\/de\/author\/\"><img alt='' src='https:\/\/secure.gravatar.com\/avatar\/?s=400&#038;d=mm&#038;r=g' srcset='https:\/\/secure.gravatar.com\/avatar\/?s=800&#038;d=mm&#038;r=g 2x' class='avatar avatar-400 photo avatar-default' height='400' width='400' \/><\/a>\r\n\t\t\t\t\t\t\t\t\t<\/div>\r\n\t\t\t<\/div>\r\n\t\t<\/div>\r\n\t\t\t\t<\/div>\r\n\t\t<\/div>\t\t\t\t<\/div>\n\t\t\t\t<\/div>\n\t\t\t\t<div class=\"elementor-element elementor-element-336a2aa is-divider-hyphen elementor-widget elementor-widget-foxiz-quick-links\" data-id=\"336a2aa\" data-element_type=\"widget\" data-widget_type=\"foxiz-quick-links.default\">\n\t\t\t\t<div class=\"elementor-widget-container\">\n\t\t\t\t\t<div id=\"uid_336a2aa\" class=\"block-wrap block-qlinks qlayout-1 effect-dotted res-nowrap qlinks-scroll meta-s-line\">\t\t<ul class=\"qlinks-inner\">\r\n\t\t\t\t\t\t\t<li class=\"qlink qlinks-heading\">\r\n\t\t\t\t\t<div class=\"qlink-label\">Schauen Sie sich die Tags an:<\/div>\r\n\t\t\t\t<\/li>\r\n\t\t\t<li class=\"qlink h5\"><a href=\"https:\/\/theglobalhumanist.com\/de\/category\/books\/\">B\u00fccher<\/a><\/li><li class=\"qlink h5\"><a href=\"https:\/\/theglobalhumanist.com\/de\/tag\/religion\/\">Religion<\/a><\/li><li class=\"qlink h5\"><a href=\"https:\/\/theglobalhumanist.com\/de\/tag\/atheism\/\">Atheismus<\/a><\/li><li class=\"qlink h5\"><a href=\"https:\/\/theglobalhumanist.com\/de\/tag\/skepticism\/\">Skepsis<\/a><\/li><li class=\"qlink h5\"><a href=\"https:\/\/theglobalhumanist.com\/de\/tag\/secularism\/\">S\u00e4kularismus<\/a><\/li><li class=\"qlink h5\"><a href=\"https:\/\/theglobalhumanist.com\/de\/tag\/philosophy\/\">Philosophie<\/a><\/li><li class=\"qlink h5\"><a href=\"https:\/\/theglobalhumanist.com\/de\/tag\/rationalism\/\">Rationalismus<\/a><\/li><li class=\"qlink h5\"><a href=\"https:\/\/theglobalhumanist.com\/de\/tag\/science\/\">Wissenschaft<\/a><\/li><\/ul>\r\n\t\t<\/div>\t\t\t\t<\/div>\n\t\t\t\t<\/div>\n\t\t\t\t<\/div>\n\t\t<div class=\"elementor-element elementor-element-2c47147 e-con-full e-flex e-con e-child\" data-id=\"2c47147\" data-element_type=\"container\">\n\t\t\t\t<div class=\"elementor-element elementor-element-bbcedb2 elementor-widget elementor-widget-foxiz-heading\" data-id=\"bbcedb2\" data-element_type=\"widget\" data-widget_type=\"foxiz-heading.default\">\n\t\t\t\t<div class=\"elementor-widget-container\">\n\t\t\t\t\t<div id=\"uid_bbcedb2\" class=\"block-h heading-layout-7\"><div class=\"heading-inner\"><h3 class=\"heading-title\"><a class=\"h-link\" href=\"https:\/\/foxiz.themeruby.com\/buzzstream\/category\/tech\/\">Technik<\/a><\/h3><\/div><\/div>\t\t\t\t<\/div>\n\t\t\t\t<\/div>\n\t\t\t\t<div class=\"elementor-element elementor-element-00c5f18 elementor-widget elementor-widget-foxiz-grid-1\" data-id=\"00c5f18\" data-element_type=\"widget\" data-widget_type=\"foxiz-grid-1.default\">\n\t\t\t\t<div class=\"elementor-widget-container\">\n\t\t\t\t\t<div id=\"uid_00c5f18\" class=\"block-wrap block-grid block-grid-1 rb-columns rb-col-1 rb-tcol-1 rb-mcol-1 is-gap-20 hovering-fade bottom-border is-b-border-gray ecat-bg-4 is-m-list meta-s-line\"><div class=\"block-inner\">\t\t<div class=\"p-wrap p-grid p-grid-1\" data-pid=\"3556\">\r\n\t\t\t\t<div class=\"feat-holder\">\r\n\t\t\t\t\t\t<div class=\"p-featured\">\r\n\t\t\t\t\t<a class=\"p-flink\" href=\"https:\/\/theglobalhumanist.com\/de\/awkward-moments-not-found-in-your-average-childrens-bible-vol-1-by-horus-gilgamesh-and-agnes-tickheathen\/\" title=\"Peinliche Momente (die man nicht im Alltag findet) Kinderbibel: Band 1 von Horus Gilgamesh und Agnes Tickheathen\">\r\n\t\t\t<img loading=\"lazy\" decoding=\"async\" width=\"350\" height=\"280\" src=\"https:\/\/theglobalhumanist.com\/wp-content\/uploads\/2024\/07\/Awkward-Moments-Childrens-Bible-Vol.-1-by-Horus-Gilgamesh-andAgnes-Tickheathen-350x280.jpg\" class=\"featured-img wp-post-image\" alt=\"\" \/>\t\t<\/a>\r\n\t\t\t\t<\/div>\r\n\t<div class=\"p-categories light-scheme p-top mobile-hide\"><a class=\"p-category category-id-851\" href=\"https:\/\/theglobalhumanist.com\/de\/category\/books\/\" rel=\"category\">B\u00fccher<\/a><a class=\"p-category category-id-1\" href=\"https:\/\/theglobalhumanist.com\/de\/category\/uncategorized\/\" rel=\"category\">Unkategorisiert<\/a><\/div><\/div>\r\n\t\t<h3 class=\"entry-title\">\t\t<a class=\"p-url\" href=\"https:\/\/theglobalhumanist.com\/de\/awkward-moments-not-found-in-your-average-childrens-bible-vol-1-by-horus-gilgamesh-and-agnes-tickheathen\/\" rel=\"bookmark\">Peinliche Momente (die man nicht im Alltag findet) Kinderbibel: Band 1 von Horus Gilgamesh und Agnes Tickheathen<\/a><\/h3><p class=\"entry-summary mobile-hide\">\u201eAwkward Moments (Not Found In Your Average) Children&#039;s Bible: Vol. 1\u201c von Horus Gilgamesh und Agnes Tickheathen ist eine satirische \u2026<\/p>\r\n\t\t\t\t\t\t<div class=\"p-meta has-bookmark\">\r\n\t\t\t\t<div class=\"meta-inner is-meta\">\r\n\t\t\t\t\t\t\t<a class=\"meta-el meta-avatar\" href=\"https:\/\/theglobalhumanist.com\/de\/author\/ad4min\/\"><img alt='' src='https:\/\/secure.gravatar.com\/avatar\/0503e328cbef274ead1225b9469fea557f6e98ae6b8d7368f28dbc177fe966a2?s=44&#038;d=mm&#038;r=g' srcset='https:\/\/secure.gravatar.com\/avatar\/0503e328cbef274ead1225b9469fea557f6e98ae6b8d7368f28dbc177fe966a2?s=88&#038;d=mm&#038;r=g 2x' class='avatar avatar-44 photo' height='44' width='44' \/><\/a>\r\n\t\t\t\t<div class=\"meta-el meta-author\">\r\n\t\t\t<a href=\"https:\/\/theglobalhumanist.com\/de\/author\/ad4min\/\"><\/a>\t\t<\/div>\r\n\t\t\t\t<div class=\"meta-el meta-update\">\r\n\t\t\t<i class=\"rbi rbi-time\" aria-hidden=\"true\"><\/i>\t\t\t<time class=\"updated\" datetime=\"2025-04-08T04:49:47+00:00\">8. April 2025<\/time>\r\n\t\t<\/div>\r\n\t\t\t\t\t\t<\/div>\r\n\t\t\t\t<span class=\"rb-bookmark bookmark-trigger\" data-pid=\"3556\"><\/span>\t\t\t<\/div>\r\n\t\t\t\t<\/div>\r\n\t<\/div><\/div>\t\t\t\t<\/div>\n\t\t\t\t<\/div>\n\t\t\t\t<div class=\"elementor-element elementor-element-002bfdd elementor-widget elementor-widget-foxiz-list-small-1\" data-id=\"002bfdd\" data-element_type=\"widget\" data-widget_type=\"foxiz-list-small-1.default\">\n\t\t\t\t<div class=\"elementor-widget-container\">\n\t\t\t\t\t<div id=\"uid_002bfdd\" class=\"block-wrap block-small block-list block-list-small-1 rb-columns rb-col-1 rb-tcol-1 rb-mcol-1 is-gap-custom col-border is-border-gray bottom-border is-b-border-gray no-last-bb meta-s-line\"><div class=\"block-inner\">\t\t<div class=\"p-wrap p-small p-list-small-1\" data-pid=\"4380\">\r\n\t\t\t<div class=\"p-content\">\r\n\t\t\t<h3 class=\"entry-title\">\t\t<a class=\"p-url\" href=\"https:\/\/theglobalhumanist.com\/de\/humanists-warn-of-privacy-risks-and-discrimination-at-un\/\" rel=\"bookmark\">Humanisten warnen vor Datenschutzrisiken und Diskriminierung bei den Vereinten Nationen<\/a><\/h3><p class=\"entry-summary\">The post Humanists warn of privacy risks and discrimination at UN appeared first on Humanists&hellip;<\/p>\r\n\t\t\t\t\t\t<div class=\"p-meta has-bookmark\">\r\n\t\t\t\t<div class=\"meta-inner is-meta\">\r\n\t\t\t\t\t\t\t<div class=\"meta-el meta-author\">\r\n\t\t\t<a href=\"https:\/\/theglobalhumanist.com\/de\/author\/ad4min\/\"><\/a>\t\t<\/div>\r\n\t\t\t\t\t\t<\/div>\r\n\t\t\t\t<span class=\"rb-bookmark bookmark-trigger\" data-pid=\"4380\"><\/span>\t\t\t<\/div>\r\n\t\t\t\t<\/div>\r\n\t\t\t\t<\/div>\r\n\t\t\t<div class=\"p-wrap p-small p-list-small-1\" data-pid=\"4381\">\r\n\t\t\t<div class=\"p-content\">\r\n\t\t\t<h3 class=\"entry-title\">\t\t<a class=\"p-url\" href=\"https:\/\/theglobalhumanist.com\/de\/humanists-international-identifies-risks-to-non-religious-at-osce\/\" rel=\"bookmark\">Humanists International identifiziert Risiken f\u00fcr Nichtreligi\u00f6se bei der OSZE<\/a><\/h3><p class=\"entry-summary\">The post Humanists International identifies risks to non-religious at OSCE appeared first on Humanists International.<\/p>\r\n\t\t\t\t\t\t<div class=\"p-meta has-bookmark\">\r\n\t\t\t\t<div class=\"meta-inner is-meta\">\r\n\t\t\t\t\t\t\t<div class=\"meta-el meta-author\">\r\n\t\t\t<a href=\"https:\/\/theglobalhumanist.com\/de\/author\/ad4min\/\"><\/a>\t\t<\/div>\r\n\t\t\t\t\t\t<\/div>\r\n\t\t\t\t<span class=\"rb-bookmark bookmark-trigger\" data-pid=\"4381\"><\/span>\t\t\t<\/div>\r\n\t\t\t\t<\/div>\r\n\t\t\t\t<\/div>\r\n\t<\/div><\/div>\t\t\t\t<\/div>\n\t\t\t\t<\/div>\n\t\t\t\t<\/div>\n\t\t<div class=\"elementor-element elementor-element-2dec6fd e-con-full e-flex e-con e-child\" data-id=\"2dec6fd\" data-element_type=\"container\">\n\t\t\t\t<div class=\"elementor-element elementor-element-43dbc72 elementor-widget elementor-widget-foxiz-heading\" data-id=\"43dbc72\" data-element_type=\"widget\" data-widget_type=\"foxiz-heading.default\">\n\t\t\t\t<div class=\"elementor-widget-container\">\n\t\t\t\t\t<div id=\"uid_43dbc72\" class=\"block-h heading-layout-7\"><div class=\"heading-inner\"><h3 class=\"heading-title\"><a class=\"h-link\" href=\"https:\/\/foxiz.themeruby.com\/buzzstream\/category\/world\/\">Welt<\/a><\/h3><\/div><\/div>\t\t\t\t<\/div>\n\t\t\t\t<\/div>\n\t\t\t\t<div class=\"elementor-element elementor-element-c0f78a7 elementor-widget elementor-widget-foxiz-list-small-1\" data-id=\"c0f78a7\" data-element_type=\"widget\" data-widget_type=\"foxiz-list-small-1.default\">\n\t\t\t\t<div class=\"elementor-widget-container\">\n\t\t\t\t\t<div id=\"uid_c0f78a7\" class=\"block-wrap block-small block-list block-list-small-1 rb-columns rb-col-1 rb-tcol-1 rb-mcol-1 is-gap-custom col-border is-border-gray bottom-border is-b-border-gray meta-s-line\"><div class=\"block-inner\">\t\t<div class=\"p-wrap p-small p-list-small-1\" data-pid=\"3674\">\r\n\t\t\t<div class=\"p-content\">\r\n\t\t\t<h3 class=\"entry-title\">\t\t<a class=\"p-url\" href=\"https:\/\/theglobalhumanist.com\/de\/caught-in-the-pulpit-leaving-belief-behind-by-daniel-c-dennett-and-linda-lascola\/\" rel=\"bookmark\">Gefangen auf der Kanzel: Den Glauben hinter sich lassen von Daniel C. Dennett und Linda LaScola<\/a><\/h3><p class=\"entry-summary\">\u201eCaught in The Pulpit: Leaving Belief Behind\u201c von Daniel C. Dennett und Linda LaScola untersucht \u2026<\/p>\r\n\t\t\t\t\t\t<div class=\"p-meta has-bookmark\">\r\n\t\t\t\t<div class=\"meta-inner is-meta\">\r\n\t\t\t\t\t\t\t<div class=\"meta-el meta-author\">\r\n\t\t\t<a href=\"https:\/\/theglobalhumanist.com\/de\/author\/ad4min\/\"><\/a>\t\t<\/div>\r\n\t\t\t\t\t\t<\/div>\r\n\t\t\t\t<span class=\"rb-bookmark bookmark-trigger\" data-pid=\"3674\"><\/span>\t\t\t<\/div>\r\n\t\t\t\t<\/div>\r\n\t\t\t\t<\/div>\r\n\t\t\t<div class=\"p-wrap p-small p-list-small-1\" data-pid=\"3593\">\r\n\t\t\t<div class=\"p-content\">\r\n\t\t\t<h3 class=\"entry-title\">\t\t<a class=\"p-url\" href=\"https:\/\/theglobalhumanist.com\/de\/humanism-as-the-next-step-for-nigeria-by-leo-igwe\/\" rel=\"bookmark\">Humanismus als n\u00e4chster Schritt f\u00fcr Nigeria von Leo Igwe<\/a><\/h3><p class=\"entry-summary\">\u201eHumanismus als n\u00e4chster Schritt f\u00fcr Nigeria\u201c von Leo Igwe pl\u00e4diert f\u00fcr die Einf\u00fchrung von\u2026<\/p>\r\n\t\t\t\t\t\t<div class=\"p-meta has-bookmark\">\r\n\t\t\t\t<div class=\"meta-inner is-meta\">\r\n\t\t\t\t\t\t\t<div class=\"meta-el meta-author\">\r\n\t\t\t<a href=\"https:\/\/theglobalhumanist.com\/de\/author\/ad4min\/\"><\/a>\t\t<\/div>\r\n\t\t\t\t\t\t<\/div>\r\n\t\t\t\t<span class=\"rb-bookmark bookmark-trigger\" data-pid=\"3593\"><\/span>\t\t\t<\/div>\r\n\t\t\t\t<\/div>\r\n\t\t\t\t<\/div>\r\n\t<\/div><\/div>\t\t\t\t<\/div>\n\t\t\t\t<\/div>\n\t\t\t\t<div class=\"elementor-element elementor-element-c2a71e7 elementor-widget elementor-widget-foxiz-grid-1\" data-id=\"c2a71e7\" data-element_type=\"widget\" data-widget_type=\"foxiz-grid-1.default\">\n\t\t\t\t<div class=\"elementor-widget-container\">\n\t\t\t\t\t<div id=\"uid_c2a71e7\" class=\"block-wrap block-grid block-grid-1 rb-columns rb-col-1 rb-tcol-1 rb-mcol-1 is-gap-20 hovering-fade bottom-border is-b-border-gray no-last-bb ecat-bg-4 is-m-list meta-s-line\"><div class=\"block-inner\">\t\t<div class=\"p-wrap p-grid p-grid-1\" data-pid=\"3296\">\r\n\t\t\t\t<div class=\"feat-holder\">\r\n\t\t\t\t\t\t<div class=\"p-featured\">\r\n\t\t\t\t\t<a class=\"p-flink\" href=\"https:\/\/theglobalhumanist.com\/de\/the-portable-atheist-essential-readings-for-the-nonbeliever-by-christopher-hitchens\/\" title=\"Der tragbare Atheist: Wichtige Lekt\u00fcre f\u00fcr Ungl\u00e4ubige von Christopher Hitchens\">\r\n\t\t\t<img loading=\"lazy\" decoding=\"async\" width=\"420\" height=\"280\" src=\"https:\/\/theglobalhumanist.com\/wp-content\/uploads\/2024\/07\/The-Portable-Atheist-Essential-Readings-for-the-Nonbeliever-by-Christopher-Hitchens-420x280.jpg\" class=\"featured-img wp-post-image\" alt=\"\" \/>\t\t<\/a>\r\n\t\t\t\t<\/div>\r\n\t<div class=\"p-categories light-scheme p-top mobile-hide\"><a class=\"p-category category-id-48\" href=\"https:\/\/theglobalhumanist.com\/de\/category\/anthologies\/\" rel=\"category\">Anthologien<\/a><a class=\"p-category category-id-851\" href=\"https:\/\/theglobalhumanist.com\/de\/category\/books\/\" rel=\"category\">B\u00fccher<\/a><\/div><\/div>\r\n\t\t<h3 class=\"entry-title\">\t\t<a class=\"p-url\" href=\"https:\/\/theglobalhumanist.com\/de\/the-portable-atheist-essential-readings-for-the-nonbeliever-by-christopher-hitchens\/\" rel=\"bookmark\">Der tragbare Atheist: Wichtige Lekt\u00fcre f\u00fcr Ungl\u00e4ubige von Christopher Hitchens<\/a><\/h3><p class=\"entry-summary mobile-hide\">\u201eThe Portable Atheist: Essential Readings for the Nonbeliever\u201c, herausgegeben von Christopher Hitchens, ist eine Anthologie mit Schriften verschiedener Autoren, \u2026<\/p>\r\n\t\t\t\t\t\t<div class=\"p-meta has-bookmark\">\r\n\t\t\t\t<div class=\"meta-inner is-meta\">\r\n\t\t\t\t\t\t\t<a class=\"meta-el meta-avatar\" href=\"https:\/\/theglobalhumanist.com\/de\/author\/ad4min\/\"><img alt='' src='https:\/\/secure.gravatar.com\/avatar\/0503e328cbef274ead1225b9469fea557f6e98ae6b8d7368f28dbc177fe966a2?s=44&#038;d=mm&#038;r=g' srcset='https:\/\/secure.gravatar.com\/avatar\/0503e328cbef274ead1225b9469fea557f6e98ae6b8d7368f28dbc177fe966a2?s=88&#038;d=mm&#038;r=g 2x' class='avatar avatar-44 photo' height='44' width='44' \/><\/a>\r\n\t\t\t\t<div class=\"meta-el meta-author\">\r\n\t\t\t<a href=\"https:\/\/theglobalhumanist.com\/de\/author\/ad4min\/\"><\/a>\t\t<\/div>\r\n\t\t\t\t<div class=\"meta-el meta-update\">\r\n\t\t\t<i class=\"rbi rbi-time\" aria-hidden=\"true\"><\/i>\t\t\t<time class=\"updated\" datetime=\"2025-04-08T04:45:50+00:00\">8. April 2025<\/time>\r\n\t\t<\/div>\r\n\t\t\t\t\t\t<\/div>\r\n\t\t\t\t<span class=\"rb-bookmark bookmark-trigger\" data-pid=\"3296\"><\/span>\t\t\t<\/div>\r\n\t\t\t\t<\/div>\r\n\t<\/div><\/div>\t\t\t\t<\/div>\n\t\t\t\t<\/div>\n\t\t\t\t<\/div>\n\t\t\t\t\t<\/div>\n\t\t\t\t<\/div>\n\t\t<div class=\"elementor-element elementor-element-b554322 e-flex e-con-boxed e-con e-parent\" data-id=\"b554322\" data-element_type=\"container\">\n\t\t\t\t\t<div class=\"e-con-inner\">\n\t\t\t\t<div class=\"elementor-element elementor-element-e57441d submit-layout-2 elementor-widget elementor-widget-foxiz-newsletter-1\" data-id=\"e57441d\" data-element_type=\"widget\" id=\"newsletter\" data-widget_type=\"foxiz-newsletter-1.default\">\n\t\t\t\t<div class=\"elementor-widget-container\">\n\t\t\t\t\t<div class=\"newsletter-box newsletter-style is-box-none newsletter-box-1\"><div class=\"newsletter-inner\"><div class=\"newsletter-featured\"><img loading=\"lazy\" decoding=\"async\" width=\"300\" height=\"285\" src=\"https:\/\/theglobalhumanist.com\/wp-content\/uploads\/2024\/01\/newsletter.png\" class=\"attachment-full size-full\" alt=\"\" \/><\/div><div class=\"newsletter-content\"><h2 class=\"newsletter-title\">Den Puls der Gegenwart sp\u00fcren<\/h2><div class=\"newsletter-description rb-text\">Abonnieren Sie jetzt, um in Echtzeit \u00fcber die neuesten Geschichten informiert zu werden!<\/div><\/div><div class=\"newsletter-form\"><script>(function() {\n\twindow.mc4wp = window.mc4wp || {\n\t\tlisteners: [],\n\t\tforms: {\n\t\t\ton: function(evt, cb) {\n\t\t\t\twindow.mc4wp.listeners.push(\n\t\t\t\t\t{\n\t\t\t\t\t\tevent   : evt,\n\t\t\t\t\t\tcallback: cb\n\t\t\t\t\t}\n\t\t\t\t);\n\t\t\t}\n\t\t}\n\t}\n})();\n<\/script><!-- Mailchimp for WordPress v4.10.3 - https:\/\/wordpress.org\/plugins\/mailchimp-for-wp\/ --><form id=\"mc4wp-form-1\" class=\"mc4wp-form mc4wp-form-3992\" method=\"post\" data-id=\"3992\" data-name=\"Subscribe\" action=\"\" ><div class=\"mc4wp-form-fields\"><p>\r\n\t<label>E-Mail-Adresse: \r\n\t\t<input type=\"email\" name=\"EMAIL\" placeholder=\"Ihre E-Mail-Adresse\" required \/>\r\n<\/label>\r\n<\/p>\r\n\r\n<p>\r\n\t<input type=\"submit\" value=\"Melden Sie sich an\" \/>\r\n<\/p><\/div><label style=\"display: none !important;\">Wenn du ein Mensch bist, lasse das Feld leer: <input type=\"text\" name=\"_mc4wp_honeypot\" value=\"\" tabindex=\"-1\" autocomplete=\"off\" \/><\/label><input type=\"hidden\" name=\"_mc4wp_timestamp\" value=\"1777574136\" \/><input type=\"hidden\" name=\"_mc4wp_form_id\" value=\"3992\" \/><input type=\"hidden\" name=\"_mc4wp_form_element_id\" value=\"mc4wp-form-1\" \/><div class=\"mc4wp-response\"><\/div><input type=\"hidden\" name=\"trp-form-language\" value=\"de\"\/><\/form><!-- \/ Mailchimp for WordPress Plugin --><\/div><\/div><\/div>\t\t\t\t<\/div>\n\t\t\t\t<\/div>\n\t\t\t\t<div class=\"elementor-element elementor-element-5e03810 elementor-widget elementor-widget-foxiz-heading\" data-id=\"5e03810\" data-element_type=\"widget\" data-widget_type=\"foxiz-heading.default\">\n\t\t\t\t<div class=\"elementor-widget-container\">\n\t\t\t\t\t<div id=\"uid_5e03810\" class=\"block-h heading-layout-7\"><div class=\"heading-inner\"><h3 class=\"heading-title\"><span>Muss gelesen werden<\/span><\/h3><\/div><\/div>\t\t\t\t<\/div>\n\t\t\t\t<\/div>\n\t\t\t\t<div class=\"elementor-element elementor-element-6049edc elementor-widget elementor-widget-foxiz-grid-1\" data-id=\"6049edc\" data-element_type=\"widget\" data-widget_type=\"foxiz-grid-1.default\">\n\t\t\t\t<div class=\"elementor-widget-container\">\n\t\t\t\t\t<div id=\"uid_6049edc\" class=\"block-wrap block-grid block-grid-1 is-hoz-scroll rb-columns rb-col-4 is-gap-custom col-border is-border-gray hovering-fade bottom-border is-b-border-gray no-last-bb ecat-bg-4 meta-s-line\"><div class=\"block-inner\">\t\t<div class=\"p-wrap p-grid p-grid-1\" data-pid=\"4408\">\r\n\t\t\t\t<div class=\"feat-holder\">\r\n\t\t\t\t\t\t<div class=\"p-featured\">\r\n\t\t\t\t\t<a class=\"p-flink\" href=\"https:\/\/theglobalhumanist.com\/de\/humanists-international-joins-civil-society-call-for-un-special-session-on-iran\/\" title=\"Humanists International Joins Civil Society Call for UN Special Session on Iran\">\r\n\t\t\t<img loading=\"lazy\" decoding=\"async\" width=\"77\" height=\"77\" src=\"https:\/\/theglobalhumanist.com\/wp-content\/uploads\/2026\/01\/feedzy-xeSJTo.svgz\" class=\"featured-img wp-post-image\" alt=\"\" \/>\t\t<\/a>\r\n\t\t\t\t<\/div>\r\n\t<\/div>\r\n\t\t<h3 class=\"entry-title\">\t\t<a class=\"p-url\" href=\"https:\/\/theglobalhumanist.com\/de\/humanists-international-joins-civil-society-call-for-un-special-session-on-iran\/\" rel=\"bookmark\">Humanists International Joins Civil Society Call for UN Special Session on Iran<\/a><\/h3><p class=\"entry-summary mobile-hide\">The post Humanists International Joins Civil Society Call for UN Special Session on Iran appeared first on Humanists International.<\/p>\r\n\t\t\t\t\t\t<div class=\"p-meta has-bookmark\">\r\n\t\t\t\t<div class=\"meta-inner is-meta\">\r\n\t\t\t\t\t\t\t<div class=\"meta-el meta-author\">\r\n\t\t\t<a href=\"https:\/\/theglobalhumanist.com\/de\/author\/ad4min\/\"><\/a>\t\t<\/div>\r\n\t\t\t\t\t\t<\/div>\r\n\t\t\t\t<span class=\"rb-bookmark bookmark-trigger\" data-pid=\"4408\"><\/span>\t\t\t<\/div>\r\n\t\t\t\t<\/div>\r\n\t\t\t<div class=\"p-wrap p-grid p-grid-1\" data-pid=\"3947\">\r\n\t\t\t\t<div class=\"feat-holder\">\r\n\t\t\t\t\t\t<div class=\"p-featured\">\r\n\t\t\t\t\t<a class=\"p-flink\" href=\"https:\/\/theglobalhumanist.com\/de\/the-demon-haunted-world-science-as-a-candle-in-the-dark-by-carl-sagan\/\" title=\"Die von D\u00e4monen heimgesuchte Welt: Die Wissenschaft als Kerze im Dunkeln von Carl Sagan\">\r\n\t\t\t<img loading=\"lazy\" decoding=\"async\" width=\"320\" height=\"220\" src=\"https:\/\/theglobalhumanist.com\/wp-content\/uploads\/2024\/07\/The-Demon-Haunted-World_Science-as-a-candle-in-the-dark-by-Carl-Sagan-320x220.webp\" class=\"featured-img wp-post-image\" alt=\"\" \/>\t\t<\/a>\r\n\t\t\t\t<\/div>\r\n\t<div class=\"p-categories light-scheme p-top\"><a class=\"p-category category-id-851\" href=\"https:\/\/theglobalhumanist.com\/de\/category\/books\/\" rel=\"category\">B\u00fccher<\/a><a class=\"p-category category-id-47\" href=\"https:\/\/theglobalhumanist.com\/de\/category\/skepticism\/\" rel=\"category\">Skepsis<\/a><\/div><\/div>\r\n\t\t<h3 class=\"entry-title\">\t\t<a class=\"p-url\" href=\"https:\/\/theglobalhumanist.com\/de\/the-demon-haunted-world-science-as-a-candle-in-the-dark-by-carl-sagan\/\" rel=\"bookmark\">Die von D\u00e4monen heimgesuchte Welt: Die Wissenschaft als Kerze im Dunkeln von Carl Sagan<\/a><\/h3><p class=\"entry-summary mobile-hide\">\u201eThe Demon-Haunted World: Science as a Candle in the Dark\u201c von Carl Sagan ist eine leidenschaftliche Verteidigung des wissenschaftlichen Skeptizismus \u2026<\/p>\r\n\t\t\t\t\t\t<div class=\"p-meta has-bookmark\">\r\n\t\t\t\t<div class=\"meta-inner is-meta\">\r\n\t\t\t\t\t\t\t<div class=\"meta-el meta-author\">\r\n\t\t\t<a href=\"https:\/\/theglobalhumanist.com\/de\/author\/ad4min\/\"><\/a>\t\t<\/div>\r\n\t\t\t\t\t\t<\/div>\r\n\t\t\t\t<span class=\"rb-bookmark bookmark-trigger\" data-pid=\"3947\"><\/span>\t\t\t<\/div>\r\n\t\t\t\t<\/div>\r\n\t\t\t<div class=\"p-wrap p-grid p-grid-1\" data-pid=\"2988\">\r\n\t\t\t\t<div class=\"feat-holder\">\r\n\t\t\t\t\t\t<div class=\"p-featured\">\r\n\t\t\t\t\t<a class=\"p-flink\" href=\"https:\/\/theglobalhumanist.com\/de\/the-bible-delusion-why-belief-in-the-infallible-word-of-god-is-nonsense-by-will-foote\/\" title=\"Der Bibelwahn: Warum der Glaube an das unfehlbare Wort Gottes Unsinn ist von Will Foote\">\r\n\t\t\t<img loading=\"lazy\" decoding=\"async\" width=\"330\" height=\"220\" src=\"https:\/\/theglobalhumanist.com\/wp-content\/uploads\/2024\/07\/The-Bible-Delusion-Why-Belief-in-the-Infallible-Word-of-God-Is-Nonsense22-by-Will-Foote-330x220.jpg\" class=\"featured-img wp-post-image\" alt=\"\" \/>\t\t<\/a>\r\n\t\t\t\t<\/div>\r\n\t<div class=\"p-categories light-scheme p-top\"><a class=\"p-category category-id-851\" href=\"https:\/\/theglobalhumanist.com\/de\/category\/books\/\" rel=\"category\">B\u00fccher<\/a><a class=\"p-category category-id-43\" href=\"https:\/\/theglobalhumanist.com\/de\/category\/critiques\/\" rel=\"category\">Kritiken<\/a><\/div><\/div>\r\n\t\t<h3 class=\"entry-title\">\t\t<a class=\"p-url\" href=\"https:\/\/theglobalhumanist.com\/de\/the-bible-delusion-why-belief-in-the-infallible-word-of-god-is-nonsense-by-will-foote\/\" rel=\"bookmark\">Der Bibelwahn: Warum der Glaube an das unfehlbare Wort Gottes Unsinn ist von Will Foote<\/a><\/h3><p class=\"entry-summary mobile-hide\">\u201eDer Bibelwahn: Warum der Glaube an das unfehlbare Wort Gottes Unsinn ist\u201c von Will Foote untersucht kritisch die Behauptungen \u2026<\/p>\r\n\t\t\t\t\t\t<div class=\"p-meta has-bookmark\">\r\n\t\t\t\t<div class=\"meta-inner is-meta\">\r\n\t\t\t\t\t\t\t<div class=\"meta-el meta-author\">\r\n\t\t\t<a href=\"https:\/\/theglobalhumanist.com\/de\/author\/ad4min\/\"><\/a>\t\t<\/div>\r\n\t\t\t\t\t\t<\/div>\r\n\t\t\t\t<span class=\"rb-bookmark bookmark-trigger\" data-pid=\"2988\"><\/span>\t\t\t<\/div>\r\n\t\t\t\t<\/div>\r\n\t\t\t<div class=\"p-wrap p-grid p-grid-1\" data-pid=\"3472\">\r\n\t\t\t\t<div class=\"feat-holder\">\r\n\t\t\t\t\t\t<div class=\"p-featured\">\r\n\t\t\t\t\t<a class=\"p-flink\" href=\"https:\/\/theglobalhumanist.com\/de\/why-orwell-matters-by-christopher-hitchens\/\" title=\"Warum Orwell wichtig ist von Christopher Hitchens\">\r\n\t\t\t<img loading=\"lazy\" decoding=\"async\" width=\"330\" height=\"220\" src=\"https:\/\/theglobalhumanist.com\/wp-content\/uploads\/2024\/07\/Why-Orwell-Matters-by-Christopher-Hitchens-330x220.jpg\" class=\"featured-img wp-post-image\" alt=\"\" \/>\t\t<\/a>\r\n\t\t\t\t<\/div>\r\n\t<div class=\"p-categories light-scheme p-top\"><a class=\"p-category category-id-851\" href=\"https:\/\/theglobalhumanist.com\/de\/category\/books\/\" rel=\"category\">B\u00fccher<\/a><a class=\"p-category category-id-49\" href=\"https:\/\/theglobalhumanist.com\/de\/category\/history\/\" rel=\"category\">Geschichte<\/a><\/div><\/div>\r\n\t\t<h3 class=\"entry-title\">\t\t<a class=\"p-url\" href=\"https:\/\/theglobalhumanist.com\/de\/why-orwell-matters-by-christopher-hitchens\/\" rel=\"bookmark\">Warum Orwell wichtig ist von Christopher Hitchens<\/a><\/h3><p class=\"entry-summary mobile-hide\">\u201eWhy Orwell Matters\u201c von Christopher Hitchens ist eine kritische Analyse von George Orwells Leben, Werk und nachhaltigem Einfluss. Hitchens untersucht\u2026<\/p>\r\n\t\t\t\t\t\t<div class=\"p-meta has-bookmark\">\r\n\t\t\t\t<div class=\"meta-inner is-meta\">\r\n\t\t\t\t\t\t\t<div class=\"meta-el meta-author\">\r\n\t\t\t<a href=\"https:\/\/theglobalhumanist.com\/de\/author\/ad4min\/\"><\/a>\t\t<\/div>\r\n\t\t\t\t\t\t<\/div>\r\n\t\t\t\t<span class=\"rb-bookmark bookmark-trigger\" data-pid=\"3472\"><\/span>\t\t\t<\/div>\r\n\t\t\t\t<\/div>\r\n\t<\/div><\/div>\t\t\t\t<\/div>\n\t\t\t\t<\/div>\n\t\t\t\t<div class=\"elementor-element elementor-element-2e9826a elementor-widget elementor-widget-foxiz-heading\" data-id=\"2e9826a\" data-element_type=\"widget\" data-widget_type=\"foxiz-heading.default\">\n\t\t\t\t<div class=\"elementor-widget-container\">\n\t\t\t\t\t<div id=\"uid_2e9826a\" class=\"block-h heading-layout-5\"><div class=\"heading-inner\"><h3 class=\"heading-title\"><a class=\"h-link\" href=\"https:\/\/foxiz.themeruby.com\/buzzstream\/category\/health\/\">Gesundheit<\/a><\/h3><div class=\"heading-tagline h6\"><a class=\"heading-tagline-label\" href=\"https:\/\/foxiz.themeruby.com\/buzzstream\/category\/health\/\">Weitere Beitr\u00e4ge<\/a><\/div><\/div><\/div>\t\t\t\t<\/div>\n\t\t\t\t<\/div>\n\t\t\t\t\t<\/div>\n\t\t\t\t<\/div>\n\t\t<div class=\"elementor-element elementor-element-edda0bb e-flex e-con-boxed e-con e-parent\" data-id=\"edda0bb\" data-element_type=\"container\">\n\t\t\t\t\t<div class=\"e-con-inner\">\n\t\t<div class=\"elementor-element elementor-element-9bf8ecb e-con-full e-flex e-con e-child\" data-id=\"9bf8ecb\" data-element_type=\"container\">\n\t\t\t\t<div class=\"elementor-element elementor-element-9e82218 elementor-widget elementor-widget-foxiz-overlay-1\" data-id=\"9e82218\" data-element_type=\"widget\" data-widget_type=\"foxiz-overlay-1.default\">\n\t\t\t\t<div class=\"elementor-widget-container\">\n\t\t\t\t\t<div id=\"uid_9e82218\" class=\"block-wrap block-overlay overlay-1 p-gradient rb-columns rb-col-1 rb-tcol-1 rb-mcol-1 hovering-fade meta-s-line\"><div class=\"block-inner\">\t\t<div class=\"p-wrap p-highlight p-overlay-1\" data-pid=\"4434\">\r\n\t\t\t<div class=\"overlay-holder\">\r\n\t\t\t\t\t<div class=\"p-featured\">\r\n\t\t\t\t\t<a class=\"p-flink\" href=\"https:\/\/theglobalhumanist.com\/de\/humanists-international-joins-human-rights-and-democracy-network\/\" title=\"Humanists International joins Human Rights and Democracy Network\">\r\n\t\t\t\t\t<\/a>\r\n\t\t\t\t<\/div>\r\n\t\t\t\t<div class=\"overlay-wrap\">\r\n\t\t\t\t<div class=\"overlay-inner p-content light-scheme\">\r\n\t\t\t\t\t<h2 class=\"entry-title\">\t\t<a class=\"p-url\" href=\"https:\/\/theglobalhumanist.com\/de\/humanists-international-joins-human-rights-and-democracy-network\/\" rel=\"bookmark\">Humanists International joins Human Rights and Democracy Network<\/a><\/h2><p class=\"entry-summary\">The post Humanists International joins Human Rights and Democracy Network appeared first on Humanists International.<\/p>\r\n\t\t\t\t\t\t<div class=\"p-meta has-bookmark\">\r\n\t\t\t\t<div class=\"meta-inner is-meta\">\r\n\t\t\t\t\t\t\t<div class=\"meta-el meta-author\">\r\n\t\t\t<a href=\"https:\/\/theglobalhumanist.com\/de\/author\/ad4min\/\"><\/a>\t\t<\/div>\r\n\t\t\t\t<div class=\"meta-el meta-read\">0 Min Read<\/div>\r\n\t\t\t\t\t\t<\/div>\r\n\t\t\t\t<span class=\"rb-bookmark bookmark-trigger\" data-pid=\"4434\"><\/span>\t\t\t<\/div>\r\n\t\t\t\t\t\t<\/div>\r\n\t\t\t<\/div>\r\n\t\t<\/div>\r\n\t\t\t\t<\/div>\r\n\t<\/div><\/div>\t\t\t\t<\/div>\n\t\t\t\t<\/div>\n\t\t\t\t<\/div>\n\t\t<div class=\"elementor-element elementor-element-75fff00 e-con-full e-flex e-con e-child\" data-id=\"75fff00\" data-element_type=\"container\">\n\t\t\t\t<div class=\"elementor-element elementor-element-c3f33ff elementor-widget elementor-widget-foxiz-list-small-1\" data-id=\"c3f33ff\" data-element_type=\"widget\" data-widget_type=\"foxiz-list-small-1.default\">\n\t\t\t\t<div class=\"elementor-widget-container\">\n\t\t\t\t\t<div id=\"uid_c3f33ff\" class=\"block-wrap block-small block-list block-list-small-1 rb-columns rb-col-2 rb-tcol-4 rb-mcol-1 is-gap-custom col-border is-border-gray bottom-border is-b-border-gray no-last-bb meta-s-line\"><div class=\"block-inner\">\t\t<div class=\"p-wrap p-small p-list-small-1\" data-pid=\"4434\">\r\n\t\t\t<div class=\"p-content\">\r\n\t\t\t<h3 class=\"entry-title\">\t\t<a class=\"p-url\" href=\"https:\/\/theglobalhumanist.com\/de\/humanists-international-joins-human-rights-and-democracy-network\/\" rel=\"bookmark\">Humanists International joins Human Rights and Democracy Network<\/a><\/h3><p class=\"entry-summary\">The post Humanists International joins Human Rights and Democracy Network appeared first on Humanists International.<\/p>\r\n\t\t\t\t\t\t<div class=\"p-meta has-bookmark\">\r\n\t\t\t\t<div class=\"meta-inner is-meta\">\r\n\t\t\t\t\t\t\t<div class=\"meta-el meta-author\">\r\n\t\t\t<a href=\"https:\/\/theglobalhumanist.com\/de\/author\/ad4min\/\"><\/a>\t\t<\/div>\r\n\t\t\t\t\t\t<\/div>\r\n\t\t\t\t<span class=\"rb-bookmark bookmark-trigger\" data-pid=\"4434\"><\/span>\t\t\t<\/div>\r\n\t\t\t\t<\/div>\r\n\t\t\t\t<\/div>\r\n\t\t\t<div class=\"p-wrap p-small p-list-small-1\" data-pid=\"4433\">\r\n\t\t\t<div class=\"p-content\">\r\n\t\t\t<h3 class=\"entry-title\">\t\t<a class=\"p-url\" href=\"https:\/\/theglobalhumanist.com\/de\/council-of-europe-parliamentary-assembly-passes-resolution-on-freedom-of-religion-or-belief\/\" rel=\"bookmark\">Council of Europe Parliamentary Assembly passes resolution on freedom of religion or belief<\/a><\/h3><p class=\"entry-summary\">The post Council of Europe Parliamentary Assembly passes resolution on freedom of religion or belief&hellip;<\/p>\r\n\t\t\t\t\t\t<div class=\"p-meta has-bookmark\">\r\n\t\t\t\t<div class=\"meta-inner is-meta\">\r\n\t\t\t\t\t\t\t<div class=\"meta-el meta-author\">\r\n\t\t\t<a href=\"https:\/\/theglobalhumanist.com\/de\/author\/ad4min\/\"><\/a>\t\t<\/div>\r\n\t\t\t\t\t\t<\/div>\r\n\t\t\t\t<span class=\"rb-bookmark bookmark-trigger\" data-pid=\"4433\"><\/span>\t\t\t<\/div>\r\n\t\t\t\t<\/div>\r\n\t\t\t\t<\/div>\r\n\t\t\t<div class=\"p-wrap p-small p-list-small-1\" data-pid=\"4432\">\r\n\t\t\t<div class=\"p-content\">\r\n\t\t\t<h3 class=\"entry-title\">\t\t<a class=\"p-url\" href=\"https:\/\/theglobalhumanist.com\/de\/belgian-and-danish-humanists-voice-concerns-ahead-of-un-human-rights-reviews\/\" rel=\"bookmark\">Belgian and Danish humanists voice concerns ahead of UN human rights reviews<\/a><\/h3><p class=\"entry-summary\">The post Belgian and Danish humanists voice concerns ahead of UN human rights reviews appeared&hellip;<\/p>\r\n\t\t\t\t\t\t<div class=\"p-meta has-bookmark\">\r\n\t\t\t\t<div class=\"meta-inner is-meta\">\r\n\t\t\t\t\t\t\t<div class=\"meta-el meta-author\">\r\n\t\t\t<a href=\"https:\/\/theglobalhumanist.com\/de\/author\/ad4min\/\"><\/a>\t\t<\/div>\r\n\t\t\t\t\t\t<\/div>\r\n\t\t\t\t<span class=\"rb-bookmark bookmark-trigger\" data-pid=\"4432\"><\/span>\t\t\t<\/div>\r\n\t\t\t\t<\/div>\r\n\t\t\t\t<\/div>\r\n\t\t\t<div class=\"p-wrap p-small p-list-small-1\" data-pid=\"4431\">\r\n\t\t\t<div class=\"p-content\">\r\n\t\t\t<h3 class=\"entry-title\">\t\t<a class=\"p-url\" href=\"https:\/\/theglobalhumanist.com\/de\/humanists-international-warns-against-regional-escalation-at-the-un-foregrounding-human-rights-concerns\/\" rel=\"bookmark\">Humanists International warns against regional escalation at the UN, foregrounding human rights concerns<\/a><\/h3><p class=\"entry-summary\">The post Humanists International warns against regional escalation at the UN, foregrounding human rights concerns&hellip;<\/p>\r\n\t\t\t\t\t\t<div class=\"p-meta has-bookmark\">\r\n\t\t\t\t<div class=\"meta-inner is-meta\">\r\n\t\t\t\t\t\t\t<div class=\"meta-el meta-author\">\r\n\t\t\t<a href=\"https:\/\/theglobalhumanist.com\/de\/author\/ad4min\/\"><\/a>\t\t<\/div>\r\n\t\t\t\t\t\t<\/div>\r\n\t\t\t\t<span class=\"rb-bookmark bookmark-trigger\" data-pid=\"4431\"><\/span>\t\t\t<\/div>\r\n\t\t\t\t<\/div>\r\n\t\t\t\t<\/div>\r\n\t<\/div><\/div>\t\t\t\t<\/div>\n\t\t\t\t<\/div>\n\t\t\t\t<\/div>\n\t\t\t\t\t<\/div>\n\t\t\t\t<\/div>\n\t\t<div class=\"elementor-element elementor-element-c8613ce e-flex e-con-boxed e-con e-parent\" data-id=\"c8613ce\" data-element_type=\"container\">\n\t\t\t\t\t<div class=\"e-con-inner\">\n\t\t\t\t<div class=\"elementor-element elementor-element-892d7a5 elementor-widget elementor-widget-foxiz-heading\" data-id=\"892d7a5\" data-element_type=\"widget\" data-widget_type=\"foxiz-heading.default\">\n\t\t\t\t<div class=\"elementor-widget-container\">\n\t\t\t\t\t<div id=\"uid_892d7a5\" class=\"block-h heading-layout-5\"><div class=\"heading-inner\"><h3 class=\"heading-title\"><a class=\"h-link\" href=\"https:\/\/foxiz.themeruby.com\/time\/category\/travel\/\">Reisen<\/a><\/h3><div class=\"heading-tagline h6\"><a class=\"heading-tagline-label\" href=\"https:\/\/foxiz.themeruby.com\/time\/category\/travel\/\">Weitere Beitr\u00e4ge<\/a><\/div><\/div><\/div>\t\t\t\t<\/div>\n\t\t\t\t<\/div>\n\t\t\t\t<div class=\"elementor-element elementor-element-512876f elementor-widget elementor-widget-foxiz-grid-1\" data-id=\"512876f\" data-element_type=\"widget\" data-widget_type=\"foxiz-grid-1.default\">\n\t\t\t\t<div class=\"elementor-widget-container\">\n\t\t\t\t\t<div id=\"uid_512876f\" class=\"block-wrap block-grid block-grid-1 is-thoz-scroll rb-columns rb-col-5 rb-mcol-1 is-gap-custom col-border is-border-gray hovering-fade bottom-border is-b-border-gray no-last-bb is-m-list meta-s-line\"><div class=\"block-inner\">\t\t<div class=\"p-wrap p-grid p-grid-1\" data-pid=\"3646\">\r\n\t\t\t\t<div class=\"feat-holder\">\r\n\t\t\t\t\t\t<div class=\"p-featured\">\r\n\t\t\t\t\t<a class=\"p-flink\" href=\"https:\/\/theglobalhumanist.com\/de\/the-monarchy-a-critique-of-britains-favorite-fetish-by-christopher-hitchens\/\" title=\"Die Monarchie: Eine Kritik des beliebtesten Fetischs Gro\u00dfbritanniens von Christopher Hitchens\">\r\n\t\t\t<img loading=\"lazy\" decoding=\"async\" width=\"326\" height=\"220\" src=\"https:\/\/theglobalhumanist.com\/wp-content\/uploads\/2024\/07\/The-Monarchy-by-Christopher-Hitchens-326x220.jpg\" class=\"featured-img wp-post-image\" alt=\"\" \/>\t\t<\/a>\r\n\t\t\t\t<\/div>\r\n\t<\/div>\r\n\t\t<h3 class=\"entry-title\">\t\t<a class=\"p-url\" href=\"https:\/\/theglobalhumanist.com\/de\/the-monarchy-a-critique-of-britains-favorite-fetish-by-christopher-hitchens\/\" rel=\"bookmark\">Die Monarchie: Eine Kritik des beliebtesten Fetischs Gro\u00dfbritanniens von Christopher Hitchens<\/a><\/h3><p class=\"entry-summary mobile-hide\">\u201eDie Monarchie: Eine Kritik an Gro\u00dfbritanniens beliebtestem Fetisch\u201c von Christopher Hitchens bietet eine vernichtende Untersuchung der britischen Monarchie. Hitchens\u2026<\/p>\r\n\t\t\t\t\t\t<div class=\"p-meta has-bookmark\">\r\n\t\t\t\t<div class=\"meta-inner is-meta\">\r\n\t\t\t\t\t\t\t<div class=\"meta-el meta-author\">\r\n\t\t\t<a href=\"https:\/\/theglobalhumanist.com\/de\/author\/ad4min\/\"><\/a>\t\t<\/div>\r\n\t\t\t\t\t\t<\/div>\r\n\t\t\t\t<span class=\"rb-bookmark bookmark-trigger\" data-pid=\"3646\"><\/span>\t\t\t<\/div>\r\n\t\t\t\t<\/div>\r\n\t\t\t<div class=\"p-wrap p-grid p-grid-1\" data-pid=\"4390\">\r\n\t<h3 class=\"entry-title\">\t\t<a class=\"p-url\" href=\"https:\/\/theglobalhumanist.com\/de\/humanists-international-calls-on-eu-to-protect-civic-space-and-ensure-equal-public-participation\/\" rel=\"bookmark\">Humanists International calls on EU to protect civic space and ensure equal public participation<\/a><\/h3><p class=\"entry-summary mobile-hide\">The post Humanists International calls on EU to protect civic space and ensure equal public participation appeared first on Humanists&hellip;<\/p>\r\n\t\t\t\t\t\t<div class=\"p-meta has-bookmark\">\r\n\t\t\t\t<div class=\"meta-inner is-meta\">\r\n\t\t\t\t\t\t\t<div class=\"meta-el meta-author\">\r\n\t\t\t<a href=\"https:\/\/theglobalhumanist.com\/de\/author\/ad4min\/\"><\/a>\t\t<\/div>\r\n\t\t\t\t\t\t<\/div>\r\n\t\t\t\t<span class=\"rb-bookmark bookmark-trigger\" data-pid=\"4390\"><\/span>\t\t\t<\/div>\r\n\t\t\t\t<\/div>\r\n\t\t\t<div class=\"p-wrap p-grid p-grid-1\" data-pid=\"3368\">\r\n\t\t\t\t<div class=\"feat-holder\">\r\n\t\t\t\t\t\t<div class=\"p-featured\">\r\n\t\t\t\t\t<a class=\"p-flink\" href=\"https:\/\/theglobalhumanist.com\/de\/jesus-interrupted-revealing-the-hidden-contradictions-in-the-bible-and-why-we-dont-know-about-them-by-bart-d-ehrman\/\" title=\"Jesus, unterbrochen: Die Enth\u00fcllung der verborgenen Widerspr\u00fcche in der Bibel (und warum wir nichts davon wissen) von Bart D. Ehrman\">\r\n\t\t\t<img loading=\"lazy\" decoding=\"async\" width=\"330\" height=\"220\" src=\"https:\/\/theglobalhumanist.com\/wp-content\/uploads\/2024\/07\/Jesus-Interrupted-Revealing-the-Hidden-Contradictions-in-the-Bible-And-Why-We-Dont-Know-About-Them-by-Bart-D.-Ehrman-330x220.jpg\" class=\"featured-img wp-post-image\" alt=\"\" \/>\t\t<\/a>\r\n\t\t\t\t<\/div>\r\n\t<\/div>\r\n\t\t<h3 class=\"entry-title\">\t\t<a class=\"p-url\" href=\"https:\/\/theglobalhumanist.com\/de\/jesus-interrupted-revealing-the-hidden-contradictions-in-the-bible-and-why-we-dont-know-about-them-by-bart-d-ehrman\/\" rel=\"bookmark\">Jesus, unterbrochen: Die Enth\u00fcllung der verborgenen Widerspr\u00fcche in der Bibel (und warum wir nichts davon wissen) von Bart D. Ehrman<\/a><\/h3><p class=\"entry-summary mobile-hide\">\u201eJesus, Interrupted\u201c von Bart D. Ehrman deckt die Ungereimtheiten und Widerspr\u00fcche im Neuen Testament auf. Der Bibelwissenschaftler untersucht\u2026<\/p>\r\n\t\t\t\t\t\t<div class=\"p-meta has-bookmark\">\r\n\t\t\t\t<div class=\"meta-inner is-meta\">\r\n\t\t\t\t\t\t\t<div class=\"meta-el meta-author\">\r\n\t\t\t<a href=\"https:\/\/theglobalhumanist.com\/de\/author\/ad4min\/\"><\/a>\t\t<\/div>\r\n\t\t\t\t\t\t<\/div>\r\n\t\t\t\t<span class=\"rb-bookmark bookmark-trigger\" data-pid=\"3368\"><\/span>\t\t\t<\/div>\r\n\t\t\t\t<\/div>\r\n\t\t\t<div class=\"p-wrap p-grid p-grid-1\" data-pid=\"4414\">\r\n\t<h3 class=\"entry-title\">\t\t<a class=\"p-url\" href=\"https:\/\/theglobalhumanist.com\/de\/listen-now-humanists-international-launches-podcast\/\" rel=\"bookmark\">Listen Now: Humanists International Launches Podcast<\/a><\/h3><p class=\"entry-summary mobile-hide\">The post Listen Now: Humanists International Launches Podcast appeared first on Humanists International.<\/p>\r\n\t\t\t\t\t\t<div class=\"p-meta has-bookmark\">\r\n\t\t\t\t<div class=\"meta-inner is-meta\">\r\n\t\t\t\t\t\t\t<div class=\"meta-el meta-author\">\r\n\t\t\t<a href=\"https:\/\/theglobalhumanist.com\/de\/author\/ad4min\/\"><\/a>\t\t<\/div>\r\n\t\t\t\t\t\t<\/div>\r\n\t\t\t\t<span class=\"rb-bookmark bookmark-trigger\" data-pid=\"4414\"><\/span>\t\t\t<\/div>\r\n\t\t\t\t<\/div>\r\n\t\t\t<div class=\"p-wrap p-grid p-grid-1\" data-pid=\"3362\">\r\n\t\t\t\t<div class=\"feat-holder\">\r\n\t\t\t\t\t\t<div class=\"p-featured\">\r\n\t\t\t\t\t<a class=\"p-flink\" href=\"https:\/\/theglobalhumanist.com\/de\/ishmael-an-adventure-of-the-mind-and-spirit-by-daniel-quinn\/\" title=\"Ishmael: Ein Abenteuer des Geistes und der Seele von Daniel Quinn\">\r\n\t\t\t<img loading=\"lazy\" decoding=\"async\" width=\"330\" height=\"220\" src=\"https:\/\/theglobalhumanist.com\/wp-content\/uploads\/2024\/07\/Ishmael-Adventure-of-the-Mind-and-Spirit-by-Daniel-Quinn-330x220.jpg\" class=\"featured-img wp-post-image\" alt=\"\" \/>\t\t<\/a>\r\n\t\t\t\t<\/div>\r\n\t<\/div>\r\n\t\t<h3 class=\"entry-title\">\t\t<a class=\"p-url\" href=\"https:\/\/theglobalhumanist.com\/de\/ishmael-an-adventure-of-the-mind-and-spirit-by-daniel-quinn\/\" rel=\"bookmark\">Ishmael: Ein Abenteuer des Geistes und der Seele von Daniel Quinn<\/a><\/h3><p class=\"entry-summary mobile-hide\">\u201eIshmael: An Adventure of the Mind and Spirit\u201c von Daniel Quinn ist ein philosophischer Roman, der die Beziehung der Menschheit zu \u2026 untersucht.<\/p>\r\n\t\t\t\t\t\t<div class=\"p-meta has-bookmark\">\r\n\t\t\t\t<div class=\"meta-inner is-meta\">\r\n\t\t\t\t\t\t\t<div class=\"meta-el meta-author\">\r\n\t\t\t<a href=\"https:\/\/theglobalhumanist.com\/de\/author\/ad4min\/\"><\/a>\t\t<\/div>\r\n\t\t\t\t\t\t<\/div>\r\n\t\t\t\t<span class=\"rb-bookmark bookmark-trigger\" data-pid=\"3362\"><\/span>\t\t\t<\/div>\r\n\t\t\t\t<\/div>\r\n\t<\/div><\/div>\t\t\t\t<\/div>\n\t\t\t\t<\/div>\n\t\t\t\t\t<\/div>\n\t\t\t\t<\/div>\n\t\t<div class=\"elementor-element elementor-element-37e17ec e-flex e-con-boxed e-con e-parent\" data-id=\"37e17ec\" data-element_type=\"container\">\n\t\t\t\t\t<div class=\"e-con-inner\">\n\t\t\t\t<div class=\"elementor-element elementor-element-092227b elementor-widget elementor-widget-foxiz-heading\" data-id=\"092227b\" data-element_type=\"widget\" data-widget_type=\"foxiz-heading.default\">\n\t\t\t\t<div class=\"elementor-widget-container\">\n\t\t\t\t\t<div id=\"uid_092227b\" class=\"block-h heading-layout-5\"><div class=\"heading-inner\"><h3 class=\"heading-title\"><a class=\"h-link\" href=\"https:\/\/foxiz.themeruby.com\/buzzstream\/blog\">Aktuelle Neuigkeiten<\/a><\/h3><div class=\"heading-tagline h6\"><a class=\"heading-tagline-label\" href=\"https:\/\/foxiz.themeruby.com\/buzzstream\/blog\">Aus dem Blog<\/a><\/div><\/div><\/div>\t\t\t\t<\/div>\n\t\t\t\t<\/div>\n\t\t\t\t<div class=\"elementor-element elementor-element-bdd7145 elementor-widget elementor-widget-foxiz-list-box-1\" data-id=\"bdd7145\" data-element_type=\"widget\" data-widget_type=\"foxiz-list-box-1.default\">\n\t\t\t\t<div class=\"elementor-widget-container\">\n\t\t\t\t\t<div id=\"uid_bdd7145\" class=\"block-wrap block-big block-list block-list-box-1 rb-columns rb-col-1 rb-tcol-1 rb-mcol-1 light-scheme hovering-fade p-vtop ecat-bg-4 ecat-size-big is-feat-left meta-s-line\"><div class=\"block-inner\">\t\t<div class=\"p-wrap p-list p-box p-list-1 p-list-box-1 box-bg\" data-pid=\"3768\">\r\n\t\t\t<div class=\"list-box\">\r\n\t\t\t<div class=\"list-holder\">\r\n\t\t\t\t<div class=\"list-feat-holder\">\r\n\t\t\t\t\t\t\t\t<div class=\"feat-holder\">\r\n\t\t\t\t\t\t<div class=\"p-featured\">\r\n\t\t\t\t\t<a class=\"p-flink\" href=\"https:\/\/theglobalhumanist.com\/de\/why-we-believe-in-gods-a-concise-guide-to-the-science-of-faith-by-j-anderson-thomson-with-clare-aukofer\/\" title=\"Warum wir an Gott(e) glauben: Ein kompakter Leitfaden zur Wissenschaft des Glaubens von J. Anderson Thomson mit Clare Aukofer\">\r\n\t\t\t<img fetchpriority=\"high\" decoding=\"async\" width=\"339\" height=\"410\" src=\"https:\/\/theglobalhumanist.com\/wp-content\/uploads\/2024\/07\/Why-We-Believe-in-Gods-A-Concise-Guide-to-the-Science-of-Faith-by-J.-Anderson-Thomson-with-Clare-Aukofer-339x410.jpg\" class=\"featured-img wp-post-image\" alt=\"\" loading=\"eager\" \/>\t\t<\/a>\r\n\t\t\t\t<\/div>\r\n\t<div class=\"p-categories light-scheme p-top\"><a class=\"p-category category-id-851\" href=\"https:\/\/theglobalhumanist.com\/de\/category\/books\/\" rel=\"category\">B\u00fccher<\/a><a class=\"p-category category-id-45\" href=\"https:\/\/theglobalhumanist.com\/de\/category\/philosophy\/\" rel=\"category\">Philosophie<\/a><\/div><\/div>\r\n\t\t\t\t\t\t<\/div>\r\n\t\t\t\t<div class=\"p-content\">\r\n\t\t\t\t\t<h2 class=\"entry-title\">\t\t<a class=\"p-url\" href=\"https:\/\/theglobalhumanist.com\/de\/why-we-believe-in-gods-a-concise-guide-to-the-science-of-faith-by-j-anderson-thomson-with-clare-aukofer\/\" rel=\"bookmark\">Warum wir an Gott(e) glauben: Ein kompakter Leitfaden zur Wissenschaft des Glaubens von J. Anderson Thomson mit Clare Aukofer<\/a><\/h2><p class=\"entry-summary\">\u201eWarum wir an Gott(e) glauben: Ein kompakter Leitfaden zur Wissenschaft des Glaubens\u201c von J. Anderson Thomson und Clare Aukofer untersucht die psychologischen und evolution\u00e4ren Gr\u00fcnde religi\u00f6ser \u00dcberzeugungen. Die\u2026<\/p>\r\n\t\t\t\t\t\t<div class=\"p-meta has-bookmark\">\r\n\t\t\t\t<div class=\"meta-inner is-meta\">\r\n\t\t\t\t\t\t\t<div class=\"meta-el meta-author\">\r\n\t\t\t<a href=\"https:\/\/theglobalhumanist.com\/de\/author\/ad4min\/\"><\/a>\t\t<\/div>\r\n\t\t\t\t<div class=\"meta-el meta-read\">1 Min Read<\/div>\r\n\t\t\t\t\t\t<\/div>\r\n\t\t\t\t<span class=\"rb-bookmark bookmark-trigger\" data-pid=\"3768\"><\/span>\t\t\t<\/div>\r\n\t\t\t\t\t\t<\/div>\r\n\t\t\t<\/div>\r\n\t\t<\/div>\r\n\t\t\t\t<\/div>\r\n\t<\/div><\/div>\t\t\t\t<\/div>\n\t\t\t\t<\/div>\n\t\t\t\t<div class=\"elementor-element elementor-element-7e576c4 elementor-widget__width-inherit elementor-widget elementor-widget-foxiz-categories-5\" data-id=\"7e576c4\" data-element_type=\"widget\" data-widget_type=\"foxiz-categories-5.default\">\n\t\t\t\t<div class=\"elementor-widget-container\">\n\t\t\t\t\t<div id=\"uid_7e576c4\" class=\"block-wrap block-categories block-categories-5 rb-columns rb-col-6 rb-tcol-6 rb-mcol-3 is-gap-custom meta-s-line\"><\/div>\t\t\t\t<\/div>\n\t\t\t\t<\/div>\n\t\t\t\t\t<\/div>\n\t\t\t\t<\/div>\n\t\t<div class=\"elementor-element elementor-element-1b1feaf e-flex e-con-boxed e-con e-parent\" data-id=\"1b1feaf\" data-element_type=\"container\">\n\t\t\t\t\t<div class=\"e-con-inner\">\n\t\t<div class=\"elementor-element elementor-element-54d5ff1 e-con-full e-flex e-con e-child\" data-id=\"54d5ff1\" data-element_type=\"container\">\n\t\t\t\t<div class=\"elementor-element elementor-element-f788a39 elementor-widget elementor-widget-foxiz-list-1\" data-id=\"f788a39\" data-element_type=\"widget\" data-widget_type=\"foxiz-list-1.default\">\n\t\t\t\t<div class=\"elementor-widget-container\">\n\t\t\t\t\t<div id=\"uid_f788a39\" class=\"block-wrap block-big block-list block-list-1 rb-columns rb-col-1 rb-tcol-1 rb-mcol-1 hovering-fade bottom-border is-b-border-gray no-last-bb is-pagi-text p-vtop ecat-bg-4 is-feat-left meta-s-line\"><div class=\"block-inner\">\t\t<div class=\"p-wrap p-list p-list-1\" data-pid=\"4434\">\r\n\t\t\t<div class=\"list-holder\">\r\n\t\t\t<div class=\"list-feat-holder\">\r\n\t\t\t\t\t\t\t<\/div>\r\n\t\t\t<div class=\"p-content\">\r\n\t\t\t\t<h3 class=\"entry-title\">\t\t<a class=\"p-url\" href=\"https:\/\/theglobalhumanist.com\/de\/humanists-international-joins-human-rights-and-democracy-network\/\" rel=\"bookmark\">Humanists International joins Human Rights and Democracy Network<\/a><\/h3><p class=\"entry-summary mobile-hide\">The post Humanists International joins Human Rights and Democracy Network appeared first on Humanists International.<\/p>\r\n\t\t\t\t\t\t<div class=\"p-meta has-bookmark\">\r\n\t\t\t\t<div class=\"meta-inner is-meta\">\r\n\t\t\t\t\t\t\t<div class=\"meta-el meta-author\">\r\n\t\t\t<a href=\"https:\/\/theglobalhumanist.com\/de\/author\/ad4min\/\"><\/a>\t\t<\/div>\r\n\t\t\t\t<div class=\"meta-el meta-read\">0 Min Read<\/div>\r\n\t\t\t\t\t\t<\/div>\r\n\t\t\t\t<span class=\"rb-bookmark bookmark-trigger\" data-pid=\"4434\"><\/span>\t\t\t<\/div>\r\n\t\t\t\t\t<\/div>\r\n\t\t<\/div>\r\n\t\t\t\t<\/div>\r\n\t\t\t<div class=\"p-wrap p-list p-list-1\" data-pid=\"4433\">\r\n\t\t\t<div class=\"list-holder\">\r\n\t\t\t<div class=\"list-feat-holder\">\r\n\t\t\t\t\t\t\t<\/div>\r\n\t\t\t<div class=\"p-content\">\r\n\t\t\t\t<h3 class=\"entry-title\">\t\t<a class=\"p-url\" href=\"https:\/\/theglobalhumanist.com\/de\/council-of-europe-parliamentary-assembly-passes-resolution-on-freedom-of-religion-or-belief\/\" rel=\"bookmark\">Council of Europe Parliamentary Assembly passes resolution on freedom of religion or belief<\/a><\/h3><p class=\"entry-summary mobile-hide\">The post Council of Europe Parliamentary Assembly passes resolution on freedom of religion or belief appeared first on Humanists International.<\/p>\r\n\t\t\t\t\t\t<div class=\"p-meta has-bookmark\">\r\n\t\t\t\t<div class=\"meta-inner is-meta\">\r\n\t\t\t\t\t\t\t<div class=\"meta-el meta-author\">\r\n\t\t\t<a href=\"https:\/\/theglobalhumanist.com\/de\/author\/ad4min\/\"><\/a>\t\t<\/div>\r\n\t\t\t\t<div class=\"meta-el meta-read\">0 Min Read<\/div>\r\n\t\t\t\t\t\t<\/div>\r\n\t\t\t\t<span class=\"rb-bookmark bookmark-trigger\" data-pid=\"4433\"><\/span>\t\t\t<\/div>\r\n\t\t\t\t\t<\/div>\r\n\t\t<\/div>\r\n\t\t\t\t<\/div>\r\n\t\t\t<div class=\"p-wrap p-list p-list-1\" data-pid=\"4432\">\r\n\t\t\t<div class=\"list-holder\">\r\n\t\t\t<div class=\"list-feat-holder\">\r\n\t\t\t\t\t\t\t<\/div>\r\n\t\t\t<div class=\"p-content\">\r\n\t\t\t\t<h3 class=\"entry-title\">\t\t<a class=\"p-url\" href=\"https:\/\/theglobalhumanist.com\/de\/belgian-and-danish-humanists-voice-concerns-ahead-of-un-human-rights-reviews\/\" rel=\"bookmark\">Belgian and Danish humanists voice concerns ahead of UN human rights reviews<\/a><\/h3><p class=\"entry-summary mobile-hide\">The post Belgian and Danish humanists voice concerns ahead of UN human rights reviews appeared first on Humanists International.<\/p>\r\n\t\t\t\t\t\t<div class=\"p-meta has-bookmark\">\r\n\t\t\t\t<div class=\"meta-inner is-meta\">\r\n\t\t\t\t\t\t\t<div class=\"meta-el meta-author\">\r\n\t\t\t<a href=\"https:\/\/theglobalhumanist.com\/de\/author\/ad4min\/\"><\/a>\t\t<\/div>\r\n\t\t\t\t<div class=\"meta-el meta-read\">0 Min Read<\/div>\r\n\t\t\t\t\t\t<\/div>\r\n\t\t\t\t<span class=\"rb-bookmark bookmark-trigger\" data-pid=\"4432\"><\/span>\t\t\t<\/div>\r\n\t\t\t\t\t<\/div>\r\n\t\t<\/div>\r\n\t\t\t\t<\/div>\r\n\t\t\t<div class=\"p-wrap p-list p-list-1\" data-pid=\"4431\">\r\n\t\t\t<div class=\"list-holder\">\r\n\t\t\t<div class=\"list-feat-holder\">\r\n\t\t\t\t\t\t\t<\/div>\r\n\t\t\t<div class=\"p-content\">\r\n\t\t\t\t<h3 class=\"entry-title\">\t\t<a class=\"p-url\" href=\"https:\/\/theglobalhumanist.com\/de\/humanists-international-warns-against-regional-escalation-at-the-un-foregrounding-human-rights-concerns\/\" rel=\"bookmark\">Humanists International warns against regional escalation at the UN, foregrounding human rights concerns<\/a><\/h3><p class=\"entry-summary mobile-hide\">The post Humanists International warns against regional escalation at the UN, foregrounding human rights concerns appeared first on Humanists International.<\/p>\r\n\t\t\t\t\t\t<div class=\"p-meta has-bookmark\">\r\n\t\t\t\t<div class=\"meta-inner is-meta\">\r\n\t\t\t\t\t\t\t<div class=\"meta-el meta-author\">\r\n\t\t\t<a href=\"https:\/\/theglobalhumanist.com\/de\/author\/ad4min\/\"><\/a>\t\t<\/div>\r\n\t\t\t\t<div class=\"meta-el meta-read\">0 Min Read<\/div>\r\n\t\t\t\t\t\t<\/div>\r\n\t\t\t\t<span class=\"rb-bookmark bookmark-trigger\" data-pid=\"4431\"><\/span>\t\t\t<\/div>\r\n\t\t\t\t\t<\/div>\r\n\t\t<\/div>\r\n\t\t\t\t<\/div>\r\n\t\t\t<div class=\"p-wrap p-list p-list-1\" data-pid=\"4425\">\r\n\t\t\t<div class=\"list-holder\">\r\n\t\t\t<div class=\"list-feat-holder\">\r\n\t\t\t\t\t\t\t<div class=\"feat-holder\">\r\n\t\t\t\t\t\t<div class=\"p-featured\">\r\n\t\t\t\t\t<a class=\"p-flink\" href=\"https:\/\/theglobalhumanist.com\/de\/humanists-international-welcomes-mairead-mcguinness-as-eu-special-envoy-on-forb-reiterates-structural-concerns\/\" title=\"Humanists International Welcomes Mairead McGuinness as EU Special Envoy on FoRB, Reiterates Structural Concerns\">\r\n\t\t\t<img loading=\"lazy\" decoding=\"async\" width=\"77\" height=\"77\" src=\"https:\/\/theglobalhumanist.com\/wp-content\/uploads\/2026\/04\/feedzy-tG7Qz8.svgz\" class=\"featured-img wp-post-image\" alt=\"\" \/>\t\t<\/a>\r\n\t\t\t\t<\/div>\r\n\t<\/div>\r\n\t\t\t\t\t<\/div>\r\n\t\t\t<div class=\"p-content\">\r\n\t\t\t\t<h3 class=\"entry-title\">\t\t<a class=\"p-url\" href=\"https:\/\/theglobalhumanist.com\/de\/humanists-international-welcomes-mairead-mcguinness-as-eu-special-envoy-on-forb-reiterates-structural-concerns\/\" rel=\"bookmark\">Humanists International Welcomes Mairead McGuinness as EU Special Envoy on FoRB, Reiterates Structural Concerns<\/a><\/h3><p class=\"entry-summary mobile-hide\">The post Humanists International Welcomes Mairead McGuinness as EU Special Envoy on FoRB, Reiterates Structural Concerns appeared first on Humanists International.<\/p>\r\n\t\t\t\t\t\t<div class=\"p-meta has-bookmark\">\r\n\t\t\t\t<div class=\"meta-inner is-meta\">\r\n\t\t\t\t\t\t\t<div class=\"meta-el meta-author\">\r\n\t\t\t<a href=\"https:\/\/theglobalhumanist.com\/de\/author\/ad4min\/\"><\/a>\t\t<\/div>\r\n\t\t\t\t<div class=\"meta-el meta-read\">0 Min Read<\/div>\r\n\t\t\t\t\t\t<\/div>\r\n\t\t\t\t<span class=\"rb-bookmark bookmark-trigger\" data-pid=\"4425\"><\/span>\t\t\t<\/div>\r\n\t\t\t\t\t<\/div>\r\n\t\t<\/div>\r\n\t\t\t\t<\/div>\r\n\t\t\t<div class=\"p-wrap p-list p-list-1\" data-pid=\"4427\">\r\n\t\t\t<div class=\"list-holder\">\r\n\t\t\t<div class=\"list-feat-holder\">\r\n\t\t\t\t\t\t\t<div class=\"feat-holder\">\r\n\t\t\t\t\t\t<div class=\"p-featured\">\r\n\t\t\t\t\t<a class=\"p-flink\" href=\"https:\/\/theglobalhumanist.com\/de\/humanists-international-warns-against-instrumentalization-of-religious-freedom-at-the-un\/\" title=\"Humanists International warns against \u201cinstrumentalization\u201d of religious freedom at the UN\">\r\n\t\t\t<img loading=\"lazy\" decoding=\"async\" width=\"77\" height=\"77\" src=\"https:\/\/theglobalhumanist.com\/wp-content\/uploads\/2026\/04\/feedzy-LPJcbk.svgz\" class=\"featured-img wp-post-image\" alt=\"\" \/>\t\t<\/a>\r\n\t\t\t\t<\/div>\r\n\t<\/div>\r\n\t\t\t\t\t<\/div>\r\n\t\t\t<div class=\"p-content\">\r\n\t\t\t\t<h3 class=\"entry-title\">\t\t<a class=\"p-url\" href=\"https:\/\/theglobalhumanist.com\/de\/humanists-international-warns-against-instrumentalization-of-religious-freedom-at-the-un\/\" rel=\"bookmark\">Humanists International warns against \u201cinstrumentalization\u201d of religious freedom at the UN<\/a><\/h3><p class=\"entry-summary mobile-hide\">The post Humanists International warns against \u201cinstrumentalization\u201d of religious freedom at the UN appeared first on Humanists International.<\/p>\r\n\t\t\t\t\t\t<div class=\"p-meta has-bookmark\">\r\n\t\t\t\t<div class=\"meta-inner is-meta\">\r\n\t\t\t\t\t\t\t<div class=\"meta-el meta-author\">\r\n\t\t\t<a href=\"https:\/\/theglobalhumanist.com\/de\/author\/ad4min\/\"><\/a>\t\t<\/div>\r\n\t\t\t\t<div class=\"meta-el meta-read\">0 Min Read<\/div>\r\n\t\t\t\t\t\t<\/div>\r\n\t\t\t\t<span class=\"rb-bookmark bookmark-trigger\" data-pid=\"4427\"><\/span>\t\t\t<\/div>\r\n\t\t\t\t\t<\/div>\r\n\t\t<\/div>\r\n\t\t\t\t<\/div>\r\n\t\t\t<div class=\"p-wrap p-list p-list-1\" data-pid=\"4429\">\r\n\t\t\t<div class=\"list-holder\">\r\n\t\t\t<div class=\"list-feat-holder\">\r\n\t\t\t\t\t\t\t<div class=\"feat-holder\">\r\n\t\t\t\t\t\t<div class=\"p-featured\">\r\n\t\t\t\t\t<a class=\"p-flink\" href=\"https:\/\/theglobalhumanist.com\/de\/david-pineda-steps-down-from-humanists-international-board\/\" title=\"David Pineda steps down from Humanists International Board\">\r\n\t\t\t<img loading=\"lazy\" decoding=\"async\" width=\"77\" height=\"77\" src=\"https:\/\/theglobalhumanist.com\/wp-content\/uploads\/2026\/04\/feedzy-AXcX8p.svgz\" class=\"featured-img wp-post-image\" alt=\"\" \/>\t\t<\/a>\r\n\t\t\t\t<\/div>\r\n\t<\/div>\r\n\t\t\t\t\t<\/div>\r\n\t\t\t<div class=\"p-content\">\r\n\t\t\t\t<h3 class=\"entry-title\">\t\t<a class=\"p-url\" href=\"https:\/\/theglobalhumanist.com\/de\/david-pineda-steps-down-from-humanists-international-board\/\" rel=\"bookmark\">David Pineda steps down from Humanists International Board<\/a><\/h3><p class=\"entry-summary mobile-hide\">The post David Pineda steps down from Humanists International Board appeared first on Humanists International.<\/p>\r\n\t\t\t\t\t\t<div class=\"p-meta has-bookmark\">\r\n\t\t\t\t<div class=\"meta-inner is-meta\">\r\n\t\t\t\t\t\t\t<div class=\"meta-el meta-author\">\r\n\t\t\t<a href=\"https:\/\/theglobalhumanist.com\/de\/author\/ad4min\/\"><\/a>\t\t<\/div>\r\n\t\t\t\t<div class=\"meta-el meta-read\">0 Min Read<\/div>\r\n\t\t\t\t\t\t<\/div>\r\n\t\t\t\t<span class=\"rb-bookmark bookmark-trigger\" data-pid=\"4429\"><\/span>\t\t\t<\/div>\r\n\t\t\t\t\t<\/div>\r\n\t\t<\/div>\r\n\t\t\t\t<\/div>\r\n\t\t\t<div class=\"p-wrap p-list p-list-1\" data-pid=\"4424\">\r\n\t\t\t<div class=\"list-holder\">\r\n\t\t\t<div class=\"list-feat-holder\">\r\n\t\t\t\t\t\t\t<\/div>\r\n\t\t\t<div class=\"p-content\">\r\n\t\t\t\t<h3 class=\"entry-title\">\t\t<a class=\"p-url\" href=\"https:\/\/theglobalhumanist.com\/de\/at-un-turkiyes-blasphemy-laws-under-scrutiny\/\" rel=\"bookmark\">At UN, T\u00fcrkiye\u2019s \u201cblasphemy\u201d laws under scrutiny<\/a><\/h3><p class=\"entry-summary mobile-hide\">The post At UN, T\u00fcrkiye\u2019s \u201cblasphemy\u201d laws under scrutiny appeared first on Humanists International.<\/p>\r\n\t\t\t\t\t\t<div class=\"p-meta has-bookmark\">\r\n\t\t\t\t<div class=\"meta-inner is-meta\">\r\n\t\t\t\t\t\t\t<div class=\"meta-el meta-author\">\r\n\t\t\t<a href=\"https:\/\/theglobalhumanist.com\/de\/author\/ad4min\/\"><\/a>\t\t<\/div>\r\n\t\t\t\t<div class=\"meta-el meta-read\">0 Min Read<\/div>\r\n\t\t\t\t\t\t<\/div>\r\n\t\t\t\t<span class=\"rb-bookmark bookmark-trigger\" data-pid=\"4424\"><\/span>\t\t\t<\/div>\r\n\t\t\t\t\t<\/div>\r\n\t\t<\/div>\r\n\t\t\t\t<\/div>\r\n\t\t\t<div class=\"p-wrap p-list p-list-1\" data-pid=\"4423\">\r\n\t\t\t<div class=\"list-holder\">\r\n\t\t\t<div class=\"list-feat-holder\">\r\n\t\t\t\t\t\t\t<\/div>\r\n\t\t\t<div class=\"p-content\">\r\n\t\t\t\t<h3 class=\"entry-title\">\t\t<a class=\"p-url\" href=\"https:\/\/theglobalhumanist.com\/de\/humanists-international-statement-on-the-crisis-in-iran\/\" rel=\"bookmark\">Humanists International Statement on the Crisis in Iran<\/a><\/h3><p class=\"entry-summary mobile-hide\">The post Humanists International Statement on the Crisis in Iran appeared first on Humanists International.<\/p>\r\n\t\t\t\t\t\t<div class=\"p-meta has-bookmark\">\r\n\t\t\t\t<div class=\"meta-inner is-meta\">\r\n\t\t\t\t\t\t\t<div class=\"meta-el meta-author\">\r\n\t\t\t<a href=\"https:\/\/theglobalhumanist.com\/de\/author\/ad4min\/\"><\/a>\t\t<\/div>\r\n\t\t\t\t<div class=\"meta-el meta-read\">0 Min Read<\/div>\r\n\t\t\t\t\t\t<\/div>\r\n\t\t\t\t<span class=\"rb-bookmark bookmark-trigger\" data-pid=\"4423\"><\/span>\t\t\t<\/div>\r\n\t\t\t\t\t<\/div>\r\n\t\t<\/div>\r\n\t\t\t\t<\/div>\r\n\t\t\t<div class=\"p-wrap p-list p-list-1\" data-pid=\"4422\">\r\n\t\t\t<div class=\"list-holder\">\r\n\t\t\t<div class=\"list-feat-holder\">\r\n\t\t\t\t\t\t\t<\/div>\r\n\t\t\t<div class=\"p-content\">\r\n\t\t\t\t<h3 class=\"entry-title\">\t\t<a class=\"p-url\" href=\"https:\/\/theglobalhumanist.com\/de\/at-un-humanists-international-highlights-risks-to-childrens-education-rights-in-conflict\/\" rel=\"bookmark\">At UN, Humanists International highlights risks to children\u2019s\u2019 education rights in conflict<\/a><\/h3><p class=\"entry-summary mobile-hide\">The post At UN, Humanists International highlights risks to children\u2019s\u2019 education rights in conflict appeared first on Humanists International.<\/p>\r\n\t\t\t\t\t\t<div class=\"p-meta has-bookmark\">\r\n\t\t\t\t<div class=\"meta-inner is-meta\">\r\n\t\t\t\t\t\t\t<div class=\"meta-el meta-author\">\r\n\t\t\t<a href=\"https:\/\/theglobalhumanist.com\/de\/author\/ad4min\/\"><\/a>\t\t<\/div>\r\n\t\t\t\t<div class=\"meta-el meta-read\">0 Min Read<\/div>\r\n\t\t\t\t\t\t<\/div>\r\n\t\t\t\t<span class=\"rb-bookmark bookmark-trigger\" data-pid=\"4422\"><\/span>\t\t\t<\/div>\r\n\t\t\t\t\t<\/div>\r\n\t\t<\/div>\r\n\t\t\t\t<\/div>\r\n\t<\/div>\t\t<div class=\"pagination-wrap pagination-loadmore\">\r\n\t\t\t<a href=\"#\" class=\"loadmore-trigger\"><span>Show More<\/span><i class=\"rb-loader\" aria-hidden=\"true\"><\/i><\/a>\r\n\t\t<\/div>\r\n\t\t<\/div>\t\t\t\t<\/div>\n\t\t\t\t<\/div>\n\t\t\t\t<\/div>\n\t\t<div class=\"elementor-element elementor-element-efcf474 e-con-full rb-sticky e-flex e-con e-child\" data-id=\"efcf474\" data-element_type=\"container\">\n\t\t\t\t<div class=\"elementor-element elementor-element-574347f elementor-widget elementor-widget-foxiz-ad-image\" data-id=\"574347f\" data-element_type=\"widget\" data-widget_type=\"foxiz-ad-image.default\">\n\t\t\t\t<div class=\"elementor-widget-container\">\n\t\t\t\t\t<div class=\"ad-wrap ad-image-wrap\"><span class=\"ad-description is-meta\">- Werbung -<\/span><div class=\"ad-image\"><img loading=\"lazy\" decoding=\"async\" src=\"https:\/\/export.themeruby.com\/foxiz\/buzzstream\/wp-content\/uploads\/sites\/46\/2024\/01\/n-banner.jpg\" alt=\"Ad image\" width=\"400\" height=\"600\"\/><\/div><\/div>\t\t\t\t<\/div>\n\t\t\t\t<\/div>\n\t\t\t\t<div class=\"elementor-element elementor-element-cc91349 elementor-widget elementor-widget-foxiz-heading\" data-id=\"cc91349\" data-element_type=\"widget\" data-widget_type=\"foxiz-heading.default\">\n\t\t\t\t<div class=\"elementor-widget-container\">\n\t\t\t\t\t<div id=\"uid_cc91349\" class=\"block-h heading-layout-7\"><div class=\"heading-inner\"><h3 class=\"heading-title\"><span>Minispiele<\/span><\/h3><\/div><\/div>\t\t\t\t<\/div>\n\t\t\t\t<\/div>\n\t\t\t\t<div class=\"elementor-element elementor-element-a49308f elementor-position-right elementor-vertical-align-middle elementor-widget elementor-widget-image-box\" data-id=\"a49308f\" data-element_type=\"widget\" data-widget_type=\"image-box.default\">\n\t\t\t\t<div class=\"elementor-widget-container\">\n\t\t\t\t\t<div class=\"elementor-image-box-wrapper\"><figure class=\"elementor-image-box-img\"><a href=\"#\" tabindex=\"-1\"><img decoding=\"async\" src=\"https:\/\/foxiz.themeruby.com\/time\/wp-content\/uploads\/sites\/2\/2022\/08\/word.png\" title=\"\" alt=\"\" class=\"elementor-animation-buzz\" loading=\"lazy\" \/><\/a><\/figure><div class=\"elementor-image-box-content\"><h4 class=\"elementor-image-box-title\"><a href=\"#\">Wordle<\/a><\/h4><p class=\"elementor-image-box-description\">Erraten Sie W\u00f6rter mit 4 bis 11 Buchstaben und erstellen Sie Ihre eigenen R\u00e4tsel.<\/p><\/div><\/div>\t\t\t\t<\/div>\n\t\t\t\t<\/div>\n\t\t\t\t<div class=\"elementor-element elementor-element-9819f13 elementor-position-right elementor-vertical-align-middle elementor-widget elementor-widget-image-box\" data-id=\"9819f13\" data-element_type=\"widget\" data-widget_type=\"image-box.default\">\n\t\t\t\t<div class=\"elementor-widget-container\">\n\t\t\t\t\t<div class=\"elementor-image-box-wrapper\"><figure class=\"elementor-image-box-img\"><a href=\"#\" tabindex=\"-1\"><img decoding=\"async\" src=\"https:\/\/foxiz.themeruby.com\/time\/wp-content\/uploads\/sites\/2\/2022\/08\/box.png\" title=\"\" alt=\"\" class=\"elementor-animation-buzz\" loading=\"lazy\" \/><\/a><\/figure><div class=\"elementor-image-box-content\"><h4 class=\"elementor-image-box-title\"><a href=\"#\">Briefkasten<\/a><\/h4><p class=\"elementor-image-box-description\">Bilden Sie W\u00f6rter mit Buchstaben rund um das Quadrat.<\/p><\/div><\/div>\t\t\t\t<\/div>\n\t\t\t\t<\/div>\n\t\t\t\t<div class=\"elementor-element elementor-element-d6405db elementor-position-right elementor-vertical-align-middle elementor-widget elementor-widget-image-box\" data-id=\"d6405db\" data-element_type=\"widget\" data-widget_type=\"image-box.default\">\n\t\t\t\t<div class=\"elementor-widget-container\">\n\t\t\t\t\t<div class=\"elementor-image-box-wrapper\"><figure class=\"elementor-image-box-img\"><a href=\"#\" tabindex=\"-1\"><img decoding=\"async\" src=\"https:\/\/foxiz.themeruby.com\/time\/wp-content\/uploads\/sites\/2\/2022\/08\/floor.png\" title=\"\" alt=\"\" class=\"elementor-animation-buzz\" loading=\"lazy\" \/><\/a><\/figure><div class=\"elementor-image-box-content\"><h4 class=\"elementor-image-box-title\"><a href=\"#\">Magische Kacheln<\/a><\/h4><p class=\"elementor-image-box-description\">Ordnen Sie Elemente zu und halten Sie Ihre Kette am Laufen.<\/p><\/div><\/div>\t\t\t\t<\/div>\n\t\t\t\t<\/div>\n\t\t\t\t<div class=\"elementor-element elementor-element-90dc331 elementor-position-right elementor-vertical-align-middle elementor-widget elementor-widget-image-box\" data-id=\"90dc331\" data-element_type=\"widget\" data-widget_type=\"image-box.default\">\n\t\t\t\t<div class=\"elementor-widget-container\">\n\t\t\t\t\t<div class=\"elementor-image-box-wrapper\"><figure class=\"elementor-image-box-img\"><a href=\"#\" tabindex=\"-1\"><img decoding=\"async\" src=\"https:\/\/foxiz.themeruby.com\/time\/wp-content\/uploads\/sites\/2\/2022\/08\/chess.png\" title=\"\" alt=\"\" class=\"elementor-animation-buzz\" loading=\"lazy\" \/><\/a><\/figure><div class=\"elementor-image-box-content\"><h4 class=\"elementor-image-box-title\"><a href=\"#\">Schachantwort<\/a><\/h4><p class=\"elementor-image-box-description\">Spielen Sie historische Schachspiele.<\/p><\/div><\/div>\t\t\t\t<\/div>\n\t\t\t\t<\/div>\n\t\t\t\t<\/div>\n\t\t\t\t\t<\/div>\n\t\t\t\t<\/div>\n\t\t\t\t<\/div>","protected":false},"excerpt":{"rendered":"<p>edit Politics Zephyr Pulse 8 Min Read Assessing the Diplomatic Challenges and Global Security We are just an advanced breed of monkeys on a minor planet of a very average star. But we can understand the Universe. That makes us something very special. Headlines That Bridge Borders and Offer Insights Into International Serena Storyteller Challenge [&hellip;]<\/p>","protected":false},"author":1,"featured_media":0,"parent":0,"menu_order":0,"comment_status":"closed","ping_status":"closed","template":"","meta":{"content-type":"","footnotes":""},"class_list":["post-3067","page","type-page","status-publish"],"_links":{"self":[{"href":"https:\/\/theglobalhumanist.com\/de\/wp-json\/wp\/v2\/pages\/3067","targetHints":{"allow":["GET"]}}],"collection":[{"href":"https:\/\/theglobalhumanist.com\/de\/wp-json\/wp\/v2\/pages"}],"about":[{"href":"https:\/\/theglobalhumanist.com\/de\/wp-json\/wp\/v2\/types\/page"}],"author":[{"embeddable":true,"href":"https:\/\/theglobalhumanist.com\/de\/wp-json\/wp\/v2\/users\/1"}],"replies":[{"embeddable":true,"href":"https:\/\/theglobalhumanist.com\/de\/wp-json\/wp\/v2\/comments?post=3067"}],"version-history":[{"count":1,"href":"https:\/\/theglobalhumanist.com\/de\/wp-json\/wp\/v2\/pages\/3067\/revisions"}],"predecessor-version":[{"id":4018,"href":"https:\/\/theglobalhumanist.com\/de\/wp-json\/wp\/v2\/pages\/3067\/revisions\/4018"}],"wp:attachment":[{"href":"https:\/\/theglobalhumanist.com\/de\/wp-json\/wp\/v2\/media?parent=3067"}],"curies":[{"name":"wp","href":"https:\/\/api.w.org\/{rel}","templated":true}]}}