{"id":3067,"date":"2022-10-05T07:04:11","date_gmt":"2022-10-05T07:04:11","guid":{"rendered":"https:\/\/foxiz.themeruby.com\/time\/?page_id=2158"},"modified":"2024-07-29T06:01:36","modified_gmt":"2024-07-29T06:01:36","slug":"home","status":"publish","type":"page","link":"https:\/\/theglobalhumanist.com\/es\/home\/","title":{"rendered":"Hogar"},"content":{"rendered":"<div data-elementor-type=\"wp-page\" data-elementor-id=\"3067\" class=\"elementor elementor-3067\" data-elementor-post-type=\"page\">\n\t\t\t\t<div class=\"elementor-element elementor-element-cf90c41 e-flex e-con-boxed e-con e-parent\" data-id=\"cf90c41\" data-element_type=\"container\">\n\t\t\t\t\t<div class=\"e-con-inner\">\n\t\t<div class=\"elementor-element elementor-element-0f75b5c e-con-full e-flex e-con e-child\" data-id=\"0f75b5c\" data-element_type=\"container\">\n\t\t\t\t<div class=\"elementor-element elementor-element-359e02c elementor-widget elementor-widget-foxiz-grid-flex-1\" data-id=\"359e02c\" data-element_type=\"widget\" data-widget_type=\"foxiz-grid-flex-1.default\">\n\t\t\t\t<div class=\"elementor-widget-container\">\n\t\t\t\t\t<div id=\"uid_359e02c\" class=\"block-wrap block-grid block-grid-flex-1 rb-columns rb-col-1 rb-tcol-1 rb-mcol-1 is-gap-20 hovering-fade ecat-bg-4 ecat-size-big meta-s-line\"><div class=\"block-inner\">\t\t<div class=\"p-wrap p-grid p-grid-1\" data-pid=\"3768\">\r\n\t\t\t\t<div class=\"feat-holder\">\r\n\t\t\t\t\t\t<div class=\"p-featured\">\r\n\t\t\t\t\t<a class=\"p-flink\" href=\"https:\/\/theglobalhumanist.com\/es\/why-we-believe-in-gods-a-concise-guide-to-the-science-of-faith-by-j-anderson-thomson-with-clare-aukofer\/\" title=\"Por qu\u00e9 creemos en Dios(es): Una gu\u00eda concisa sobre la ciencia de la fe, por J. Anderson Thomson y Clare Aukofer\">\r\n\t\t\t<img fetchpriority=\"high\" decoding=\"async\" width=\"339\" height=\"500\" src=\"https:\/\/theglobalhumanist.com\/wp-content\/uploads\/2024\/07\/Why-We-Believe-in-Gods-A-Concise-Guide-to-the-Science-of-Faith-by-J.-Anderson-Thomson-with-Clare-Aukofer.jpg\" class=\"featured-img wp-post-image\" alt=\"\" loading=\"eager\" \/>\t\t<\/a>\r\n\t\t\t\t<\/div>\r\n\t<div class=\"p-categories light-scheme p-top\"><a class=\"p-category category-id-851\" href=\"https:\/\/theglobalhumanist.com\/es\/category\/books\/\" rel=\"category\">Libros<\/a><a class=\"p-category category-id-45\" href=\"https:\/\/theglobalhumanist.com\/es\/category\/philosophy\/\" rel=\"category\">Filosof\u00eda<\/a><\/div><\/div>\r\n\t\t\t\t\t<div class=\"p-meta has-bookmark\">\r\n\t\t\t\t<div class=\"meta-inner is-meta\">\r\n\t\t\t\t\t\t\t<div class=\"meta-el meta-author\">\r\n\t\t\t<a href=\"https:\/\/theglobalhumanist.com\/es\/author\/ad4min\/\"><\/a>\t\t<\/div>\r\n\t\t\t\t<div class=\"meta-el meta-read\">1 minuto de lectura<\/div>\r\n\t\t\t\t\t\t<\/div>\r\n\t\t\t\t<span class=\"rb-bookmark bookmark-trigger\" data-pid=\"3768\"><\/span>\t\t\t<\/div>\r\n\t\t<h2 class=\"entry-title\">\t\t<a class=\"p-url\" href=\"https:\/\/theglobalhumanist.com\/es\/why-we-believe-in-gods-a-concise-guide-to-the-science-of-faith-by-j-anderson-thomson-with-clare-aukofer\/\" rel=\"bookmark\">Por qu\u00e9 creemos en Dios(es): Una gu\u00eda concisa sobre la ciencia de la fe, por J. Anderson Thomson y Clare Aukofer<\/a><\/h2><p class=\"entry-summary\">&quot;Por qu\u00e9 creemos en Dios(es): Una gu\u00eda concisa sobre la ciencia de la fe&quot;, de J. Anderson Thomson y Clare Aukofer, explora las razones psicol\u00f3gicas y evolutivas que subyacen a las creencias religiosas. El\u2026<\/p>\r\n\t\t\t\t\t<\/div>\r\n\t<\/div><\/div>\t\t\t\t<\/div>\n\t\t\t\t<\/div>\n\t\t\t\t<\/div>\n\t\t<div class=\"elementor-element elementor-element-246b5cb e-con-full e-flex e-con e-child\" data-id=\"246b5cb\" data-element_type=\"container\">\n\t\t\t\t<div class=\"elementor-element elementor-element-2b5fa8b elementor-widget elementor-widget-foxiz-heading\" data-id=\"2b5fa8b\" data-element_type=\"widget\" data-widget_type=\"foxiz-heading.default\">\n\t\t\t\t<div class=\"elementor-widget-container\">\n\t\t\t\t\t<div id=\"uid_2b5fa8b\" class=\"block-h heading-layout-16\"><div class=\"heading-inner\"><h3 class=\"heading-title\"><span>Titulares<\/span><\/h3><\/div><\/div>\t\t\t\t<\/div>\n\t\t\t\t<\/div>\n\t\t\t\t<div class=\"elementor-element elementor-element-4f24e55 elementor-widget elementor-widget-foxiz-list-small-1\" data-id=\"4f24e55\" data-element_type=\"widget\" data-widget_type=\"foxiz-list-small-1.default\">\n\t\t\t\t<div class=\"elementor-widget-container\">\n\t\t\t\t\t<div id=\"uid_4f24e55\" class=\"block-wrap block-small block-list block-list-small-1 rb-columns rb-col-1 rb-tcol-4 rb-mcol-1 is-gap-custom col-border is-border-gray bottom-border is-b-border-gray no-last-bb meta-s-line\"><div class=\"block-inner\">\t\t<div class=\"p-wrap p-small p-list-small-1\" data-pid=\"4365\">\r\n\t\t\t<div class=\"p-content\">\r\n\t\t\t<h3 class=\"entry-title\"><i class=\"rbi rbi-next\" aria-hidden=\"true\"><\/i>\t\t<a class=\"p-url\" href=\"https:\/\/theglobalhumanist.com\/es\/privacy-policy\/\" rel=\"bookmark\">pol\u00edtica de privacidad<\/a><\/h3>\t\t\t<div class=\"p-meta has-bookmark\">\r\n\t\t\t\t<div class=\"meta-inner is-meta\">\r\n\t\t\t\t\t\t\t<div class=\"meta-el meta-author\">\r\n\t\t\t<a href=\"https:\/\/theglobalhumanist.com\/es\/author\/ad4min\/\"><\/a>\t\t<\/div>\r\n\t\t\t\t\t\t<\/div>\r\n\t\t\t\t<span class=\"rb-bookmark bookmark-trigger\" data-pid=\"4365\"><\/span>\t\t\t<\/div>\r\n\t\t\t\t<\/div>\r\n\t\t\t\t<\/div>\r\n\t\t\t<div class=\"p-wrap p-small p-list-small-1\" data-pid=\"4328\">\r\n\t\t\t<div class=\"p-content\">\r\n\t\t\t<h3 class=\"entry-title\"><i class=\"rbi rbi-next\" aria-hidden=\"true\"><\/i>\t\t<a class=\"p-url\" href=\"https:\/\/theglobalhumanist.com\/es\/humanist-experience-seeking-radical-experiences\/\" rel=\"bookmark\">Experiencia humanista: en busca de experiencias radicales<\/a><\/h3>\t\t\t<div class=\"p-meta has-bookmark\">\r\n\t\t\t\t<div class=\"meta-inner is-meta\">\r\n\t\t\t\t\t\t\t<div class=\"meta-el meta-author\">\r\n\t\t\t<a href=\"https:\/\/theglobalhumanist.com\/es\/author\/ad4min\/\"><\/a>\t\t<\/div>\r\n\t\t\t\t\t\t<\/div>\r\n\t\t\t\t<span class=\"rb-bookmark bookmark-trigger\" data-pid=\"4328\"><\/span>\t\t\t<\/div>\r\n\t\t\t\t<\/div>\r\n\t\t\t\t<\/div>\r\n\t\t\t<div class=\"p-wrap p-small p-list-small-1\" data-pid=\"3193\">\r\n\t\t\t<div class=\"p-content\">\r\n\t\t\t<h3 class=\"entry-title\"><i class=\"rbi rbi-next\" aria-hidden=\"true\"><\/i>\t\t<a class=\"p-url\" href=\"https:\/\/theglobalhumanist.com\/es\/icons-of-unbelief-atheists-agnostics-and-secularists-by-s-t-joshi\/\" rel=\"bookmark\">\u00cdconos de la incredulidad: ateos, agn\u00f3sticos y secularistas por ST Joshi<\/a><\/h3>\t\t\t<div class=\"p-meta has-bookmark\">\r\n\t\t\t\t<div class=\"meta-inner is-meta\">\r\n\t\t\t\t\t\t\t<div class=\"meta-el meta-author\">\r\n\t\t\t<a href=\"https:\/\/theglobalhumanist.com\/es\/author\/ad4min\/\"><\/a>\t\t<\/div>\r\n\t\t\t\t\t\t<\/div>\r\n\t\t\t\t<span class=\"rb-bookmark bookmark-trigger\" data-pid=\"3193\"><\/span>\t\t\t<\/div>\r\n\t\t\t\t<\/div>\r\n\t\t\t\t<\/div>\r\n\t\t\t<div class=\"p-wrap p-small p-list-small-1\" data-pid=\"2969\">\r\n\t\t\t<div class=\"p-content\">\r\n\t\t\t<h3 class=\"entry-title\"><i class=\"rbi rbi-next\" aria-hidden=\"true\"><\/i>\t\t<a class=\"p-url\" href=\"https:\/\/theglobalhumanist.com\/es\/the-atheist-camel-chronicles-debate-themes-arguments-for-the-non-believer-and-those-who-think-they-might-be-by-dromedary-hump\/\" rel=\"bookmark\">Las Cr\u00f3nicas del Camello Ateo: Temas de debate y argumentos para los no creyentes (y para quienes creen serlo) por Dromedary Hump<\/a><\/h3>\t\t\t<div class=\"p-meta has-bookmark\">\r\n\t\t\t\t<div class=\"meta-inner is-meta\">\r\n\t\t\t\t\t\t\t<div class=\"meta-el meta-author\">\r\n\t\t\t<a href=\"https:\/\/theglobalhumanist.com\/es\/author\/ad4min\/\"><\/a>\t\t<\/div>\r\n\t\t\t\t\t\t<\/div>\r\n\t\t\t\t<span class=\"rb-bookmark bookmark-trigger\" data-pid=\"2969\"><\/span>\t\t\t<\/div>\r\n\t\t\t\t<\/div>\r\n\t\t\t\t<\/div>\r\n\t<\/div><\/div>\t\t\t\t<\/div>\n\t\t\t\t<\/div>\n\t\t\t\t<\/div>\n\t\t<div class=\"elementor-element elementor-element-fa7295a e-con-full e-flex e-con e-child\" data-id=\"fa7295a\" data-element_type=\"container\" data-settings=\"{&quot;background_background&quot;:&quot;classic&quot;}\">\n\t\t\t\t<div class=\"elementor-element elementor-element-c8d956f elementor-widget elementor-widget-foxiz-heading\" data-id=\"c8d956f\" data-element_type=\"widget\" data-widget_type=\"foxiz-heading.default\">\n\t\t\t\t<div class=\"elementor-widget-container\">\n\t\t\t\t\t<div id=\"uid_c8d956f\" class=\"block-h heading-layout-c10\"><div class=\"heading-inner\"><h4 class=\"heading-title\"><span>\u00a1Su fuente confiable para actualizaciones precisas y oportunas!<\/span><\/h4><div class=\"heading-tagline h6\"><span class=\"heading-tagline-label\">Nuestro compromiso con la precisi\u00f3n, la imparcialidad y la transmisi\u00f3n de noticias de \u00faltima hora en tiempo real nos ha ganado la confianza de una amplia audiencia. Mant\u00e9ngase al d\u00eda con actualizaciones en tiempo real sobre los \u00faltimos eventos y tendencias.<\/span><\/div><\/div><\/div>\t\t\t\t<\/div>\n\t\t\t\t<\/div>\n\t\t\t\t<div class=\"elementor-element elementor-element-3d3caa5 yes-mono elementor-widget elementor-widget-foxiz-social-follower\" data-id=\"3d3caa5\" data-element_type=\"widget\" data-widget_type=\"foxiz-social-follower.default\">\n\t\t\t\t<div class=\"elementor-widget-container\">\n\t\t\t\t\t<div class=\"socials-counter h6 is-style-6 is-icon-color is-h-bg\"><div class=\"social-follower effect-fadeout\"><div class=\"follower-el fb-follower\"><a target=\"_blank\" href=\"https:\/\/facebook.com\/#\" class=\"facebook\" aria-label=\"Facebook\" rel=\"noopener nofollow\"><\/a><span class=\"follower-inner\"><span class=\"fnicon\"><i class=\"rbi rbi-facebook\" aria-hidden=\"true\"><\/i><\/span><span class=\"fnlabel\">Facebook<\/span><span class=\"text-count\">Como<\/span><\/span><\/div><div class=\"follower-el twitter-follower\"><a target=\"_blank\" href=\"https:\/\/twitter.com\/#\" class=\"twitter\" aria-label=\"inc\u00f3gnita\" rel=\"noopener nofollow\"><\/a><span class=\"follower-inner\"><span class=\"fnicon\"><i class=\"rbi rbi-twitter\" aria-hidden=\"true\"><\/i><\/span><span class=\"fnlabel\">inc\u00f3gnita<\/span><span class=\"text-count\">Seguir<\/span><\/span><\/div><div class=\"follower-el instagram-follower\"><a target=\"_blank\" href=\"https:\/\/instagram.com\/#\" class=\"instagram\" aria-label=\"Instagram\" rel=\"noopener nofollow\"><\/a><span class=\"follower-inner\"><span class=\"fnicon\"><i class=\"rbi rbi-instagram\" aria-hidden=\"true\"><\/i><\/span><span class=\"fnlabel\">Instagram<\/span><span class=\"text-count\">Seguir<\/span><\/span><\/div><div class=\"follower-el linkedin-follower\"><a target=\"_blank\" href=\"#\" class=\"linkedin\" aria-label=\"LinkedIn\" rel=\"noopener nofollow\"><\/a><span class=\"follower-inner\"><span class=\"fnicon\"><i class=\"rbi rbi-linkedin\" aria-hidden=\"true\"><\/i><\/span><span class=\"fnlabel\">LinkedIn<\/span><span class=\"text-count\">Seguir<\/span><\/span><\/div><div class=\"follower-el medium-follower\"><a target=\"_blank\" href=\"#\" class=\"medium\" aria-label=\"Medio\" rel=\"noopener nofollow\"><\/a><span class=\"follower-inner\"><span class=\"fnicon\"><i class=\"rbi rbi-medium\" aria-hidden=\"true\"><\/i><\/span><span class=\"fnlabel\">Medio<\/span><span class=\"text-count\">Seguir<\/span><\/span><\/div><div class=\"follower-el quora-follower\"><a target=\"_blank\" href=\"#\" class=\"quora\" aria-label=\"Quora\" rel=\"noopener nofollow\"><\/a><span class=\"follower-inner\"><span class=\"fnicon\"><i class=\"rbi rbi-quora\" aria-hidden=\"true\"><\/i><\/span><span class=\"fnlabel\">Quora<\/span><span class=\"text-count\">Seguir<\/span><\/span><\/div><\/div><\/div>\t\t\t\t<\/div>\n\t\t\t\t<\/div>\n\t\t\t\t<\/div>\n\t\t\t\t\t<\/div>\n\t\t\t\t<\/div>\n\t\t<div class=\"elementor-element elementor-element-4dfc2c8 e-flex e-con-boxed e-con e-parent\" data-id=\"4dfc2c8\" data-element_type=\"container\">\n\t\t\t\t\t<div class=\"e-con-inner\">\n\t\t\t\t<div class=\"elementor-element elementor-element-52eec7e elementor-widget elementor-widget-foxiz-heading\" data-id=\"52eec7e\" data-element_type=\"widget\" data-widget_type=\"foxiz-heading.default\">\n\t\t\t\t<div class=\"elementor-widget-container\">\n\t\t\t\t\t<div id=\"uid_52eec7e\" class=\"block-h heading-layout-5\"><div class=\"heading-inner\"><h3 class=\"heading-title\"><span>Lo m\u00e1s le\u00eddo esta semana<\/span><\/h3><\/div><\/div>\t\t\t\t<\/div>\n\t\t\t\t<\/div>\n\t\t\t\t\t<\/div>\n\t\t\t\t<\/div>\n\t\t<div class=\"elementor-element elementor-element-9a15ccf e-flex e-con-boxed e-con e-parent\" data-id=\"9a15ccf\" data-element_type=\"container\">\n\t\t\t\t\t<div class=\"e-con-inner\">\n\t\t<div class=\"elementor-element elementor-element-592c597 e-con-full e-flex e-con e-child\" data-id=\"592c597\" data-element_type=\"container\">\n\t\t\t\t<div class=\"elementor-element elementor-element-ae1cca4 elementor-widget-tablet__width-initial elementor-widget elementor-widget-foxiz-ad-image\" data-id=\"ae1cca4\" data-element_type=\"widget\" data-widget_type=\"foxiz-ad-image.default\">\n\t\t\t\t<div class=\"elementor-widget-container\">\n\t\t\t\t\t<div class=\"ad-wrap ad-image-wrap\"><span class=\"ad-description is-meta\">- Anuncio -<\/span><div class=\"ad-image\"><a class=\"ad-destination\" target=\"_blank\" rel=\"noopener nofollow\" href=\"\/\/1.envato.market\/MXYjYo\"><img loading=\"lazy\" decoding=\"async\" src=\"https:\/\/export.themeruby.com\/foxiz\/buzzstream\/wp-content\/uploads\/sites\/46\/2024\/01\/n-banner.jpg\" alt=\"Ad image\" width=\"400\" height=\"600\"\/><\/a><\/div><\/div>\t\t\t\t<\/div>\n\t\t\t\t<\/div>\n\t\t\t\t<\/div>\n\t\t<div class=\"elementor-element elementor-element-c32a2e0 e-con-full e-flex e-con e-child\" data-id=\"c32a2e0\" data-element_type=\"container\">\n\t\t\t\t<div class=\"elementor-element elementor-element-34abd94 elementor-widget elementor-widget-foxiz-list-1\" data-id=\"34abd94\" data-element_type=\"widget\" data-widget_type=\"foxiz-list-1.default\">\n\t\t\t\t<div class=\"elementor-widget-container\">\n\t\t\t\t\t<div id=\"uid_34abd94\" class=\"block-wrap block-big block-list block-list-1 rb-columns rb-col-1 rb-tcol-1 rb-mcol-1 hovering-fade bottom-border is-b-border-gray p-vtop ecat-bg-4 is-feat-right meta-s-line\"><div class=\"block-inner\">\t\t<div class=\"p-wrap p-list p-list-1\" data-pid=\"3653\">\r\n\t\t\t<div class=\"list-holder\">\r\n\t\t\t<div class=\"list-feat-holder\">\r\n\t\t\t\t\t\t\t<div class=\"feat-holder\">\r\n\t\t\t\t\t\t<div class=\"p-featured\">\r\n\t\t\t\t\t<a class=\"p-flink\" href=\"https:\/\/theglobalhumanist.com\/es\/travelers-guide-to-apostasy-by-ex-preacher\/\" title=\"Gu\u00eda del viajero sobre la apostas\u00eda por un ex predicador\">\r\n\t\t\t<img loading=\"lazy\" decoding=\"async\" width=\"333\" height=\"410\" src=\"https:\/\/theglobalhumanist.com\/wp-content\/uploads\/2024\/07\/Travelers-Guide-to-Apostasy-by-Ex-Preacher-333x410.jpg\" class=\"featured-img wp-post-image\" alt=\"\" \/>\t\t<\/a>\r\n\t\t\t\t<\/div>\r\n\t<div class=\"p-categories light-scheme p-top\"><a class=\"p-category category-id-851\" href=\"https:\/\/theglobalhumanist.com\/es\/category\/books\/\" rel=\"category\">Libros<\/a><a class=\"p-category category-id-1\" href=\"https:\/\/theglobalhumanist.com\/es\/category\/uncategorized\/\" rel=\"category\">Sin categorizar<\/a><\/div><\/div>\r\n\t\t\t\t\t<\/div>\r\n\t\t\t<div class=\"p-content\">\r\n\t\t\t\t<h2 class=\"entry-title\">\t\t<a class=\"p-url\" href=\"https:\/\/theglobalhumanist.com\/es\/travelers-guide-to-apostasy-by-ex-preacher\/\" rel=\"bookmark\">Gu\u00eda del viajero sobre la apostas\u00eda por un ex predicador<\/a><\/h2><p class=\"entry-summary\">&quot;Gu\u00eda del Viajero a la Apostas\u00eda&quot;, de Ex Predicador, es una autobiograf\u00eda reflexiva y una gu\u00eda para quienes cuestionan o abandonan su fe religiosa. El autor comparte experiencias personales de deconversi\u00f3n, ofreciendo perspectivas...<\/p>\r\n\t\t\t\t\t\t<div class=\"p-meta has-bookmark\">\r\n\t\t\t\t<div class=\"meta-inner is-meta\">\r\n\t\t\t\t\t\t\t<a class=\"meta-el meta-avatar\" href=\"https:\/\/theglobalhumanist.com\/es\/author\/ad4min\/\"><img alt='' src='https:\/\/secure.gravatar.com\/avatar\/0503e328cbef274ead1225b9469fea557f6e98ae6b8d7368f28dbc177fe966a2?s=44&#038;d=mm&#038;r=g' srcset='https:\/\/secure.gravatar.com\/avatar\/0503e328cbef274ead1225b9469fea557f6e98ae6b8d7368f28dbc177fe966a2?s=88&#038;d=mm&#038;r=g 2x' class='avatar avatar-44 photo' height='44' width='44' \/><\/a>\r\n\t\t\t\t<div class=\"meta-el meta-author\">\r\n\t\t\t<a href=\"https:\/\/theglobalhumanist.com\/es\/author\/ad4min\/\"><\/a>\t\t<\/div>\r\n\t\t\t\t<div class=\"meta-el meta-update\">\r\n\t\t\t<i class=\"rbi rbi-time\" aria-hidden=\"true\"><\/i>\t\t\t<time class=\"updated\" datetime=\"2025-04-08T04:50:42+00:00\">8 de abril de 2025<\/time>\r\n\t\t<\/div>\r\n\t\t\t\t\t\t<\/div>\r\n\t\t\t\t<span class=\"rb-bookmark bookmark-trigger\" data-pid=\"3653\"><\/span>\t\t\t<\/div>\r\n\t\t\t\t\t<\/div>\r\n\t\t<\/div>\r\n\t\t\t\t<\/div>\r\n\t<\/div><\/div>\t\t\t\t<\/div>\n\t\t\t\t<\/div>\n\t\t\t\t<div class=\"elementor-element elementor-element-ed4401c elementor-widget elementor-widget-foxiz-list-small-1\" data-id=\"ed4401c\" data-element_type=\"widget\" data-widget_type=\"foxiz-list-small-1.default\">\n\t\t\t\t<div class=\"elementor-widget-container\">\n\t\t\t\t\t<div id=\"uid_ed4401c\" class=\"block-wrap block-small block-list block-list-small-1 rb-columns rb-col-3 rb-tcol-3 rb-mcol-1 is-gap-custom col-border is-border-gray bottom-border is-b-border-gray no-last-bb ecat-bg-4 meta-s-line\"><div class=\"block-inner\">\t\t<div class=\"p-wrap p-small p-list-small-1\" data-pid=\"3578\">\r\n\t\t\t<div class=\"p-content\">\r\n\t\t\t<div class=\"p-categories p-top\"><a class=\"p-category category-id-851\" href=\"https:\/\/theglobalhumanist.com\/es\/category\/books\/\" rel=\"category\">Libros<\/a><a class=\"p-category category-id-1\" href=\"https:\/\/theglobalhumanist.com\/es\/category\/uncategorized\/\" rel=\"category\">Sin categorizar<\/a><\/div><h3 class=\"entry-title\">\t\t<a class=\"p-url\" href=\"https:\/\/theglobalhumanist.com\/es\/core-affect-prototypical-emotional-episodes-and-other-things-called-emotion-dissecting-the-elephant-by-james-a-russell-and-lisa-f-barrett\/\" rel=\"bookmark\">Afecto central, episodios emocionales protot\u00edpicos y otras cosas llamadas emoci\u00f3n: Diseccionando al elefante por James A. Russell y Lisa F. Barrett<\/a><\/h3><p class=\"entry-summary\">Afecto central, episodios emocionales protot\u00edpicos y otras cosas llamadas emoci\u00f3n: Diseccionando el elefante, de James\u2026<\/p>\r\n\t\t\t\t\t\t<div class=\"p-meta has-bookmark\">\r\n\t\t\t\t<div class=\"meta-inner is-meta\">\r\n\t\t\t\t\t\t\t<div class=\"meta-el meta-author\">\r\n\t\t\t<a href=\"https:\/\/theglobalhumanist.com\/es\/author\/ad4min\/\"><\/a>\t\t<\/div>\r\n\t\t\t\t\t\t<\/div>\r\n\t\t\t\t<span class=\"rb-bookmark bookmark-trigger\" data-pid=\"3578\"><\/span>\t\t\t<\/div>\r\n\t\t\t\t<\/div>\r\n\t\t\t\t<\/div>\r\n\t\t\t<div class=\"p-wrap p-small p-list-small-1\" data-pid=\"3207\">\r\n\t\t\t<div class=\"p-content\">\r\n\t\t\t<div class=\"p-categories p-top\"><a class=\"p-category category-id-48\" href=\"https:\/\/theglobalhumanist.com\/es\/category\/anthologies\/\" rel=\"category\">Antolog\u00edas<\/a><a class=\"p-category category-id-851\" href=\"https:\/\/theglobalhumanist.com\/es\/category\/books\/\" rel=\"category\">Libros<\/a><\/div><h3 class=\"entry-title\">\t\t<a class=\"p-url\" href=\"https:\/\/theglobalhumanist.com\/es\/method-matters-essays-on-the-interpretation-of-the-hebrew-bible-by-joel-m-lemon-and-kent-harold-richards\/\" rel=\"bookmark\">El m\u00e9todo importa: Ensayos sobre la interpretaci\u00f3n de la Biblia hebrea por Joel M. LeMon y Kent Harold Richards<\/a><\/h3><p class=\"entry-summary\">&quot;El m\u00e9todo importa: Ensayos sobre la interpretaci\u00f3n de la Biblia hebrea&quot;, editado por Joel M. LeMon\u2026<\/p>\r\n\t\t\t\t\t\t<div class=\"p-meta has-bookmark\">\r\n\t\t\t\t<div class=\"meta-inner is-meta\">\r\n\t\t\t\t\t\t\t<div class=\"meta-el meta-author\">\r\n\t\t\t<a href=\"https:\/\/theglobalhumanist.com\/es\/author\/ad4min\/\"><\/a>\t\t<\/div>\r\n\t\t\t\t\t\t<\/div>\r\n\t\t\t\t<span class=\"rb-bookmark bookmark-trigger\" data-pid=\"3207\"><\/span>\t\t\t<\/div>\r\n\t\t\t\t<\/div>\r\n\t\t\t\t<\/div>\r\n\t\t\t<div class=\"p-wrap p-small p-list-small-1\" data-pid=\"3776\">\r\n\t\t\t<div class=\"p-content\">\r\n\t\t\t<div class=\"p-categories p-top\"><a class=\"p-category category-id-851\" href=\"https:\/\/theglobalhumanist.com\/es\/category\/books\/\" rel=\"category\">Libros<\/a><a class=\"p-category category-id-45\" href=\"https:\/\/theglobalhumanist.com\/es\/category\/philosophy\/\" rel=\"category\">Filosof\u00eda<\/a><\/div><h3 class=\"entry-title\">\t\t<a class=\"p-url\" href=\"https:\/\/theglobalhumanist.com\/es\/worlds-of-their-own-a-brief-history-of-misguided-ideas-creationism-flat-earthism-energy-scams-and-the-velikovsky-affair-by-robert-j-schadewald\/\" rel=\"bookmark\">Mundos propios: Una breve historia de ideas err\u00f3neas: creacionismo, terraplanismo, estafas energ\u00e9ticas y el caso Velikovsky, de Robert J. Schadewald<\/a><\/h3><p class=\"entry-summary\">&quot;Mundos propios&quot; de Robert J. Schadewald examina cr\u00edticamente diversas ideas y creencias pseudocient\u00edficas...<\/p>\r\n\t\t\t\t\t\t<div class=\"p-meta has-bookmark\">\r\n\t\t\t\t<div class=\"meta-inner is-meta\">\r\n\t\t\t\t\t\t\t<div class=\"meta-el meta-author\">\r\n\t\t\t<a href=\"https:\/\/theglobalhumanist.com\/es\/author\/ad4min\/\"><\/a>\t\t<\/div>\r\n\t\t\t\t\t\t<\/div>\r\n\t\t\t\t<span class=\"rb-bookmark bookmark-trigger\" data-pid=\"3776\"><\/span>\t\t\t<\/div>\r\n\t\t\t\t<\/div>\r\n\t\t\t\t<\/div>\r\n\t<\/div><\/div>\t\t\t\t<\/div>\n\t\t\t\t<\/div>\n\t\t\t\t<\/div>\n\t\t\t\t\t<\/div>\n\t\t\t\t<\/div>\n\t\t<div class=\"elementor-element elementor-element-313e6b5 e-flex e-con-boxed e-con e-parent\" data-id=\"313e6b5\" data-element_type=\"container\">\n\t\t\t\t\t<div class=\"e-con-inner\">\n\t\t\t\t<div class=\"elementor-element elementor-element-aadd301 elementor-widget elementor-widget-foxiz-heading\" data-id=\"aadd301\" data-element_type=\"widget\" data-widget_type=\"foxiz-heading.default\">\n\t\t\t\t<div class=\"elementor-widget-container\">\n\t\t\t\t\t<div id=\"uid_aadd301\" class=\"block-h heading-layout-5\"><div class=\"heading-inner\"><h3 class=\"heading-title\"><span>S\u00f3lo para ti<\/span><\/h3><\/div><\/div>\t\t\t\t<\/div>\n\t\t\t\t<\/div>\n\t\t\t\t<div class=\"elementor-element elementor-element-93e49bc elementor-widget elementor-widget-foxiz-grid-recommended-1\" data-id=\"93e49bc\" data-element_type=\"widget\" data-widget_type=\"foxiz-grid-recommended-1.default\">\n\t\t\t\t<div class=\"elementor-widget-container\">\n\t\t\t\t\t<div id=\"uid_93e49bc\" class=\"block-wrap block-grid block-grid-personalize-1 is-ajax-block is-hoz-scroll rb-columns rb-col-4 is-gap-custom col-border is-border-gray hovering-fade bottom-border is-b-border-gray no-last-bb ecat-bg-4 is-m-grid meta-s-line\"><div class=\"block-loader\"><svg class=\"svg-icon svg-loading\" aria-hidden=\"true\" role=\"img\" focusable=\"false\" version=\"1.1\" viewbox=\"0 0 66 100\" xmlns=\"http:\/\/www.w3.org\/2000\/svg\"><circle cx=\"6\" cy=\"50\" r=\"6\" fill=\"currentColor\"><animatetransform attributename=\"transform\" begin=\"0.1\" dur=\"1s\" repeatcount=\"indefinite\" type=\"translate\" values=\"0 15 ; 0 -15; 0 15\"\/><\/circle><circle cx=\"30\" cy=\"50\" r=\"6\" fill=\"currentColor\"><animatetransform attributename=\"transform\" begin=\"0.2\" dur=\"1s\" repeatcount=\"indefinite\" type=\"translate\" values=\"0 10 ; 0 -10; 0 10\"\/><\/circle><circle cx=\"54\" cy=\"50\" r=\"6\" fill=\"currentColor\"><animatetransform attributename=\"transform\" begin=\"0.3\" dur=\"1s\" repeatcount=\"indefinite\" type=\"translate\" values=\"0 5 ; 0 -5; 0 5\"\/><\/circle><\/svg><\/div><\/div>\t\t\t\t<\/div>\n\t\t\t\t<\/div>\n\t\t\t\t<div class=\"elementor-element elementor-element-5d49376 elementor-widget elementor-widget-foxiz-heading\" data-id=\"5d49376\" data-element_type=\"widget\" data-widget_type=\"foxiz-heading.default\">\n\t\t\t\t<div class=\"elementor-widget-container\">\n\t\t\t\t\t<div id=\"uid_5d49376\" class=\"block-h heading-layout-5\"><div class=\"heading-inner\"><h3 class=\"heading-title\"><a class=\"h-link\" href=\"https:\/\/foxiz.themeruby.com\/buzzstream\/category\/opinion\/\">Opini\u00f3n<\/a><\/h3><div class=\"heading-tagline h6\"><a class=\"heading-tagline-label\" href=\"https:\/\/foxiz.themeruby.com\/buzzstream\/category\/opinion\/\">M\u00e1s publicaciones<\/a><\/div><\/div><\/div>\t\t\t\t<\/div>\n\t\t\t\t<\/div>\n\t\t\t\t<div class=\"elementor-element elementor-element-24adc3f elementor-widget elementor-widget-foxiz-list-1\" data-id=\"24adc3f\" data-element_type=\"widget\" data-widget_type=\"foxiz-list-1.default\">\n\t\t\t\t<div class=\"elementor-widget-container\">\n\t\t\t\t\t<div id=\"uid_24adc3f\" class=\"block-wrap block-big block-list block-list-1 rb-columns rb-col-2 rb-tcol-1 rb-mcol-1 is-gap-custom col-border is-border-gray hovering-fade bottom-border is-b-border-gray no-last-bb p-vtop ecat-bg-4 is-feat-left is-m-list res-feat-left meta-s-line\"><div class=\"block-inner\">\t\t<div class=\"p-wrap p-list p-list-1\" data-pid=\"3214\">\r\n\t\t\t<div class=\"list-holder\">\r\n\t\t\t<div class=\"list-feat-holder\">\r\n\t\t\t\t\t\t\t<div class=\"feat-holder\">\r\n\t\t\t\t\t\t<div class=\"p-featured\">\r\n\t\t\t\t\t<a class=\"p-flink\" href=\"https:\/\/theglobalhumanist.com\/es\/mother-goose-mother-jones-mommie-dearest-biblical-mothers-and-their-children-by-cheryl-kirk-duggan-tina-pippin\/\" title=\"Mam\u00e1 Ganso, Madre Jones, Querid\u00edsima Mam\u00e1: Madres b\u00edblicas y sus hijos, de Cheryl Kirk-Duggan y Tina Pippin\">\r\n\t\t\t<img loading=\"lazy\" decoding=\"async\" width=\"420\" height=\"280\" src=\"https:\/\/theglobalhumanist.com\/wp-content\/uploads\/2024\/07\/Mother-Goose-Mother-Jones-Mommie-Dearest-Biblical-Mothers-and-Their-Children-by-Duggan-Pippin-420x280.jpg\" class=\"featured-img wp-post-image\" alt=\"\" \/>\t\t<\/a>\r\n\t\t\t\t<\/div>\r\n\t<div class=\"p-categories light-scheme p-top mobile-hide\"><a class=\"p-category category-id-48\" href=\"https:\/\/theglobalhumanist.com\/es\/category\/anthologies\/\" rel=\"category\">Antolog\u00edas<\/a><a class=\"p-category category-id-851\" href=\"https:\/\/theglobalhumanist.com\/es\/category\/books\/\" rel=\"category\">Libros<\/a><\/div><\/div>\r\n\t\t\t\t\t<\/div>\r\n\t\t\t<div class=\"p-content\">\r\n\t\t\t\t<h2 class=\"entry-title\">\t\t<a class=\"p-url\" href=\"https:\/\/theglobalhumanist.com\/es\/mother-goose-mother-jones-mommie-dearest-biblical-mothers-and-their-children-by-cheryl-kirk-duggan-tina-pippin\/\" rel=\"bookmark\">Mam\u00e1 Ganso, Madre Jones, Querid\u00edsima Mam\u00e1: Madres b\u00edblicas y sus hijos, de Cheryl Kirk-Duggan y Tina Pippin<\/a><\/h2><p class=\"entry-summary mobile-hide\">&quot;Mam\u00e1 Ganso, Madre Jones, Querid\u00edsima Mam\u00e1: Madres b\u00edblicas y sus hijos&quot; de Duggan y Pippin\u2026<\/p>\r\n\t\t\t\t\t\t<div class=\"p-meta has-bookmark\">\r\n\t\t\t\t<div class=\"meta-inner is-meta\">\r\n\t\t\t\t\t\t\t<a class=\"meta-el meta-avatar\" href=\"https:\/\/theglobalhumanist.com\/es\/author\/ad4min\/\"><img alt='' src='https:\/\/secure.gravatar.com\/avatar\/0503e328cbef274ead1225b9469fea557f6e98ae6b8d7368f28dbc177fe966a2?s=44&#038;d=mm&#038;r=g' srcset='https:\/\/secure.gravatar.com\/avatar\/0503e328cbef274ead1225b9469fea557f6e98ae6b8d7368f28dbc177fe966a2?s=88&#038;d=mm&#038;r=g 2x' class='avatar avatar-44 photo' height='44' width='44' \/><\/a>\r\n\t\t\t\t<div class=\"meta-el meta-author\">\r\n\t\t\t<a href=\"https:\/\/theglobalhumanist.com\/es\/author\/ad4min\/\"><\/a>\t\t<\/div>\r\n\t\t\t\t<div class=\"meta-el meta-update\">\r\n\t\t\t<i class=\"rbi rbi-time\" aria-hidden=\"true\"><\/i>\t\t\t<time class=\"updated\" datetime=\"2025-04-08T04:45:53+00:00\">8 de abril de 2025<\/time>\r\n\t\t<\/div>\r\n\t\t\t\t\t\t<\/div>\r\n\t\t\t\t<span class=\"rb-bookmark bookmark-trigger\" data-pid=\"3214\"><\/span>\t\t\t<\/div>\r\n\t\t\t\t\t<\/div>\r\n\t\t<\/div>\r\n\t\t\t\t<\/div>\r\n\t\t\t<div class=\"p-wrap p-list p-list-1\" data-pid=\"3486\">\r\n\t\t\t<div class=\"list-holder\">\r\n\t\t\t<div class=\"list-feat-holder\">\r\n\t\t\t\t\t\t\t<div class=\"feat-holder\">\r\n\t\t\t\t\t\t<div class=\"p-featured\">\r\n\t\t\t\t\t<a class=\"p-flink\" href=\"https:\/\/theglobalhumanist.com\/es\/godless-how-an-evangelical-preacher-became-one-of-americas-leading-atheists-by-dan-barker\/\" title=\"Sin Dios: C\u00f3mo un predicador evang\u00e9lico se convirti\u00f3 en uno de los principales ateos de Estados Unidos, por Dan Barker\">\r\n\t\t\t<img loading=\"lazy\" decoding=\"async\" width=\"420\" height=\"280\" src=\"https:\/\/theglobalhumanist.com\/wp-content\/uploads\/2024\/07\/Godless-How-an-Evangelical-Preacher-Became-One-of-Americas-Leading-Atheists-by-Dan-Barker-420x280.jpg\" class=\"featured-img wp-post-image\" alt=\"\" \/>\t\t<\/a>\r\n\t\t\t\t<\/div>\r\n\t<div class=\"p-categories light-scheme p-top mobile-hide\"><a class=\"p-category category-id-851\" href=\"https:\/\/theglobalhumanist.com\/es\/category\/books\/\" rel=\"category\">Libros<\/a><a class=\"p-category category-id-46\" href=\"https:\/\/theglobalhumanist.com\/es\/category\/memoirs\/\" rel=\"category\">Memorias<\/a><\/div><\/div>\r\n\t\t\t\t\t<\/div>\r\n\t\t\t<div class=\"p-content\">\r\n\t\t\t\t<h2 class=\"entry-title\">\t\t<a class=\"p-url\" href=\"https:\/\/theglobalhumanist.com\/es\/godless-how-an-evangelical-preacher-became-one-of-americas-leading-atheists-by-dan-barker\/\" rel=\"bookmark\">Sin Dios: C\u00f3mo un predicador evang\u00e9lico se convirti\u00f3 en uno de los principales ateos de Estados Unidos, por Dan Barker<\/a><\/h2><p class=\"entry-summary mobile-hide\">&quot;Sin Dios: C\u00f3mo un predicador evang\u00e9lico se convirti\u00f3 en uno de los ateos m\u00e1s destacados de Estados Unidos&quot;, de Dan Barker, narra\u2026<\/p>\r\n\t\t\t\t\t\t<div class=\"p-meta has-bookmark\">\r\n\t\t\t\t<div class=\"meta-inner is-meta\">\r\n\t\t\t\t\t\t\t<a class=\"meta-el meta-avatar\" href=\"https:\/\/theglobalhumanist.com\/es\/author\/ad4min\/\"><img alt='' src='https:\/\/secure.gravatar.com\/avatar\/0503e328cbef274ead1225b9469fea557f6e98ae6b8d7368f28dbc177fe966a2?s=44&#038;d=mm&#038;r=g' srcset='https:\/\/secure.gravatar.com\/avatar\/0503e328cbef274ead1225b9469fea557f6e98ae6b8d7368f28dbc177fe966a2?s=88&#038;d=mm&#038;r=g 2x' class='avatar avatar-44 photo' height='44' width='44' \/><\/a>\r\n\t\t\t\t<div class=\"meta-el meta-author\">\r\n\t\t\t<a href=\"https:\/\/theglobalhumanist.com\/es\/author\/ad4min\/\"><\/a>\t\t<\/div>\r\n\t\t\t\t<div class=\"meta-el meta-update\">\r\n\t\t\t<i class=\"rbi rbi-time\" aria-hidden=\"true\"><\/i>\t\t\t<time class=\"updated\" datetime=\"2025-04-08T04:49:49+00:00\">8 de abril de 2025<\/time>\r\n\t\t<\/div>\r\n\t\t\t\t\t\t<\/div>\r\n\t\t\t\t<span class=\"rb-bookmark bookmark-trigger\" data-pid=\"3486\"><\/span>\t\t\t<\/div>\r\n\t\t\t\t\t<\/div>\r\n\t\t<\/div>\r\n\t\t\t\t<\/div>\r\n\t\t\t<div class=\"p-wrap p-list p-list-1\" data-pid=\"2999\">\r\n\t\t\t<div class=\"list-holder\">\r\n\t\t\t<div class=\"list-feat-holder\">\r\n\t\t\t\t\t\t\t<div class=\"feat-holder\">\r\n\t\t\t\t\t\t<div class=\"p-featured\">\r\n\t\t\t\t\t<a class=\"p-flink\" href=\"https:\/\/theglobalhumanist.com\/es\/breaking-the-spell-religion-as-a-natural-phenomenon-by-daniel-dennett\/\" title=\"Rompiendo el hechizo: La religi\u00f3n como fen\u00f3meno natural por Daniel Dennett\">\r\n\t\t\t<img loading=\"lazy\" decoding=\"async\" width=\"420\" height=\"280\" src=\"https:\/\/theglobalhumanist.com\/wp-content\/uploads\/2023\/12\/Breaking-the-Spell-Religion-as-a-Natural-Phenomenon22-by-Daniel-Dennett-420x280.jpg\" class=\"featured-img wp-post-image\" alt=\"\" \/>\t\t<\/a>\r\n\t\t\t\t<\/div>\r\n\t<div class=\"p-categories light-scheme p-top mobile-hide\"><a class=\"p-category category-id-851\" href=\"https:\/\/theglobalhumanist.com\/es\/category\/books\/\" rel=\"category\">Libros<\/a><a class=\"p-category category-id-43\" href=\"https:\/\/theglobalhumanist.com\/es\/category\/critiques\/\" rel=\"category\">Cr\u00edticas<\/a><\/div><\/div>\r\n\t\t\t\t\t<\/div>\r\n\t\t\t<div class=\"p-content\">\r\n\t\t\t\t<h2 class=\"entry-title\">\t\t<a class=\"p-url\" href=\"https:\/\/theglobalhumanist.com\/es\/breaking-the-spell-religion-as-a-natural-phenomenon-by-daniel-dennett\/\" rel=\"bookmark\">Rompiendo el hechizo: La religi\u00f3n como fen\u00f3meno natural por Daniel Dennett<\/a><\/h2><p class=\"entry-summary mobile-hide\">&quot;Rompiendo el hechizo: La religi\u00f3n como fen\u00f3meno natural&quot;, de Daniel Dennett, explora los or\u00edgenes y\u2026<\/p>\r\n\t\t\t\t\t\t<div class=\"p-meta has-bookmark\">\r\n\t\t\t\t<div class=\"meta-inner is-meta\">\r\n\t\t\t\t\t\t\t<a class=\"meta-el meta-avatar\" href=\"https:\/\/theglobalhumanist.com\/es\/author\/ad4min\/\"><img alt='' src='https:\/\/secure.gravatar.com\/avatar\/0503e328cbef274ead1225b9469fea557f6e98ae6b8d7368f28dbc177fe966a2?s=44&#038;d=mm&#038;r=g' srcset='https:\/\/secure.gravatar.com\/avatar\/0503e328cbef274ead1225b9469fea557f6e98ae6b8d7368f28dbc177fe966a2?s=88&#038;d=mm&#038;r=g 2x' class='avatar avatar-44 photo' height='44' width='44' \/><\/a>\r\n\t\t\t\t<div class=\"meta-el meta-author\">\r\n\t\t\t<a href=\"https:\/\/theglobalhumanist.com\/es\/author\/ad4min\/\"><\/a>\t\t<\/div>\r\n\t\t\t\t<div class=\"meta-el meta-update\">\r\n\t\t\t<i class=\"rbi rbi-time\" aria-hidden=\"true\"><\/i>\t\t\t<time class=\"updated\" datetime=\"2025-04-08T04:44:25+00:00\">8 de abril de 2025<\/time>\r\n\t\t<\/div>\r\n\t\t\t\t\t\t<\/div>\r\n\t\t\t\t<span class=\"rb-bookmark bookmark-trigger\" data-pid=\"2999\"><\/span>\t\t\t<\/div>\r\n\t\t\t\t\t<\/div>\r\n\t\t<\/div>\r\n\t\t\t\t<\/div>\r\n\t\t\t<div class=\"p-wrap p-list p-list-1\" data-pid=\"4325\">\r\n\t\t\t<div class=\"list-holder\">\r\n\t\t\t<div class=\"list-feat-holder\">\r\n\t\t\t\t\t\t\t<div class=\"feat-holder\">\r\n\t\t\t\t\t\t<div class=\"p-featured\">\r\n\t\t\t\t\t<a class=\"p-flink\" href=\"https:\/\/theglobalhumanist.com\/es\/humanist-agenda-exploring-humanist-perspectives\/\" title=\"Agenda Humanista \u2013 Explorando Perspectivas Humanistas\">\r\n\t\t\t<img loading=\"lazy\" decoding=\"async\" width=\"420\" height=\"280\" src=\"https:\/\/theglobalhumanist.com\/wp-content\/uploads\/2025\/04\/Humanis-Agenda-420x280.png\" class=\"featured-img wp-post-image\" alt=\"\" \/>\t\t<\/a>\r\n\t\t\t\t<\/div>\r\n\t<div class=\"p-categories light-scheme p-top mobile-hide\"><a class=\"p-category category-id-850\" href=\"https:\/\/theglobalhumanist.com\/es\/category\/podcasts\/\" rel=\"category\">Podcasts<\/a><\/div><\/div>\r\n\t\t\t\t\t<\/div>\r\n\t\t\t<div class=\"p-content\">\r\n\t\t\t\t<h2 class=\"entry-title\">\t\t<a class=\"p-url\" href=\"https:\/\/theglobalhumanist.com\/es\/humanist-agenda-exploring-humanist-perspectives\/\" rel=\"bookmark\">Agenda Humanista \u2013 Explorando Perspectivas Humanistas<\/a><\/h2><p class=\"entry-summary mobile-hide\">Disponible en: Spotify Enlace: Escuchar en Spotify Resumen: Agenda Humanista es un podcast dedicado a explorar varios aspectos\u2026<\/p>\r\n\t\t\t\t\t\t<div class=\"p-meta has-bookmark\">\r\n\t\t\t\t<div class=\"meta-inner is-meta\">\r\n\t\t\t\t\t\t\t<a class=\"meta-el meta-avatar\" href=\"https:\/\/theglobalhumanist.com\/es\/author\/ad4min\/\"><img alt='' src='https:\/\/secure.gravatar.com\/avatar\/0503e328cbef274ead1225b9469fea557f6e98ae6b8d7368f28dbc177fe966a2?s=44&#038;d=mm&#038;r=g' srcset='https:\/\/secure.gravatar.com\/avatar\/0503e328cbef274ead1225b9469fea557f6e98ae6b8d7368f28dbc177fe966a2?s=88&#038;d=mm&#038;r=g 2x' class='avatar avatar-44 photo' height='44' width='44' \/><\/a>\r\n\t\t\t\t<div class=\"meta-el meta-author\">\r\n\t\t\t<a href=\"https:\/\/theglobalhumanist.com\/es\/author\/ad4min\/\"><\/a>\t\t<\/div>\r\n\t\t\t\t<div class=\"meta-el meta-update\">\r\n\t\t\t<i class=\"rbi rbi-time\" aria-hidden=\"true\"><\/i>\t\t\t<time class=\"updated\" datetime=\"2025-04-08T04:52:24+00:00\">8 de abril de 2025<\/time>\r\n\t\t<\/div>\r\n\t\t\t\t\t\t<\/div>\r\n\t\t\t\t<span class=\"rb-bookmark bookmark-trigger\" data-pid=\"4325\"><\/span>\t\t\t<\/div>\r\n\t\t\t\t\t<\/div>\r\n\t\t<\/div>\r\n\t\t\t\t<\/div>\r\n\t<\/div><\/div>\t\t\t\t<\/div>\n\t\t\t\t<\/div>\n\t\t\t\t\t<\/div>\n\t\t\t\t<\/div>\n\t\t<div class=\"elementor-element elementor-element-fe841f2 e-flex e-con-boxed e-con e-parent\" data-id=\"fe841f2\" data-element_type=\"container\">\n\t\t\t\t\t<div class=\"e-con-inner\">\n\t\t<div class=\"elementor-element elementor-element-ecb602e e-con-full e-flex e-con e-child\" data-id=\"ecb602e\" data-element_type=\"container\">\n\t\t\t\t<div class=\"elementor-element elementor-element-b86b74c elementor-widget elementor-widget-foxiz-heading\" data-id=\"b86b74c\" data-element_type=\"widget\" data-widget_type=\"foxiz-heading.default\">\n\t\t\t\t<div class=\"elementor-widget-container\">\n\t\t\t\t\t<div id=\"uid_b86b74c\" class=\"block-h heading-layout-7\"><div class=\"heading-inner\"><h3 class=\"heading-title\"><span>Los mejores escritores<\/span><\/h3><\/div><\/div>\t\t\t\t<\/div>\n\t\t\t\t<\/div>\n\t\t\t\t<div class=\"elementor-element elementor-element-32cee90 elementor-widget elementor-widget-foxiz-authors-1\" data-id=\"32cee90\" data-element_type=\"widget\" data-widget_type=\"foxiz-authors-1.default\">\n\t\t\t\t<div class=\"elementor-widget-container\">\n\t\t\t\t\t<div id=\"uid_32cee90\" class=\"block-wrap block-authors block-authors-1 is-box-gray rb-columns rb-col-1 rb-tcol-1 rb-mcol-1 is-gap-custom meta-s-line\">\t\t<div class=\"block-inner\">\r\n\t\t\t\t\t<div class=\"a-card a-card-1\">\r\n\t\t\t<div class=\"a-card-inner box-inner\">\r\n\t\t\t\t<div class=\"a-card-content\">\r\n\t\t\t\t\t<div class=\"a-card-name\">\r\n\t\t\t\t\t\t<a class=\"h4 nice-name\" href=\"https:\/\/theglobalhumanist.com\/es\/author\/\"><\/a>\r\n\t\t\t\t\t\t\t\t\t\t\t<\/div>\r\n\t\t\t\t\t<div class=\"description-text rb-text\"><\/div>\r\n\t\t\t\t\t<span class=\"rb-follow follow-trigger\" data-uid=\"13\" data-name=\"\"><\/span>\t\t\t\t<\/div>\r\n\t\t\t\t<div class=\"a-card-feat\">\r\n\t\t\t\t\t<a href=\"https:\/\/theglobalhumanist.com\/es\/author\/\"><img alt='' src='https:\/\/secure.gravatar.com\/avatar\/?s=400&#038;d=mm&#038;r=g' srcset='https:\/\/secure.gravatar.com\/avatar\/?s=800&#038;d=mm&#038;r=g 2x' class='avatar avatar-400 photo avatar-default' height='400' width='400' \/><\/a>\r\n\t\t\t\t\t\t\t\t\t<\/div>\r\n\t\t\t<\/div>\r\n\t\t<\/div>\r\n\t\t\t\t<div class=\"a-card a-card-1\">\r\n\t\t\t<div class=\"a-card-inner box-inner\">\r\n\t\t\t\t<div class=\"a-card-content\">\r\n\t\t\t\t\t<div class=\"a-card-name\">\r\n\t\t\t\t\t\t<a class=\"h4 nice-name\" href=\"https:\/\/theglobalhumanist.com\/es\/author\/\"><\/a>\r\n\t\t\t\t\t\t\t\t\t\t\t<\/div>\r\n\t\t\t\t\t<div class=\"description-text rb-text\"><\/div>\r\n\t\t\t\t\t<span class=\"rb-follow follow-trigger\" data-uid=\"15\" data-name=\"\"><\/span>\t\t\t\t<\/div>\r\n\t\t\t\t<div class=\"a-card-feat\">\r\n\t\t\t\t\t<a href=\"https:\/\/theglobalhumanist.com\/es\/author\/\"><img alt='' src='https:\/\/secure.gravatar.com\/avatar\/?s=400&#038;d=mm&#038;r=g' srcset='https:\/\/secure.gravatar.com\/avatar\/?s=800&#038;d=mm&#038;r=g 2x' class='avatar avatar-400 photo avatar-default' height='400' width='400' \/><\/a>\r\n\t\t\t\t\t\t\t\t\t<\/div>\r\n\t\t\t<\/div>\r\n\t\t<\/div>\r\n\t\t\t\t<div class=\"a-card a-card-1\">\r\n\t\t\t<div class=\"a-card-inner box-inner\">\r\n\t\t\t\t<div class=\"a-card-content\">\r\n\t\t\t\t\t<div class=\"a-card-name\">\r\n\t\t\t\t\t\t<a class=\"h4 nice-name\" href=\"https:\/\/theglobalhumanist.com\/es\/author\/\"><\/a>\r\n\t\t\t\t\t\t\t\t\t\t\t<\/div>\r\n\t\t\t\t\t<div class=\"description-text rb-text\"><\/div>\r\n\t\t\t\t\t<span class=\"rb-follow follow-trigger\" data-uid=\"14\" data-name=\"\"><\/span>\t\t\t\t<\/div>\r\n\t\t\t\t<div class=\"a-card-feat\">\r\n\t\t\t\t\t<a href=\"https:\/\/theglobalhumanist.com\/es\/author\/\"><img alt='' src='https:\/\/secure.gravatar.com\/avatar\/?s=400&#038;d=mm&#038;r=g' srcset='https:\/\/secure.gravatar.com\/avatar\/?s=800&#038;d=mm&#038;r=g 2x' class='avatar avatar-400 photo avatar-default' height='400' width='400' \/><\/a>\r\n\t\t\t\t\t\t\t\t\t<\/div>\r\n\t\t\t<\/div>\r\n\t\t<\/div>\r\n\t\t\t\t<div class=\"a-card a-card-1\">\r\n\t\t\t<div class=\"a-card-inner box-inner\">\r\n\t\t\t\t<div class=\"a-card-content\">\r\n\t\t\t\t\t<div class=\"a-card-name\">\r\n\t\t\t\t\t\t<a class=\"h4 nice-name\" href=\"https:\/\/theglobalhumanist.com\/es\/author\/\"><\/a>\r\n\t\t\t\t\t\t\t\t\t\t\t<\/div>\r\n\t\t\t\t\t<div class=\"description-text rb-text\"><\/div>\r\n\t\t\t\t\t<span class=\"rb-follow follow-trigger\" data-uid=\"16\" data-name=\"\"><\/span>\t\t\t\t<\/div>\r\n\t\t\t\t<div class=\"a-card-feat\">\r\n\t\t\t\t\t<a href=\"https:\/\/theglobalhumanist.com\/es\/author\/\"><img alt='' src='https:\/\/secure.gravatar.com\/avatar\/?s=400&#038;d=mm&#038;r=g' srcset='https:\/\/secure.gravatar.com\/avatar\/?s=800&#038;d=mm&#038;r=g 2x' class='avatar avatar-400 photo avatar-default' height='400' width='400' \/><\/a>\r\n\t\t\t\t\t\t\t\t\t<\/div>\r\n\t\t\t<\/div>\r\n\t\t<\/div>\r\n\t\t\t\t<\/div>\r\n\t\t<\/div>\t\t\t\t<\/div>\n\t\t\t\t<\/div>\n\t\t\t\t<div class=\"elementor-element elementor-element-336a2aa is-divider-hyphen elementor-widget elementor-widget-foxiz-quick-links\" data-id=\"336a2aa\" data-element_type=\"widget\" data-widget_type=\"foxiz-quick-links.default\">\n\t\t\t\t<div class=\"elementor-widget-container\">\n\t\t\t\t\t<div id=\"uid_336a2aa\" class=\"block-wrap block-qlinks qlayout-1 effect-dotted res-nowrap qlinks-scroll meta-s-line\">\t\t<ul class=\"qlinks-inner\">\r\n\t\t\t\t\t\t\t<li class=\"qlink qlinks-heading\">\r\n\t\t\t\t\t<div class=\"qlink-label\">Consulta las etiquetas:<\/div>\r\n\t\t\t\t<\/li>\r\n\t\t\t<li class=\"qlink h5\"><a href=\"https:\/\/theglobalhumanist.com\/es\/category\/books\/\">Libros<\/a><\/li><li class=\"qlink h5\"><a href=\"https:\/\/theglobalhumanist.com\/es\/tag\/religion\/\">Religi\u00f3n<\/a><\/li><li class=\"qlink h5\"><a href=\"https:\/\/theglobalhumanist.com\/es\/tag\/atheism\/\">Ate\u00edsmo<\/a><\/li><li class=\"qlink h5\"><a href=\"https:\/\/theglobalhumanist.com\/es\/tag\/skepticism\/\">Escepticismo<\/a><\/li><li class=\"qlink h5\"><a href=\"https:\/\/theglobalhumanist.com\/es\/tag\/secularism\/\">Laicismo<\/a><\/li><li class=\"qlink h5\"><a href=\"https:\/\/theglobalhumanist.com\/es\/tag\/philosophy\/\">Filosof\u00eda<\/a><\/li><li class=\"qlink h5\"><a href=\"https:\/\/theglobalhumanist.com\/es\/tag\/rationalism\/\">Racionalismo<\/a><\/li><li class=\"qlink h5\"><a href=\"https:\/\/theglobalhumanist.com\/es\/tag\/science\/\">Ciencia<\/a><\/li><\/ul>\r\n\t\t<\/div>\t\t\t\t<\/div>\n\t\t\t\t<\/div>\n\t\t\t\t<\/div>\n\t\t<div class=\"elementor-element elementor-element-2c47147 e-con-full e-flex e-con e-child\" data-id=\"2c47147\" data-element_type=\"container\">\n\t\t\t\t<div class=\"elementor-element elementor-element-bbcedb2 elementor-widget elementor-widget-foxiz-heading\" data-id=\"bbcedb2\" data-element_type=\"widget\" data-widget_type=\"foxiz-heading.default\">\n\t\t\t\t<div class=\"elementor-widget-container\">\n\t\t\t\t\t<div id=\"uid_bbcedb2\" class=\"block-h heading-layout-7\"><div class=\"heading-inner\"><h3 class=\"heading-title\"><a class=\"h-link\" href=\"https:\/\/foxiz.themeruby.com\/buzzstream\/category\/tech\/\">Tecnolog\u00eda<\/a><\/h3><\/div><\/div>\t\t\t\t<\/div>\n\t\t\t\t<\/div>\n\t\t\t\t<div class=\"elementor-element elementor-element-00c5f18 elementor-widget elementor-widget-foxiz-grid-1\" data-id=\"00c5f18\" data-element_type=\"widget\" data-widget_type=\"foxiz-grid-1.default\">\n\t\t\t\t<div class=\"elementor-widget-container\">\n\t\t\t\t\t<div id=\"uid_00c5f18\" class=\"block-wrap block-grid block-grid-1 rb-columns rb-col-1 rb-tcol-1 rb-mcol-1 is-gap-20 hovering-fade bottom-border is-b-border-gray ecat-bg-4 is-m-list meta-s-line\"><div class=\"block-inner\">\t\t<div class=\"p-wrap p-grid p-grid-1\" data-pid=\"3911\">\r\n\t\t\t\t<div class=\"feat-holder\">\r\n\t\t\t\t\t\t<div class=\"p-featured\">\r\n\t\t\t\t\t<a class=\"p-flink\" href=\"https:\/\/theglobalhumanist.com\/es\/unweaving-the-rainbow-science-delusion-and-the-appetite-for-wonder-by-richard-dawkins\/\" title=\"Destejiendo el arco\u00edris: Ciencia, delirio y el apetito por el asombro, de Richard Dawkins\">\r\n\t\t\t<img loading=\"lazy\" decoding=\"async\" width=\"420\" height=\"280\" src=\"https:\/\/theglobalhumanist.com\/wp-content\/uploads\/2024\/07\/Unweaving-the-Rainbow-by-Richard-Dawkins-420x280.jpg\" class=\"featured-img wp-post-image\" alt=\"\" \/>\t\t<\/a>\r\n\t\t\t\t<\/div>\r\n\t<div class=\"p-categories light-scheme p-top mobile-hide\"><a class=\"p-category category-id-851\" href=\"https:\/\/theglobalhumanist.com\/es\/category\/books\/\" rel=\"category\">Libros<\/a><a class=\"p-category category-id-44\" href=\"https:\/\/theglobalhumanist.com\/es\/category\/science\/\" rel=\"category\">Ciencia<\/a><\/div><\/div>\r\n\t\t<h3 class=\"entry-title\">\t\t<a class=\"p-url\" href=\"https:\/\/theglobalhumanist.com\/es\/unweaving-the-rainbow-science-delusion-and-the-appetite-for-wonder-by-richard-dawkins\/\" rel=\"bookmark\">Destejiendo el arco\u00edris: Ciencia, delirio y el apetito por el asombro, de Richard Dawkins<\/a><\/h3><p class=\"entry-summary mobile-hide\">&quot;Destejiendo el arco\u00edris: Ciencia, delirio y el apetito por el asombro&quot;, de Richard Dawkins, argumenta que la ciencia mejora nuestra apreciaci\u00f3n de\u2026<\/p>\r\n\t\t\t\t\t\t<div class=\"p-meta has-bookmark\">\r\n\t\t\t\t<div class=\"meta-inner is-meta\">\r\n\t\t\t\t\t\t\t<a class=\"meta-el meta-avatar\" href=\"https:\/\/theglobalhumanist.com\/es\/author\/ad4min\/\"><img alt='' src='https:\/\/secure.gravatar.com\/avatar\/0503e328cbef274ead1225b9469fea557f6e98ae6b8d7368f28dbc177fe966a2?s=44&#038;d=mm&#038;r=g' srcset='https:\/\/secure.gravatar.com\/avatar\/0503e328cbef274ead1225b9469fea557f6e98ae6b8d7368f28dbc177fe966a2?s=88&#038;d=mm&#038;r=g 2x' class='avatar avatar-44 photo' height='44' width='44' \/><\/a>\r\n\t\t\t\t<div class=\"meta-el meta-author\">\r\n\t\t\t<a href=\"https:\/\/theglobalhumanist.com\/es\/author\/ad4min\/\"><\/a>\t\t<\/div>\r\n\t\t\t\t<div class=\"meta-el meta-update\">\r\n\t\t\t<i class=\"rbi rbi-time\" aria-hidden=\"true\"><\/i>\t\t\t<time class=\"updated\" datetime=\"2025-04-08T04:52:56+00:00\">8 de abril de 2025<\/time>\r\n\t\t<\/div>\r\n\t\t\t\t\t\t<\/div>\r\n\t\t\t\t<span class=\"rb-bookmark bookmark-trigger\" data-pid=\"3911\"><\/span>\t\t\t<\/div>\r\n\t\t\t\t<\/div>\r\n\t<\/div><\/div>\t\t\t\t<\/div>\n\t\t\t\t<\/div>\n\t\t\t\t<div class=\"elementor-element elementor-element-002bfdd elementor-widget elementor-widget-foxiz-list-small-1\" data-id=\"002bfdd\" data-element_type=\"widget\" data-widget_type=\"foxiz-list-small-1.default\">\n\t\t\t\t<div class=\"elementor-widget-container\">\n\t\t\t\t\t<div id=\"uid_002bfdd\" class=\"block-wrap block-small block-list block-list-small-1 rb-columns rb-col-1 rb-tcol-1 rb-mcol-1 is-gap-custom col-border is-border-gray bottom-border is-b-border-gray no-last-bb meta-s-line\"><div class=\"block-inner\">\t\t<div class=\"p-wrap p-small p-list-small-1\" data-pid=\"3776\">\r\n\t\t\t<div class=\"p-content\">\r\n\t\t\t<h3 class=\"entry-title\">\t\t<a class=\"p-url\" href=\"https:\/\/theglobalhumanist.com\/es\/worlds-of-their-own-a-brief-history-of-misguided-ideas-creationism-flat-earthism-energy-scams-and-the-velikovsky-affair-by-robert-j-schadewald\/\" rel=\"bookmark\">Mundos propios: Una breve historia de ideas err\u00f3neas: creacionismo, terraplanismo, estafas energ\u00e9ticas y el caso Velikovsky, de Robert J. Schadewald<\/a><\/h3><p class=\"entry-summary\">&quot;Mundos propios&quot; de Robert J. Schadewald examina cr\u00edticamente diversas ideas y creencias pseudocient\u00edficas...<\/p>\r\n\t\t\t\t\t\t<div class=\"p-meta has-bookmark\">\r\n\t\t\t\t<div class=\"meta-inner is-meta\">\r\n\t\t\t\t\t\t\t<div class=\"meta-el meta-author\">\r\n\t\t\t<a href=\"https:\/\/theglobalhumanist.com\/es\/author\/ad4min\/\"><\/a>\t\t<\/div>\r\n\t\t\t\t\t\t<\/div>\r\n\t\t\t\t<span class=\"rb-bookmark bookmark-trigger\" data-pid=\"3776\"><\/span>\t\t\t<\/div>\r\n\t\t\t\t<\/div>\r\n\t\t\t\t<\/div>\r\n\t\t\t<div class=\"p-wrap p-small p-list-small-1\" data-pid=\"3754\">\r\n\t\t\t<div class=\"p-content\">\r\n\t\t\t<h3 class=\"entry-title\">\t\t<a class=\"p-url\" href=\"https:\/\/theglobalhumanist.com\/es\/uganda-scientific-report-on-homosexuality-by-the-uganda-ministry-of-health\/\" rel=\"bookmark\">Informe cient\u00edfico de Uganda sobre la homosexualidad, elaborado por el Ministerio de Salud de Uganda.<\/a><\/h3><p class=\"entry-summary\">El \u00abInforme Cient\u00edfico de Uganda sobre la Homosexualidad\u00bb examina los aspectos biol\u00f3gicos, psicol\u00f3gicos y sociales de la homosexualidad\u2026<\/p>\r\n\t\t\t\t\t\t<div class=\"p-meta has-bookmark\">\r\n\t\t\t\t<div class=\"meta-inner is-meta\">\r\n\t\t\t\t\t\t\t<div class=\"meta-el meta-author\">\r\n\t\t\t<a href=\"https:\/\/theglobalhumanist.com\/es\/author\/ad4min\/\"><\/a>\t\t<\/div>\r\n\t\t\t\t\t\t<\/div>\r\n\t\t\t\t<span class=\"rb-bookmark bookmark-trigger\" data-pid=\"3754\"><\/span>\t\t\t<\/div>\r\n\t\t\t\t<\/div>\r\n\t\t\t\t<\/div>\r\n\t<\/div><\/div>\t\t\t\t<\/div>\n\t\t\t\t<\/div>\n\t\t\t\t<\/div>\n\t\t<div class=\"elementor-element elementor-element-2dec6fd e-con-full e-flex e-con e-child\" data-id=\"2dec6fd\" data-element_type=\"container\">\n\t\t\t\t<div class=\"elementor-element elementor-element-43dbc72 elementor-widget elementor-widget-foxiz-heading\" data-id=\"43dbc72\" data-element_type=\"widget\" data-widget_type=\"foxiz-heading.default\">\n\t\t\t\t<div class=\"elementor-widget-container\">\n\t\t\t\t\t<div id=\"uid_43dbc72\" class=\"block-h heading-layout-7\"><div class=\"heading-inner\"><h3 class=\"heading-title\"><a class=\"h-link\" href=\"https:\/\/foxiz.themeruby.com\/buzzstream\/category\/world\/\">Mundo<\/a><\/h3><\/div><\/div>\t\t\t\t<\/div>\n\t\t\t\t<\/div>\n\t\t\t\t<div class=\"elementor-element elementor-element-c0f78a7 elementor-widget elementor-widget-foxiz-list-small-1\" data-id=\"c0f78a7\" data-element_type=\"widget\" data-widget_type=\"foxiz-list-small-1.default\">\n\t\t\t\t<div class=\"elementor-widget-container\">\n\t\t\t\t\t<div id=\"uid_c0f78a7\" class=\"block-wrap block-small block-list block-list-small-1 rb-columns rb-col-1 rb-tcol-1 rb-mcol-1 is-gap-custom col-border is-border-gray bottom-border is-b-border-gray meta-s-line\"><div class=\"block-inner\">\t\t<div class=\"p-wrap p-small p-list-small-1\" data-pid=\"3931\">\r\n\t\t\t<div class=\"p-content\">\r\n\t\t\t<h3 class=\"entry-title\">\t\t<a class=\"p-url\" href=\"https:\/\/theglobalhumanist.com\/es\/can-we-know-the-universe-by-carl-sagan\/\" rel=\"bookmark\">\u00bfPodemos conocer el universo? por Carl Sagan<\/a><\/h3><p class=\"entry-summary\">&quot;\u00bfPodemos conocer el universo?&quot; de Carl Sagan explora la capacidad de comprensi\u00f3n humana en\u2026<\/p>\r\n\t\t\t\t\t\t<div class=\"p-meta has-bookmark\">\r\n\t\t\t\t<div class=\"meta-inner is-meta\">\r\n\t\t\t\t\t\t\t<div class=\"meta-el meta-author\">\r\n\t\t\t<a href=\"https:\/\/theglobalhumanist.com\/es\/author\/ad4min\/\"><\/a>\t\t<\/div>\r\n\t\t\t\t\t\t<\/div>\r\n\t\t\t\t<span class=\"rb-bookmark bookmark-trigger\" data-pid=\"3931\"><\/span>\t\t\t<\/div>\r\n\t\t\t\t<\/div>\r\n\t\t\t\t<\/div>\r\n\t\t\t<div class=\"p-wrap p-small p-list-small-1\" data-pid=\"3296\">\r\n\t\t\t<div class=\"p-content\">\r\n\t\t\t<h3 class=\"entry-title\">\t\t<a class=\"p-url\" href=\"https:\/\/theglobalhumanist.com\/es\/the-portable-atheist-essential-readings-for-the-nonbeliever-by-christopher-hitchens\/\" rel=\"bookmark\">El ateo port\u00e1til: lecturas esenciales para el no creyente, de Christopher Hitchens<\/a><\/h3><p class=\"entry-summary\">&quot;El ateo port\u00e1til: Lecturas esenciales para el no creyente&quot;, editado por Christopher Hitchens, es una antolog\u00eda\u2026<\/p>\r\n\t\t\t\t\t\t<div class=\"p-meta has-bookmark\">\r\n\t\t\t\t<div class=\"meta-inner is-meta\">\r\n\t\t\t\t\t\t\t<div class=\"meta-el meta-author\">\r\n\t\t\t<a href=\"https:\/\/theglobalhumanist.com\/es\/author\/ad4min\/\"><\/a>\t\t<\/div>\r\n\t\t\t\t\t\t<\/div>\r\n\t\t\t\t<span class=\"rb-bookmark bookmark-trigger\" data-pid=\"3296\"><\/span>\t\t\t<\/div>\r\n\t\t\t\t<\/div>\r\n\t\t\t\t<\/div>\r\n\t<\/div><\/div>\t\t\t\t<\/div>\n\t\t\t\t<\/div>\n\t\t\t\t<div class=\"elementor-element elementor-element-c2a71e7 elementor-widget elementor-widget-foxiz-grid-1\" data-id=\"c2a71e7\" data-element_type=\"widget\" data-widget_type=\"foxiz-grid-1.default\">\n\t\t\t\t<div class=\"elementor-widget-container\">\n\t\t\t\t\t<div id=\"uid_c2a71e7\" class=\"block-wrap block-grid block-grid-1 rb-columns rb-col-1 rb-tcol-1 rb-mcol-1 is-gap-20 hovering-fade bottom-border is-b-border-gray no-last-bb ecat-bg-4 is-m-list meta-s-line\"><div class=\"block-inner\">\t\t<div class=\"p-wrap p-grid p-grid-1\" data-pid=\"2859\">\r\n\t\t\t\t<div class=\"feat-holder\">\r\n\t\t\t\t\t\t<div class=\"p-featured\">\r\n\t\t\t\t\t<a class=\"p-flink\" href=\"https:\/\/theglobalhumanist.com\/es\/the-moral-landscape-by-sam-harris\/\" title=\"El paisaje moral de Sam Harris\">\r\n\t\t\t<img loading=\"lazy\" decoding=\"async\" width=\"420\" height=\"280\" src=\"https:\/\/theglobalhumanist.com\/wp-content\/uploads\/2024\/07\/Sam-Harris-The-Moral-420x280.jpg\" class=\"featured-img wp-post-image\" alt=\"\" \/>\t\t<\/a>\r\n\t\t\t\t<\/div>\r\n\t<div class=\"p-categories light-scheme p-top mobile-hide\"><a class=\"p-category category-id-851\" href=\"https:\/\/theglobalhumanist.com\/es\/category\/books\/\" rel=\"category\">Libros<\/a><a class=\"p-category category-id-43\" href=\"https:\/\/theglobalhumanist.com\/es\/category\/critiques\/\" rel=\"category\">Cr\u00edticas<\/a><\/div><\/div>\r\n\t\t<h3 class=\"entry-title\">\t\t<a class=\"p-url\" href=\"https:\/\/theglobalhumanist.com\/es\/the-moral-landscape-by-sam-harris\/\" rel=\"bookmark\">El paisaje moral de Sam Harris<\/a><\/h3><p class=\"entry-summary mobile-hide\">&quot;El panorama moral: c\u00f3mo la ciencia puede determinar los valores humanos&quot;, de Sam Harris, argumenta que la ciencia y la raz\u00f3n pueden proporcionar respuestas...<\/p>\r\n\t\t\t\t\t\t<div class=\"p-meta has-bookmark\">\r\n\t\t\t\t<div class=\"meta-inner is-meta\">\r\n\t\t\t\t\t\t\t<a class=\"meta-el meta-avatar\" href=\"https:\/\/theglobalhumanist.com\/es\/author\/ad4min\/\"><img alt='' src='https:\/\/secure.gravatar.com\/avatar\/0503e328cbef274ead1225b9469fea557f6e98ae6b8d7368f28dbc177fe966a2?s=44&#038;d=mm&#038;r=g' srcset='https:\/\/secure.gravatar.com\/avatar\/0503e328cbef274ead1225b9469fea557f6e98ae6b8d7368f28dbc177fe966a2?s=88&#038;d=mm&#038;r=g 2x' class='avatar avatar-44 photo' height='44' width='44' \/><\/a>\r\n\t\t\t\t<div class=\"meta-el meta-author\">\r\n\t\t\t<a href=\"https:\/\/theglobalhumanist.com\/es\/author\/ad4min\/\"><\/a>\t\t<\/div>\r\n\t\t\t\t<div class=\"meta-el meta-update\">\r\n\t\t\t<i class=\"rbi rbi-time\" aria-hidden=\"true\"><\/i>\t\t\t<time class=\"updated\" datetime=\"2025-04-08T04:44:28+00:00\">8 de abril de 2025<\/time>\r\n\t\t<\/div>\r\n\t\t\t\t\t\t<\/div>\r\n\t\t\t\t<span class=\"rb-bookmark bookmark-trigger\" data-pid=\"2859\"><\/span>\t\t\t<\/div>\r\n\t\t\t\t<\/div>\r\n\t<\/div><\/div>\t\t\t\t<\/div>\n\t\t\t\t<\/div>\n\t\t\t\t<\/div>\n\t\t\t\t\t<\/div>\n\t\t\t\t<\/div>\n\t\t<div class=\"elementor-element elementor-element-b554322 e-flex e-con-boxed e-con e-parent\" data-id=\"b554322\" data-element_type=\"container\">\n\t\t\t\t\t<div class=\"e-con-inner\">\n\t\t\t\t<div class=\"elementor-element elementor-element-e57441d submit-layout-2 elementor-widget elementor-widget-foxiz-newsletter-1\" data-id=\"e57441d\" data-element_type=\"widget\" id=\"newsletter\" data-widget_type=\"foxiz-newsletter-1.default\">\n\t\t\t\t<div class=\"elementor-widget-container\">\n\t\t\t\t\t<div class=\"newsletter-box newsletter-style is-box-none newsletter-box-1\"><div class=\"newsletter-inner\"><div class=\"newsletter-featured\"><img loading=\"lazy\" decoding=\"async\" width=\"300\" height=\"285\" src=\"https:\/\/theglobalhumanist.com\/wp-content\/uploads\/2024\/01\/newsletter.png\" class=\"attachment-full size-full\" alt=\"\" \/><\/div><div class=\"newsletter-content\"><h2 class=\"newsletter-title\">Desbloquea el pulso del presente<\/h2><div class=\"newsletter-description rb-text\">\u00a1Suscr\u00edbete ahora para recibir actualizaciones en tiempo real sobre las \u00faltimas historias!<\/div><\/div><div class=\"newsletter-form\"><script>(function() {\n\twindow.mc4wp = window.mc4wp || {\n\t\tlisteners: [],\n\t\tforms: {\n\t\t\ton: function(evt, cb) {\n\t\t\t\twindow.mc4wp.listeners.push(\n\t\t\t\t\t{\n\t\t\t\t\t\tevent   : evt,\n\t\t\t\t\t\tcallback: cb\n\t\t\t\t\t}\n\t\t\t\t);\n\t\t\t}\n\t\t}\n\t}\n})();\n<\/script><!-- Mailchimp for WordPress v4.10.3 - https:\/\/wordpress.org\/plugins\/mailchimp-for-wp\/ --><form id=\"mc4wp-form-1\" class=\"mc4wp-form mc4wp-form-3992\" method=\"post\" data-id=\"3992\" data-name=\"Subscribe\" action=\"\" ><div class=\"mc4wp-form-fields\"><p>\r\n\t<label>Direcci\u00f3n de correo electr\u00f3nico: \r\n\t\t<input type=\"email\" name=\"EMAIL\" placeholder=\"Su direcci\u00f3n de correo electr\u00f3nico\" required \/>\r\n<\/label>\r\n<\/p>\r\n\r\n<p>\r\n\t<input type=\"submit\" value=\"Inscribirse\" \/>\r\n<\/p><\/div><label style=\"display: none !important;\">Deja vac\u00edo este campo si eres humano: <input type=\"text\" name=\"_mc4wp_honeypot\" value=\"\" tabindex=\"-1\" autocomplete=\"off\" \/><\/label><input type=\"hidden\" name=\"_mc4wp_timestamp\" value=\"1777569935\" \/><input type=\"hidden\" name=\"_mc4wp_form_id\" value=\"3992\" \/><input type=\"hidden\" name=\"_mc4wp_form_element_id\" value=\"mc4wp-form-1\" \/><div class=\"mc4wp-response\"><\/div><input type=\"hidden\" name=\"trp-form-language\" value=\"es\"\/><\/form><!-- \/ Mailchimp for WordPress Plugin --><\/div><\/div><\/div>\t\t\t\t<\/div>\n\t\t\t\t<\/div>\n\t\t\t\t<div class=\"elementor-element elementor-element-5e03810 elementor-widget elementor-widget-foxiz-heading\" data-id=\"5e03810\" data-element_type=\"widget\" data-widget_type=\"foxiz-heading.default\">\n\t\t\t\t<div class=\"elementor-widget-container\">\n\t\t\t\t\t<div id=\"uid_5e03810\" class=\"block-h heading-layout-7\"><div class=\"heading-inner\"><h3 class=\"heading-title\"><span>Debes leer<\/span><\/h3><\/div><\/div>\t\t\t\t<\/div>\n\t\t\t\t<\/div>\n\t\t\t\t<div class=\"elementor-element elementor-element-6049edc elementor-widget elementor-widget-foxiz-grid-1\" data-id=\"6049edc\" data-element_type=\"widget\" data-widget_type=\"foxiz-grid-1.default\">\n\t\t\t\t<div class=\"elementor-widget-container\">\n\t\t\t\t\t<div id=\"uid_6049edc\" class=\"block-wrap block-grid block-grid-1 is-hoz-scroll rb-columns rb-col-4 is-gap-custom col-border is-border-gray hovering-fade bottom-border is-b-border-gray no-last-bb ecat-bg-4 meta-s-line\"><div class=\"block-inner\">\t\t<div class=\"p-wrap p-grid p-grid-1\" data-pid=\"3578\">\r\n\t\t\t\t<div class=\"feat-holder\">\r\n\t\t\t\t\t\t<div class=\"p-featured\">\r\n\t\t\t\t\t<a class=\"p-flink\" href=\"https:\/\/theglobalhumanist.com\/es\/core-affect-prototypical-emotional-episodes-and-other-things-called-emotion-dissecting-the-elephant-by-james-a-russell-and-lisa-f-barrett\/\" title=\"Afecto central, episodios emocionales protot\u00edpicos y otras cosas llamadas emoci\u00f3n: Diseccionando al elefante por James A. Russell y Lisa F. Barrett\">\r\n\t\t\t<img loading=\"lazy\" decoding=\"async\" width=\"330\" height=\"220\" src=\"https:\/\/theglobalhumanist.com\/wp-content\/uploads\/2024\/07\/Core-Affect-Prototypical-Emotional-Episodes-and-Other-Things-Called-Emotion_-Dissecting-the-Elephant-by-James-A.-Russell-and-Lisa-F.-Barrett-330x220.png\" class=\"featured-img wp-post-image\" alt=\"\" \/>\t\t<\/a>\r\n\t\t\t\t<\/div>\r\n\t<div class=\"p-categories light-scheme p-top\"><a class=\"p-category category-id-851\" href=\"https:\/\/theglobalhumanist.com\/es\/category\/books\/\" rel=\"category\">Libros<\/a><a class=\"p-category category-id-1\" href=\"https:\/\/theglobalhumanist.com\/es\/category\/uncategorized\/\" rel=\"category\">Sin categorizar<\/a><\/div><\/div>\r\n\t\t<h3 class=\"entry-title\">\t\t<a class=\"p-url\" href=\"https:\/\/theglobalhumanist.com\/es\/core-affect-prototypical-emotional-episodes-and-other-things-called-emotion-dissecting-the-elephant-by-james-a-russell-and-lisa-f-barrett\/\" rel=\"bookmark\">Afecto central, episodios emocionales protot\u00edpicos y otras cosas llamadas emoci\u00f3n: Diseccionando al elefante por James A. Russell y Lisa F. Barrett<\/a><\/h3><p class=\"entry-summary mobile-hide\">Afecto central, episodios emocionales protot\u00edpicos y otras cosas llamadas emoci\u00f3n: Diseccionando el elefante, de James A. Russell y Lisa F.\u2026<\/p>\r\n\t\t\t\t\t\t<div class=\"p-meta has-bookmark\">\r\n\t\t\t\t<div class=\"meta-inner is-meta\">\r\n\t\t\t\t\t\t\t<div class=\"meta-el meta-author\">\r\n\t\t\t<a href=\"https:\/\/theglobalhumanist.com\/es\/author\/ad4min\/\"><\/a>\t\t<\/div>\r\n\t\t\t\t\t\t<\/div>\r\n\t\t\t\t<span class=\"rb-bookmark bookmark-trigger\" data-pid=\"3578\"><\/span>\t\t\t<\/div>\r\n\t\t\t\t<\/div>\r\n\t\t\t<div class=\"p-wrap p-grid p-grid-1\" data-pid=\"3883\">\r\n\t\t\t\t<div class=\"feat-holder\">\r\n\t\t\t\t\t\t<div class=\"p-featured\">\r\n\t\t\t\t\t<a class=\"p-flink\" href=\"https:\/\/theglobalhumanist.com\/es\/the-selfish-gene-by-richard-dawkins\/\" title=\"El gen ego\u00edsta de Richard Dawkins\">\r\n\t\t\t<img loading=\"lazy\" decoding=\"async\" width=\"330\" height=\"220\" src=\"https:\/\/theglobalhumanist.com\/wp-content\/uploads\/2024\/07\/The-Selfish-Gene-by-Richard-Dawkins-330x220.jpg\" class=\"featured-img wp-post-image\" alt=\"\" \/>\t\t<\/a>\r\n\t\t\t\t<\/div>\r\n\t<div class=\"p-categories light-scheme p-top\"><a class=\"p-category category-id-851\" href=\"https:\/\/theglobalhumanist.com\/es\/category\/books\/\" rel=\"category\">Libros<\/a><a class=\"p-category category-id-44\" href=\"https:\/\/theglobalhumanist.com\/es\/category\/science\/\" rel=\"category\">Ciencia<\/a><\/div><\/div>\r\n\t\t<h3 class=\"entry-title\">\t\t<a class=\"p-url\" href=\"https:\/\/theglobalhumanist.com\/es\/the-selfish-gene-by-richard-dawkins\/\" rel=\"bookmark\">El gen ego\u00edsta de Richard Dawkins<\/a><\/h3><p class=\"entry-summary mobile-hide\">&quot;El gen ego\u00edsta&quot; de Richard Dawkins revoluciona la forma en que entendemos la evoluci\u00f3n al enfatizar el papel de los genes como\u2026<\/p>\r\n\t\t\t\t\t\t<div class=\"p-meta has-bookmark\">\r\n\t\t\t\t<div class=\"meta-inner is-meta\">\r\n\t\t\t\t\t\t\t<div class=\"meta-el meta-author\">\r\n\t\t\t<a href=\"https:\/\/theglobalhumanist.com\/es\/author\/ad4min\/\"><\/a>\t\t<\/div>\r\n\t\t\t\t\t\t<\/div>\r\n\t\t\t\t<span class=\"rb-bookmark bookmark-trigger\" data-pid=\"3883\"><\/span>\t\t\t<\/div>\r\n\t\t\t\t<\/div>\r\n\t\t\t<div class=\"p-wrap p-grid p-grid-1\" data-pid=\"2997\">\r\n\t\t\t\t<div class=\"feat-holder\">\r\n\t\t\t\t\t\t<div class=\"p-featured\">\r\n\t\t\t\t\t<a class=\"p-flink\" href=\"https:\/\/theglobalhumanist.com\/es\/objecting-to-god-by-colin-howson\/\" title=\"Objetando a Dios por Colin Howson\">\r\n\t\t\t<img loading=\"lazy\" decoding=\"async\" width=\"330\" height=\"220\" src=\"https:\/\/theglobalhumanist.com\/wp-content\/uploads\/2023\/12\/Objecting-to-God22-by-Colin-Howson-330x220.jpg\" class=\"featured-img wp-post-image\" alt=\"\" \/>\t\t<\/a>\r\n\t\t\t\t<\/div>\r\n\t<div class=\"p-categories light-scheme p-top\"><a class=\"p-category category-id-851\" href=\"https:\/\/theglobalhumanist.com\/es\/category\/books\/\" rel=\"category\">Libros<\/a><a class=\"p-category category-id-43\" href=\"https:\/\/theglobalhumanist.com\/es\/category\/critiques\/\" rel=\"category\">Cr\u00edticas<\/a><\/div><\/div>\r\n\t\t<h3 class=\"entry-title\">\t\t<a class=\"p-url\" href=\"https:\/\/theglobalhumanist.com\/es\/objecting-to-god-by-colin-howson\/\" rel=\"bookmark\">Objetando a Dios por Colin Howson<\/a><\/h3><p class=\"entry-summary mobile-hide\">&quot;Objetando a Dios&quot; de Colin Howson es una cr\u00edtica filos\u00f3fica del te\u00edsmo y del concepto de Dios. Howson, fil\u00f3sofo\u2026<\/p>\r\n\t\t\t\t\t\t<div class=\"p-meta has-bookmark\">\r\n\t\t\t\t<div class=\"meta-inner is-meta\">\r\n\t\t\t\t\t\t\t<div class=\"meta-el meta-author\">\r\n\t\t\t<a href=\"https:\/\/theglobalhumanist.com\/es\/author\/ad4min\/\"><\/a>\t\t<\/div>\r\n\t\t\t\t\t\t<\/div>\r\n\t\t\t\t<span class=\"rb-bookmark bookmark-trigger\" data-pid=\"2997\"><\/span>\t\t\t<\/div>\r\n\t\t\t\t<\/div>\r\n\t\t\t<div class=\"p-wrap p-grid p-grid-1\" data-pid=\"3925\">\r\n\t\t\t\t<div class=\"feat-holder\">\r\n\t\t\t\t\t\t<div class=\"p-featured\">\r\n\t\t\t\t\t<a class=\"p-flink\" href=\"https:\/\/theglobalhumanist.com\/es\/a-concise-guide-to-critical-thinking-3rd-edition-by-tracy-bowell-and-gary-kemp\/\" title=\"Una gu\u00eda concisa para el pensamiento cr\u00edtico (3.\u00aa edici\u00f3n) de Tracy Bowell y Gary Kemp\">\r\n\t\t\t<img loading=\"lazy\" decoding=\"async\" width=\"330\" height=\"220\" src=\"https:\/\/theglobalhumanist.com\/wp-content\/uploads\/2024\/07\/A-Concise-Guide-to-Critical-Thinking_3rd-Edition-330x220.jpg\" class=\"featured-img wp-post-image\" alt=\"\" \/>\t\t<\/a>\r\n\t\t\t\t<\/div>\r\n\t<div class=\"p-categories light-scheme p-top\"><a class=\"p-category category-id-851\" href=\"https:\/\/theglobalhumanist.com\/es\/category\/books\/\" rel=\"category\">Libros<\/a><a class=\"p-category category-id-47\" href=\"https:\/\/theglobalhumanist.com\/es\/category\/skepticism\/\" rel=\"category\">Escepticismo<\/a><\/div><\/div>\r\n\t\t<h3 class=\"entry-title\">\t\t<a class=\"p-url\" href=\"https:\/\/theglobalhumanist.com\/es\/a-concise-guide-to-critical-thinking-3rd-edition-by-tracy-bowell-and-gary-kemp\/\" rel=\"bookmark\">Una gu\u00eda concisa para el pensamiento cr\u00edtico (3.\u00aa edici\u00f3n) de Tracy Bowell y Gary Kemp<\/a><\/h3><p class=\"entry-summary mobile-hide\">&quot;Una gu\u00eda concisa para el pensamiento cr\u00edtico (3.\u00aa edici\u00f3n)&quot; de Tracy Bowell y Gary Kemp es un texto introductorio que busca\u2026<\/p>\r\n\t\t\t\t\t\t<div class=\"p-meta has-bookmark\">\r\n\t\t\t\t<div class=\"meta-inner is-meta\">\r\n\t\t\t\t\t\t\t<div class=\"meta-el meta-author\">\r\n\t\t\t<a href=\"https:\/\/theglobalhumanist.com\/es\/author\/ad4min\/\"><\/a>\t\t<\/div>\r\n\t\t\t\t\t\t<\/div>\r\n\t\t\t\t<span class=\"rb-bookmark bookmark-trigger\" data-pid=\"3925\"><\/span>\t\t\t<\/div>\r\n\t\t\t\t<\/div>\r\n\t<\/div><\/div>\t\t\t\t<\/div>\n\t\t\t\t<\/div>\n\t\t\t\t<div class=\"elementor-element elementor-element-2e9826a elementor-widget elementor-widget-foxiz-heading\" data-id=\"2e9826a\" data-element_type=\"widget\" data-widget_type=\"foxiz-heading.default\">\n\t\t\t\t<div class=\"elementor-widget-container\">\n\t\t\t\t\t<div id=\"uid_2e9826a\" class=\"block-h heading-layout-5\"><div class=\"heading-inner\"><h3 class=\"heading-title\"><a class=\"h-link\" href=\"https:\/\/foxiz.themeruby.com\/buzzstream\/category\/health\/\">Salud<\/a><\/h3><div class=\"heading-tagline h6\"><a class=\"heading-tagline-label\" href=\"https:\/\/foxiz.themeruby.com\/buzzstream\/category\/health\/\">M\u00e1s publicaciones<\/a><\/div><\/div><\/div>\t\t\t\t<\/div>\n\t\t\t\t<\/div>\n\t\t\t\t\t<\/div>\n\t\t\t\t<\/div>\n\t\t<div class=\"elementor-element elementor-element-edda0bb e-flex e-con-boxed e-con e-parent\" data-id=\"edda0bb\" data-element_type=\"container\">\n\t\t\t\t\t<div class=\"e-con-inner\">\n\t\t<div class=\"elementor-element elementor-element-9bf8ecb e-con-full e-flex e-con e-child\" data-id=\"9bf8ecb\" data-element_type=\"container\">\n\t\t\t\t<div class=\"elementor-element elementor-element-9e82218 elementor-widget elementor-widget-foxiz-overlay-1\" data-id=\"9e82218\" data-element_type=\"widget\" data-widget_type=\"foxiz-overlay-1.default\">\n\t\t\t\t<div class=\"elementor-widget-container\">\n\t\t\t\t\t<div id=\"uid_9e82218\" class=\"block-wrap block-overlay overlay-1 p-gradient rb-columns rb-col-1 rb-tcol-1 rb-mcol-1 hovering-fade meta-s-line\"><div class=\"block-inner\">\t\t<div class=\"p-wrap p-highlight p-overlay-1\" data-pid=\"4434\">\r\n\t\t\t<div class=\"overlay-holder\">\r\n\t\t\t\t\t<div class=\"p-featured\">\r\n\t\t\t\t\t<a class=\"p-flink\" href=\"https:\/\/theglobalhumanist.com\/es\/humanists-international-joins-human-rights-and-democracy-network\/\" title=\"Humanists International joins Human Rights and Democracy Network\">\r\n\t\t\t\t\t<\/a>\r\n\t\t\t\t<\/div>\r\n\t\t\t\t<div class=\"overlay-wrap\">\r\n\t\t\t\t<div class=\"overlay-inner p-content light-scheme\">\r\n\t\t\t\t\t<h2 class=\"entry-title\">\t\t<a class=\"p-url\" href=\"https:\/\/theglobalhumanist.com\/es\/humanists-international-joins-human-rights-and-democracy-network\/\" rel=\"bookmark\">Humanists International joins Human Rights and Democracy Network<\/a><\/h2><p class=\"entry-summary\">The post Humanists International joins Human Rights and Democracy Network appeared first on Humanists International.<\/p>\r\n\t\t\t\t\t\t<div class=\"p-meta has-bookmark\">\r\n\t\t\t\t<div class=\"meta-inner is-meta\">\r\n\t\t\t\t\t\t\t<div class=\"meta-el meta-author\">\r\n\t\t\t<a href=\"https:\/\/theglobalhumanist.com\/es\/author\/ad4min\/\"><\/a>\t\t<\/div>\r\n\t\t\t\t<div class=\"meta-el meta-read\">0 minutos de lectura<\/div>\r\n\t\t\t\t\t\t<\/div>\r\n\t\t\t\t<span class=\"rb-bookmark bookmark-trigger\" data-pid=\"4434\"><\/span>\t\t\t<\/div>\r\n\t\t\t\t\t\t<\/div>\r\n\t\t\t<\/div>\r\n\t\t<\/div>\r\n\t\t\t\t<\/div>\r\n\t<\/div><\/div>\t\t\t\t<\/div>\n\t\t\t\t<\/div>\n\t\t\t\t<\/div>\n\t\t<div class=\"elementor-element elementor-element-75fff00 e-con-full e-flex e-con e-child\" data-id=\"75fff00\" data-element_type=\"container\">\n\t\t\t\t<div class=\"elementor-element elementor-element-c3f33ff elementor-widget elementor-widget-foxiz-list-small-1\" data-id=\"c3f33ff\" data-element_type=\"widget\" data-widget_type=\"foxiz-list-small-1.default\">\n\t\t\t\t<div class=\"elementor-widget-container\">\n\t\t\t\t\t<div id=\"uid_c3f33ff\" class=\"block-wrap block-small block-list block-list-small-1 rb-columns rb-col-2 rb-tcol-4 rb-mcol-1 is-gap-custom col-border is-border-gray bottom-border is-b-border-gray no-last-bb meta-s-line\"><div class=\"block-inner\">\t\t<div class=\"p-wrap p-small p-list-small-1\" data-pid=\"4434\">\r\n\t\t\t<div class=\"p-content\">\r\n\t\t\t<h3 class=\"entry-title\">\t\t<a class=\"p-url\" href=\"https:\/\/theglobalhumanist.com\/es\/humanists-international-joins-human-rights-and-democracy-network\/\" rel=\"bookmark\">Humanists International joins Human Rights and Democracy Network<\/a><\/h3><p class=\"entry-summary\">The post Humanists International joins Human Rights and Democracy Network appeared first on Humanists International.<\/p>\r\n\t\t\t\t\t\t<div class=\"p-meta has-bookmark\">\r\n\t\t\t\t<div class=\"meta-inner is-meta\">\r\n\t\t\t\t\t\t\t<div class=\"meta-el meta-author\">\r\n\t\t\t<a href=\"https:\/\/theglobalhumanist.com\/es\/author\/ad4min\/\"><\/a>\t\t<\/div>\r\n\t\t\t\t\t\t<\/div>\r\n\t\t\t\t<span class=\"rb-bookmark bookmark-trigger\" data-pid=\"4434\"><\/span>\t\t\t<\/div>\r\n\t\t\t\t<\/div>\r\n\t\t\t\t<\/div>\r\n\t\t\t<div class=\"p-wrap p-small p-list-small-1\" data-pid=\"4433\">\r\n\t\t\t<div class=\"p-content\">\r\n\t\t\t<h3 class=\"entry-title\">\t\t<a class=\"p-url\" href=\"https:\/\/theglobalhumanist.com\/es\/council-of-europe-parliamentary-assembly-passes-resolution-on-freedom-of-religion-or-belief\/\" rel=\"bookmark\">Council of Europe Parliamentary Assembly passes resolution on freedom of religion or belief<\/a><\/h3><p class=\"entry-summary\">The post Council of Europe Parliamentary Assembly passes resolution on freedom of religion or belief&hellip;<\/p>\r\n\t\t\t\t\t\t<div class=\"p-meta has-bookmark\">\r\n\t\t\t\t<div class=\"meta-inner is-meta\">\r\n\t\t\t\t\t\t\t<div class=\"meta-el meta-author\">\r\n\t\t\t<a href=\"https:\/\/theglobalhumanist.com\/es\/author\/ad4min\/\"><\/a>\t\t<\/div>\r\n\t\t\t\t\t\t<\/div>\r\n\t\t\t\t<span class=\"rb-bookmark bookmark-trigger\" data-pid=\"4433\"><\/span>\t\t\t<\/div>\r\n\t\t\t\t<\/div>\r\n\t\t\t\t<\/div>\r\n\t\t\t<div class=\"p-wrap p-small p-list-small-1\" data-pid=\"4432\">\r\n\t\t\t<div class=\"p-content\">\r\n\t\t\t<h3 class=\"entry-title\">\t\t<a class=\"p-url\" href=\"https:\/\/theglobalhumanist.com\/es\/belgian-and-danish-humanists-voice-concerns-ahead-of-un-human-rights-reviews\/\" rel=\"bookmark\">Belgian and Danish humanists voice concerns ahead of UN human rights reviews<\/a><\/h3><p class=\"entry-summary\">The post Belgian and Danish humanists voice concerns ahead of UN human rights reviews appeared&hellip;<\/p>\r\n\t\t\t\t\t\t<div class=\"p-meta has-bookmark\">\r\n\t\t\t\t<div class=\"meta-inner is-meta\">\r\n\t\t\t\t\t\t\t<div class=\"meta-el meta-author\">\r\n\t\t\t<a href=\"https:\/\/theglobalhumanist.com\/es\/author\/ad4min\/\"><\/a>\t\t<\/div>\r\n\t\t\t\t\t\t<\/div>\r\n\t\t\t\t<span class=\"rb-bookmark bookmark-trigger\" data-pid=\"4432\"><\/span>\t\t\t<\/div>\r\n\t\t\t\t<\/div>\r\n\t\t\t\t<\/div>\r\n\t\t\t<div class=\"p-wrap p-small p-list-small-1\" data-pid=\"4431\">\r\n\t\t\t<div class=\"p-content\">\r\n\t\t\t<h3 class=\"entry-title\">\t\t<a class=\"p-url\" href=\"https:\/\/theglobalhumanist.com\/es\/humanists-international-warns-against-regional-escalation-at-the-un-foregrounding-human-rights-concerns\/\" rel=\"bookmark\">Humanists International warns against regional escalation at the UN, foregrounding human rights concerns<\/a><\/h3><p class=\"entry-summary\">The post Humanists International warns against regional escalation at the UN, foregrounding human rights concerns&hellip;<\/p>\r\n\t\t\t\t\t\t<div class=\"p-meta has-bookmark\">\r\n\t\t\t\t<div class=\"meta-inner is-meta\">\r\n\t\t\t\t\t\t\t<div class=\"meta-el meta-author\">\r\n\t\t\t<a href=\"https:\/\/theglobalhumanist.com\/es\/author\/ad4min\/\"><\/a>\t\t<\/div>\r\n\t\t\t\t\t\t<\/div>\r\n\t\t\t\t<span class=\"rb-bookmark bookmark-trigger\" data-pid=\"4431\"><\/span>\t\t\t<\/div>\r\n\t\t\t\t<\/div>\r\n\t\t\t\t<\/div>\r\n\t<\/div><\/div>\t\t\t\t<\/div>\n\t\t\t\t<\/div>\n\t\t\t\t<\/div>\n\t\t\t\t\t<\/div>\n\t\t\t\t<\/div>\n\t\t<div class=\"elementor-element elementor-element-c8613ce e-flex e-con-boxed e-con e-parent\" data-id=\"c8613ce\" data-element_type=\"container\">\n\t\t\t\t\t<div class=\"e-con-inner\">\n\t\t\t\t<div class=\"elementor-element elementor-element-892d7a5 elementor-widget elementor-widget-foxiz-heading\" data-id=\"892d7a5\" data-element_type=\"widget\" data-widget_type=\"foxiz-heading.default\">\n\t\t\t\t<div class=\"elementor-widget-container\">\n\t\t\t\t\t<div id=\"uid_892d7a5\" class=\"block-h heading-layout-5\"><div class=\"heading-inner\"><h3 class=\"heading-title\"><a class=\"h-link\" href=\"https:\/\/foxiz.themeruby.com\/time\/category\/travel\/\">Viajar<\/a><\/h3><div class=\"heading-tagline h6\"><a class=\"heading-tagline-label\" href=\"https:\/\/foxiz.themeruby.com\/time\/category\/travel\/\">M\u00e1s publicaciones<\/a><\/div><\/div><\/div>\t\t\t\t<\/div>\n\t\t\t\t<\/div>\n\t\t\t\t<div class=\"elementor-element elementor-element-512876f elementor-widget elementor-widget-foxiz-grid-1\" data-id=\"512876f\" data-element_type=\"widget\" data-widget_type=\"foxiz-grid-1.default\">\n\t\t\t\t<div class=\"elementor-widget-container\">\n\t\t\t\t\t<div id=\"uid_512876f\" class=\"block-wrap block-grid block-grid-1 is-thoz-scroll rb-columns rb-col-5 rb-mcol-1 is-gap-custom col-border is-border-gray hovering-fade bottom-border is-b-border-gray no-last-bb is-m-list meta-s-line\"><div class=\"block-inner\">\t\t<div class=\"p-wrap p-grid p-grid-1\" data-pid=\"3033\">\r\n\t\t\t\t<div class=\"feat-holder\">\r\n\t\t\t\t\t\t<div class=\"p-featured\">\r\n\t\t\t\t\t<a class=\"p-flink\" href=\"https:\/\/theglobalhumanist.com\/es\/living-without-god-new-directions-for-atheists-agnostics-secularists-and-the-undecided-by-ronald-aronson\/\" title=\"Vivir sin Dios: Nuevas direcciones para ateos, agn\u00f3sticos, secularistas e indecisos, por Ronald Aronson\">\r\n\t\t\t<img loading=\"lazy\" decoding=\"async\" width=\"330\" height=\"220\" src=\"https:\/\/theglobalhumanist.com\/wp-content\/uploads\/2023\/12\/Living-Without-God-New-Directions-for-Atheists-Agnostics-Secularists-and-the-Undecided22-by-Ronald-Aronson-330x220.jpg\" class=\"featured-img wp-post-image\" alt=\"\" \/>\t\t<\/a>\r\n\t\t\t\t<\/div>\r\n\t<\/div>\r\n\t\t<h3 class=\"entry-title\">\t\t<a class=\"p-url\" href=\"https:\/\/theglobalhumanist.com\/es\/living-without-god-new-directions-for-atheists-agnostics-secularists-and-the-undecided-by-ronald-aronson\/\" rel=\"bookmark\">Vivir sin Dios: Nuevas direcciones para ateos, agn\u00f3sticos, secularistas e indecisos, por Ronald Aronson<\/a><\/h3><p class=\"entry-summary mobile-hide\">&quot;Vivir sin Dios: Nuevos rumbos para ateos, agn\u00f3sticos, secularistas e indecisos&quot;, de Ronald Aronson, explora c\u00f3mo las personas pueden encontrar...<\/p>\r\n\t\t\t\t\t\t<div class=\"p-meta has-bookmark\">\r\n\t\t\t\t<div class=\"meta-inner is-meta\">\r\n\t\t\t\t\t\t\t<div class=\"meta-el meta-author\">\r\n\t\t\t<a href=\"https:\/\/theglobalhumanist.com\/es\/author\/ad4min\/\"><\/a>\t\t<\/div>\r\n\t\t\t\t\t\t<\/div>\r\n\t\t\t\t<span class=\"rb-bookmark bookmark-trigger\" data-pid=\"3033\"><\/span>\t\t\t<\/div>\r\n\t\t\t\t<\/div>\r\n\t\t\t<div class=\"p-wrap p-grid p-grid-1\" data-pid=\"4394\">\r\n\t<h3 class=\"entry-title\">\t\t<a class=\"p-url\" href=\"https:\/\/theglobalhumanist.com\/es\/humanists-international-calls-for-a-human-rights-expert-to-be-appointed-as-next-eu-special-envoy-on-freedom-of-religion-or-belief\/\" rel=\"bookmark\">Humanists International calls for a human rights expert to be appointed as next EU Special Envoy on freedom of religion or belief<\/a><\/h3><p class=\"entry-summary mobile-hide\">The post Humanists International calls for a human rights expert to be appointed as next EU Special Envoy on freedom&hellip;<\/p>\r\n\t\t\t\t\t\t<div class=\"p-meta has-bookmark\">\r\n\t\t\t\t<div class=\"meta-inner is-meta\">\r\n\t\t\t\t\t\t\t<div class=\"meta-el meta-author\">\r\n\t\t\t<a href=\"https:\/\/theglobalhumanist.com\/es\/author\/ad4min\/\"><\/a>\t\t<\/div>\r\n\t\t\t\t\t\t<\/div>\r\n\t\t\t\t<span class=\"rb-bookmark bookmark-trigger\" data-pid=\"4394\"><\/span>\t\t\t<\/div>\r\n\t\t\t\t<\/div>\r\n\t\t\t<div class=\"p-wrap p-grid p-grid-1\" data-pid=\"3818\">\r\n\t\t\t\t<div class=\"feat-holder\">\r\n\t\t\t\t\t\t<div class=\"p-featured\">\r\n\t\t\t\t\t<a class=\"p-flink\" href=\"https:\/\/theglobalhumanist.com\/es\/faith-versus-fact-why-science-and-religion-are-incompatible-by-jerry-a-coyne\/\" title=\"Fe versus realidad: Por qu\u00e9 la ciencia y la religi\u00f3n son incompatibles, por Jerry A. Coyne\">\r\n\t\t\t<img loading=\"lazy\" decoding=\"async\" width=\"330\" height=\"220\" src=\"https:\/\/theglobalhumanist.com\/wp-content\/uploads\/2024\/07\/Faith-Versus-Fact-Why-Science-and-Religion-Are-Incompatible-by-Jerry-A.-Coyne-330x220.jpg\" class=\"featured-img wp-post-image\" alt=\"\" \/>\t\t<\/a>\r\n\t\t\t\t<\/div>\r\n\t<\/div>\r\n\t\t<h3 class=\"entry-title\">\t\t<a class=\"p-url\" href=\"https:\/\/theglobalhumanist.com\/es\/faith-versus-fact-why-science-and-religion-are-incompatible-by-jerry-a-coyne\/\" rel=\"bookmark\">Fe versus realidad: Por qu\u00e9 la ciencia y la religi\u00f3n son incompatibles, por Jerry A. Coyne<\/a><\/h3><p class=\"entry-summary mobile-hide\">&quot;Fe versus hechos: Por qu\u00e9 la ciencia y la religi\u00f3n son incompatibles&quot;, de Jerry A. Coyne, argumenta que la ciencia y la religi\u00f3n son fundamentalmente contradictorias...<\/p>\r\n\t\t\t\t\t\t<div class=\"p-meta has-bookmark\">\r\n\t\t\t\t<div class=\"meta-inner is-meta\">\r\n\t\t\t\t\t\t\t<div class=\"meta-el meta-author\">\r\n\t\t\t<a href=\"https:\/\/theglobalhumanist.com\/es\/author\/ad4min\/\"><\/a>\t\t<\/div>\r\n\t\t\t\t\t\t<\/div>\r\n\t\t\t\t<span class=\"rb-bookmark bookmark-trigger\" data-pid=\"3818\"><\/span>\t\t\t<\/div>\r\n\t\t\t\t<\/div>\r\n\t\t\t<div class=\"p-wrap p-grid p-grid-1\" data-pid=\"3029\">\r\n\t\t\t\t<div class=\"feat-holder\">\r\n\t\t\t\t\t\t<div class=\"p-featured\">\r\n\t\t\t\t\t<a class=\"p-flink\" href=\"https:\/\/theglobalhumanist.com\/es\/faith-no-more-why-people-reject-religion-by-phil-zuckerman\/\" title=\"No m\u00e1s fe: Por qu\u00e9 la gente rechaza la religi\u00f3n, por Phil Zuckerman\">\r\n\t\t\t<img loading=\"lazy\" decoding=\"async\" width=\"330\" height=\"220\" src=\"https:\/\/theglobalhumanist.com\/wp-content\/uploads\/2023\/12\/Faith-No-More-Why-People-Reject-Religion22-by-Phil-Zuckerman-330x220.jpg\" class=\"featured-img wp-post-image\" alt=\"\" \/>\t\t<\/a>\r\n\t\t\t\t<\/div>\r\n\t<\/div>\r\n\t\t<h3 class=\"entry-title\">\t\t<a class=\"p-url\" href=\"https:\/\/theglobalhumanist.com\/es\/faith-no-more-why-people-reject-religion-by-phil-zuckerman\/\" rel=\"bookmark\">No m\u00e1s fe: Por qu\u00e9 la gente rechaza la religi\u00f3n, por Phil Zuckerman<\/a><\/h3><p class=\"entry-summary mobile-hide\">&quot;Se acab\u00f3 la fe: Por qu\u00e9 la gente rechaza la religi\u00f3n&quot;, de Phil Zuckerman, explora las razones que impulsan a las personas a abandonar su religi\u00f3n...<\/p>\r\n\t\t\t\t\t\t<div class=\"p-meta has-bookmark\">\r\n\t\t\t\t<div class=\"meta-inner is-meta\">\r\n\t\t\t\t\t\t\t<div class=\"meta-el meta-author\">\r\n\t\t\t<a href=\"https:\/\/theglobalhumanist.com\/es\/author\/ad4min\/\"><\/a>\t\t<\/div>\r\n\t\t\t\t\t\t<\/div>\r\n\t\t\t\t<span class=\"rb-bookmark bookmark-trigger\" data-pid=\"3029\"><\/span>\t\t\t<\/div>\r\n\t\t\t\t<\/div>\r\n\t\t\t<div class=\"p-wrap p-grid p-grid-1\" data-pid=\"2985\">\r\n\t\t\t\t<div class=\"feat-holder\">\r\n\t\t\t\t\t\t<div class=\"p-featured\">\r\n\t\t\t\t\t<a class=\"p-flink\" href=\"https:\/\/theglobalhumanist.com\/es\/the-atheist-camel-rants-again-by-dromedary-hump-and-bart-centre\/\" title=\"\u00a1El camello ateo despotrica de nuevo! por Dromedary Hump y Bart Centre\">\r\n\t\t\t<img loading=\"lazy\" decoding=\"async\" width=\"326\" height=\"220\" src=\"https:\/\/theglobalhumanist.com\/wp-content\/uploads\/2024\/07\/Atheist-Camel-Rants-Again-The-Hump-Dromedary-Centre-Bart-326x220.jpg\" class=\"featured-img wp-post-image\" alt=\"\" \/>\t\t<\/a>\r\n\t\t\t\t<\/div>\r\n\t<\/div>\r\n\t\t<h3 class=\"entry-title\">\t\t<a class=\"p-url\" href=\"https:\/\/theglobalhumanist.com\/es\/the-atheist-camel-rants-again-by-dromedary-hump-and-bart-centre\/\" rel=\"bookmark\">\u00a1El camello ateo despotrica de nuevo! por Dromedary Hump y Bart Centre<\/a><\/h3><p class=\"entry-summary mobile-hide\">&quot;\u00a1El camello ateo despotrica de nuevo!&quot; es la continuaci\u00f3n de las &quot;Cr\u00f3nicas del camello ateo&quot; originales de Dromedary Hump (Bart Centre). Este...<\/p>\r\n\t\t\t\t\t\t<div class=\"p-meta has-bookmark\">\r\n\t\t\t\t<div class=\"meta-inner is-meta\">\r\n\t\t\t\t\t\t\t<div class=\"meta-el meta-author\">\r\n\t\t\t<a href=\"https:\/\/theglobalhumanist.com\/es\/author\/ad4min\/\"><\/a>\t\t<\/div>\r\n\t\t\t\t\t\t<\/div>\r\n\t\t\t\t<span class=\"rb-bookmark bookmark-trigger\" data-pid=\"2985\"><\/span>\t\t\t<\/div>\r\n\t\t\t\t<\/div>\r\n\t<\/div><\/div>\t\t\t\t<\/div>\n\t\t\t\t<\/div>\n\t\t\t\t\t<\/div>\n\t\t\t\t<\/div>\n\t\t<div class=\"elementor-element elementor-element-37e17ec e-flex e-con-boxed e-con e-parent\" data-id=\"37e17ec\" data-element_type=\"container\">\n\t\t\t\t\t<div class=\"e-con-inner\">\n\t\t\t\t<div class=\"elementor-element elementor-element-092227b elementor-widget elementor-widget-foxiz-heading\" data-id=\"092227b\" data-element_type=\"widget\" data-widget_type=\"foxiz-heading.default\">\n\t\t\t\t<div class=\"elementor-widget-container\">\n\t\t\t\t\t<div id=\"uid_092227b\" class=\"block-h heading-layout-5\"><div class=\"heading-inner\"><h3 class=\"heading-title\"><a class=\"h-link\" href=\"https:\/\/foxiz.themeruby.com\/buzzstream\/blog\">Noticias recientes<\/a><\/h3><div class=\"heading-tagline h6\"><a class=\"heading-tagline-label\" href=\"https:\/\/foxiz.themeruby.com\/buzzstream\/blog\">Desde el blog<\/a><\/div><\/div><\/div>\t\t\t\t<\/div>\n\t\t\t\t<\/div>\n\t\t\t\t<div class=\"elementor-element elementor-element-bdd7145 elementor-widget elementor-widget-foxiz-list-box-1\" data-id=\"bdd7145\" data-element_type=\"widget\" data-widget_type=\"foxiz-list-box-1.default\">\n\t\t\t\t<div class=\"elementor-widget-container\">\n\t\t\t\t\t<div id=\"uid_bdd7145\" class=\"block-wrap block-big block-list block-list-box-1 rb-columns rb-col-1 rb-tcol-1 rb-mcol-1 light-scheme hovering-fade p-vtop ecat-bg-4 ecat-size-big is-feat-left meta-s-line\"><div class=\"block-inner\">\t\t<div class=\"p-wrap p-list p-box p-list-1 p-list-box-1 box-bg\" data-pid=\"3186\">\r\n\t\t\t<div class=\"list-box\">\r\n\t\t\t<div class=\"list-holder\">\r\n\t\t\t\t<div class=\"list-feat-holder\">\r\n\t\t\t\t\t\t\t\t<div class=\"feat-holder\">\r\n\t\t\t\t\t\t<div class=\"p-featured\">\r\n\t\t\t\t\t<a class=\"p-flink\" href=\"https:\/\/theglobalhumanist.com\/es\/guardians-of-letters-literacy-power-and-the-transmitters-of-early-christian-literature-by-kim-haines-eitzen\/\" title=\"Guardianes de las letras: alfabetizaci\u00f3n, poder y los transmisores de la literatura cristiana primitiva, por Kim Haines-Eitzen\">\r\n\t\t\t<img decoding=\"async\" width=\"230\" height=\"350\" src=\"https:\/\/theglobalhumanist.com\/wp-content\/uploads\/2024\/07\/Guardians-of-Letters-Literacy-Power-and-the-Transmitters-of-Early-Christian-Literature-by-Haines-Eitzen.jpg\" class=\"featured-img wp-post-image\" alt=\"\" loading=\"eager\" \/>\t\t<\/a>\r\n\t\t\t\t<\/div>\r\n\t<div class=\"p-categories light-scheme p-top\"><a class=\"p-category category-id-48\" href=\"https:\/\/theglobalhumanist.com\/es\/category\/anthologies\/\" rel=\"category\">Antolog\u00edas<\/a><a class=\"p-category category-id-851\" href=\"https:\/\/theglobalhumanist.com\/es\/category\/books\/\" rel=\"category\">Libros<\/a><\/div><\/div>\r\n\t\t\t\t\t\t<\/div>\r\n\t\t\t\t<div class=\"p-content\">\r\n\t\t\t\t\t<h2 class=\"entry-title\">\t\t<a class=\"p-url\" href=\"https:\/\/theglobalhumanist.com\/es\/guardians-of-letters-literacy-power-and-the-transmitters-of-early-christian-literature-by-kim-haines-eitzen\/\" rel=\"bookmark\">Guardianes de las letras: alfabetizaci\u00f3n, poder y los transmisores de la literatura cristiana primitiva, por Kim Haines-Eitzen<\/a><\/h2><p class=\"entry-summary\">&quot;Guardianes de las Letras: Alfabetizaci\u00f3n, Poder y los Transmisores de la Literatura Cristiana Primitiva&quot;, de Kim Haines-Eitzen, examina el papel de los escribas y su influencia en la transmisi\u00f3n y preservaci\u00f3n de la literatura cristiana primitiva...<\/p>\r\n\t\t\t\t\t\t<div class=\"p-meta has-bookmark\">\r\n\t\t\t\t<div class=\"meta-inner is-meta\">\r\n\t\t\t\t\t\t\t<div class=\"meta-el meta-author\">\r\n\t\t\t<a href=\"https:\/\/theglobalhumanist.com\/es\/author\/ad4min\/\"><\/a>\t\t<\/div>\r\n\t\t\t\t<div class=\"meta-el meta-read\">1 minuto de lectura<\/div>\r\n\t\t\t\t\t\t<\/div>\r\n\t\t\t\t<span class=\"rb-bookmark bookmark-trigger\" data-pid=\"3186\"><\/span>\t\t\t<\/div>\r\n\t\t\t\t\t\t<\/div>\r\n\t\t\t<\/div>\r\n\t\t<\/div>\r\n\t\t\t\t<\/div>\r\n\t<\/div><\/div>\t\t\t\t<\/div>\n\t\t\t\t<\/div>\n\t\t\t\t<div class=\"elementor-element elementor-element-7e576c4 elementor-widget__width-inherit elementor-widget elementor-widget-foxiz-categories-5\" data-id=\"7e576c4\" data-element_type=\"widget\" data-widget_type=\"foxiz-categories-5.default\">\n\t\t\t\t<div class=\"elementor-widget-container\">\n\t\t\t\t\t<div id=\"uid_7e576c4\" class=\"block-wrap block-categories block-categories-5 rb-columns rb-col-6 rb-tcol-6 rb-mcol-3 is-gap-custom meta-s-line\"><\/div>\t\t\t\t<\/div>\n\t\t\t\t<\/div>\n\t\t\t\t\t<\/div>\n\t\t\t\t<\/div>\n\t\t<div class=\"elementor-element elementor-element-1b1feaf e-flex e-con-boxed e-con e-parent\" data-id=\"1b1feaf\" data-element_type=\"container\">\n\t\t\t\t\t<div class=\"e-con-inner\">\n\t\t<div class=\"elementor-element elementor-element-54d5ff1 e-con-full e-flex e-con e-child\" data-id=\"54d5ff1\" data-element_type=\"container\">\n\t\t\t\t<div class=\"elementor-element elementor-element-f788a39 elementor-widget elementor-widget-foxiz-list-1\" data-id=\"f788a39\" data-element_type=\"widget\" data-widget_type=\"foxiz-list-1.default\">\n\t\t\t\t<div class=\"elementor-widget-container\">\n\t\t\t\t\t<div id=\"uid_f788a39\" class=\"block-wrap block-big block-list block-list-1 rb-columns rb-col-1 rb-tcol-1 rb-mcol-1 hovering-fade bottom-border is-b-border-gray no-last-bb is-pagi-text p-vtop ecat-bg-4 is-feat-left meta-s-line\"><div class=\"block-inner\">\t\t<div class=\"p-wrap p-list p-list-1\" data-pid=\"4434\">\r\n\t\t\t<div class=\"list-holder\">\r\n\t\t\t<div class=\"list-feat-holder\">\r\n\t\t\t\t\t\t\t<\/div>\r\n\t\t\t<div class=\"p-content\">\r\n\t\t\t\t<h3 class=\"entry-title\">\t\t<a class=\"p-url\" href=\"https:\/\/theglobalhumanist.com\/es\/humanists-international-joins-human-rights-and-democracy-network\/\" rel=\"bookmark\">Humanists International joins Human Rights and Democracy Network<\/a><\/h3><p class=\"entry-summary mobile-hide\">The post Humanists International joins Human Rights and Democracy Network appeared first on Humanists International.<\/p>\r\n\t\t\t\t\t\t<div class=\"p-meta has-bookmark\">\r\n\t\t\t\t<div class=\"meta-inner is-meta\">\r\n\t\t\t\t\t\t\t<div class=\"meta-el meta-author\">\r\n\t\t\t<a href=\"https:\/\/theglobalhumanist.com\/es\/author\/ad4min\/\"><\/a>\t\t<\/div>\r\n\t\t\t\t<div class=\"meta-el meta-read\">0 minutos de lectura<\/div>\r\n\t\t\t\t\t\t<\/div>\r\n\t\t\t\t<span class=\"rb-bookmark bookmark-trigger\" data-pid=\"4434\"><\/span>\t\t\t<\/div>\r\n\t\t\t\t\t<\/div>\r\n\t\t<\/div>\r\n\t\t\t\t<\/div>\r\n\t\t\t<div class=\"p-wrap p-list p-list-1\" data-pid=\"4433\">\r\n\t\t\t<div class=\"list-holder\">\r\n\t\t\t<div class=\"list-feat-holder\">\r\n\t\t\t\t\t\t\t<\/div>\r\n\t\t\t<div class=\"p-content\">\r\n\t\t\t\t<h3 class=\"entry-title\">\t\t<a class=\"p-url\" href=\"https:\/\/theglobalhumanist.com\/es\/council-of-europe-parliamentary-assembly-passes-resolution-on-freedom-of-religion-or-belief\/\" rel=\"bookmark\">Council of Europe Parliamentary Assembly passes resolution on freedom of religion or belief<\/a><\/h3><p class=\"entry-summary mobile-hide\">The post Council of Europe Parliamentary Assembly passes resolution on freedom of religion or belief appeared first on Humanists International.<\/p>\r\n\t\t\t\t\t\t<div class=\"p-meta has-bookmark\">\r\n\t\t\t\t<div class=\"meta-inner is-meta\">\r\n\t\t\t\t\t\t\t<div class=\"meta-el meta-author\">\r\n\t\t\t<a href=\"https:\/\/theglobalhumanist.com\/es\/author\/ad4min\/\"><\/a>\t\t<\/div>\r\n\t\t\t\t<div class=\"meta-el meta-read\">0 minutos de lectura<\/div>\r\n\t\t\t\t\t\t<\/div>\r\n\t\t\t\t<span class=\"rb-bookmark bookmark-trigger\" data-pid=\"4433\"><\/span>\t\t\t<\/div>\r\n\t\t\t\t\t<\/div>\r\n\t\t<\/div>\r\n\t\t\t\t<\/div>\r\n\t\t\t<div class=\"p-wrap p-list p-list-1\" data-pid=\"4432\">\r\n\t\t\t<div class=\"list-holder\">\r\n\t\t\t<div class=\"list-feat-holder\">\r\n\t\t\t\t\t\t\t<\/div>\r\n\t\t\t<div class=\"p-content\">\r\n\t\t\t\t<h3 class=\"entry-title\">\t\t<a class=\"p-url\" href=\"https:\/\/theglobalhumanist.com\/es\/belgian-and-danish-humanists-voice-concerns-ahead-of-un-human-rights-reviews\/\" rel=\"bookmark\">Belgian and Danish humanists voice concerns ahead of UN human rights reviews<\/a><\/h3><p class=\"entry-summary mobile-hide\">The post Belgian and Danish humanists voice concerns ahead of UN human rights reviews appeared first on Humanists International.<\/p>\r\n\t\t\t\t\t\t<div class=\"p-meta has-bookmark\">\r\n\t\t\t\t<div class=\"meta-inner is-meta\">\r\n\t\t\t\t\t\t\t<div class=\"meta-el meta-author\">\r\n\t\t\t<a href=\"https:\/\/theglobalhumanist.com\/es\/author\/ad4min\/\"><\/a>\t\t<\/div>\r\n\t\t\t\t<div class=\"meta-el meta-read\">0 minutos de lectura<\/div>\r\n\t\t\t\t\t\t<\/div>\r\n\t\t\t\t<span class=\"rb-bookmark bookmark-trigger\" data-pid=\"4432\"><\/span>\t\t\t<\/div>\r\n\t\t\t\t\t<\/div>\r\n\t\t<\/div>\r\n\t\t\t\t<\/div>\r\n\t\t\t<div class=\"p-wrap p-list p-list-1\" data-pid=\"4431\">\r\n\t\t\t<div class=\"list-holder\">\r\n\t\t\t<div class=\"list-feat-holder\">\r\n\t\t\t\t\t\t\t<\/div>\r\n\t\t\t<div class=\"p-content\">\r\n\t\t\t\t<h3 class=\"entry-title\">\t\t<a class=\"p-url\" href=\"https:\/\/theglobalhumanist.com\/es\/humanists-international-warns-against-regional-escalation-at-the-un-foregrounding-human-rights-concerns\/\" rel=\"bookmark\">Humanists International warns against regional escalation at the UN, foregrounding human rights concerns<\/a><\/h3><p class=\"entry-summary mobile-hide\">The post Humanists International warns against regional escalation at the UN, foregrounding human rights concerns appeared first on Humanists International.<\/p>\r\n\t\t\t\t\t\t<div class=\"p-meta has-bookmark\">\r\n\t\t\t\t<div class=\"meta-inner is-meta\">\r\n\t\t\t\t\t\t\t<div class=\"meta-el meta-author\">\r\n\t\t\t<a href=\"https:\/\/theglobalhumanist.com\/es\/author\/ad4min\/\"><\/a>\t\t<\/div>\r\n\t\t\t\t<div class=\"meta-el meta-read\">0 minutos de lectura<\/div>\r\n\t\t\t\t\t\t<\/div>\r\n\t\t\t\t<span class=\"rb-bookmark bookmark-trigger\" data-pid=\"4431\"><\/span>\t\t\t<\/div>\r\n\t\t\t\t\t<\/div>\r\n\t\t<\/div>\r\n\t\t\t\t<\/div>\r\n\t\t\t<div class=\"p-wrap p-list p-list-1\" data-pid=\"4425\">\r\n\t\t\t<div class=\"list-holder\">\r\n\t\t\t<div class=\"list-feat-holder\">\r\n\t\t\t\t\t\t\t<div class=\"feat-holder\">\r\n\t\t\t\t\t\t<div class=\"p-featured\">\r\n\t\t\t\t\t<a class=\"p-flink\" href=\"https:\/\/theglobalhumanist.com\/es\/humanists-international-welcomes-mairead-mcguinness-as-eu-special-envoy-on-forb-reiterates-structural-concerns\/\" title=\"Humanists International Welcomes Mairead McGuinness as EU Special Envoy on FoRB, Reiterates Structural Concerns\">\r\n\t\t\t<img loading=\"lazy\" decoding=\"async\" width=\"77\" height=\"77\" src=\"https:\/\/theglobalhumanist.com\/wp-content\/uploads\/2026\/04\/feedzy-tG7Qz8.svgz\" class=\"featured-img wp-post-image\" alt=\"\" \/>\t\t<\/a>\r\n\t\t\t\t<\/div>\r\n\t<\/div>\r\n\t\t\t\t\t<\/div>\r\n\t\t\t<div class=\"p-content\">\r\n\t\t\t\t<h3 class=\"entry-title\">\t\t<a class=\"p-url\" href=\"https:\/\/theglobalhumanist.com\/es\/humanists-international-welcomes-mairead-mcguinness-as-eu-special-envoy-on-forb-reiterates-structural-concerns\/\" rel=\"bookmark\">Humanists International Welcomes Mairead McGuinness as EU Special Envoy on FoRB, Reiterates Structural Concerns<\/a><\/h3><p class=\"entry-summary mobile-hide\">The post Humanists International Welcomes Mairead McGuinness as EU Special Envoy on FoRB, Reiterates Structural Concerns appeared first on Humanists International.<\/p>\r\n\t\t\t\t\t\t<div class=\"p-meta has-bookmark\">\r\n\t\t\t\t<div class=\"meta-inner is-meta\">\r\n\t\t\t\t\t\t\t<div class=\"meta-el meta-author\">\r\n\t\t\t<a href=\"https:\/\/theglobalhumanist.com\/es\/author\/ad4min\/\"><\/a>\t\t<\/div>\r\n\t\t\t\t<div class=\"meta-el meta-read\">0 minutos de lectura<\/div>\r\n\t\t\t\t\t\t<\/div>\r\n\t\t\t\t<span class=\"rb-bookmark bookmark-trigger\" data-pid=\"4425\"><\/span>\t\t\t<\/div>\r\n\t\t\t\t\t<\/div>\r\n\t\t<\/div>\r\n\t\t\t\t<\/div>\r\n\t\t\t<div class=\"p-wrap p-list p-list-1\" data-pid=\"4427\">\r\n\t\t\t<div class=\"list-holder\">\r\n\t\t\t<div class=\"list-feat-holder\">\r\n\t\t\t\t\t\t\t<div class=\"feat-holder\">\r\n\t\t\t\t\t\t<div class=\"p-featured\">\r\n\t\t\t\t\t<a class=\"p-flink\" href=\"https:\/\/theglobalhumanist.com\/es\/humanists-international-warns-against-instrumentalization-of-religious-freedom-at-the-un\/\" title=\"Humanists International warns against \u201cinstrumentalization\u201d of religious freedom at the UN\">\r\n\t\t\t<img loading=\"lazy\" decoding=\"async\" width=\"77\" height=\"77\" src=\"https:\/\/theglobalhumanist.com\/wp-content\/uploads\/2026\/04\/feedzy-LPJcbk.svgz\" class=\"featured-img wp-post-image\" alt=\"\" \/>\t\t<\/a>\r\n\t\t\t\t<\/div>\r\n\t<\/div>\r\n\t\t\t\t\t<\/div>\r\n\t\t\t<div class=\"p-content\">\r\n\t\t\t\t<h3 class=\"entry-title\">\t\t<a class=\"p-url\" href=\"https:\/\/theglobalhumanist.com\/es\/humanists-international-warns-against-instrumentalization-of-religious-freedom-at-the-un\/\" rel=\"bookmark\">Humanists International warns against \u201cinstrumentalization\u201d of religious freedom at the UN<\/a><\/h3><p class=\"entry-summary mobile-hide\">The post Humanists International warns against \u201cinstrumentalization\u201d of religious freedom at the UN appeared first on Humanists International.<\/p>\r\n\t\t\t\t\t\t<div class=\"p-meta has-bookmark\">\r\n\t\t\t\t<div class=\"meta-inner is-meta\">\r\n\t\t\t\t\t\t\t<div class=\"meta-el meta-author\">\r\n\t\t\t<a href=\"https:\/\/theglobalhumanist.com\/es\/author\/ad4min\/\"><\/a>\t\t<\/div>\r\n\t\t\t\t<div class=\"meta-el meta-read\">0 minutos de lectura<\/div>\r\n\t\t\t\t\t\t<\/div>\r\n\t\t\t\t<span class=\"rb-bookmark bookmark-trigger\" data-pid=\"4427\"><\/span>\t\t\t<\/div>\r\n\t\t\t\t\t<\/div>\r\n\t\t<\/div>\r\n\t\t\t\t<\/div>\r\n\t\t\t<div class=\"p-wrap p-list p-list-1\" data-pid=\"4429\">\r\n\t\t\t<div class=\"list-holder\">\r\n\t\t\t<div class=\"list-feat-holder\">\r\n\t\t\t\t\t\t\t<div class=\"feat-holder\">\r\n\t\t\t\t\t\t<div class=\"p-featured\">\r\n\t\t\t\t\t<a class=\"p-flink\" href=\"https:\/\/theglobalhumanist.com\/es\/david-pineda-steps-down-from-humanists-international-board\/\" title=\"David Pineda steps down from Humanists International Board\">\r\n\t\t\t<img loading=\"lazy\" decoding=\"async\" width=\"77\" height=\"77\" src=\"https:\/\/theglobalhumanist.com\/wp-content\/uploads\/2026\/04\/feedzy-AXcX8p.svgz\" class=\"featured-img wp-post-image\" alt=\"\" \/>\t\t<\/a>\r\n\t\t\t\t<\/div>\r\n\t<\/div>\r\n\t\t\t\t\t<\/div>\r\n\t\t\t<div class=\"p-content\">\r\n\t\t\t\t<h3 class=\"entry-title\">\t\t<a class=\"p-url\" href=\"https:\/\/theglobalhumanist.com\/es\/david-pineda-steps-down-from-humanists-international-board\/\" rel=\"bookmark\">David Pineda steps down from Humanists International Board<\/a><\/h3><p class=\"entry-summary mobile-hide\">The post David Pineda steps down from Humanists International Board appeared first on Humanists International.<\/p>\r\n\t\t\t\t\t\t<div class=\"p-meta has-bookmark\">\r\n\t\t\t\t<div class=\"meta-inner is-meta\">\r\n\t\t\t\t\t\t\t<div class=\"meta-el meta-author\">\r\n\t\t\t<a href=\"https:\/\/theglobalhumanist.com\/es\/author\/ad4min\/\"><\/a>\t\t<\/div>\r\n\t\t\t\t<div class=\"meta-el meta-read\">0 minutos de lectura<\/div>\r\n\t\t\t\t\t\t<\/div>\r\n\t\t\t\t<span class=\"rb-bookmark bookmark-trigger\" data-pid=\"4429\"><\/span>\t\t\t<\/div>\r\n\t\t\t\t\t<\/div>\r\n\t\t<\/div>\r\n\t\t\t\t<\/div>\r\n\t\t\t<div class=\"p-wrap p-list p-list-1\" data-pid=\"4424\">\r\n\t\t\t<div class=\"list-holder\">\r\n\t\t\t<div class=\"list-feat-holder\">\r\n\t\t\t\t\t\t\t<\/div>\r\n\t\t\t<div class=\"p-content\">\r\n\t\t\t\t<h3 class=\"entry-title\">\t\t<a class=\"p-url\" href=\"https:\/\/theglobalhumanist.com\/es\/at-un-turkiyes-blasphemy-laws-under-scrutiny\/\" rel=\"bookmark\">At UN, T\u00fcrkiye\u2019s \u201cblasphemy\u201d laws under scrutiny<\/a><\/h3><p class=\"entry-summary mobile-hide\">The post At UN, T\u00fcrkiye\u2019s \u201cblasphemy\u201d laws under scrutiny appeared first on Humanists International.<\/p>\r\n\t\t\t\t\t\t<div class=\"p-meta has-bookmark\">\r\n\t\t\t\t<div class=\"meta-inner is-meta\">\r\n\t\t\t\t\t\t\t<div class=\"meta-el meta-author\">\r\n\t\t\t<a href=\"https:\/\/theglobalhumanist.com\/es\/author\/ad4min\/\"><\/a>\t\t<\/div>\r\n\t\t\t\t<div class=\"meta-el meta-read\">0 minutos de lectura<\/div>\r\n\t\t\t\t\t\t<\/div>\r\n\t\t\t\t<span class=\"rb-bookmark bookmark-trigger\" data-pid=\"4424\"><\/span>\t\t\t<\/div>\r\n\t\t\t\t\t<\/div>\r\n\t\t<\/div>\r\n\t\t\t\t<\/div>\r\n\t\t\t<div class=\"p-wrap p-list p-list-1\" data-pid=\"4423\">\r\n\t\t\t<div class=\"list-holder\">\r\n\t\t\t<div class=\"list-feat-holder\">\r\n\t\t\t\t\t\t\t<\/div>\r\n\t\t\t<div class=\"p-content\">\r\n\t\t\t\t<h3 class=\"entry-title\">\t\t<a class=\"p-url\" href=\"https:\/\/theglobalhumanist.com\/es\/humanists-international-statement-on-the-crisis-in-iran\/\" rel=\"bookmark\">Humanists International Statement on the Crisis in Iran<\/a><\/h3><p class=\"entry-summary mobile-hide\">The post Humanists International Statement on the Crisis in Iran appeared first on Humanists International.<\/p>\r\n\t\t\t\t\t\t<div class=\"p-meta has-bookmark\">\r\n\t\t\t\t<div class=\"meta-inner is-meta\">\r\n\t\t\t\t\t\t\t<div class=\"meta-el meta-author\">\r\n\t\t\t<a href=\"https:\/\/theglobalhumanist.com\/es\/author\/ad4min\/\"><\/a>\t\t<\/div>\r\n\t\t\t\t<div class=\"meta-el meta-read\">0 minutos de lectura<\/div>\r\n\t\t\t\t\t\t<\/div>\r\n\t\t\t\t<span class=\"rb-bookmark bookmark-trigger\" data-pid=\"4423\"><\/span>\t\t\t<\/div>\r\n\t\t\t\t\t<\/div>\r\n\t\t<\/div>\r\n\t\t\t\t<\/div>\r\n\t\t\t<div class=\"p-wrap p-list p-list-1\" data-pid=\"4422\">\r\n\t\t\t<div class=\"list-holder\">\r\n\t\t\t<div class=\"list-feat-holder\">\r\n\t\t\t\t\t\t\t<\/div>\r\n\t\t\t<div class=\"p-content\">\r\n\t\t\t\t<h3 class=\"entry-title\">\t\t<a class=\"p-url\" href=\"https:\/\/theglobalhumanist.com\/es\/at-un-humanists-international-highlights-risks-to-childrens-education-rights-in-conflict\/\" rel=\"bookmark\">At UN, Humanists International highlights risks to children\u2019s\u2019 education rights in conflict<\/a><\/h3><p class=\"entry-summary mobile-hide\">The post At UN, Humanists International highlights risks to children\u2019s\u2019 education rights in conflict appeared first on Humanists International.<\/p>\r\n\t\t\t\t\t\t<div class=\"p-meta has-bookmark\">\r\n\t\t\t\t<div class=\"meta-inner is-meta\">\r\n\t\t\t\t\t\t\t<div class=\"meta-el meta-author\">\r\n\t\t\t<a href=\"https:\/\/theglobalhumanist.com\/es\/author\/ad4min\/\"><\/a>\t\t<\/div>\r\n\t\t\t\t<div class=\"meta-el meta-read\">0 minutos de lectura<\/div>\r\n\t\t\t\t\t\t<\/div>\r\n\t\t\t\t<span class=\"rb-bookmark bookmark-trigger\" data-pid=\"4422\"><\/span>\t\t\t<\/div>\r\n\t\t\t\t\t<\/div>\r\n\t\t<\/div>\r\n\t\t\t\t<\/div>\r\n\t<\/div>\t\t<div class=\"pagination-wrap pagination-loadmore\">\r\n\t\t\t<a href=\"#\" class=\"loadmore-trigger\"><span>Mostrar m\u00e1s<\/span><i class=\"rb-loader\" aria-hidden=\"true\"><\/i><\/a>\r\n\t\t<\/div>\r\n\t\t<\/div>\t\t\t\t<\/div>\n\t\t\t\t<\/div>\n\t\t\t\t<\/div>\n\t\t<div class=\"elementor-element elementor-element-efcf474 e-con-full rb-sticky e-flex e-con e-child\" data-id=\"efcf474\" data-element_type=\"container\">\n\t\t\t\t<div class=\"elementor-element elementor-element-574347f elementor-widget elementor-widget-foxiz-ad-image\" data-id=\"574347f\" data-element_type=\"widget\" data-widget_type=\"foxiz-ad-image.default\">\n\t\t\t\t<div class=\"elementor-widget-container\">\n\t\t\t\t\t<div class=\"ad-wrap ad-image-wrap\"><span class=\"ad-description is-meta\">- Anuncio -<\/span><div class=\"ad-image\"><img loading=\"lazy\" decoding=\"async\" src=\"https:\/\/export.themeruby.com\/foxiz\/buzzstream\/wp-content\/uploads\/sites\/46\/2024\/01\/n-banner.jpg\" alt=\"Ad image\" width=\"400\" height=\"600\"\/><\/div><\/div>\t\t\t\t<\/div>\n\t\t\t\t<\/div>\n\t\t\t\t<div class=\"elementor-element elementor-element-cc91349 elementor-widget elementor-widget-foxiz-heading\" data-id=\"cc91349\" data-element_type=\"widget\" data-widget_type=\"foxiz-heading.default\">\n\t\t\t\t<div class=\"elementor-widget-container\">\n\t\t\t\t\t<div id=\"uid_cc91349\" class=\"block-h heading-layout-7\"><div class=\"heading-inner\"><h3 class=\"heading-title\"><span>Minijuegos<\/span><\/h3><\/div><\/div>\t\t\t\t<\/div>\n\t\t\t\t<\/div>\n\t\t\t\t<div class=\"elementor-element elementor-element-a49308f elementor-position-right elementor-vertical-align-middle elementor-widget elementor-widget-image-box\" data-id=\"a49308f\" data-element_type=\"widget\" data-widget_type=\"image-box.default\">\n\t\t\t\t<div class=\"elementor-widget-container\">\n\t\t\t\t\t<div class=\"elementor-image-box-wrapper\"><figure class=\"elementor-image-box-img\"><a href=\"#\" tabindex=\"-1\"><img decoding=\"async\" src=\"https:\/\/foxiz.themeruby.com\/time\/wp-content\/uploads\/sites\/2\/2022\/08\/word.png\" title=\"\" alt=\"\" class=\"elementor-animation-buzz\" loading=\"lazy\" \/><\/a><\/figure><div class=\"elementor-image-box-content\"><h4 class=\"elementor-image-box-title\"><a href=\"#\">Wordle<\/a><\/h4><p class=\"elementor-image-box-description\">Adivina palabras de 4 a 11 letras y crea tus propios rompecabezas.<\/p><\/div><\/div>\t\t\t\t<\/div>\n\t\t\t\t<\/div>\n\t\t\t\t<div class=\"elementor-element elementor-element-9819f13 elementor-position-right elementor-vertical-align-middle elementor-widget elementor-widget-image-box\" data-id=\"9819f13\" data-element_type=\"widget\" data-widget_type=\"image-box.default\">\n\t\t\t\t<div class=\"elementor-widget-container\">\n\t\t\t\t\t<div class=\"elementor-image-box-wrapper\"><figure class=\"elementor-image-box-img\"><a href=\"#\" tabindex=\"-1\"><img decoding=\"async\" src=\"https:\/\/foxiz.themeruby.com\/time\/wp-content\/uploads\/sites\/2\/2022\/08\/box.png\" title=\"\" alt=\"\" class=\"elementor-animation-buzz\" loading=\"lazy\" \/><\/a><\/figure><div class=\"elementor-image-box-content\"><h4 class=\"elementor-image-box-title\"><a href=\"#\">En caja de cartas<\/a><\/h4><p class=\"elementor-image-box-description\">Crea palabras usando letras alrededor del cuadrado.<\/p><\/div><\/div>\t\t\t\t<\/div>\n\t\t\t\t<\/div>\n\t\t\t\t<div class=\"elementor-element elementor-element-d6405db elementor-position-right elementor-vertical-align-middle elementor-widget elementor-widget-image-box\" data-id=\"d6405db\" data-element_type=\"widget\" data-widget_type=\"image-box.default\">\n\t\t\t\t<div class=\"elementor-widget-container\">\n\t\t\t\t\t<div class=\"elementor-image-box-wrapper\"><figure class=\"elementor-image-box-img\"><a href=\"#\" tabindex=\"-1\"><img decoding=\"async\" src=\"https:\/\/foxiz.themeruby.com\/time\/wp-content\/uploads\/sites\/2\/2022\/08\/floor.png\" title=\"\" alt=\"\" class=\"elementor-animation-buzz\" loading=\"lazy\" \/><\/a><\/figure><div class=\"elementor-image-box-content\"><h4 class=\"elementor-image-box-title\"><a href=\"#\">Azulejos m\u00e1gicos<\/a><\/h4><p class=\"elementor-image-box-description\">Combina elementos y mant\u00e9n la cadena en marcha.<\/p><\/div><\/div>\t\t\t\t<\/div>\n\t\t\t\t<\/div>\n\t\t\t\t<div class=\"elementor-element elementor-element-90dc331 elementor-position-right elementor-vertical-align-middle elementor-widget elementor-widget-image-box\" data-id=\"90dc331\" data-element_type=\"widget\" data-widget_type=\"image-box.default\">\n\t\t\t\t<div class=\"elementor-widget-container\">\n\t\t\t\t\t<div class=\"elementor-image-box-wrapper\"><figure class=\"elementor-image-box-img\"><a href=\"#\" tabindex=\"-1\"><img decoding=\"async\" src=\"https:\/\/foxiz.themeruby.com\/time\/wp-content\/uploads\/sites\/2\/2022\/08\/chess.png\" title=\"\" alt=\"\" class=\"elementor-animation-buzz\" loading=\"lazy\" \/><\/a><\/figure><div class=\"elementor-image-box-content\"><h4 class=\"elementor-image-box-title\"><a href=\"#\">Respuesta de ajedrez<\/a><\/h4><p class=\"elementor-image-box-description\">Juega partidas de ajedrez hist\u00f3ricas.<\/p><\/div><\/div>\t\t\t\t<\/div>\n\t\t\t\t<\/div>\n\t\t\t\t<\/div>\n\t\t\t\t\t<\/div>\n\t\t\t\t<\/div>\n\t\t\t\t<\/div>","protected":false},"excerpt":{"rendered":"<p>edit Politics Zephyr Pulse 8 Min Read Assessing the Diplomatic Challenges and Global Security We are just an advanced breed of monkeys on a minor planet of a very average star. But we can understand the Universe. That makes us something very special. Headlines That Bridge Borders and Offer Insights Into International Serena Storyteller Challenge [&hellip;]<\/p>","protected":false},"author":1,"featured_media":0,"parent":0,"menu_order":0,"comment_status":"closed","ping_status":"closed","template":"","meta":{"content-type":"","footnotes":""},"class_list":["post-3067","page","type-page","status-publish"],"_links":{"self":[{"href":"https:\/\/theglobalhumanist.com\/es\/wp-json\/wp\/v2\/pages\/3067","targetHints":{"allow":["GET"]}}],"collection":[{"href":"https:\/\/theglobalhumanist.com\/es\/wp-json\/wp\/v2\/pages"}],"about":[{"href":"https:\/\/theglobalhumanist.com\/es\/wp-json\/wp\/v2\/types\/page"}],"author":[{"embeddable":true,"href":"https:\/\/theglobalhumanist.com\/es\/wp-json\/wp\/v2\/users\/1"}],"replies":[{"embeddable":true,"href":"https:\/\/theglobalhumanist.com\/es\/wp-json\/wp\/v2\/comments?post=3067"}],"version-history":[{"count":1,"href":"https:\/\/theglobalhumanist.com\/es\/wp-json\/wp\/v2\/pages\/3067\/revisions"}],"predecessor-version":[{"id":4018,"href":"https:\/\/theglobalhumanist.com\/es\/wp-json\/wp\/v2\/pages\/3067\/revisions\/4018"}],"wp:attachment":[{"href":"https:\/\/theglobalhumanist.com\/es\/wp-json\/wp\/v2\/media?parent=3067"}],"curies":[{"name":"wp","href":"https:\/\/api.w.org\/{rel}","templated":true}]}}