{"id":3067,"date":"2022-10-05T07:04:11","date_gmt":"2022-10-05T07:04:11","guid":{"rendered":"https:\/\/foxiz.themeruby.com\/time\/?page_id=2158"},"modified":"2024-07-29T06:01:36","modified_gmt":"2024-07-29T06:01:36","slug":"home","status":"publish","type":"page","link":"https:\/\/theglobalhumanist.com\/es\/home\/","title":{"rendered":"Hogar"},"content":{"rendered":"<div data-elementor-type=\"wp-page\" data-elementor-id=\"3067\" class=\"elementor elementor-3067\" data-elementor-post-type=\"page\">\n\t\t\t\t<div class=\"elementor-element elementor-element-cf90c41 e-flex e-con-boxed e-con e-parent\" data-id=\"cf90c41\" data-element_type=\"container\">\n\t\t\t\t\t<div class=\"e-con-inner\">\n\t\t<div class=\"elementor-element elementor-element-0f75b5c e-con-full e-flex e-con e-child\" data-id=\"0f75b5c\" data-element_type=\"container\">\n\t\t\t\t<div class=\"elementor-element elementor-element-359e02c elementor-widget elementor-widget-foxiz-grid-flex-1\" data-id=\"359e02c\" data-element_type=\"widget\" data-widget_type=\"foxiz-grid-flex-1.default\">\n\t\t\t\t<div class=\"elementor-widget-container\">\n\t\t\t\t\t<div id=\"uid_359e02c\" class=\"block-wrap block-grid block-grid-flex-1 rb-columns rb-col-1 rb-tcol-1 rb-mcol-1 is-gap-20 hovering-fade ecat-bg-4 ecat-size-big meta-s-line\"><div class=\"block-inner\">\t\t<div class=\"p-wrap p-grid p-grid-1\" data-pid=\"4459\">\r\n\t\t\t\t<div class=\"p-meta has-bookmark\">\r\n\t\t\t\t<div class=\"meta-inner is-meta\">\r\n\t\t\t\t\t\t\t<div class=\"meta-el meta-author\">\r\n\t\t\t<a href=\"https:\/\/theglobalhumanist.com\/es\/author\/ad4min\/\"><\/a>\t\t<\/div>\r\n\t\t\t\t<div class=\"meta-el meta-read\">0 minutos de lectura<\/div>\r\n\t\t\t\t\t\t<\/div>\r\n\t\t\t\t<span class=\"rb-bookmark bookmark-trigger\" data-pid=\"4459\"><\/span>\t\t\t<\/div>\r\n\t\t<h2 class=\"entry-title\">\t\t<a class=\"p-url\" href=\"https:\/\/theglobalhumanist.com\/es\/the-world-humanist-congress-2026-welcomes-over-500-delegates\/\" rel=\"bookmark\">The World Humanist Congress 2026 welcomes over 500 delegates<\/a><\/h2><p class=\"entry-summary\">The post The World Humanist Congress 2026 welcomes over 500 delegates appeared first on Humanists International.<\/p>\r\n\t\t\t\t\t<\/div>\r\n\t<\/div><\/div>\t\t\t\t<\/div>\n\t\t\t\t<\/div>\n\t\t\t\t<\/div>\n\t\t<div class=\"elementor-element elementor-element-246b5cb e-con-full e-flex e-con e-child\" data-id=\"246b5cb\" data-element_type=\"container\">\n\t\t\t\t<div class=\"elementor-element elementor-element-2b5fa8b elementor-widget elementor-widget-foxiz-heading\" data-id=\"2b5fa8b\" data-element_type=\"widget\" data-widget_type=\"foxiz-heading.default\">\n\t\t\t\t<div class=\"elementor-widget-container\">\n\t\t\t\t\t<div id=\"uid_2b5fa8b\" class=\"block-h heading-layout-16\"><div class=\"heading-inner\"><h3 class=\"heading-title\"><span>Titulares<\/span><\/h3><\/div><\/div>\t\t\t\t<\/div>\n\t\t\t\t<\/div>\n\t\t\t\t<div class=\"elementor-element elementor-element-4f24e55 elementor-widget elementor-widget-foxiz-list-small-1\" data-id=\"4f24e55\" data-element_type=\"widget\" data-widget_type=\"foxiz-list-small-1.default\">\n\t\t\t\t<div class=\"elementor-widget-container\">\n\t\t\t\t\t<div id=\"uid_4f24e55\" class=\"block-wrap block-small block-list block-list-small-1 rb-columns rb-col-1 rb-tcol-4 rb-mcol-1 is-gap-custom col-border is-border-gray bottom-border is-b-border-gray no-last-bb meta-s-line\"><div class=\"block-inner\">\t\t<div class=\"p-wrap p-small p-list-small-1\" data-pid=\"3653\">\r\n\t\t\t<div class=\"p-content\">\r\n\t\t\t<h3 class=\"entry-title\"><i class=\"rbi rbi-next\" aria-hidden=\"true\"><\/i>\t\t<a class=\"p-url\" href=\"https:\/\/theglobalhumanist.com\/es\/travelers-guide-to-apostasy-by-ex-preacher\/\" rel=\"bookmark\">Gu\u00eda del viajero sobre la apostas\u00eda por un ex predicador<\/a><\/h3>\t\t\t<div class=\"p-meta has-bookmark\">\r\n\t\t\t\t<div class=\"meta-inner is-meta\">\r\n\t\t\t\t\t\t\t<div class=\"meta-el meta-author\">\r\n\t\t\t<a href=\"https:\/\/theglobalhumanist.com\/es\/author\/ad4min\/\"><\/a>\t\t<\/div>\r\n\t\t\t\t\t\t<\/div>\r\n\t\t\t\t<span class=\"rb-bookmark bookmark-trigger\" data-pid=\"3653\"><\/span>\t\t\t<\/div>\r\n\t\t\t\t<\/div>\r\n\t\t\t\t<\/div>\r\n\t\t\t<div class=\"p-wrap p-small p-list-small-1\" data-pid=\"3947\">\r\n\t\t\t<div class=\"p-content\">\r\n\t\t\t<h3 class=\"entry-title\"><i class=\"rbi rbi-next\" aria-hidden=\"true\"><\/i>\t\t<a class=\"p-url\" href=\"https:\/\/theglobalhumanist.com\/es\/the-demon-haunted-world-science-as-a-candle-in-the-dark-by-carl-sagan\/\" rel=\"bookmark\">El mundo acosado por demonios: La ciencia como una vela en la oscuridad, de Carl Sagan<\/a><\/h3>\t\t\t<div class=\"p-meta has-bookmark\">\r\n\t\t\t\t<div class=\"meta-inner is-meta\">\r\n\t\t\t\t\t\t\t<div class=\"meta-el meta-author\">\r\n\t\t\t<a href=\"https:\/\/theglobalhumanist.com\/es\/author\/ad4min\/\"><\/a>\t\t<\/div>\r\n\t\t\t\t\t\t<\/div>\r\n\t\t\t\t<span class=\"rb-bookmark bookmark-trigger\" data-pid=\"3947\"><\/span>\t\t\t<\/div>\r\n\t\t\t\t<\/div>\r\n\t\t\t\t<\/div>\r\n\t\t\t<div class=\"p-wrap p-small p-list-small-1\" data-pid=\"4460\">\r\n\t\t\t<div class=\"p-content\">\r\n\t\t\t<h3 class=\"entry-title\"><i class=\"rbi rbi-next\" aria-hidden=\"true\"><\/i>\t\t<a class=\"p-url\" href=\"https:\/\/theglobalhumanist.com\/es\/united-nations-invites-humanist-organizations-to-shape-new-human-rights-report\/\" rel=\"bookmark\">United Nations invites humanist organizations to shape new human rights report<\/a><\/h3>\t\t\t<div class=\"p-meta has-bookmark\">\r\n\t\t\t\t<div class=\"meta-inner is-meta\">\r\n\t\t\t\t\t\t\t<div class=\"meta-el meta-author\">\r\n\t\t\t<a href=\"https:\/\/theglobalhumanist.com\/es\/author\/ad4min\/\"><\/a>\t\t<\/div>\r\n\t\t\t\t\t\t<\/div>\r\n\t\t\t\t<span class=\"rb-bookmark bookmark-trigger\" data-pid=\"4460\"><\/span>\t\t\t<\/div>\r\n\t\t\t\t<\/div>\r\n\t\t\t\t<\/div>\r\n\t\t\t<div class=\"p-wrap p-small p-list-small-1\" data-pid=\"3457\">\r\n\t\t\t<div class=\"p-content\">\r\n\t\t\t<h3 class=\"entry-title\"><i class=\"rbi rbi-next\" aria-hidden=\"true\"><\/i>\t\t<a class=\"p-url\" href=\"https:\/\/theglobalhumanist.com\/es\/thomas-jefferson-author-of-america-by-christopher-hitchens\/\" rel=\"bookmark\">Thomas Jefferson: autor de Am\u00e9rica por Christopher Hitchens<\/a><\/h3>\t\t\t<div class=\"p-meta has-bookmark\">\r\n\t\t\t\t<div class=\"meta-inner is-meta\">\r\n\t\t\t\t\t\t\t<div class=\"meta-el meta-author\">\r\n\t\t\t<a href=\"https:\/\/theglobalhumanist.com\/es\/author\/ad4min\/\"><\/a>\t\t<\/div>\r\n\t\t\t\t\t\t<\/div>\r\n\t\t\t\t<span class=\"rb-bookmark bookmark-trigger\" data-pid=\"3457\"><\/span>\t\t\t<\/div>\r\n\t\t\t\t<\/div>\r\n\t\t\t\t<\/div>\r\n\t<\/div><\/div>\t\t\t\t<\/div>\n\t\t\t\t<\/div>\n\t\t\t\t<\/div>\n\t\t<div class=\"elementor-element elementor-element-fa7295a e-con-full e-flex e-con e-child\" data-id=\"fa7295a\" data-element_type=\"container\" data-settings=\"{&quot;background_background&quot;:&quot;classic&quot;}\">\n\t\t\t\t<div class=\"elementor-element elementor-element-c8d956f elementor-widget elementor-widget-foxiz-heading\" data-id=\"c8d956f\" data-element_type=\"widget\" data-widget_type=\"foxiz-heading.default\">\n\t\t\t\t<div class=\"elementor-widget-container\">\n\t\t\t\t\t<div id=\"uid_c8d956f\" class=\"block-h heading-layout-c10\"><div class=\"heading-inner\"><h4 class=\"heading-title\"><span>\u00a1Su fuente confiable para actualizaciones precisas y oportunas!<\/span><\/h4><div class=\"heading-tagline h6\"><span class=\"heading-tagline-label\">Nuestro compromiso con la precisi\u00f3n, la imparcialidad y la transmisi\u00f3n de noticias de \u00faltima hora en tiempo real nos ha ganado la confianza de una amplia audiencia. Mant\u00e9ngase al d\u00eda con actualizaciones en tiempo real sobre los \u00faltimos eventos y tendencias.<\/span><\/div><\/div><\/div>\t\t\t\t<\/div>\n\t\t\t\t<\/div>\n\t\t\t\t<div class=\"elementor-element elementor-element-3d3caa5 yes-mono elementor-widget elementor-widget-foxiz-social-follower\" data-id=\"3d3caa5\" data-element_type=\"widget\" data-widget_type=\"foxiz-social-follower.default\">\n\t\t\t\t<div class=\"elementor-widget-container\">\n\t\t\t\t\t<div class=\"socials-counter h6 is-style-6 is-icon-color is-h-bg\"><div class=\"social-follower effect-fadeout\"><div class=\"follower-el fb-follower\"><a target=\"_blank\" href=\"https:\/\/facebook.com\/#\" class=\"facebook\" aria-label=\"Facebook\" rel=\"noopener nofollow\"><\/a><span class=\"follower-inner\"><span class=\"fnicon\"><i class=\"rbi rbi-facebook\" aria-hidden=\"true\"><\/i><\/span><span class=\"fnlabel\">Facebook<\/span><span class=\"text-count\">Como<\/span><\/span><\/div><div class=\"follower-el twitter-follower\"><a target=\"_blank\" href=\"https:\/\/twitter.com\/#\" class=\"twitter\" aria-label=\"inc\u00f3gnita\" rel=\"noopener nofollow\"><\/a><span class=\"follower-inner\"><span class=\"fnicon\"><i class=\"rbi rbi-twitter\" aria-hidden=\"true\"><\/i><\/span><span class=\"fnlabel\">inc\u00f3gnita<\/span><span class=\"text-count\">Seguir<\/span><\/span><\/div><div class=\"follower-el instagram-follower\"><a target=\"_blank\" href=\"https:\/\/instagram.com\/#\" class=\"instagram\" aria-label=\"Instagram\" rel=\"noopener nofollow\"><\/a><span class=\"follower-inner\"><span class=\"fnicon\"><i class=\"rbi rbi-instagram\" aria-hidden=\"true\"><\/i><\/span><span class=\"fnlabel\">Instagram<\/span><span class=\"text-count\">Seguir<\/span><\/span><\/div><div class=\"follower-el linkedin-follower\"><a target=\"_blank\" href=\"#\" class=\"linkedin\" aria-label=\"LinkedIn\" rel=\"noopener nofollow\"><\/a><span class=\"follower-inner\"><span class=\"fnicon\"><i class=\"rbi rbi-linkedin\" aria-hidden=\"true\"><\/i><\/span><span class=\"fnlabel\">LinkedIn<\/span><span class=\"text-count\">Seguir<\/span><\/span><\/div><div class=\"follower-el medium-follower\"><a target=\"_blank\" href=\"#\" class=\"medium\" aria-label=\"Medio\" rel=\"noopener nofollow\"><\/a><span class=\"follower-inner\"><span class=\"fnicon\"><i class=\"rbi rbi-medium\" aria-hidden=\"true\"><\/i><\/span><span class=\"fnlabel\">Medio<\/span><span class=\"text-count\">Seguir<\/span><\/span><\/div><div class=\"follower-el quora-follower\"><a target=\"_blank\" href=\"#\" class=\"quora\" aria-label=\"Quora\" rel=\"noopener nofollow\"><\/a><span class=\"follower-inner\"><span class=\"fnicon\"><i class=\"rbi rbi-quora\" aria-hidden=\"true\"><\/i><\/span><span class=\"fnlabel\">Quora<\/span><span class=\"text-count\">Seguir<\/span><\/span><\/div><\/div><\/div>\t\t\t\t<\/div>\n\t\t\t\t<\/div>\n\t\t\t\t<\/div>\n\t\t\t\t\t<\/div>\n\t\t\t\t<\/div>\n\t\t<div class=\"elementor-element elementor-element-4dfc2c8 e-flex e-con-boxed e-con e-parent\" data-id=\"4dfc2c8\" data-element_type=\"container\">\n\t\t\t\t\t<div class=\"e-con-inner\">\n\t\t\t\t<div class=\"elementor-element elementor-element-52eec7e elementor-widget elementor-widget-foxiz-heading\" data-id=\"52eec7e\" data-element_type=\"widget\" data-widget_type=\"foxiz-heading.default\">\n\t\t\t\t<div class=\"elementor-widget-container\">\n\t\t\t\t\t<div id=\"uid_52eec7e\" class=\"block-h heading-layout-5\"><div class=\"heading-inner\"><h3 class=\"heading-title\"><span>Lo m\u00e1s le\u00eddo esta semana<\/span><\/h3><\/div><\/div>\t\t\t\t<\/div>\n\t\t\t\t<\/div>\n\t\t\t\t\t<\/div>\n\t\t\t\t<\/div>\n\t\t<div class=\"elementor-element elementor-element-9a15ccf e-flex e-con-boxed e-con e-parent\" data-id=\"9a15ccf\" data-element_type=\"container\">\n\t\t\t\t\t<div class=\"e-con-inner\">\n\t\t<div class=\"elementor-element elementor-element-592c597 e-con-full e-flex e-con e-child\" data-id=\"592c597\" data-element_type=\"container\">\n\t\t\t\t<div class=\"elementor-element elementor-element-ae1cca4 elementor-widget-tablet__width-initial elementor-widget elementor-widget-foxiz-ad-image\" data-id=\"ae1cca4\" data-element_type=\"widget\" data-widget_type=\"foxiz-ad-image.default\">\n\t\t\t\t<div class=\"elementor-widget-container\">\n\t\t\t\t\t<div class=\"ad-wrap ad-image-wrap\"><span class=\"ad-description is-meta\">- Anuncio -<\/span><div class=\"ad-image\"><a class=\"ad-destination\" target=\"_blank\" rel=\"noopener nofollow\" href=\"\/\/1.envato.market\/MXYjYo\"><img loading=\"lazy\" decoding=\"async\" src=\"https:\/\/export.themeruby.com\/foxiz\/buzzstream\/wp-content\/uploads\/sites\/46\/2024\/01\/n-banner.jpg\" alt=\"Ad image\" width=\"400\" height=\"600\"\/><\/a><\/div><\/div>\t\t\t\t<\/div>\n\t\t\t\t<\/div>\n\t\t\t\t<\/div>\n\t\t<div class=\"elementor-element elementor-element-c32a2e0 e-con-full e-flex e-con e-child\" data-id=\"c32a2e0\" data-element_type=\"container\">\n\t\t\t\t<div class=\"elementor-element elementor-element-34abd94 elementor-widget elementor-widget-foxiz-list-1\" data-id=\"34abd94\" data-element_type=\"widget\" data-widget_type=\"foxiz-list-1.default\">\n\t\t\t\t<div class=\"elementor-widget-container\">\n\t\t\t\t\t<div id=\"uid_34abd94\" class=\"block-wrap block-big block-list block-list-1 rb-columns rb-col-1 rb-tcol-1 rb-mcol-1 hovering-fade bottom-border is-b-border-gray p-vtop ecat-bg-4 is-feat-right meta-s-line\"><div class=\"block-inner\">\t\t<div class=\"p-wrap p-list p-list-1\" data-pid=\"3341\">\r\n\t\t\t<div class=\"list-holder\">\r\n\t\t\t<div class=\"list-feat-holder\">\r\n\t\t\t\t\t\t\t<div class=\"feat-holder\">\r\n\t\t\t\t\t\t<div class=\"p-featured\">\r\n\t\t\t\t\t<a class=\"p-flink\" href=\"https:\/\/theglobalhumanist.com\/es\/going-clear-scientology-hollywood-and-the-prison-of-belief-by-lawrence-wright\/\" title=\"Aclarando las cosas: Cienciolog\u00eda, Hollywood y la prisi\u00f3n de las creencias, por Lawrence Wright\">\r\n\t\t\t<img loading=\"lazy\" decoding=\"async\" width=\"615\" height=\"410\" src=\"https:\/\/theglobalhumanist.com\/wp-content\/uploads\/2024\/07\/Going-Clear-Scientology-Hollywood-and-the-Prison-of-Belief-Lawrence-Wright-615x410.jpg\" class=\"featured-img wp-post-image\" alt=\"\" \/>\t\t<\/a>\r\n\t\t\t\t<\/div>\r\n\t<div class=\"p-categories light-scheme p-top\"><a class=\"p-category category-id-851\" href=\"https:\/\/theglobalhumanist.com\/es\/category\/books\/\" rel=\"category\">Libros<\/a><a class=\"p-category category-id-49\" href=\"https:\/\/theglobalhumanist.com\/es\/category\/history\/\" rel=\"category\">Historia<\/a><\/div><\/div>\r\n\t\t\t\t\t<\/div>\r\n\t\t\t<div class=\"p-content\">\r\n\t\t\t\t<h2 class=\"entry-title\">\t\t<a class=\"p-url\" href=\"https:\/\/theglobalhumanist.com\/es\/going-clear-scientology-hollywood-and-the-prison-of-belief-by-lawrence-wright\/\" rel=\"bookmark\">Aclarando las cosas: Cienciolog\u00eda, Hollywood y la prisi\u00f3n de las creencias, por Lawrence Wright<\/a><\/h2><p class=\"entry-summary\">&quot;Going Clear: Scientology, Hollywood, and the Prison of Belief&quot; de Lawrence Wright ofrece una investigaci\u00f3n a fondo sobre la Iglesia de la Cienciolog\u00eda, sus or\u00edgenes, pr\u00e1cticas e influencia. Wright explora la iglesia\u2026<\/p>\r\n\t\t\t\t\t\t<div class=\"p-meta has-bookmark\">\r\n\t\t\t\t<div class=\"meta-inner is-meta\">\r\n\t\t\t\t\t\t\t<a class=\"meta-el meta-avatar\" href=\"https:\/\/theglobalhumanist.com\/es\/author\/ad4min\/\"><img alt='' src='https:\/\/secure.gravatar.com\/avatar\/0503e328cbef274ead1225b9469fea557f6e98ae6b8d7368f28dbc177fe966a2?s=44&#038;d=mm&#038;r=g' srcset='https:\/\/secure.gravatar.com\/avatar\/0503e328cbef274ead1225b9469fea557f6e98ae6b8d7368f28dbc177fe966a2?s=88&#038;d=mm&#038;r=g 2x' class='avatar avatar-44 photo' height='44' width='44' \/><\/a>\r\n\t\t\t\t<div class=\"meta-el meta-author\">\r\n\t\t\t<a href=\"https:\/\/theglobalhumanist.com\/es\/author\/ad4min\/\"><\/a>\t\t<\/div>\r\n\t\t\t\t<div class=\"meta-el meta-update\">\r\n\t\t\t<i class=\"rbi rbi-time\" aria-hidden=\"true\"><\/i>\t\t\t<time class=\"updated\" datetime=\"2025-04-08T04:47:44+00:00\">8 de abril de 2025<\/time>\r\n\t\t<\/div>\r\n\t\t\t\t\t\t<\/div>\r\n\t\t\t\t<span class=\"rb-bookmark bookmark-trigger\" data-pid=\"3341\"><\/span>\t\t\t<\/div>\r\n\t\t\t\t\t<\/div>\r\n\t\t<\/div>\r\n\t\t\t\t<\/div>\r\n\t<\/div><\/div>\t\t\t\t<\/div>\n\t\t\t\t<\/div>\n\t\t\t\t<div class=\"elementor-element elementor-element-ed4401c elementor-widget elementor-widget-foxiz-list-small-1\" data-id=\"ed4401c\" data-element_type=\"widget\" data-widget_type=\"foxiz-list-small-1.default\">\n\t\t\t\t<div class=\"elementor-widget-container\">\n\t\t\t\t\t<div id=\"uid_ed4401c\" class=\"block-wrap block-small block-list block-list-small-1 rb-columns rb-col-3 rb-tcol-3 rb-mcol-1 is-gap-custom col-border is-border-gray bottom-border is-b-border-gray no-last-bb ecat-bg-4 meta-s-line\"><div class=\"block-inner\">\t\t<div class=\"p-wrap p-small p-list-small-1\" data-pid=\"3569\">\r\n\t\t\t<div class=\"p-content\">\r\n\t\t\t<div class=\"p-categories p-top\"><a class=\"p-category category-id-851\" href=\"https:\/\/theglobalhumanist.com\/es\/category\/books\/\" rel=\"category\">Libros<\/a><a class=\"p-category category-id-1\" href=\"https:\/\/theglobalhumanist.com\/es\/category\/uncategorized\/\" rel=\"category\">Sin categorizar<\/a><\/div><h3 class=\"entry-title\">\t\t<a class=\"p-url\" href=\"https:\/\/theglobalhumanist.com\/es\/brief-candle-in-the-dark-my-life-in-science-by-richard-dawkins\/\" rel=\"bookmark\">Una breve vela en la oscuridad: Mi vida en la ciencia, de Richard Dawkins<\/a><\/h3><p class=\"entry-summary\">\u00abUna breve vela en la oscuridad: Mi vida en la ciencia\u00bb, de Richard Dawkins, es una continuaci\u00f3n\u2026<\/p>\r\n\t\t\t\t\t\t<div class=\"p-meta has-bookmark\">\r\n\t\t\t\t<div class=\"meta-inner is-meta\">\r\n\t\t\t\t\t\t\t<div class=\"meta-el meta-author\">\r\n\t\t\t<a href=\"https:\/\/theglobalhumanist.com\/es\/author\/ad4min\/\"><\/a>\t\t<\/div>\r\n\t\t\t\t\t\t<\/div>\r\n\t\t\t\t<span class=\"rb-bookmark bookmark-trigger\" data-pid=\"3569\"><\/span>\t\t\t<\/div>\r\n\t\t\t\t<\/div>\r\n\t\t\t\t<\/div>\r\n\t\t\t<div class=\"p-wrap p-small p-list-small-1\" data-pid=\"3500\">\r\n\t\t\t<div class=\"p-content\">\r\n\t\t\t<div class=\"p-categories p-top\"><a class=\"p-category category-id-851\" href=\"https:\/\/theglobalhumanist.com\/es\/category\/books\/\" rel=\"category\">Libros<\/a><a class=\"p-category category-id-46\" href=\"https:\/\/theglobalhumanist.com\/es\/category\/memoirs\/\" rel=\"category\">Memorias<\/a><\/div><h3 class=\"entry-title\">\t\t<a class=\"p-url\" href=\"https:\/\/theglobalhumanist.com\/es\/letters-to-a-young-contrarian-by-christopher-hitchens\/\" rel=\"bookmark\">Cartas a un joven inconformista de Christopher Hitchens<\/a><\/h3><p class=\"entry-summary\">&quot;Cartas a un joven inconformista&quot; de Christopher Hitchens es una colecci\u00f3n de ensayos escritos como...<\/p>\r\n\t\t\t\t\t\t<div class=\"p-meta has-bookmark\">\r\n\t\t\t\t<div class=\"meta-inner is-meta\">\r\n\t\t\t\t\t\t\t<div class=\"meta-el meta-author\">\r\n\t\t\t<a href=\"https:\/\/theglobalhumanist.com\/es\/author\/ad4min\/\"><\/a>\t\t<\/div>\r\n\t\t\t\t\t\t<\/div>\r\n\t\t\t\t<span class=\"rb-bookmark bookmark-trigger\" data-pid=\"3500\"><\/span>\t\t\t<\/div>\r\n\t\t\t\t<\/div>\r\n\t\t\t\t<\/div>\r\n\t\t\t<div class=\"p-wrap p-small p-list-small-1\" data-pid=\"4459\">\r\n\t\t\t<div class=\"p-content\">\r\n\t\t\t<h3 class=\"entry-title\">\t\t<a class=\"p-url\" href=\"https:\/\/theglobalhumanist.com\/es\/the-world-humanist-congress-2026-welcomes-over-500-delegates\/\" rel=\"bookmark\">The World Humanist Congress 2026 welcomes over 500 delegates<\/a><\/h3><p class=\"entry-summary\">The post The World Humanist Congress 2026 welcomes over 500 delegates appeared first on Humanists&hellip;<\/p>\r\n\t\t\t\t\t\t<div class=\"p-meta has-bookmark\">\r\n\t\t\t\t<div class=\"meta-inner is-meta\">\r\n\t\t\t\t\t\t\t<div class=\"meta-el meta-author\">\r\n\t\t\t<a href=\"https:\/\/theglobalhumanist.com\/es\/author\/ad4min\/\"><\/a>\t\t<\/div>\r\n\t\t\t\t\t\t<\/div>\r\n\t\t\t\t<span class=\"rb-bookmark bookmark-trigger\" data-pid=\"4459\"><\/span>\t\t\t<\/div>\r\n\t\t\t\t<\/div>\r\n\t\t\t\t<\/div>\r\n\t<\/div><\/div>\t\t\t\t<\/div>\n\t\t\t\t<\/div>\n\t\t\t\t<\/div>\n\t\t\t\t\t<\/div>\n\t\t\t\t<\/div>\n\t\t<div class=\"elementor-element elementor-element-313e6b5 e-flex e-con-boxed e-con e-parent\" data-id=\"313e6b5\" data-element_type=\"container\">\n\t\t\t\t\t<div class=\"e-con-inner\">\n\t\t\t\t<div class=\"elementor-element elementor-element-aadd301 elementor-widget elementor-widget-foxiz-heading\" data-id=\"aadd301\" data-element_type=\"widget\" data-widget_type=\"foxiz-heading.default\">\n\t\t\t\t<div class=\"elementor-widget-container\">\n\t\t\t\t\t<div id=\"uid_aadd301\" class=\"block-h heading-layout-5\"><div class=\"heading-inner\"><h3 class=\"heading-title\"><span>S\u00f3lo para ti<\/span><\/h3><\/div><\/div>\t\t\t\t<\/div>\n\t\t\t\t<\/div>\n\t\t\t\t<div class=\"elementor-element elementor-element-93e49bc elementor-widget elementor-widget-foxiz-grid-recommended-1\" data-id=\"93e49bc\" data-element_type=\"widget\" data-widget_type=\"foxiz-grid-recommended-1.default\">\n\t\t\t\t<div class=\"elementor-widget-container\">\n\t\t\t\t\t<div id=\"uid_93e49bc\" class=\"block-wrap block-grid block-grid-personalize-1 is-ajax-block is-hoz-scroll rb-columns rb-col-4 is-gap-custom col-border is-border-gray hovering-fade bottom-border is-b-border-gray no-last-bb ecat-bg-4 is-m-grid meta-s-line\"><div class=\"block-loader\"><svg class=\"svg-icon svg-loading\" aria-hidden=\"true\" role=\"img\" focusable=\"false\" version=\"1.1\" viewbox=\"0 0 66 100\" xmlns=\"http:\/\/www.w3.org\/2000\/svg\"><circle cx=\"6\" cy=\"50\" r=\"6\" fill=\"currentColor\"><animatetransform attributename=\"transform\" begin=\"0.1\" dur=\"1s\" repeatcount=\"indefinite\" type=\"translate\" values=\"0 15 ; 0 -15; 0 15\"\/><\/circle><circle cx=\"30\" cy=\"50\" r=\"6\" fill=\"currentColor\"><animatetransform attributename=\"transform\" begin=\"0.2\" dur=\"1s\" repeatcount=\"indefinite\" type=\"translate\" values=\"0 10 ; 0 -10; 0 10\"\/><\/circle><circle cx=\"54\" cy=\"50\" r=\"6\" fill=\"currentColor\"><animatetransform attributename=\"transform\" begin=\"0.3\" dur=\"1s\" repeatcount=\"indefinite\" type=\"translate\" values=\"0 5 ; 0 -5; 0 5\"\/><\/circle><\/svg><\/div><\/div>\t\t\t\t<\/div>\n\t\t\t\t<\/div>\n\t\t\t\t<div class=\"elementor-element elementor-element-5d49376 elementor-widget elementor-widget-foxiz-heading\" data-id=\"5d49376\" data-element_type=\"widget\" data-widget_type=\"foxiz-heading.default\">\n\t\t\t\t<div class=\"elementor-widget-container\">\n\t\t\t\t\t<div id=\"uid_5d49376\" class=\"block-h heading-layout-5\"><div class=\"heading-inner\"><h3 class=\"heading-title\"><a class=\"h-link\" href=\"https:\/\/foxiz.themeruby.com\/buzzstream\/category\/opinion\/\">Opini\u00f3n<\/a><\/h3><div class=\"heading-tagline h6\"><a class=\"heading-tagline-label\" href=\"https:\/\/foxiz.themeruby.com\/buzzstream\/category\/opinion\/\">M\u00e1s publicaciones<\/a><\/div><\/div><\/div>\t\t\t\t<\/div>\n\t\t\t\t<\/div>\n\t\t\t\t<div class=\"elementor-element elementor-element-24adc3f elementor-widget elementor-widget-foxiz-list-1\" data-id=\"24adc3f\" data-element_type=\"widget\" data-widget_type=\"foxiz-list-1.default\">\n\t\t\t\t<div class=\"elementor-widget-container\">\n\t\t\t\t\t<div id=\"uid_24adc3f\" class=\"block-wrap block-big block-list block-list-1 rb-columns rb-col-2 rb-tcol-1 rb-mcol-1 is-gap-custom col-border is-border-gray hovering-fade bottom-border is-b-border-gray no-last-bb p-vtop ecat-bg-4 is-feat-left is-m-list res-feat-left meta-s-line\"><div class=\"block-inner\">\t\t<div class=\"p-wrap p-list p-list-1\" data-pid=\"4379\">\r\n\t\t\t<div class=\"list-holder\">\r\n\t\t\t<div class=\"list-feat-holder\">\r\n\t\t\t\t\t\t\t<\/div>\r\n\t\t\t<div class=\"p-content\">\r\n\t\t\t\t<h2 class=\"entry-title\">\t\t<a class=\"p-url\" href=\"https:\/\/theglobalhumanist.com\/es\/humanists-mark-international-safe-abortion-day-at-un\/\" rel=\"bookmark\">Humanists mark International Safe Abortion Day at UN<\/a><\/h2><p class=\"entry-summary mobile-hide\">The post Humanists mark International Safe Abortion Day at UN appeared first on Humanists International.<\/p>\r\n\t\t\t\t\t\t<div class=\"p-meta has-bookmark\">\r\n\t\t\t\t<div class=\"meta-inner is-meta\">\r\n\t\t\t\t\t\t\t<a class=\"meta-el meta-avatar\" href=\"https:\/\/theglobalhumanist.com\/es\/author\/ad4min\/\"><img alt='' src='https:\/\/secure.gravatar.com\/avatar\/0503e328cbef274ead1225b9469fea557f6e98ae6b8d7368f28dbc177fe966a2?s=44&#038;d=mm&#038;r=g' srcset='https:\/\/secure.gravatar.com\/avatar\/0503e328cbef274ead1225b9469fea557f6e98ae6b8d7368f28dbc177fe966a2?s=88&#038;d=mm&#038;r=g 2x' class='avatar avatar-44 photo' height='44' width='44' \/><\/a>\r\n\t\t\t\t<div class=\"meta-el meta-author\">\r\n\t\t\t<a href=\"https:\/\/theglobalhumanist.com\/es\/author\/ad4min\/\"><\/a>\t\t<\/div>\r\n\t\t\t\t<div class=\"meta-el meta-update\">\r\n\t\t\t<i class=\"rbi rbi-time\" aria-hidden=\"true\"><\/i>\t\t\t<time class=\"updated\" datetime=\"2025-10-07T16:44:31+00:00\">octubre 7, 2025<\/time>\r\n\t\t<\/div>\r\n\t\t\t\t\t\t<\/div>\r\n\t\t\t\t<span class=\"rb-bookmark bookmark-trigger\" data-pid=\"4379\"><\/span>\t\t\t<\/div>\r\n\t\t\t\t\t<\/div>\r\n\t\t<\/div>\r\n\t\t\t\t<\/div>\r\n\t\t\t<div class=\"p-wrap p-list p-list-1\" data-pid=\"3947\">\r\n\t\t\t<div class=\"list-holder\">\r\n\t\t\t<div class=\"list-feat-holder\">\r\n\t\t\t\t\t\t\t<div class=\"feat-holder\">\r\n\t\t\t\t\t\t<div class=\"p-featured\">\r\n\t\t\t\t\t<a class=\"p-flink\" href=\"https:\/\/theglobalhumanist.com\/es\/the-demon-haunted-world-science-as-a-candle-in-the-dark-by-carl-sagan\/\" title=\"El mundo acosado por demonios: La ciencia como una vela en la oscuridad, de Carl Sagan\">\r\n\t\t\t<img loading=\"lazy\" decoding=\"async\" width=\"320\" height=\"280\" src=\"https:\/\/theglobalhumanist.com\/wp-content\/uploads\/2024\/07\/The-Demon-Haunted-World_Science-as-a-candle-in-the-dark-by-Carl-Sagan-320x280.webp\" class=\"featured-img wp-post-image\" alt=\"\" \/>\t\t<\/a>\r\n\t\t\t\t<\/div>\r\n\t<div class=\"p-categories light-scheme p-top mobile-hide\"><a class=\"p-category category-id-851\" href=\"https:\/\/theglobalhumanist.com\/es\/category\/books\/\" rel=\"category\">Libros<\/a><a class=\"p-category category-id-47\" href=\"https:\/\/theglobalhumanist.com\/es\/category\/skepticism\/\" rel=\"category\">Escepticismo<\/a><\/div><\/div>\r\n\t\t\t\t\t<\/div>\r\n\t\t\t<div class=\"p-content\">\r\n\t\t\t\t<h2 class=\"entry-title\">\t\t<a class=\"p-url\" href=\"https:\/\/theglobalhumanist.com\/es\/the-demon-haunted-world-science-as-a-candle-in-the-dark-by-carl-sagan\/\" rel=\"bookmark\">El mundo acosado por demonios: La ciencia como una vela en la oscuridad, de Carl Sagan<\/a><\/h2><p class=\"entry-summary mobile-hide\">&quot;El mundo endemoniado: La ciencia como una luz en la oscuridad&quot; de Carl Sagan es un...<\/p>\r\n\t\t\t\t\t\t<div class=\"p-meta has-bookmark\">\r\n\t\t\t\t<div class=\"meta-inner is-meta\">\r\n\t\t\t\t\t\t\t<a class=\"meta-el meta-avatar\" href=\"https:\/\/theglobalhumanist.com\/es\/author\/ad4min\/\"><img alt='' src='https:\/\/secure.gravatar.com\/avatar\/0503e328cbef274ead1225b9469fea557f6e98ae6b8d7368f28dbc177fe966a2?s=44&#038;d=mm&#038;r=g' srcset='https:\/\/secure.gravatar.com\/avatar\/0503e328cbef274ead1225b9469fea557f6e98ae6b8d7368f28dbc177fe966a2?s=88&#038;d=mm&#038;r=g 2x' class='avatar avatar-44 photo' height='44' width='44' \/><\/a>\r\n\t\t\t\t<div class=\"meta-el meta-author\">\r\n\t\t\t<a href=\"https:\/\/theglobalhumanist.com\/es\/author\/ad4min\/\"><\/a>\t\t<\/div>\r\n\t\t\t\t<div class=\"meta-el meta-update\">\r\n\t\t\t<i class=\"rbi rbi-time\" aria-hidden=\"true\"><\/i>\t\t\t<time class=\"updated\" datetime=\"2025-04-08T04:52:55+00:00\">8 de abril de 2025<\/time>\r\n\t\t<\/div>\r\n\t\t\t\t\t\t<\/div>\r\n\t\t\t\t<span class=\"rb-bookmark bookmark-trigger\" data-pid=\"3947\"><\/span>\t\t\t<\/div>\r\n\t\t\t\t\t<\/div>\r\n\t\t<\/div>\r\n\t\t\t\t<\/div>\r\n\t\t\t<div class=\"p-wrap p-list p-list-1\" data-pid=\"3904\">\r\n\t\t\t<div class=\"list-holder\">\r\n\t\t\t<div class=\"list-feat-holder\">\r\n\t\t\t\t\t\t\t<div class=\"feat-holder\">\r\n\t\t\t\t\t\t<div class=\"p-featured\">\r\n\t\t\t\t\t<a class=\"p-flink\" href=\"https:\/\/theglobalhumanist.com\/es\/undeniable-evolution-and-the-science-of-creation-by-bill-nye\/\" title=\"Innegable: La evoluci\u00f3n y la ciencia de la creaci\u00f3n, de Bill Nye\">\r\n\t\t\t<img loading=\"lazy\" decoding=\"async\" width=\"256\" height=\"280\" src=\"https:\/\/theglobalhumanist.com\/wp-content\/uploads\/2024\/07\/Undeniable-Evolution-and-the-Science-of-Creation-by-Bill-Nye-256x280.jpg\" class=\"featured-img wp-post-image\" alt=\"\" \/>\t\t<\/a>\r\n\t\t\t\t<\/div>\r\n\t<div class=\"p-categories light-scheme p-top mobile-hide\"><a class=\"p-category category-id-851\" href=\"https:\/\/theglobalhumanist.com\/es\/category\/books\/\" rel=\"category\">Libros<\/a><a class=\"p-category category-id-44\" href=\"https:\/\/theglobalhumanist.com\/es\/category\/science\/\" rel=\"category\">Ciencia<\/a><\/div><\/div>\r\n\t\t\t\t\t<\/div>\r\n\t\t\t<div class=\"p-content\">\r\n\t\t\t\t<h2 class=\"entry-title\">\t\t<a class=\"p-url\" href=\"https:\/\/theglobalhumanist.com\/es\/undeniable-evolution-and-the-science-of-creation-by-bill-nye\/\" rel=\"bookmark\">Innegable: La evoluci\u00f3n y la ciencia de la creaci\u00f3n, de Bill Nye<\/a><\/h2><p class=\"entry-summary mobile-hide\">&quot;Innegable: La evoluci\u00f3n y la ciencia de la creaci\u00f3n&quot;, de Bill Nye, explica los principios fundamentales de\u2026<\/p>\r\n\t\t\t\t\t\t<div class=\"p-meta has-bookmark\">\r\n\t\t\t\t<div class=\"meta-inner is-meta\">\r\n\t\t\t\t\t\t\t<a class=\"meta-el meta-avatar\" href=\"https:\/\/theglobalhumanist.com\/es\/author\/ad4min\/\"><img alt='' src='https:\/\/secure.gravatar.com\/avatar\/0503e328cbef274ead1225b9469fea557f6e98ae6b8d7368f28dbc177fe966a2?s=44&#038;d=mm&#038;r=g' srcset='https:\/\/secure.gravatar.com\/avatar\/0503e328cbef274ead1225b9469fea557f6e98ae6b8d7368f28dbc177fe966a2?s=88&#038;d=mm&#038;r=g 2x' class='avatar avatar-44 photo' height='44' width='44' \/><\/a>\r\n\t\t\t\t<div class=\"meta-el meta-author\">\r\n\t\t\t<a href=\"https:\/\/theglobalhumanist.com\/es\/author\/ad4min\/\"><\/a>\t\t<\/div>\r\n\t\t\t\t<div class=\"meta-el meta-update\">\r\n\t\t\t<i class=\"rbi rbi-time\" aria-hidden=\"true\"><\/i>\t\t\t<time class=\"updated\" datetime=\"2025-04-08T04:52:56+00:00\">8 de abril de 2025<\/time>\r\n\t\t<\/div>\r\n\t\t\t\t\t\t<\/div>\r\n\t\t\t\t<span class=\"rb-bookmark bookmark-trigger\" data-pid=\"3904\"><\/span>\t\t\t<\/div>\r\n\t\t\t\t\t<\/div>\r\n\t\t<\/div>\r\n\t\t\t\t<\/div>\r\n\t\t\t<div class=\"p-wrap p-list p-list-1\" data-pid=\"3179\">\r\n\t\t\t<div class=\"list-holder\">\r\n\t\t\t<div class=\"list-feat-holder\">\r\n\t\t\t\t\t\t\t<div class=\"feat-holder\">\r\n\t\t\t\t\t\t<div class=\"p-featured\">\r\n\t\t\t\t\t<a class=\"p-flink\" href=\"https:\/\/theglobalhumanist.com\/es\/disturbing-divine-behavior-troubling-old-testament-images-of-god-by-eric-a-seibert\/\" title=\"Comportamiento divino perturbador: Im\u00e1genes inquietantes de Dios en el Antiguo Testamento por Eric A. Seibert\">\r\n\t\t\t<img loading=\"lazy\" decoding=\"async\" width=\"267\" height=\"280\" src=\"https:\/\/theglobalhumanist.com\/wp-content\/uploads\/2024\/07\/Disturbing-Divine-Behavior-Troubling-Old-Testament-Images-of-God-by-Eric-A.-Seibert-267x280.jpg\" class=\"featured-img wp-post-image\" alt=\"\" \/>\t\t<\/a>\r\n\t\t\t\t<\/div>\r\n\t<div class=\"p-categories light-scheme p-top mobile-hide\"><a class=\"p-category category-id-48\" href=\"https:\/\/theglobalhumanist.com\/es\/category\/anthologies\/\" rel=\"category\">Antolog\u00edas<\/a><a class=\"p-category category-id-851\" href=\"https:\/\/theglobalhumanist.com\/es\/category\/books\/\" rel=\"category\">Libros<\/a><\/div><\/div>\r\n\t\t\t\t\t<\/div>\r\n\t\t\t<div class=\"p-content\">\r\n\t\t\t\t<h2 class=\"entry-title\">\t\t<a class=\"p-url\" href=\"https:\/\/theglobalhumanist.com\/es\/disturbing-divine-behavior-troubling-old-testament-images-of-god-by-eric-a-seibert\/\" rel=\"bookmark\">Comportamiento divino perturbador: Im\u00e1genes inquietantes de Dios en el Antiguo Testamento por Eric A. Seibert<\/a><\/h2><p class=\"entry-summary mobile-hide\">&quot;Comportamiento divino perturbador: Im\u00e1genes perturbadoras de Dios en el Antiguo Testamento&quot;, de Eric A. Seibert, explora\u2026<\/p>\r\n\t\t\t\t\t\t<div class=\"p-meta has-bookmark\">\r\n\t\t\t\t<div class=\"meta-inner is-meta\">\r\n\t\t\t\t\t\t\t<a class=\"meta-el meta-avatar\" href=\"https:\/\/theglobalhumanist.com\/es\/author\/ad4min\/\"><img alt='' src='https:\/\/secure.gravatar.com\/avatar\/0503e328cbef274ead1225b9469fea557f6e98ae6b8d7368f28dbc177fe966a2?s=44&#038;d=mm&#038;r=g' srcset='https:\/\/secure.gravatar.com\/avatar\/0503e328cbef274ead1225b9469fea557f6e98ae6b8d7368f28dbc177fe966a2?s=88&#038;d=mm&#038;r=g 2x' class='avatar avatar-44 photo' height='44' width='44' \/><\/a>\r\n\t\t\t\t<div class=\"meta-el meta-author\">\r\n\t\t\t<a href=\"https:\/\/theglobalhumanist.com\/es\/author\/ad4min\/\"><\/a>\t\t<\/div>\r\n\t\t\t\t<div class=\"meta-el meta-update\">\r\n\t\t\t<i class=\"rbi rbi-time\" aria-hidden=\"true\"><\/i>\t\t\t<time class=\"updated\" datetime=\"2025-04-08T04:45:54+00:00\">8 de abril de 2025<\/time>\r\n\t\t<\/div>\r\n\t\t\t\t\t\t<\/div>\r\n\t\t\t\t<span class=\"rb-bookmark bookmark-trigger\" data-pid=\"3179\"><\/span>\t\t\t<\/div>\r\n\t\t\t\t\t<\/div>\r\n\t\t<\/div>\r\n\t\t\t\t<\/div>\r\n\t<\/div><\/div>\t\t\t\t<\/div>\n\t\t\t\t<\/div>\n\t\t\t\t\t<\/div>\n\t\t\t\t<\/div>\n\t\t<div class=\"elementor-element elementor-element-fe841f2 e-flex e-con-boxed e-con e-parent\" data-id=\"fe841f2\" data-element_type=\"container\">\n\t\t\t\t\t<div class=\"e-con-inner\">\n\t\t<div class=\"elementor-element elementor-element-ecb602e e-con-full e-flex e-con e-child\" data-id=\"ecb602e\" data-element_type=\"container\">\n\t\t\t\t<div class=\"elementor-element elementor-element-b86b74c elementor-widget elementor-widget-foxiz-heading\" data-id=\"b86b74c\" data-element_type=\"widget\" data-widget_type=\"foxiz-heading.default\">\n\t\t\t\t<div class=\"elementor-widget-container\">\n\t\t\t\t\t<div id=\"uid_b86b74c\" class=\"block-h heading-layout-7\"><div class=\"heading-inner\"><h3 class=\"heading-title\"><span>Los mejores escritores<\/span><\/h3><\/div><\/div>\t\t\t\t<\/div>\n\t\t\t\t<\/div>\n\t\t\t\t<div class=\"elementor-element elementor-element-32cee90 elementor-widget elementor-widget-foxiz-authors-1\" data-id=\"32cee90\" data-element_type=\"widget\" data-widget_type=\"foxiz-authors-1.default\">\n\t\t\t\t<div class=\"elementor-widget-container\">\n\t\t\t\t\t<div id=\"uid_32cee90\" class=\"block-wrap block-authors block-authors-1 is-box-gray rb-columns rb-col-1 rb-tcol-1 rb-mcol-1 is-gap-custom meta-s-line\">\t\t<div class=\"block-inner\">\r\n\t\t\t\t\t<div class=\"a-card a-card-1\">\r\n\t\t\t<div class=\"a-card-inner box-inner\">\r\n\t\t\t\t<div class=\"a-card-content\">\r\n\t\t\t\t\t<div class=\"a-card-name\">\r\n\t\t\t\t\t\t<a class=\"h4 nice-name\" href=\"https:\/\/theglobalhumanist.com\/es\/author\/\"><\/a>\r\n\t\t\t\t\t\t\t\t\t\t\t<\/div>\r\n\t\t\t\t\t<div class=\"description-text rb-text\"><\/div>\r\n\t\t\t\t\t<span class=\"rb-follow follow-trigger\" data-uid=\"13\" data-name=\"\"><\/span>\t\t\t\t<\/div>\r\n\t\t\t\t<div class=\"a-card-feat\">\r\n\t\t\t\t\t<a href=\"https:\/\/theglobalhumanist.com\/es\/author\/\"><img alt='' src='https:\/\/secure.gravatar.com\/avatar\/?s=400&#038;d=mm&#038;r=g' srcset='https:\/\/secure.gravatar.com\/avatar\/?s=800&#038;d=mm&#038;r=g 2x' class='avatar avatar-400 photo avatar-default' height='400' width='400' \/><\/a>\r\n\t\t\t\t\t\t\t\t\t<\/div>\r\n\t\t\t<\/div>\r\n\t\t<\/div>\r\n\t\t\t\t<div class=\"a-card a-card-1\">\r\n\t\t\t<div class=\"a-card-inner box-inner\">\r\n\t\t\t\t<div class=\"a-card-content\">\r\n\t\t\t\t\t<div class=\"a-card-name\">\r\n\t\t\t\t\t\t<a class=\"h4 nice-name\" href=\"https:\/\/theglobalhumanist.com\/es\/author\/\"><\/a>\r\n\t\t\t\t\t\t\t\t\t\t\t<\/div>\r\n\t\t\t\t\t<div class=\"description-text rb-text\"><\/div>\r\n\t\t\t\t\t<span class=\"rb-follow follow-trigger\" data-uid=\"15\" data-name=\"\"><\/span>\t\t\t\t<\/div>\r\n\t\t\t\t<div class=\"a-card-feat\">\r\n\t\t\t\t\t<a href=\"https:\/\/theglobalhumanist.com\/es\/author\/\"><img alt='' src='https:\/\/secure.gravatar.com\/avatar\/?s=400&#038;d=mm&#038;r=g' srcset='https:\/\/secure.gravatar.com\/avatar\/?s=800&#038;d=mm&#038;r=g 2x' class='avatar avatar-400 photo avatar-default' height='400' width='400' \/><\/a>\r\n\t\t\t\t\t\t\t\t\t<\/div>\r\n\t\t\t<\/div>\r\n\t\t<\/div>\r\n\t\t\t\t<div class=\"a-card a-card-1\">\r\n\t\t\t<div class=\"a-card-inner box-inner\">\r\n\t\t\t\t<div class=\"a-card-content\">\r\n\t\t\t\t\t<div class=\"a-card-name\">\r\n\t\t\t\t\t\t<a class=\"h4 nice-name\" href=\"https:\/\/theglobalhumanist.com\/es\/author\/\"><\/a>\r\n\t\t\t\t\t\t\t\t\t\t\t<\/div>\r\n\t\t\t\t\t<div class=\"description-text rb-text\"><\/div>\r\n\t\t\t\t\t<span class=\"rb-follow follow-trigger\" data-uid=\"14\" data-name=\"\"><\/span>\t\t\t\t<\/div>\r\n\t\t\t\t<div class=\"a-card-feat\">\r\n\t\t\t\t\t<a href=\"https:\/\/theglobalhumanist.com\/es\/author\/\"><img alt='' src='https:\/\/secure.gravatar.com\/avatar\/?s=400&#038;d=mm&#038;r=g' srcset='https:\/\/secure.gravatar.com\/avatar\/?s=800&#038;d=mm&#038;r=g 2x' class='avatar avatar-400 photo avatar-default' height='400' width='400' \/><\/a>\r\n\t\t\t\t\t\t\t\t\t<\/div>\r\n\t\t\t<\/div>\r\n\t\t<\/div>\r\n\t\t\t\t<div class=\"a-card a-card-1\">\r\n\t\t\t<div class=\"a-card-inner box-inner\">\r\n\t\t\t\t<div class=\"a-card-content\">\r\n\t\t\t\t\t<div class=\"a-card-name\">\r\n\t\t\t\t\t\t<a class=\"h4 nice-name\" href=\"https:\/\/theglobalhumanist.com\/es\/author\/\"><\/a>\r\n\t\t\t\t\t\t\t\t\t\t\t<\/div>\r\n\t\t\t\t\t<div class=\"description-text rb-text\"><\/div>\r\n\t\t\t\t\t<span class=\"rb-follow follow-trigger\" data-uid=\"16\" data-name=\"\"><\/span>\t\t\t\t<\/div>\r\n\t\t\t\t<div class=\"a-card-feat\">\r\n\t\t\t\t\t<a href=\"https:\/\/theglobalhumanist.com\/es\/author\/\"><img alt='' src='https:\/\/secure.gravatar.com\/avatar\/?s=400&#038;d=mm&#038;r=g' srcset='https:\/\/secure.gravatar.com\/avatar\/?s=800&#038;d=mm&#038;r=g 2x' class='avatar avatar-400 photo avatar-default' height='400' width='400' \/><\/a>\r\n\t\t\t\t\t\t\t\t\t<\/div>\r\n\t\t\t<\/div>\r\n\t\t<\/div>\r\n\t\t\t\t<\/div>\r\n\t\t<\/div>\t\t\t\t<\/div>\n\t\t\t\t<\/div>\n\t\t\t\t<div class=\"elementor-element elementor-element-336a2aa is-divider-hyphen elementor-widget elementor-widget-foxiz-quick-links\" data-id=\"336a2aa\" data-element_type=\"widget\" data-widget_type=\"foxiz-quick-links.default\">\n\t\t\t\t<div class=\"elementor-widget-container\">\n\t\t\t\t\t<div id=\"uid_336a2aa\" class=\"block-wrap block-qlinks qlayout-1 effect-dotted res-nowrap qlinks-scroll meta-s-line\">\t\t<ul class=\"qlinks-inner\">\r\n\t\t\t\t\t\t\t<li class=\"qlink qlinks-heading\">\r\n\t\t\t\t\t<div class=\"qlink-label\">Consulta las etiquetas:<\/div>\r\n\t\t\t\t<\/li>\r\n\t\t\t<li class=\"qlink h5\"><a href=\"https:\/\/theglobalhumanist.com\/es\/category\/books\/\">Libros<\/a><\/li><li class=\"qlink h5\"><a href=\"https:\/\/theglobalhumanist.com\/es\/tag\/religion\/\">Religi\u00f3n<\/a><\/li><li class=\"qlink h5\"><a href=\"https:\/\/theglobalhumanist.com\/es\/tag\/atheism\/\">Ate\u00edsmo<\/a><\/li><li class=\"qlink h5\"><a href=\"https:\/\/theglobalhumanist.com\/es\/tag\/skepticism\/\">Escepticismo<\/a><\/li><li class=\"qlink h5\"><a href=\"https:\/\/theglobalhumanist.com\/es\/tag\/secularism\/\">Laicismo<\/a><\/li><li class=\"qlink h5\"><a href=\"https:\/\/theglobalhumanist.com\/es\/tag\/philosophy\/\">Filosof\u00eda<\/a><\/li><li class=\"qlink h5\"><a href=\"https:\/\/theglobalhumanist.com\/es\/tag\/rationalism\/\">Racionalismo<\/a><\/li><li class=\"qlink h5\"><a href=\"https:\/\/theglobalhumanist.com\/es\/tag\/science\/\">Ciencia<\/a><\/li><\/ul>\r\n\t\t<\/div>\t\t\t\t<\/div>\n\t\t\t\t<\/div>\n\t\t\t\t<\/div>\n\t\t<div class=\"elementor-element elementor-element-2c47147 e-con-full e-flex e-con e-child\" data-id=\"2c47147\" data-element_type=\"container\">\n\t\t\t\t<div class=\"elementor-element elementor-element-bbcedb2 elementor-widget elementor-widget-foxiz-heading\" data-id=\"bbcedb2\" data-element_type=\"widget\" data-widget_type=\"foxiz-heading.default\">\n\t\t\t\t<div class=\"elementor-widget-container\">\n\t\t\t\t\t<div id=\"uid_bbcedb2\" class=\"block-h heading-layout-7\"><div class=\"heading-inner\"><h3 class=\"heading-title\"><a class=\"h-link\" href=\"https:\/\/foxiz.themeruby.com\/buzzstream\/category\/tech\/\">Tecnolog\u00eda<\/a><\/h3><\/div><\/div>\t\t\t\t<\/div>\n\t\t\t\t<\/div>\n\t\t\t\t<div class=\"elementor-element elementor-element-00c5f18 elementor-widget elementor-widget-foxiz-grid-1\" data-id=\"00c5f18\" data-element_type=\"widget\" data-widget_type=\"foxiz-grid-1.default\">\n\t\t\t\t<div class=\"elementor-widget-container\">\n\t\t\t\t\t<div id=\"uid_00c5f18\" class=\"block-wrap block-grid block-grid-1 rb-columns rb-col-1 rb-tcol-1 rb-mcol-1 is-gap-20 hovering-fade bottom-border is-b-border-gray ecat-bg-4 is-m-list meta-s-line\"><div class=\"block-inner\">\t\t<div class=\"p-wrap p-grid p-grid-1\" data-pid=\"4456\">\r\n\t\t\t\t<div class=\"feat-holder\">\r\n\t\t\t\t\t\t<div class=\"p-featured\">\r\n\t\t\t\t\t<a class=\"p-flink\" href=\"https:\/\/theglobalhumanist.com\/es\/humanists-international-calls-on-austria-to-strengthen-state-neutrality-at-the-un\/\" title=\"Humanists International calls on Austria to strengthen state neutrality at the UN\">\r\n\t\t\t<img loading=\"lazy\" decoding=\"async\" width=\"77\" height=\"77\" src=\"https:\/\/theglobalhumanist.com\/wp-content\/uploads\/2026\/07\/feedzy-7btv4B.svgz\" class=\"featured-img wp-post-image\" alt=\"\" \/>\t\t<\/a>\r\n\t\t\t\t<\/div>\r\n\t<\/div>\r\n\t\t<h3 class=\"entry-title\">\t\t<a class=\"p-url\" href=\"https:\/\/theglobalhumanist.com\/es\/humanists-international-calls-on-austria-to-strengthen-state-neutrality-at-the-un\/\" rel=\"bookmark\">Humanists International calls on Austria to strengthen state neutrality at the UN<\/a><\/h3><p class=\"entry-summary mobile-hide\">The post Humanists International calls on Austria to strengthen state neutrality at the UN appeared first on Humanists International.<\/p>\r\n\t\t\t\t\t\t<div class=\"p-meta has-bookmark\">\r\n\t\t\t\t<div class=\"meta-inner is-meta\">\r\n\t\t\t\t\t\t\t<a class=\"meta-el meta-avatar\" href=\"https:\/\/theglobalhumanist.com\/es\/author\/ad4min\/\"><img alt='' src='https:\/\/secure.gravatar.com\/avatar\/0503e328cbef274ead1225b9469fea557f6e98ae6b8d7368f28dbc177fe966a2?s=44&#038;d=mm&#038;r=g' srcset='https:\/\/secure.gravatar.com\/avatar\/0503e328cbef274ead1225b9469fea557f6e98ae6b8d7368f28dbc177fe966a2?s=88&#038;d=mm&#038;r=g 2x' class='avatar avatar-44 photo' height='44' width='44' \/><\/a>\r\n\t\t\t\t<div class=\"meta-el meta-author\">\r\n\t\t\t<a href=\"https:\/\/theglobalhumanist.com\/es\/author\/ad4min\/\"><\/a>\t\t<\/div>\r\n\t\t\t\t<div class=\"meta-el meta-update\">\r\n\t\t\t<i class=\"rbi rbi-time\" aria-hidden=\"true\"><\/i>\t\t\t<time class=\"updated\" datetime=\"2026-07-01T15:15:24+00:00\">julio 1, 2026<\/time>\r\n\t\t<\/div>\r\n\t\t\t\t\t\t<\/div>\r\n\t\t\t\t<span class=\"rb-bookmark bookmark-trigger\" data-pid=\"4456\"><\/span>\t\t\t<\/div>\r\n\t\t\t\t<\/div>\r\n\t<\/div><\/div>\t\t\t\t<\/div>\n\t\t\t\t<\/div>\n\t\t\t\t<div class=\"elementor-element elementor-element-002bfdd elementor-widget elementor-widget-foxiz-list-small-1\" data-id=\"002bfdd\" data-element_type=\"widget\" data-widget_type=\"foxiz-list-small-1.default\">\n\t\t\t\t<div class=\"elementor-widget-container\">\n\t\t\t\t\t<div id=\"uid_002bfdd\" class=\"block-wrap block-small block-list block-list-small-1 rb-columns rb-col-1 rb-tcol-1 rb-mcol-1 is-gap-custom col-border is-border-gray bottom-border is-b-border-gray no-last-bb meta-s-line\"><div class=\"block-inner\">\t\t<div class=\"p-wrap p-small p-list-small-1\" data-pid=\"3179\">\r\n\t\t\t<div class=\"p-content\">\r\n\t\t\t<h3 class=\"entry-title\">\t\t<a class=\"p-url\" href=\"https:\/\/theglobalhumanist.com\/es\/disturbing-divine-behavior-troubling-old-testament-images-of-god-by-eric-a-seibert\/\" rel=\"bookmark\">Comportamiento divino perturbador: Im\u00e1genes inquietantes de Dios en el Antiguo Testamento por Eric A. Seibert<\/a><\/h3><p class=\"entry-summary\">&quot;Comportamiento divino perturbador: Im\u00e1genes perturbadoras de Dios en el Antiguo Testamento&quot;, de Eric A. Seibert, explora\u2026<\/p>\r\n\t\t\t\t\t\t<div class=\"p-meta has-bookmark\">\r\n\t\t\t\t<div class=\"meta-inner is-meta\">\r\n\t\t\t\t\t\t\t<div class=\"meta-el meta-author\">\r\n\t\t\t<a href=\"https:\/\/theglobalhumanist.com\/es\/author\/ad4min\/\"><\/a>\t\t<\/div>\r\n\t\t\t\t\t\t<\/div>\r\n\t\t\t\t<span class=\"rb-bookmark bookmark-trigger\" data-pid=\"3179\"><\/span>\t\t\t<\/div>\r\n\t\t\t\t<\/div>\r\n\t\t\t\t<\/div>\r\n\t\t\t<div class=\"p-wrap p-small p-list-small-1\" data-pid=\"3855\">\r\n\t\t\t<div class=\"p-content\">\r\n\t\t\t<h3 class=\"entry-title\">\t\t<a class=\"p-url\" href=\"https:\/\/theglobalhumanist.com\/es\/the-blind-watchmaker-why-the-evidence-of-evolution-reveals-a-universe-without-design-by-richard-dawkins\/\" rel=\"bookmark\">El relojero ciego: Por qu\u00e9 la evidencia de la evoluci\u00f3n revela un universo sin dise\u00f1o, de Richard Dawkins<\/a><\/h3><p class=\"entry-summary\">&quot;El relojero ciego: Por qu\u00e9 la evidencia de la evoluci\u00f3n revela un universo sin dise\u00f1o&quot;, de Richard\u2026<\/p>\r\n\t\t\t\t\t\t<div class=\"p-meta has-bookmark\">\r\n\t\t\t\t<div class=\"meta-inner is-meta\">\r\n\t\t\t\t\t\t\t<div class=\"meta-el meta-author\">\r\n\t\t\t<a href=\"https:\/\/theglobalhumanist.com\/es\/author\/ad4min\/\"><\/a>\t\t<\/div>\r\n\t\t\t\t\t\t<\/div>\r\n\t\t\t\t<span class=\"rb-bookmark bookmark-trigger\" data-pid=\"3855\"><\/span>\t\t\t<\/div>\r\n\t\t\t\t<\/div>\r\n\t\t\t\t<\/div>\r\n\t<\/div><\/div>\t\t\t\t<\/div>\n\t\t\t\t<\/div>\n\t\t\t\t<\/div>\n\t\t<div class=\"elementor-element elementor-element-2dec6fd e-con-full e-flex e-con e-child\" data-id=\"2dec6fd\" data-element_type=\"container\">\n\t\t\t\t<div class=\"elementor-element elementor-element-43dbc72 elementor-widget elementor-widget-foxiz-heading\" data-id=\"43dbc72\" data-element_type=\"widget\" data-widget_type=\"foxiz-heading.default\">\n\t\t\t\t<div class=\"elementor-widget-container\">\n\t\t\t\t\t<div id=\"uid_43dbc72\" class=\"block-h heading-layout-7\"><div class=\"heading-inner\"><h3 class=\"heading-title\"><a class=\"h-link\" href=\"https:\/\/foxiz.themeruby.com\/buzzstream\/category\/world\/\">Mundo<\/a><\/h3><\/div><\/div>\t\t\t\t<\/div>\n\t\t\t\t<\/div>\n\t\t\t\t<div class=\"elementor-element elementor-element-c0f78a7 elementor-widget elementor-widget-foxiz-list-small-1\" data-id=\"c0f78a7\" data-element_type=\"widget\" data-widget_type=\"foxiz-list-small-1.default\">\n\t\t\t\t<div class=\"elementor-widget-container\">\n\t\t\t\t\t<div id=\"uid_c0f78a7\" class=\"block-wrap block-small block-list block-list-small-1 rb-columns rb-col-1 rb-tcol-1 rb-mcol-1 is-gap-custom col-border is-border-gray bottom-border is-b-border-gray meta-s-line\"><div class=\"block-inner\">\t\t<div class=\"p-wrap p-small p-list-small-1\" data-pid=\"3348\">\r\n\t\t\t<div class=\"p-content\">\r\n\t\t\t<h3 class=\"entry-title\">\t\t<a class=\"p-url\" href=\"https:\/\/theglobalhumanist.com\/es\/goodbye-to-all-that-why-americans-are-not-taught-history-by-christopher-hitchens\/\" rel=\"bookmark\">Adi\u00f3s a todo eso: Por qu\u00e9 a los estadounidenses no se les ense\u00f1a historia, por Christopher Hitchens<\/a><\/h3><p class=\"entry-summary\">&quot;Adi\u00f3s a todo eso: Por qu\u00e9 a los estadounidenses no se les ense\u00f1a historia&quot;, de Christopher Hitchens, critica\u2026<\/p>\r\n\t\t\t\t\t\t<div class=\"p-meta has-bookmark\">\r\n\t\t\t\t<div class=\"meta-inner is-meta\">\r\n\t\t\t\t\t\t\t<div class=\"meta-el meta-author\">\r\n\t\t\t<a href=\"https:\/\/theglobalhumanist.com\/es\/author\/ad4min\/\"><\/a>\t\t<\/div>\r\n\t\t\t\t\t\t<\/div>\r\n\t\t\t\t<span class=\"rb-bookmark bookmark-trigger\" data-pid=\"3348\"><\/span>\t\t\t<\/div>\r\n\t\t\t\t<\/div>\r\n\t\t\t\t<\/div>\r\n\t\t\t<div class=\"p-wrap p-small p-list-small-1\" data-pid=\"4423\">\r\n\t\t\t<div class=\"p-content\">\r\n\t\t\t<h3 class=\"entry-title\">\t\t<a class=\"p-url\" href=\"https:\/\/theglobalhumanist.com\/es\/humanists-international-statement-on-the-crisis-in-iran\/\" rel=\"bookmark\">Humanists International Statement on the Crisis in Iran<\/a><\/h3><p class=\"entry-summary\">The post Humanists International Statement on the Crisis in Iran appeared first on Humanists International.<\/p>\r\n\t\t\t\t\t\t<div class=\"p-meta has-bookmark\">\r\n\t\t\t\t<div class=\"meta-inner is-meta\">\r\n\t\t\t\t\t\t\t<div class=\"meta-el meta-author\">\r\n\t\t\t<a href=\"https:\/\/theglobalhumanist.com\/es\/author\/ad4min\/\"><\/a>\t\t<\/div>\r\n\t\t\t\t\t\t<\/div>\r\n\t\t\t\t<span class=\"rb-bookmark bookmark-trigger\" data-pid=\"4423\"><\/span>\t\t\t<\/div>\r\n\t\t\t\t<\/div>\r\n\t\t\t\t<\/div>\r\n\t<\/div><\/div>\t\t\t\t<\/div>\n\t\t\t\t<\/div>\n\t\t\t\t<div class=\"elementor-element elementor-element-c2a71e7 elementor-widget elementor-widget-foxiz-grid-1\" data-id=\"c2a71e7\" data-element_type=\"widget\" data-widget_type=\"foxiz-grid-1.default\">\n\t\t\t\t<div class=\"elementor-widget-container\">\n\t\t\t\t\t<div id=\"uid_c2a71e7\" class=\"block-wrap block-grid block-grid-1 rb-columns rb-col-1 rb-tcol-1 rb-mcol-1 is-gap-20 hovering-fade bottom-border is-b-border-gray no-last-bb ecat-bg-4 is-m-list meta-s-line\"><div class=\"block-inner\">\t\t<div class=\"p-wrap p-grid p-grid-1\" data-pid=\"3296\">\r\n\t\t\t\t<div class=\"feat-holder\">\r\n\t\t\t\t\t\t<div class=\"p-featured\">\r\n\t\t\t\t\t<a class=\"p-flink\" href=\"https:\/\/theglobalhumanist.com\/es\/the-portable-atheist-essential-readings-for-the-nonbeliever-by-christopher-hitchens\/\" title=\"El ateo port\u00e1til: lecturas esenciales para el no creyente, de Christopher Hitchens\">\r\n\t\t\t<img loading=\"lazy\" decoding=\"async\" width=\"420\" height=\"280\" src=\"https:\/\/theglobalhumanist.com\/wp-content\/uploads\/2024\/07\/The-Portable-Atheist-Essential-Readings-for-the-Nonbeliever-by-Christopher-Hitchens-420x280.jpg\" class=\"featured-img wp-post-image\" alt=\"\" \/>\t\t<\/a>\r\n\t\t\t\t<\/div>\r\n\t<div class=\"p-categories light-scheme p-top mobile-hide\"><a class=\"p-category category-id-48\" href=\"https:\/\/theglobalhumanist.com\/es\/category\/anthologies\/\" rel=\"category\">Antolog\u00edas<\/a><a class=\"p-category category-id-851\" href=\"https:\/\/theglobalhumanist.com\/es\/category\/books\/\" rel=\"category\">Libros<\/a><\/div><\/div>\r\n\t\t<h3 class=\"entry-title\">\t\t<a class=\"p-url\" href=\"https:\/\/theglobalhumanist.com\/es\/the-portable-atheist-essential-readings-for-the-nonbeliever-by-christopher-hitchens\/\" rel=\"bookmark\">El ateo port\u00e1til: lecturas esenciales para el no creyente, de Christopher Hitchens<\/a><\/h3><p class=\"entry-summary mobile-hide\">&quot;El Ateo Port\u00e1til: Lecturas Esenciales para el No Creyente&quot;, editado por Christopher Hitchens, es una antolog\u00eda de escritos de varios autores\u2026<\/p>\r\n\t\t\t\t\t\t<div class=\"p-meta has-bookmark\">\r\n\t\t\t\t<div class=\"meta-inner is-meta\">\r\n\t\t\t\t\t\t\t<a class=\"meta-el meta-avatar\" href=\"https:\/\/theglobalhumanist.com\/es\/author\/ad4min\/\"><img alt='' src='https:\/\/secure.gravatar.com\/avatar\/0503e328cbef274ead1225b9469fea557f6e98ae6b8d7368f28dbc177fe966a2?s=44&#038;d=mm&#038;r=g' srcset='https:\/\/secure.gravatar.com\/avatar\/0503e328cbef274ead1225b9469fea557f6e98ae6b8d7368f28dbc177fe966a2?s=88&#038;d=mm&#038;r=g 2x' class='avatar avatar-44 photo' height='44' width='44' \/><\/a>\r\n\t\t\t\t<div class=\"meta-el meta-author\">\r\n\t\t\t<a href=\"https:\/\/theglobalhumanist.com\/es\/author\/ad4min\/\"><\/a>\t\t<\/div>\r\n\t\t\t\t<div class=\"meta-el meta-update\">\r\n\t\t\t<i class=\"rbi rbi-time\" aria-hidden=\"true\"><\/i>\t\t\t<time class=\"updated\" datetime=\"2025-04-08T04:45:50+00:00\">8 de abril de 2025<\/time>\r\n\t\t<\/div>\r\n\t\t\t\t\t\t<\/div>\r\n\t\t\t\t<span class=\"rb-bookmark bookmark-trigger\" data-pid=\"3296\"><\/span>\t\t\t<\/div>\r\n\t\t\t\t<\/div>\r\n\t<\/div><\/div>\t\t\t\t<\/div>\n\t\t\t\t<\/div>\n\t\t\t\t<\/div>\n\t\t\t\t\t<\/div>\n\t\t\t\t<\/div>\n\t\t<div class=\"elementor-element elementor-element-b554322 e-flex e-con-boxed e-con e-parent\" data-id=\"b554322\" data-element_type=\"container\">\n\t\t\t\t\t<div class=\"e-con-inner\">\n\t\t\t\t<div class=\"elementor-element elementor-element-e57441d submit-layout-2 elementor-widget elementor-widget-foxiz-newsletter-1\" data-id=\"e57441d\" data-element_type=\"widget\" id=\"newsletter\" data-widget_type=\"foxiz-newsletter-1.default\">\n\t\t\t\t<div class=\"elementor-widget-container\">\n\t\t\t\t\t<div class=\"newsletter-box newsletter-style is-box-none newsletter-box-1\"><div class=\"newsletter-inner\"><div class=\"newsletter-featured\"><img loading=\"lazy\" decoding=\"async\" width=\"300\" height=\"285\" src=\"https:\/\/theglobalhumanist.com\/wp-content\/uploads\/2024\/01\/newsletter.png\" class=\"attachment-full size-full\" alt=\"\" \/><\/div><div class=\"newsletter-content\"><h2 class=\"newsletter-title\">Desbloquea el pulso del presente<\/h2><div class=\"newsletter-description rb-text\">\u00a1Suscr\u00edbete ahora para recibir actualizaciones en tiempo real sobre las \u00faltimas historias!<\/div><\/div><div class=\"newsletter-form\"><script>(function() {\n\twindow.mc4wp = window.mc4wp || {\n\t\tlisteners: [],\n\t\tforms: {\n\t\t\ton: function(evt, cb) {\n\t\t\t\twindow.mc4wp.listeners.push(\n\t\t\t\t\t{\n\t\t\t\t\t\tevent   : evt,\n\t\t\t\t\t\tcallback: cb\n\t\t\t\t\t}\n\t\t\t\t);\n\t\t\t}\n\t\t}\n\t}\n})();\n<\/script><!-- Mailchimp for WordPress v4.10.3 - https:\/\/wordpress.org\/plugins\/mailchimp-for-wp\/ --><form id=\"mc4wp-form-1\" class=\"mc4wp-form mc4wp-form-3992\" method=\"post\" data-id=\"3992\" data-name=\"Subscribe\" action=\"\" ><div class=\"mc4wp-form-fields\"><p>\r\n\t<label>Direcci\u00f3n de correo electr\u00f3nico: \r\n\t\t<input type=\"email\" name=\"EMAIL\" placeholder=\"Su direcci\u00f3n de correo electr\u00f3nico\" required \/>\r\n<\/label>\r\n<\/p>\r\n\r\n<p>\r\n\t<input type=\"submit\" value=\"Inscribirse\" \/>\r\n<\/p><\/div><label style=\"display: none !important;\">Deja vac\u00edo este campo si eres humano: <input type=\"text\" name=\"_mc4wp_honeypot\" value=\"\" tabindex=\"-1\" autocomplete=\"off\" \/><\/label><input type=\"hidden\" name=\"_mc4wp_timestamp\" value=\"1788372389\" \/><input type=\"hidden\" name=\"_mc4wp_form_id\" value=\"3992\" \/><input type=\"hidden\" name=\"_mc4wp_form_element_id\" value=\"mc4wp-form-1\" \/><div class=\"mc4wp-response\"><\/div><input type=\"hidden\" name=\"trp-form-language\" value=\"es\"\/><\/form><!-- \/ Mailchimp for WordPress Plugin --><\/div><\/div><\/div>\t\t\t\t<\/div>\n\t\t\t\t<\/div>\n\t\t\t\t<div class=\"elementor-element elementor-element-5e03810 elementor-widget elementor-widget-foxiz-heading\" data-id=\"5e03810\" data-element_type=\"widget\" data-widget_type=\"foxiz-heading.default\">\n\t\t\t\t<div class=\"elementor-widget-container\">\n\t\t\t\t\t<div id=\"uid_5e03810\" class=\"block-h heading-layout-7\"><div class=\"heading-inner\"><h3 class=\"heading-title\"><span>Debes leer<\/span><\/h3><\/div><\/div>\t\t\t\t<\/div>\n\t\t\t\t<\/div>\n\t\t\t\t<div class=\"elementor-element elementor-element-6049edc elementor-widget elementor-widget-foxiz-grid-1\" data-id=\"6049edc\" data-element_type=\"widget\" data-widget_type=\"foxiz-grid-1.default\">\n\t\t\t\t<div class=\"elementor-widget-container\">\n\t\t\t\t\t<div id=\"uid_6049edc\" class=\"block-wrap block-grid block-grid-1 is-hoz-scroll rb-columns rb-col-4 is-gap-custom col-border is-border-gray hovering-fade bottom-border is-b-border-gray no-last-bb ecat-bg-4 meta-s-line\"><div class=\"block-inner\">\t\t<div class=\"p-wrap p-grid p-grid-1\" data-pid=\"3720\">\r\n\t\t\t\t<div class=\"feat-holder\">\r\n\t\t\t\t\t\t<div class=\"p-featured\">\r\n\t\t\t\t\t<a class=\"p-flink\" href=\"https:\/\/theglobalhumanist.com\/es\/letters-to-christian-leaders-hollow-be-thy-claims-by-jake-farr-wharton\/\" title=\"Cartas a l\u00edderes cristianos: Sean huecas tus afirmaciones por Jake Farr-Wharton\">\r\n\t\t\t<img loading=\"lazy\" decoding=\"async\" width=\"330\" height=\"220\" src=\"https:\/\/theglobalhumanist.com\/wp-content\/uploads\/2024\/07\/Letters-to-Christian-Leaders-Hollow-Be-Thy-Claims-by-Jake-Farr-Wharton-330x220.jpg\" class=\"featured-img wp-post-image\" alt=\"\" \/>\t\t<\/a>\r\n\t\t\t\t<\/div>\r\n\t<div class=\"p-categories light-scheme p-top\"><a class=\"p-category category-id-851\" href=\"https:\/\/theglobalhumanist.com\/es\/category\/books\/\" rel=\"category\">Libros<\/a><a class=\"p-category category-id-45\" href=\"https:\/\/theglobalhumanist.com\/es\/category\/philosophy\/\" rel=\"category\">Filosof\u00eda<\/a><\/div><\/div>\r\n\t\t<h3 class=\"entry-title\">\t\t<a class=\"p-url\" href=\"https:\/\/theglobalhumanist.com\/es\/letters-to-christian-leaders-hollow-be-thy-claims-by-jake-farr-wharton\/\" rel=\"bookmark\">Cartas a l\u00edderes cristianos: Sean huecas tus afirmaciones por Jake Farr-Wharton<\/a><\/h3><p class=\"entry-summary mobile-hide\">&quot;Cartas a l\u00edderes cristianos: Que tus afirmaciones sean huecas&quot;, de Jake Farr-Wharton, examina cr\u00edticamente las afirmaciones y pr\u00e1cticas de destacados l\u00edderes cristianos...<\/p>\r\n\t\t\t\t\t\t<div class=\"p-meta has-bookmark\">\r\n\t\t\t\t<div class=\"meta-inner is-meta\">\r\n\t\t\t\t\t\t\t<div class=\"meta-el meta-author\">\r\n\t\t\t<a href=\"https:\/\/theglobalhumanist.com\/es\/author\/ad4min\/\"><\/a>\t\t<\/div>\r\n\t\t\t\t\t\t<\/div>\r\n\t\t\t\t<span class=\"rb-bookmark bookmark-trigger\" data-pid=\"3720\"><\/span>\t\t\t<\/div>\r\n\t\t\t\t<\/div>\r\n\t\t\t<div class=\"p-wrap p-grid p-grid-1\" data-pid=\"3869\">\r\n\t\t\t\t<div class=\"feat-holder\">\r\n\t\t\t\t\t\t<div class=\"p-featured\">\r\n\t\t\t\t\t<a class=\"p-flink\" href=\"https:\/\/theglobalhumanist.com\/es\/the-grand-design-by-stephen-hawking-and-leonard-mlodinow\/\" title=\"El gran dise\u00f1o de Stephen Hawking y Leonard Mlodinow\">\r\n\t\t\t<img loading=\"lazy\" decoding=\"async\" width=\"330\" height=\"220\" src=\"https:\/\/theglobalhumanist.com\/wp-content\/uploads\/2024\/07\/The-Grand-Design-by-Stephen-Hawking-and-Leonard-Mlodinow-330x220.jpg\" class=\"featured-img wp-post-image\" alt=\"\" \/>\t\t<\/a>\r\n\t\t\t\t<\/div>\r\n\t<div class=\"p-categories light-scheme p-top\"><a class=\"p-category category-id-851\" href=\"https:\/\/theglobalhumanist.com\/es\/category\/books\/\" rel=\"category\">Libros<\/a><a class=\"p-category category-id-44\" href=\"https:\/\/theglobalhumanist.com\/es\/category\/science\/\" rel=\"category\">Ciencia<\/a><\/div><\/div>\r\n\t\t<h3 class=\"entry-title\">\t\t<a class=\"p-url\" href=\"https:\/\/theglobalhumanist.com\/es\/the-grand-design-by-stephen-hawking-and-leonard-mlodinow\/\" rel=\"bookmark\">El gran dise\u00f1o de Stephen Hawking y Leonard Mlodinow<\/a><\/h3><p class=\"entry-summary mobile-hide\">&quot;El Gran Dise\u00f1o&quot; de Stephen Hawking y Leonard Mlodinow explora los or\u00edgenes del universo, proponiendo que las leyes de\u2026<\/p>\r\n\t\t\t\t\t\t<div class=\"p-meta has-bookmark\">\r\n\t\t\t\t<div class=\"meta-inner is-meta\">\r\n\t\t\t\t\t\t\t<div class=\"meta-el meta-author\">\r\n\t\t\t<a href=\"https:\/\/theglobalhumanist.com\/es\/author\/ad4min\/\"><\/a>\t\t<\/div>\r\n\t\t\t\t\t\t<\/div>\r\n\t\t\t\t<span class=\"rb-bookmark bookmark-trigger\" data-pid=\"3869\"><\/span>\t\t\t<\/div>\r\n\t\t\t\t<\/div>\r\n\t\t\t<div class=\"p-wrap p-grid p-grid-1\" data-pid=\"3319\">\r\n\t\t\t\t<div class=\"feat-holder\">\r\n\t\t\t\t\t\t<div class=\"p-featured\">\r\n\t\t\t\t\t<a class=\"p-flink\" href=\"https:\/\/theglobalhumanist.com\/es\/forged-writing-in-the-name-of-god-why-the-bibles-authors-are-not-who-we-think-they-are-by-bart-d-ehrman\/\" title=\"Forjado: Escribiendo en el nombre de Dios: Por qu\u00e9 los autores de la Biblia no son quienes creemos que son, por Bart D. Ehrman\">\r\n\t\t\t<img loading=\"lazy\" decoding=\"async\" width=\"330\" height=\"220\" src=\"https:\/\/theglobalhumanist.com\/wp-content\/uploads\/2024\/07\/Forged-Writing-in-the-Name-of-God\u2014Why-the-Bibles-Authors-Are-Not-Who-We-Think-They-Are-by-Bart-D.-Ehrman-330x220.jpg\" class=\"featured-img wp-post-image\" alt=\"\" \/>\t\t<\/a>\r\n\t\t\t\t<\/div>\r\n\t<div class=\"p-categories light-scheme p-top\"><a class=\"p-category category-id-851\" href=\"https:\/\/theglobalhumanist.com\/es\/category\/books\/\" rel=\"category\">Libros<\/a><a class=\"p-category category-id-49\" href=\"https:\/\/theglobalhumanist.com\/es\/category\/history\/\" rel=\"category\">Historia<\/a><\/div><\/div>\r\n\t\t<h3 class=\"entry-title\">\t\t<a class=\"p-url\" href=\"https:\/\/theglobalhumanist.com\/es\/forged-writing-in-the-name-of-god-why-the-bibles-authors-are-not-who-we-think-they-are-by-bart-d-ehrman\/\" rel=\"bookmark\">Forjado: Escribiendo en el nombre de Dios: Por qu\u00e9 los autores de la Biblia no son quienes creemos que son, por Bart D. Ehrman<\/a><\/h3><p class=\"entry-summary mobile-hide\">&quot;Falsificado: Escribiendo en nombre de Dios: Por qu\u00e9 los autores de la Biblia no son quienes creemos&quot;, por Bart D.\u2026<\/p>\r\n\t\t\t\t\t\t<div class=\"p-meta has-bookmark\">\r\n\t\t\t\t<div class=\"meta-inner is-meta\">\r\n\t\t\t\t\t\t\t<div class=\"meta-el meta-author\">\r\n\t\t\t<a href=\"https:\/\/theglobalhumanist.com\/es\/author\/ad4min\/\"><\/a>\t\t<\/div>\r\n\t\t\t\t\t\t<\/div>\r\n\t\t\t\t<span class=\"rb-bookmark bookmark-trigger\" data-pid=\"3319\"><\/span>\t\t\t<\/div>\r\n\t\t\t\t<\/div>\r\n\t\t\t<div class=\"p-wrap p-grid p-grid-1\" data-pid=\"3548\">\r\n\t\t\t\t<div class=\"feat-holder\">\r\n\t\t\t\t\t\t<div class=\"p-featured\">\r\n\t\t\t\t\t<a class=\"p-flink\" href=\"https:\/\/theglobalhumanist.com\/es\/atheist-mind-humanist-heart-rewriting-the-ten-commandments-for-the-twenty-first-century-by-lex-bayer-and-john-figdor\/\" title=\"Mente atea, coraz\u00f3n humanista: reescribiendo los Diez Mandamientos para el siglo XXI por Lex Bayer y John Figdor\">\r\n\t\t\t<img loading=\"lazy\" decoding=\"async\" width=\"330\" height=\"220\" src=\"https:\/\/theglobalhumanist.com\/wp-content\/uploads\/2024\/07\/Atheist-Mind-Humanist-Heart_Rewriting-the-Ten-Commandments-for-the-Twenty-first-Century-by-Lex-Bayer-and-John-Figdor-330x220.jpg\" class=\"featured-img wp-post-image\" alt=\"\" \/>\t\t<\/a>\r\n\t\t\t\t<\/div>\r\n\t<div class=\"p-categories light-scheme p-top\"><a class=\"p-category category-id-851\" href=\"https:\/\/theglobalhumanist.com\/es\/category\/books\/\" rel=\"category\">Libros<\/a><a class=\"p-category category-id-1\" href=\"https:\/\/theglobalhumanist.com\/es\/category\/uncategorized\/\" rel=\"category\">Sin categorizar<\/a><\/div><\/div>\r\n\t\t<h3 class=\"entry-title\">\t\t<a class=\"p-url\" href=\"https:\/\/theglobalhumanist.com\/es\/atheist-mind-humanist-heart-rewriting-the-ten-commandments-for-the-twenty-first-century-by-lex-bayer-and-john-figdor\/\" rel=\"bookmark\">Mente atea, coraz\u00f3n humanista: reescribiendo los Diez Mandamientos para el siglo XXI por Lex Bayer y John Figdor<\/a><\/h3><p class=\"entry-summary mobile-hide\">&quot;Mente atea, coraz\u00f3n humanista: Reescribiendo los Diez Mandamientos para el siglo XXI&quot;, de Lex Bayer y John Figdor, presenta\u2026<\/p>\r\n\t\t\t\t\t\t<div class=\"p-meta has-bookmark\">\r\n\t\t\t\t<div class=\"meta-inner is-meta\">\r\n\t\t\t\t\t\t\t<div class=\"meta-el meta-author\">\r\n\t\t\t<a href=\"https:\/\/theglobalhumanist.com\/es\/author\/ad4min\/\"><\/a>\t\t<\/div>\r\n\t\t\t\t\t\t<\/div>\r\n\t\t\t\t<span class=\"rb-bookmark bookmark-trigger\" data-pid=\"3548\"><\/span>\t\t\t<\/div>\r\n\t\t\t\t<\/div>\r\n\t<\/div><\/div>\t\t\t\t<\/div>\n\t\t\t\t<\/div>\n\t\t\t\t<div class=\"elementor-element elementor-element-2e9826a elementor-widget elementor-widget-foxiz-heading\" data-id=\"2e9826a\" data-element_type=\"widget\" data-widget_type=\"foxiz-heading.default\">\n\t\t\t\t<div class=\"elementor-widget-container\">\n\t\t\t\t\t<div id=\"uid_2e9826a\" class=\"block-h heading-layout-5\"><div class=\"heading-inner\"><h3 class=\"heading-title\"><a class=\"h-link\" href=\"https:\/\/foxiz.themeruby.com\/buzzstream\/category\/health\/\">Salud<\/a><\/h3><div class=\"heading-tagline h6\"><a class=\"heading-tagline-label\" href=\"https:\/\/foxiz.themeruby.com\/buzzstream\/category\/health\/\">M\u00e1s publicaciones<\/a><\/div><\/div><\/div>\t\t\t\t<\/div>\n\t\t\t\t<\/div>\n\t\t\t\t\t<\/div>\n\t\t\t\t<\/div>\n\t\t<div class=\"elementor-element elementor-element-edda0bb e-flex e-con-boxed e-con e-parent\" data-id=\"edda0bb\" data-element_type=\"container\">\n\t\t\t\t\t<div class=\"e-con-inner\">\n\t\t<div class=\"elementor-element elementor-element-9bf8ecb e-con-full e-flex e-con e-child\" data-id=\"9bf8ecb\" data-element_type=\"container\">\n\t\t\t\t<div class=\"elementor-element elementor-element-9e82218 elementor-widget elementor-widget-foxiz-overlay-1\" data-id=\"9e82218\" data-element_type=\"widget\" data-widget_type=\"foxiz-overlay-1.default\">\n\t\t\t\t<div class=\"elementor-widget-container\">\n\t\t\t\t\t<div id=\"uid_9e82218\" class=\"block-wrap block-overlay overlay-1 p-gradient rb-columns rb-col-1 rb-tcol-1 rb-mcol-1 hovering-fade meta-s-line\"><div class=\"block-inner\">\t\t<div class=\"p-wrap p-highlight p-overlay-1\" data-pid=\"4460\">\r\n\t\t\t<div class=\"overlay-holder\">\r\n\t\t\t\t\t<div class=\"p-featured\">\r\n\t\t\t\t\t<a class=\"p-flink\" href=\"https:\/\/theglobalhumanist.com\/es\/united-nations-invites-humanist-organizations-to-shape-new-human-rights-report\/\" title=\"United Nations invites humanist organizations to shape new human rights report\">\r\n\t\t\t\t\t<\/a>\r\n\t\t\t\t<\/div>\r\n\t\t\t\t<div class=\"overlay-wrap\">\r\n\t\t\t\t<div class=\"overlay-inner p-content light-scheme\">\r\n\t\t\t\t\t<h2 class=\"entry-title\">\t\t<a class=\"p-url\" href=\"https:\/\/theglobalhumanist.com\/es\/united-nations-invites-humanist-organizations-to-shape-new-human-rights-report\/\" rel=\"bookmark\">United Nations invites humanist organizations to shape new human rights report<\/a><\/h2><p class=\"entry-summary\">The post United Nations invites humanist organizations to shape new human rights report appeared first on Humanists International.<\/p>\r\n\t\t\t\t\t\t<div class=\"p-meta has-bookmark\">\r\n\t\t\t\t<div class=\"meta-inner is-meta\">\r\n\t\t\t\t\t\t\t<div class=\"meta-el meta-author\">\r\n\t\t\t<a href=\"https:\/\/theglobalhumanist.com\/es\/author\/ad4min\/\"><\/a>\t\t<\/div>\r\n\t\t\t\t<div class=\"meta-el meta-read\">0 minutos de lectura<\/div>\r\n\t\t\t\t\t\t<\/div>\r\n\t\t\t\t<span class=\"rb-bookmark bookmark-trigger\" data-pid=\"4460\"><\/span>\t\t\t<\/div>\r\n\t\t\t\t\t\t<\/div>\r\n\t\t\t<\/div>\r\n\t\t<\/div>\r\n\t\t\t\t<\/div>\r\n\t<\/div><\/div>\t\t\t\t<\/div>\n\t\t\t\t<\/div>\n\t\t\t\t<\/div>\n\t\t<div class=\"elementor-element elementor-element-75fff00 e-con-full e-flex e-con e-child\" data-id=\"75fff00\" data-element_type=\"container\">\n\t\t\t\t<div class=\"elementor-element elementor-element-c3f33ff elementor-widget elementor-widget-foxiz-list-small-1\" data-id=\"c3f33ff\" data-element_type=\"widget\" data-widget_type=\"foxiz-list-small-1.default\">\n\t\t\t\t<div class=\"elementor-widget-container\">\n\t\t\t\t\t<div id=\"uid_c3f33ff\" class=\"block-wrap block-small block-list block-list-small-1 rb-columns rb-col-2 rb-tcol-4 rb-mcol-1 is-gap-custom col-border is-border-gray bottom-border is-b-border-gray no-last-bb meta-s-line\"><div class=\"block-inner\">\t\t<div class=\"p-wrap p-small p-list-small-1\" data-pid=\"4460\">\r\n\t\t\t<div class=\"p-content\">\r\n\t\t\t<h3 class=\"entry-title\">\t\t<a class=\"p-url\" href=\"https:\/\/theglobalhumanist.com\/es\/united-nations-invites-humanist-organizations-to-shape-new-human-rights-report\/\" rel=\"bookmark\">United Nations invites humanist organizations to shape new human rights report<\/a><\/h3><p class=\"entry-summary\">The post United Nations invites humanist organizations to shape new human rights report appeared first&hellip;<\/p>\r\n\t\t\t\t\t\t<div class=\"p-meta has-bookmark\">\r\n\t\t\t\t<div class=\"meta-inner is-meta\">\r\n\t\t\t\t\t\t\t<div class=\"meta-el meta-author\">\r\n\t\t\t<a href=\"https:\/\/theglobalhumanist.com\/es\/author\/ad4min\/\"><\/a>\t\t<\/div>\r\n\t\t\t\t\t\t<\/div>\r\n\t\t\t\t<span class=\"rb-bookmark bookmark-trigger\" data-pid=\"4460\"><\/span>\t\t\t<\/div>\r\n\t\t\t\t<\/div>\r\n\t\t\t\t<\/div>\r\n\t\t\t<div class=\"p-wrap p-small p-list-small-1\" data-pid=\"4459\">\r\n\t\t\t<div class=\"p-content\">\r\n\t\t\t<h3 class=\"entry-title\">\t\t<a class=\"p-url\" href=\"https:\/\/theglobalhumanist.com\/es\/the-world-humanist-congress-2026-welcomes-over-500-delegates\/\" rel=\"bookmark\">The World Humanist Congress 2026 welcomes over 500 delegates<\/a><\/h3><p class=\"entry-summary\">The post The World Humanist Congress 2026 welcomes over 500 delegates appeared first on Humanists&hellip;<\/p>\r\n\t\t\t\t\t\t<div class=\"p-meta has-bookmark\">\r\n\t\t\t\t<div class=\"meta-inner is-meta\">\r\n\t\t\t\t\t\t\t<div class=\"meta-el meta-author\">\r\n\t\t\t<a href=\"https:\/\/theglobalhumanist.com\/es\/author\/ad4min\/\"><\/a>\t\t<\/div>\r\n\t\t\t\t\t\t<\/div>\r\n\t\t\t\t<span class=\"rb-bookmark bookmark-trigger\" data-pid=\"4459\"><\/span>\t\t\t<\/div>\r\n\t\t\t\t<\/div>\r\n\t\t\t\t<\/div>\r\n\t\t\t<div class=\"p-wrap p-small p-list-small-1\" data-pid=\"4458\">\r\n\t\t\t<div class=\"p-content\">\r\n\t\t\t<h3 class=\"entry-title\">\t\t<a class=\"p-url\" href=\"https:\/\/theglobalhumanist.com\/es\/humanists-international-makes-a-submission-on-freedom-of-association-to-the-un\/\" rel=\"bookmark\">Humanists International makes a submission on freedom of association to the UN<\/a><\/h3><p class=\"entry-summary\">The post Humanists International makes a submission on freedom of association to the UN appeared&hellip;<\/p>\r\n\t\t\t\t\t\t<div class=\"p-meta has-bookmark\">\r\n\t\t\t\t<div class=\"meta-inner is-meta\">\r\n\t\t\t\t\t\t\t<div class=\"meta-el meta-author\">\r\n\t\t\t<a href=\"https:\/\/theglobalhumanist.com\/es\/author\/ad4min\/\"><\/a>\t\t<\/div>\r\n\t\t\t\t\t\t<\/div>\r\n\t\t\t\t<span class=\"rb-bookmark bookmark-trigger\" data-pid=\"4458\"><\/span>\t\t\t<\/div>\r\n\t\t\t\t<\/div>\r\n\t\t\t\t<\/div>\r\n\t\t\t<div class=\"p-wrap p-small p-list-small-1\" data-pid=\"4454\">\r\n\t\t\t<div class=\"p-content\">\r\n\t\t\t<h3 class=\"entry-title\">\t\t<a class=\"p-url\" href=\"https:\/\/theglobalhumanist.com\/es\/roslyn-mould-to-step-down-as-vice-president-of-humanists-international\/\" rel=\"bookmark\">Roslyn Mould to step down as Vice President of Humanists International<\/a><\/h3><p class=\"entry-summary\">The post Roslyn Mould to step down as Vice President of Humanists International appeared first&hellip;<\/p>\r\n\t\t\t\t\t\t<div class=\"p-meta has-bookmark\">\r\n\t\t\t\t<div class=\"meta-inner is-meta\">\r\n\t\t\t\t\t\t\t<div class=\"meta-el meta-author\">\r\n\t\t\t<a href=\"https:\/\/theglobalhumanist.com\/es\/author\/ad4min\/\"><\/a>\t\t<\/div>\r\n\t\t\t\t\t\t<\/div>\r\n\t\t\t\t<span class=\"rb-bookmark bookmark-trigger\" data-pid=\"4454\"><\/span>\t\t\t<\/div>\r\n\t\t\t\t<\/div>\r\n\t\t\t\t<\/div>\r\n\t<\/div><\/div>\t\t\t\t<\/div>\n\t\t\t\t<\/div>\n\t\t\t\t<\/div>\n\t\t\t\t\t<\/div>\n\t\t\t\t<\/div>\n\t\t<div class=\"elementor-element elementor-element-c8613ce e-flex e-con-boxed e-con e-parent\" data-id=\"c8613ce\" data-element_type=\"container\">\n\t\t\t\t\t<div class=\"e-con-inner\">\n\t\t\t\t<div class=\"elementor-element elementor-element-892d7a5 elementor-widget elementor-widget-foxiz-heading\" data-id=\"892d7a5\" data-element_type=\"widget\" data-widget_type=\"foxiz-heading.default\">\n\t\t\t\t<div class=\"elementor-widget-container\">\n\t\t\t\t\t<div id=\"uid_892d7a5\" class=\"block-h heading-layout-5\"><div class=\"heading-inner\"><h3 class=\"heading-title\"><a class=\"h-link\" href=\"https:\/\/foxiz.themeruby.com\/time\/category\/travel\/\">Viajar<\/a><\/h3><div class=\"heading-tagline h6\"><a class=\"heading-tagline-label\" href=\"https:\/\/foxiz.themeruby.com\/time\/category\/travel\/\">M\u00e1s publicaciones<\/a><\/div><\/div><\/div>\t\t\t\t<\/div>\n\t\t\t\t<\/div>\n\t\t\t\t<div class=\"elementor-element elementor-element-512876f elementor-widget elementor-widget-foxiz-grid-1\" data-id=\"512876f\" data-element_type=\"widget\" data-widget_type=\"foxiz-grid-1.default\">\n\t\t\t\t<div class=\"elementor-widget-container\">\n\t\t\t\t\t<div id=\"uid_512876f\" class=\"block-wrap block-grid block-grid-1 is-thoz-scroll rb-columns rb-col-5 rb-mcol-1 is-gap-custom col-border is-border-gray hovering-fade bottom-border is-b-border-gray no-last-bb is-m-list meta-s-line\"><div class=\"block-inner\">\t\t<div class=\"p-wrap p-grid p-grid-1\" data-pid=\"4383\">\r\n\t<h3 class=\"entry-title\">\t\t<a class=\"p-url\" href=\"https:\/\/theglobalhumanist.com\/es\/humanists-ask-malaysia-to-create-space-for-the-non-religious\/\" rel=\"bookmark\">Humanists ask Malaysia to create space for the non-religious<\/a><\/h3><p class=\"entry-summary mobile-hide\">The post Humanists ask Malaysia to create space for the non-religious appeared first on Humanists International.<\/p>\r\n\t\t\t\t\t\t<div class=\"p-meta has-bookmark\">\r\n\t\t\t\t<div class=\"meta-inner is-meta\">\r\n\t\t\t\t\t\t\t<div class=\"meta-el meta-author\">\r\n\t\t\t<a href=\"https:\/\/theglobalhumanist.com\/es\/author\/ad4min\/\"><\/a>\t\t<\/div>\r\n\t\t\t\t\t\t<\/div>\r\n\t\t\t\t<span class=\"rb-bookmark bookmark-trigger\" data-pid=\"4383\"><\/span>\t\t\t<\/div>\r\n\t\t\t\t<\/div>\r\n\t\t\t<div class=\"p-wrap p-grid p-grid-1\" data-pid=\"4414\">\r\n\t<h3 class=\"entry-title\">\t\t<a class=\"p-url\" href=\"https:\/\/theglobalhumanist.com\/es\/listen-now-humanists-international-launches-podcast\/\" rel=\"bookmark\">Listen Now: Humanists International Launches Podcast<\/a><\/h3><p class=\"entry-summary mobile-hide\">The post Listen Now: Humanists International Launches Podcast appeared first on Humanists International.<\/p>\r\n\t\t\t\t\t\t<div class=\"p-meta has-bookmark\">\r\n\t\t\t\t<div class=\"meta-inner is-meta\">\r\n\t\t\t\t\t\t\t<div class=\"meta-el meta-author\">\r\n\t\t\t<a href=\"https:\/\/theglobalhumanist.com\/es\/author\/ad4min\/\"><\/a>\t\t<\/div>\r\n\t\t\t\t\t\t<\/div>\r\n\t\t\t\t<span class=\"rb-bookmark bookmark-trigger\" data-pid=\"4414\"><\/span>\t\t\t<\/div>\r\n\t\t\t\t<\/div>\r\n\t\t\t<div class=\"p-wrap p-grid p-grid-1\" data-pid=\"3954\">\r\n\t\t\t\t<div class=\"feat-holder\">\r\n\t\t\t\t\t\t<div class=\"p-featured\">\r\n\t\t\t\t\t<a class=\"p-flink\" href=\"https:\/\/theglobalhumanist.com\/es\/the-faith-healers-by-james-randi\/\" title=\"Los sanadores por la fe de James Randi\">\r\n\t\t\t<img loading=\"lazy\" decoding=\"async\" width=\"330\" height=\"220\" src=\"https:\/\/theglobalhumanist.com\/wp-content\/uploads\/2024\/07\/The-Faith-Healers-by-James-Randi-330x220.jpg\" class=\"featured-img wp-post-image\" alt=\"\" \/>\t\t<\/a>\r\n\t\t\t\t<\/div>\r\n\t<\/div>\r\n\t\t<h3 class=\"entry-title\">\t\t<a class=\"p-url\" href=\"https:\/\/theglobalhumanist.com\/es\/the-faith-healers-by-james-randi\/\" rel=\"bookmark\">Los sanadores por la fe de James Randi<\/a><\/h3><p class=\"entry-summary mobile-hide\">&quot;Los sanadores por la fe&quot; de James Randi es un an\u00e1lisis cr\u00edtico de individuos y organizaciones que afirman curar a la gente a trav\u00e9s de...<\/p>\r\n\t\t\t\t\t\t<div class=\"p-meta has-bookmark\">\r\n\t\t\t\t<div class=\"meta-inner is-meta\">\r\n\t\t\t\t\t\t\t<div class=\"meta-el meta-author\">\r\n\t\t\t<a href=\"https:\/\/theglobalhumanist.com\/es\/author\/ad4min\/\"><\/a>\t\t<\/div>\r\n\t\t\t\t\t\t<\/div>\r\n\t\t\t\t<span class=\"rb-bookmark bookmark-trigger\" data-pid=\"3954\"><\/span>\t\t\t<\/div>\r\n\t\t\t\t<\/div>\r\n\t\t\t<div class=\"p-wrap p-grid p-grid-1\" data-pid=\"3646\">\r\n\t\t\t\t<div class=\"feat-holder\">\r\n\t\t\t\t\t\t<div class=\"p-featured\">\r\n\t\t\t\t\t<a class=\"p-flink\" href=\"https:\/\/theglobalhumanist.com\/es\/the-monarchy-a-critique-of-britains-favorite-fetish-by-christopher-hitchens\/\" title=\"La monarqu\u00eda: una cr\u00edtica del fetiche favorito de Gran Breta\u00f1a por Christopher Hitchens\">\r\n\t\t\t<img loading=\"lazy\" decoding=\"async\" width=\"326\" height=\"220\" src=\"https:\/\/theglobalhumanist.com\/wp-content\/uploads\/2024\/07\/The-Monarchy-by-Christopher-Hitchens-326x220.jpg\" class=\"featured-img wp-post-image\" alt=\"\" \/>\t\t<\/a>\r\n\t\t\t\t<\/div>\r\n\t<\/div>\r\n\t\t<h3 class=\"entry-title\">\t\t<a class=\"p-url\" href=\"https:\/\/theglobalhumanist.com\/es\/the-monarchy-a-critique-of-britains-favorite-fetish-by-christopher-hitchens\/\" rel=\"bookmark\">La monarqu\u00eda: una cr\u00edtica del fetiche favorito de Gran Breta\u00f1a por Christopher Hitchens<\/a><\/h3><p class=\"entry-summary mobile-hide\">&quot;La Monarqu\u00eda: Una Cr\u00edtica del Fetiche Favorito de Gran Breta\u00f1a&quot;, de Christopher Hitchens, ofrece un an\u00e1lisis mordaz de la monarqu\u00eda brit\u00e1nica. Hitchens\u2026<\/p>\r\n\t\t\t\t\t\t<div class=\"p-meta has-bookmark\">\r\n\t\t\t\t<div class=\"meta-inner is-meta\">\r\n\t\t\t\t\t\t\t<div class=\"meta-el meta-author\">\r\n\t\t\t<a href=\"https:\/\/theglobalhumanist.com\/es\/author\/ad4min\/\"><\/a>\t\t<\/div>\r\n\t\t\t\t\t\t<\/div>\r\n\t\t\t\t<span class=\"rb-bookmark bookmark-trigger\" data-pid=\"3646\"><\/span>\t\t\t<\/div>\r\n\t\t\t\t<\/div>\r\n\t\t\t<div class=\"p-wrap p-grid p-grid-1\" data-pid=\"4436\">\r\n\t\t\t\t<div class=\"feat-holder\">\r\n\t\t\t\t\t\t<div class=\"p-featured\">\r\n\t\t\t\t\t<a class=\"p-flink\" href=\"https:\/\/theglobalhumanist.com\/es\/humanists-international-urges-eu-commission-to-ensure-human-rights-protections-are-not-lost-in-eu-simplification\/\" title=\"Humanists International urges EU Commission to ensure human rights protections are not lost in EU simplification\">\r\n\t\t\t<img loading=\"lazy\" decoding=\"async\" width=\"77\" height=\"77\" src=\"https:\/\/theglobalhumanist.com\/wp-content\/uploads\/2026\/03\/feedzy-BjXj0a.svgz\" class=\"featured-img wp-post-image\" alt=\"\" \/>\t\t<\/a>\r\n\t\t\t\t<\/div>\r\n\t<\/div>\r\n\t\t<h3 class=\"entry-title\">\t\t<a class=\"p-url\" href=\"https:\/\/theglobalhumanist.com\/es\/humanists-international-urges-eu-commission-to-ensure-human-rights-protections-are-not-lost-in-eu-simplification\/\" rel=\"bookmark\">Humanists International urges EU Commission to ensure human rights protections are not lost in EU simplification<\/a><\/h3><p class=\"entry-summary mobile-hide\">The post Humanists International urges EU Commission to ensure human rights protections are not lost in EU simplification appeared first&hellip;<\/p>\r\n\t\t\t\t\t\t<div class=\"p-meta has-bookmark\">\r\n\t\t\t\t<div class=\"meta-inner is-meta\">\r\n\t\t\t\t\t\t\t<div class=\"meta-el meta-author\">\r\n\t\t\t<a href=\"https:\/\/theglobalhumanist.com\/es\/author\/ad4min\/\"><\/a>\t\t<\/div>\r\n\t\t\t\t\t\t<\/div>\r\n\t\t\t\t<span class=\"rb-bookmark bookmark-trigger\" data-pid=\"4436\"><\/span>\t\t\t<\/div>\r\n\t\t\t\t<\/div>\r\n\t<\/div><\/div>\t\t\t\t<\/div>\n\t\t\t\t<\/div>\n\t\t\t\t\t<\/div>\n\t\t\t\t<\/div>\n\t\t<div class=\"elementor-element elementor-element-37e17ec e-flex e-con-boxed e-con e-parent\" data-id=\"37e17ec\" data-element_type=\"container\">\n\t\t\t\t\t<div class=\"e-con-inner\">\n\t\t\t\t<div class=\"elementor-element elementor-element-092227b elementor-widget elementor-widget-foxiz-heading\" data-id=\"092227b\" data-element_type=\"widget\" data-widget_type=\"foxiz-heading.default\">\n\t\t\t\t<div class=\"elementor-widget-container\">\n\t\t\t\t\t<div id=\"uid_092227b\" class=\"block-h heading-layout-5\"><div class=\"heading-inner\"><h3 class=\"heading-title\"><a class=\"h-link\" href=\"https:\/\/foxiz.themeruby.com\/buzzstream\/blog\">Noticias recientes<\/a><\/h3><div class=\"heading-tagline h6\"><a class=\"heading-tagline-label\" href=\"https:\/\/foxiz.themeruby.com\/buzzstream\/blog\">Desde el blog<\/a><\/div><\/div><\/div>\t\t\t\t<\/div>\n\t\t\t\t<\/div>\n\t\t\t\t<div class=\"elementor-element elementor-element-bdd7145 elementor-widget elementor-widget-foxiz-list-box-1\" data-id=\"bdd7145\" data-element_type=\"widget\" data-widget_type=\"foxiz-list-box-1.default\">\n\t\t\t\t<div class=\"elementor-widget-container\">\n\t\t\t\t\t<div id=\"uid_bdd7145\" class=\"block-wrap block-big block-list block-list-box-1 rb-columns rb-col-1 rb-tcol-1 rb-mcol-1 light-scheme hovering-fade p-vtop ecat-bg-4 ecat-size-big is-feat-left meta-s-line\"><div class=\"block-inner\">\t\t<div class=\"p-wrap p-list p-box p-list-1 p-list-box-1 box-bg\" data-pid=\"4444\">\r\n\t\t\t<div class=\"list-box\">\r\n\t\t\t<div class=\"list-holder\">\r\n\t\t\t\t<div class=\"list-feat-holder\">\r\n\t\t\t\t\t\t\t\t\t<\/div>\r\n\t\t\t\t<div class=\"p-content\">\r\n\t\t\t\t\t<h2 class=\"entry-title\">\t\t<a class=\"p-url\" href=\"https:\/\/theglobalhumanist.com\/es\/humanist-signal-reaches-10000-people-with-secular-broadcast-project-in-peru\/\" rel=\"bookmark\">Humanist Signal reaches 10,000 people with secular broadcast project in Peru<\/a><\/h2><p class=\"entry-summary\">The post Humanist Signal reaches 10,000 people with secular broadcast project in Peru appeared first on Humanists International.<\/p>\r\n\t\t\t\t\t\t<div class=\"p-meta has-bookmark\">\r\n\t\t\t\t<div class=\"meta-inner is-meta\">\r\n\t\t\t\t\t\t\t<div class=\"meta-el meta-author\">\r\n\t\t\t<a href=\"https:\/\/theglobalhumanist.com\/es\/author\/ad4min\/\"><\/a>\t\t<\/div>\r\n\t\t\t\t<div class=\"meta-el meta-read\">0 minutos de lectura<\/div>\r\n\t\t\t\t\t\t<\/div>\r\n\t\t\t\t<span class=\"rb-bookmark bookmark-trigger\" data-pid=\"4444\"><\/span>\t\t\t<\/div>\r\n\t\t\t\t\t\t<\/div>\r\n\t\t\t<\/div>\r\n\t\t<\/div>\r\n\t\t\t\t<\/div>\r\n\t<\/div><\/div>\t\t\t\t<\/div>\n\t\t\t\t<\/div>\n\t\t\t\t<div class=\"elementor-element elementor-element-7e576c4 elementor-widget__width-inherit elementor-widget elementor-widget-foxiz-categories-5\" data-id=\"7e576c4\" data-element_type=\"widget\" data-widget_type=\"foxiz-categories-5.default\">\n\t\t\t\t<div class=\"elementor-widget-container\">\n\t\t\t\t\t<div id=\"uid_7e576c4\" class=\"block-wrap block-categories block-categories-5 rb-columns rb-col-6 rb-tcol-6 rb-mcol-3 is-gap-custom meta-s-line\"><\/div>\t\t\t\t<\/div>\n\t\t\t\t<\/div>\n\t\t\t\t\t<\/div>\n\t\t\t\t<\/div>\n\t\t<div class=\"elementor-element elementor-element-1b1feaf e-flex e-con-boxed e-con e-parent\" data-id=\"1b1feaf\" data-element_type=\"container\">\n\t\t\t\t\t<div class=\"e-con-inner\">\n\t\t<div class=\"elementor-element elementor-element-54d5ff1 e-con-full e-flex e-con e-child\" data-id=\"54d5ff1\" data-element_type=\"container\">\n\t\t\t\t<div class=\"elementor-element elementor-element-f788a39 elementor-widget elementor-widget-foxiz-list-1\" data-id=\"f788a39\" data-element_type=\"widget\" data-widget_type=\"foxiz-list-1.default\">\n\t\t\t\t<div class=\"elementor-widget-container\">\n\t\t\t\t\t<div id=\"uid_f788a39\" class=\"block-wrap block-big block-list block-list-1 rb-columns rb-col-1 rb-tcol-1 rb-mcol-1 hovering-fade bottom-border is-b-border-gray no-last-bb is-pagi-text p-vtop ecat-bg-4 is-feat-left meta-s-line\"><div class=\"block-inner\">\t\t<div class=\"p-wrap p-list p-list-1\" data-pid=\"4460\">\r\n\t\t\t<div class=\"list-holder\">\r\n\t\t\t<div class=\"list-feat-holder\">\r\n\t\t\t\t\t\t\t<\/div>\r\n\t\t\t<div class=\"p-content\">\r\n\t\t\t\t<h3 class=\"entry-title\">\t\t<a class=\"p-url\" href=\"https:\/\/theglobalhumanist.com\/es\/united-nations-invites-humanist-organizations-to-shape-new-human-rights-report\/\" rel=\"bookmark\">United Nations invites humanist organizations to shape new human rights report<\/a><\/h3><p class=\"entry-summary mobile-hide\">The post United Nations invites humanist organizations to shape new human rights report appeared first on Humanists International.<\/p>\r\n\t\t\t\t\t\t<div class=\"p-meta has-bookmark\">\r\n\t\t\t\t<div class=\"meta-inner is-meta\">\r\n\t\t\t\t\t\t\t<div class=\"meta-el meta-author\">\r\n\t\t\t<a href=\"https:\/\/theglobalhumanist.com\/es\/author\/ad4min\/\"><\/a>\t\t<\/div>\r\n\t\t\t\t<div class=\"meta-el meta-read\">0 minutos de lectura<\/div>\r\n\t\t\t\t\t\t<\/div>\r\n\t\t\t\t<span class=\"rb-bookmark bookmark-trigger\" data-pid=\"4460\"><\/span>\t\t\t<\/div>\r\n\t\t\t\t\t<\/div>\r\n\t\t<\/div>\r\n\t\t\t\t<\/div>\r\n\t\t\t<div class=\"p-wrap p-list p-list-1\" data-pid=\"4459\">\r\n\t\t\t<div class=\"list-holder\">\r\n\t\t\t<div class=\"list-feat-holder\">\r\n\t\t\t\t\t\t\t<\/div>\r\n\t\t\t<div class=\"p-content\">\r\n\t\t\t\t<h3 class=\"entry-title\">\t\t<a class=\"p-url\" href=\"https:\/\/theglobalhumanist.com\/es\/the-world-humanist-congress-2026-welcomes-over-500-delegates\/\" rel=\"bookmark\">The World Humanist Congress 2026 welcomes over 500 delegates<\/a><\/h3><p class=\"entry-summary mobile-hide\">The post The World Humanist Congress 2026 welcomes over 500 delegates appeared first on Humanists International.<\/p>\r\n\t\t\t\t\t\t<div class=\"p-meta has-bookmark\">\r\n\t\t\t\t<div class=\"meta-inner is-meta\">\r\n\t\t\t\t\t\t\t<div class=\"meta-el meta-author\">\r\n\t\t\t<a href=\"https:\/\/theglobalhumanist.com\/es\/author\/ad4min\/\"><\/a>\t\t<\/div>\r\n\t\t\t\t<div class=\"meta-el meta-read\">0 minutos de lectura<\/div>\r\n\t\t\t\t\t\t<\/div>\r\n\t\t\t\t<span class=\"rb-bookmark bookmark-trigger\" data-pid=\"4459\"><\/span>\t\t\t<\/div>\r\n\t\t\t\t\t<\/div>\r\n\t\t<\/div>\r\n\t\t\t\t<\/div>\r\n\t\t\t<div class=\"p-wrap p-list p-list-1\" data-pid=\"4458\">\r\n\t\t\t<div class=\"list-holder\">\r\n\t\t\t<div class=\"list-feat-holder\">\r\n\t\t\t\t\t\t\t<\/div>\r\n\t\t\t<div class=\"p-content\">\r\n\t\t\t\t<h3 class=\"entry-title\">\t\t<a class=\"p-url\" href=\"https:\/\/theglobalhumanist.com\/es\/humanists-international-makes-a-submission-on-freedom-of-association-to-the-un\/\" rel=\"bookmark\">Humanists International makes a submission on freedom of association to the UN<\/a><\/h3><p class=\"entry-summary mobile-hide\">The post Humanists International makes a submission on freedom of association to the UN appeared first on Humanists International.<\/p>\r\n\t\t\t\t\t\t<div class=\"p-meta has-bookmark\">\r\n\t\t\t\t<div class=\"meta-inner is-meta\">\r\n\t\t\t\t\t\t\t<div class=\"meta-el meta-author\">\r\n\t\t\t<a href=\"https:\/\/theglobalhumanist.com\/es\/author\/ad4min\/\"><\/a>\t\t<\/div>\r\n\t\t\t\t<div class=\"meta-el meta-read\">0 minutos de lectura<\/div>\r\n\t\t\t\t\t\t<\/div>\r\n\t\t\t\t<span class=\"rb-bookmark bookmark-trigger\" data-pid=\"4458\"><\/span>\t\t\t<\/div>\r\n\t\t\t\t\t<\/div>\r\n\t\t<\/div>\r\n\t\t\t\t<\/div>\r\n\t\t\t<div class=\"p-wrap p-list p-list-1\" data-pid=\"4454\">\r\n\t\t\t<div class=\"list-holder\">\r\n\t\t\t<div class=\"list-feat-holder\">\r\n\t\t\t\t\t\t\t<div class=\"feat-holder\">\r\n\t\t\t\t\t\t<div class=\"p-featured\">\r\n\t\t\t\t\t<a class=\"p-flink\" href=\"https:\/\/theglobalhumanist.com\/es\/roslyn-mould-to-step-down-as-vice-president-of-humanists-international\/\" title=\"Roslyn Mould to step down as Vice President of Humanists International\">\r\n\t\t\t<img loading=\"lazy\" decoding=\"async\" width=\"77\" height=\"77\" src=\"https:\/\/theglobalhumanist.com\/wp-content\/uploads\/2026\/07\/feedzy-du7D83.svgz\" class=\"featured-img wp-post-image\" alt=\"\" \/>\t\t<\/a>\r\n\t\t\t\t<\/div>\r\n\t<\/div>\r\n\t\t\t\t\t<\/div>\r\n\t\t\t<div class=\"p-content\">\r\n\t\t\t\t<h3 class=\"entry-title\">\t\t<a class=\"p-url\" href=\"https:\/\/theglobalhumanist.com\/es\/roslyn-mould-to-step-down-as-vice-president-of-humanists-international\/\" rel=\"bookmark\">Roslyn Mould to step down as Vice President of Humanists International<\/a><\/h3><p class=\"entry-summary mobile-hide\">The post Roslyn Mould to step down as Vice President of Humanists International appeared first on Humanists International.<\/p>\r\n\t\t\t\t\t\t<div class=\"p-meta has-bookmark\">\r\n\t\t\t\t<div class=\"meta-inner is-meta\">\r\n\t\t\t\t\t\t\t<div class=\"meta-el meta-author\">\r\n\t\t\t<a href=\"https:\/\/theglobalhumanist.com\/es\/author\/ad4min\/\"><\/a>\t\t<\/div>\r\n\t\t\t\t<div class=\"meta-el meta-read\">0 minutos de lectura<\/div>\r\n\t\t\t\t\t\t<\/div>\r\n\t\t\t\t<span class=\"rb-bookmark bookmark-trigger\" data-pid=\"4454\"><\/span>\t\t\t<\/div>\r\n\t\t\t\t\t<\/div>\r\n\t\t<\/div>\r\n\t\t\t\t<\/div>\r\n\t\t\t<div class=\"p-wrap p-list p-list-1\" data-pid=\"4456\">\r\n\t\t\t<div class=\"list-holder\">\r\n\t\t\t<div class=\"list-feat-holder\">\r\n\t\t\t\t\t\t\t<div class=\"feat-holder\">\r\n\t\t\t\t\t\t<div class=\"p-featured\">\r\n\t\t\t\t\t<a class=\"p-flink\" href=\"https:\/\/theglobalhumanist.com\/es\/humanists-international-calls-on-austria-to-strengthen-state-neutrality-at-the-un\/\" title=\"Humanists International calls on Austria to strengthen state neutrality at the UN\">\r\n\t\t\t<img loading=\"lazy\" decoding=\"async\" width=\"77\" height=\"77\" src=\"https:\/\/theglobalhumanist.com\/wp-content\/uploads\/2026\/07\/feedzy-7btv4B.svgz\" class=\"featured-img wp-post-image\" alt=\"\" \/>\t\t<\/a>\r\n\t\t\t\t<\/div>\r\n\t<\/div>\r\n\t\t\t\t\t<\/div>\r\n\t\t\t<div class=\"p-content\">\r\n\t\t\t\t<h3 class=\"entry-title\">\t\t<a class=\"p-url\" href=\"https:\/\/theglobalhumanist.com\/es\/humanists-international-calls-on-austria-to-strengthen-state-neutrality-at-the-un\/\" rel=\"bookmark\">Humanists International calls on Austria to strengthen state neutrality at the UN<\/a><\/h3><p class=\"entry-summary mobile-hide\">The post Humanists International calls on Austria to strengthen state neutrality at the UN appeared first on Humanists International.<\/p>\r\n\t\t\t\t\t\t<div class=\"p-meta has-bookmark\">\r\n\t\t\t\t<div class=\"meta-inner is-meta\">\r\n\t\t\t\t\t\t\t<div class=\"meta-el meta-author\">\r\n\t\t\t<a href=\"https:\/\/theglobalhumanist.com\/es\/author\/ad4min\/\"><\/a>\t\t<\/div>\r\n\t\t\t\t<div class=\"meta-el meta-read\">0 minutos de lectura<\/div>\r\n\t\t\t\t\t\t<\/div>\r\n\t\t\t\t<span class=\"rb-bookmark bookmark-trigger\" data-pid=\"4456\"><\/span>\t\t\t<\/div>\r\n\t\t\t\t\t<\/div>\r\n\t\t<\/div>\r\n\t\t\t\t<\/div>\r\n\t\t\t<div class=\"p-wrap p-list p-list-1\" data-pid=\"4452\">\r\n\t\t\t<div class=\"list-holder\">\r\n\t\t\t<div class=\"list-feat-holder\">\r\n\t\t\t\t\t\t\t<div class=\"feat-holder\">\r\n\t\t\t\t\t\t<div class=\"p-featured\">\r\n\t\t\t\t\t<a class=\"p-flink\" href=\"https:\/\/theglobalhumanist.com\/es\/celebrating-positive-change-around-the-world-this-world-humanist-day\/\" title=\"Celebrating positive change around the world this World Humanist Day\">\r\n\t\t\t<img loading=\"lazy\" decoding=\"async\" width=\"77\" height=\"77\" src=\"https:\/\/theglobalhumanist.com\/wp-content\/uploads\/2026\/06\/feedzy-UdT32T.svgz\" class=\"featured-img wp-post-image\" alt=\"\" \/>\t\t<\/a>\r\n\t\t\t\t<\/div>\r\n\t<\/div>\r\n\t\t\t\t\t<\/div>\r\n\t\t\t<div class=\"p-content\">\r\n\t\t\t\t<h3 class=\"entry-title\">\t\t<a class=\"p-url\" href=\"https:\/\/theglobalhumanist.com\/es\/celebrating-positive-change-around-the-world-this-world-humanist-day\/\" rel=\"bookmark\">Celebrating positive change around the world this World Humanist Day<\/a><\/h3><p class=\"entry-summary mobile-hide\">The post Celebrating positive change around the world this World Humanist Day appeared first on Humanists International.<\/p>\r\n\t\t\t\t\t\t<div class=\"p-meta has-bookmark\">\r\n\t\t\t\t<div class=\"meta-inner is-meta\">\r\n\t\t\t\t\t\t\t<div class=\"meta-el meta-author\">\r\n\t\t\t<a href=\"https:\/\/theglobalhumanist.com\/es\/author\/ad4min\/\"><\/a>\t\t<\/div>\r\n\t\t\t\t<div class=\"meta-el meta-read\">0 minutos de lectura<\/div>\r\n\t\t\t\t\t\t<\/div>\r\n\t\t\t\t<span class=\"rb-bookmark bookmark-trigger\" data-pid=\"4452\"><\/span>\t\t\t<\/div>\r\n\t\t\t\t\t<\/div>\r\n\t\t<\/div>\r\n\t\t\t\t<\/div>\r\n\t\t\t<div class=\"p-wrap p-list p-list-1\" data-pid=\"4451\">\r\n\t\t\t<div class=\"list-holder\">\r\n\t\t\t<div class=\"list-feat-holder\">\r\n\t\t\t\t\t\t\t<\/div>\r\n\t\t\t<div class=\"p-content\">\r\n\t\t\t\t<h3 class=\"entry-title\">\t\t<a class=\"p-url\" href=\"https:\/\/theglobalhumanist.com\/es\/mobile-reading-room-helps-children-explore-humanism-in-the-philippines\/\" rel=\"bookmark\">Mobile reading room helps children explore humanism in the Philippines<\/a><\/h3><p class=\"entry-summary mobile-hide\">The post Mobile reading room helps children explore humanism in the Philippines appeared first on Humanists International.<\/p>\r\n\t\t\t\t\t\t<div class=\"p-meta has-bookmark\">\r\n\t\t\t\t<div class=\"meta-inner is-meta\">\r\n\t\t\t\t\t\t\t<div class=\"meta-el meta-author\">\r\n\t\t\t<a href=\"https:\/\/theglobalhumanist.com\/es\/author\/ad4min\/\"><\/a>\t\t<\/div>\r\n\t\t\t\t<div class=\"meta-el meta-read\">0 minutos de lectura<\/div>\r\n\t\t\t\t\t\t<\/div>\r\n\t\t\t\t<span class=\"rb-bookmark bookmark-trigger\" data-pid=\"4451\"><\/span>\t\t\t<\/div>\r\n\t\t\t\t\t<\/div>\r\n\t\t<\/div>\r\n\t\t\t\t<\/div>\r\n\t\t\t<div class=\"p-wrap p-list p-list-1\" data-pid=\"4445\">\r\n\t\t\t<div class=\"list-holder\">\r\n\t\t\t<div class=\"list-feat-holder\">\r\n\t\t\t\t\t\t\t<div class=\"feat-holder\">\r\n\t\t\t\t\t\t<div class=\"p-featured\">\r\n\t\t\t\t\t<a class=\"p-flink\" href=\"https:\/\/theglobalhumanist.com\/es\/humanists-warn-eu-of-ai-monopolies-urge-public-ownership-and-human-control\/\" title=\"Humanists warn EU of AI monopolies, urge public ownership and human control\">\r\n\t\t\t<img loading=\"lazy\" decoding=\"async\" width=\"77\" height=\"77\" src=\"https:\/\/theglobalhumanist.com\/wp-content\/uploads\/2026\/06\/feedzy-n2byVs.svgz\" class=\"featured-img wp-post-image\" alt=\"\" \/>\t\t<\/a>\r\n\t\t\t\t<\/div>\r\n\t<\/div>\r\n\t\t\t\t\t<\/div>\r\n\t\t\t<div class=\"p-content\">\r\n\t\t\t\t<h3 class=\"entry-title\">\t\t<a class=\"p-url\" href=\"https:\/\/theglobalhumanist.com\/es\/humanists-warn-eu-of-ai-monopolies-urge-public-ownership-and-human-control\/\" rel=\"bookmark\">Humanists warn EU of AI monopolies, urge public ownership and human control<\/a><\/h3><p class=\"entry-summary mobile-hide\">The post Humanists warn EU of AI monopolies, urge public ownership and human control appeared first on Humanists International.<\/p>\r\n\t\t\t\t\t\t<div class=\"p-meta has-bookmark\">\r\n\t\t\t\t<div class=\"meta-inner is-meta\">\r\n\t\t\t\t\t\t\t<div class=\"meta-el meta-author\">\r\n\t\t\t<a href=\"https:\/\/theglobalhumanist.com\/es\/author\/ad4min\/\"><\/a>\t\t<\/div>\r\n\t\t\t\t<div class=\"meta-el meta-read\">0 minutos de lectura<\/div>\r\n\t\t\t\t\t\t<\/div>\r\n\t\t\t\t<span class=\"rb-bookmark bookmark-trigger\" data-pid=\"4445\"><\/span>\t\t\t<\/div>\r\n\t\t\t\t\t<\/div>\r\n\t\t<\/div>\r\n\t\t\t\t<\/div>\r\n\t\t\t<div class=\"p-wrap p-list p-list-1\" data-pid=\"4447\">\r\n\t\t\t<div class=\"list-holder\">\r\n\t\t\t<div class=\"list-feat-holder\">\r\n\t\t\t\t\t\t\t<div class=\"feat-holder\">\r\n\t\t\t\t\t\t<div class=\"p-featured\">\r\n\t\t\t\t\t<a class=\"p-flink\" href=\"https:\/\/theglobalhumanist.com\/es\/humanists-call-on-european-parliament-to-protect-human-centric-care-in-ai-rules\/\" title=\"Humanists call on European Parliament to protect human-centric care in AI rules\">\r\n\t\t\t<img loading=\"lazy\" decoding=\"async\" width=\"77\" height=\"77\" src=\"https:\/\/theglobalhumanist.com\/wp-content\/uploads\/2026\/06\/feedzy-Im3EPE.svgz\" class=\"featured-img wp-post-image\" alt=\"\" \/>\t\t<\/a>\r\n\t\t\t\t<\/div>\r\n\t<\/div>\r\n\t\t\t\t\t<\/div>\r\n\t\t\t<div class=\"p-content\">\r\n\t\t\t\t<h3 class=\"entry-title\">\t\t<a class=\"p-url\" href=\"https:\/\/theglobalhumanist.com\/es\/humanists-call-on-european-parliament-to-protect-human-centric-care-in-ai-rules\/\" rel=\"bookmark\">Humanists call on European Parliament to protect human-centric care in AI rules<\/a><\/h3><p class=\"entry-summary mobile-hide\">The post Humanists call on European Parliament to protect human-centric care in AI rules appeared first on Humanists International.<\/p>\r\n\t\t\t\t\t\t<div class=\"p-meta has-bookmark\">\r\n\t\t\t\t<div class=\"meta-inner is-meta\">\r\n\t\t\t\t\t\t\t<div class=\"meta-el meta-author\">\r\n\t\t\t<a href=\"https:\/\/theglobalhumanist.com\/es\/author\/ad4min\/\"><\/a>\t\t<\/div>\r\n\t\t\t\t<div class=\"meta-el meta-read\">0 minutos de lectura<\/div>\r\n\t\t\t\t\t\t<\/div>\r\n\t\t\t\t<span class=\"rb-bookmark bookmark-trigger\" data-pid=\"4447\"><\/span>\t\t\t<\/div>\r\n\t\t\t\t\t<\/div>\r\n\t\t<\/div>\r\n\t\t\t\t<\/div>\r\n\t\t\t<div class=\"p-wrap p-list p-list-1\" data-pid=\"4449\">\r\n\t\t\t<div class=\"list-holder\">\r\n\t\t\t<div class=\"list-feat-holder\">\r\n\t\t\t\t\t\t\t<div class=\"feat-holder\">\r\n\t\t\t\t\t\t<div class=\"p-featured\">\r\n\t\t\t\t\t<a class=\"p-flink\" href=\"https:\/\/theglobalhumanist.com\/es\/critical-thinking-project-reaches-over-300-people-in-five-ugandan-schools\/\" title=\"Critical thinking project reaches over 300 people in five Ugandan schools\">\r\n\t\t\t<img loading=\"lazy\" decoding=\"async\" width=\"77\" height=\"77\" src=\"https:\/\/theglobalhumanist.com\/wp-content\/uploads\/2026\/06\/feedzy-ABsvQc.svgz\" class=\"featured-img wp-post-image\" alt=\"\" \/>\t\t<\/a>\r\n\t\t\t\t<\/div>\r\n\t<\/div>\r\n\t\t\t\t\t<\/div>\r\n\t\t\t<div class=\"p-content\">\r\n\t\t\t\t<h3 class=\"entry-title\">\t\t<a class=\"p-url\" href=\"https:\/\/theglobalhumanist.com\/es\/critical-thinking-project-reaches-over-300-people-in-five-ugandan-schools\/\" rel=\"bookmark\">Critical thinking project reaches over 300 people in five Ugandan schools<\/a><\/h3><p class=\"entry-summary mobile-hide\">The post Critical thinking project reaches over 300 people in five Ugandan schools appeared first on Humanists International.<\/p>\r\n\t\t\t\t\t\t<div class=\"p-meta has-bookmark\">\r\n\t\t\t\t<div class=\"meta-inner is-meta\">\r\n\t\t\t\t\t\t\t<div class=\"meta-el meta-author\">\r\n\t\t\t<a href=\"https:\/\/theglobalhumanist.com\/es\/author\/ad4min\/\"><\/a>\t\t<\/div>\r\n\t\t\t\t<div class=\"meta-el meta-read\">0 minutos de lectura<\/div>\r\n\t\t\t\t\t\t<\/div>\r\n\t\t\t\t<span class=\"rb-bookmark bookmark-trigger\" data-pid=\"4449\"><\/span>\t\t\t<\/div>\r\n\t\t\t\t\t<\/div>\r\n\t\t<\/div>\r\n\t\t\t\t<\/div>\r\n\t<\/div>\t\t<div class=\"pagination-wrap pagination-loadmore\">\r\n\t\t\t<a href=\"#\" class=\"loadmore-trigger\"><span>Mostrar m\u00e1s<\/span><i class=\"rb-loader\" aria-hidden=\"true\"><\/i><\/a>\r\n\t\t<\/div>\r\n\t\t<\/div>\t\t\t\t<\/div>\n\t\t\t\t<\/div>\n\t\t\t\t<\/div>\n\t\t<div class=\"elementor-element elementor-element-efcf474 e-con-full rb-sticky e-flex e-con e-child\" data-id=\"efcf474\" data-element_type=\"container\">\n\t\t\t\t<div class=\"elementor-element elementor-element-574347f elementor-widget elementor-widget-foxiz-ad-image\" data-id=\"574347f\" data-element_type=\"widget\" data-widget_type=\"foxiz-ad-image.default\">\n\t\t\t\t<div class=\"elementor-widget-container\">\n\t\t\t\t\t<div class=\"ad-wrap ad-image-wrap\"><span class=\"ad-description is-meta\">- Anuncio -<\/span><div class=\"ad-image\"><img loading=\"lazy\" decoding=\"async\" src=\"https:\/\/export.themeruby.com\/foxiz\/buzzstream\/wp-content\/uploads\/sites\/46\/2024\/01\/n-banner.jpg\" alt=\"Ad image\" width=\"400\" height=\"600\"\/><\/div><\/div>\t\t\t\t<\/div>\n\t\t\t\t<\/div>\n\t\t\t\t<div class=\"elementor-element elementor-element-cc91349 elementor-widget elementor-widget-foxiz-heading\" data-id=\"cc91349\" data-element_type=\"widget\" data-widget_type=\"foxiz-heading.default\">\n\t\t\t\t<div class=\"elementor-widget-container\">\n\t\t\t\t\t<div id=\"uid_cc91349\" class=\"block-h heading-layout-7\"><div class=\"heading-inner\"><h3 class=\"heading-title\"><span>Minijuegos<\/span><\/h3><\/div><\/div>\t\t\t\t<\/div>\n\t\t\t\t<\/div>\n\t\t\t\t<div class=\"elementor-element elementor-element-a49308f elementor-position-right elementor-vertical-align-middle elementor-widget elementor-widget-image-box\" data-id=\"a49308f\" data-element_type=\"widget\" data-widget_type=\"image-box.default\">\n\t\t\t\t<div class=\"elementor-widget-container\">\n\t\t\t\t\t<div class=\"elementor-image-box-wrapper\"><figure class=\"elementor-image-box-img\"><a href=\"#\" tabindex=\"-1\"><img decoding=\"async\" src=\"https:\/\/foxiz.themeruby.com\/time\/wp-content\/uploads\/sites\/2\/2022\/08\/word.png\" title=\"\" alt=\"\" class=\"elementor-animation-buzz\" loading=\"lazy\" \/><\/a><\/figure><div class=\"elementor-image-box-content\"><h4 class=\"elementor-image-box-title\"><a href=\"#\">Wordle<\/a><\/h4><p class=\"elementor-image-box-description\">Adivina palabras de 4 a 11 letras y crea tus propios rompecabezas.<\/p><\/div><\/div>\t\t\t\t<\/div>\n\t\t\t\t<\/div>\n\t\t\t\t<div class=\"elementor-element elementor-element-9819f13 elementor-position-right elementor-vertical-align-middle elementor-widget elementor-widget-image-box\" data-id=\"9819f13\" data-element_type=\"widget\" data-widget_type=\"image-box.default\">\n\t\t\t\t<div class=\"elementor-widget-container\">\n\t\t\t\t\t<div class=\"elementor-image-box-wrapper\"><figure class=\"elementor-image-box-img\"><a href=\"#\" tabindex=\"-1\"><img decoding=\"async\" src=\"https:\/\/foxiz.themeruby.com\/time\/wp-content\/uploads\/sites\/2\/2022\/08\/box.png\" title=\"\" alt=\"\" class=\"elementor-animation-buzz\" loading=\"lazy\" \/><\/a><\/figure><div class=\"elementor-image-box-content\"><h4 class=\"elementor-image-box-title\"><a href=\"#\">En caja de cartas<\/a><\/h4><p class=\"elementor-image-box-description\">Crea palabras usando letras alrededor del cuadrado.<\/p><\/div><\/div>\t\t\t\t<\/div>\n\t\t\t\t<\/div>\n\t\t\t\t<div class=\"elementor-element elementor-element-d6405db elementor-position-right elementor-vertical-align-middle elementor-widget elementor-widget-image-box\" data-id=\"d6405db\" data-element_type=\"widget\" data-widget_type=\"image-box.default\">\n\t\t\t\t<div class=\"elementor-widget-container\">\n\t\t\t\t\t<div class=\"elementor-image-box-wrapper\"><figure class=\"elementor-image-box-img\"><a href=\"#\" tabindex=\"-1\"><img decoding=\"async\" src=\"https:\/\/foxiz.themeruby.com\/time\/wp-content\/uploads\/sites\/2\/2022\/08\/floor.png\" title=\"\" alt=\"\" class=\"elementor-animation-buzz\" loading=\"lazy\" \/><\/a><\/figure><div class=\"elementor-image-box-content\"><h4 class=\"elementor-image-box-title\"><a href=\"#\">Azulejos m\u00e1gicos<\/a><\/h4><p class=\"elementor-image-box-description\">Combina elementos y mant\u00e9n la cadena en marcha.<\/p><\/div><\/div>\t\t\t\t<\/div>\n\t\t\t\t<\/div>\n\t\t\t\t<div class=\"elementor-element elementor-element-90dc331 elementor-position-right elementor-vertical-align-middle elementor-widget elementor-widget-image-box\" data-id=\"90dc331\" data-element_type=\"widget\" data-widget_type=\"image-box.default\">\n\t\t\t\t<div class=\"elementor-widget-container\">\n\t\t\t\t\t<div class=\"elementor-image-box-wrapper\"><figure class=\"elementor-image-box-img\"><a href=\"#\" tabindex=\"-1\"><img decoding=\"async\" src=\"https:\/\/foxiz.themeruby.com\/time\/wp-content\/uploads\/sites\/2\/2022\/08\/chess.png\" title=\"\" alt=\"\" class=\"elementor-animation-buzz\" loading=\"lazy\" \/><\/a><\/figure><div class=\"elementor-image-box-content\"><h4 class=\"elementor-image-box-title\"><a href=\"#\">Respuesta de ajedrez<\/a><\/h4><p class=\"elementor-image-box-description\">Juega partidas de ajedrez hist\u00f3ricas.<\/p><\/div><\/div>\t\t\t\t<\/div>\n\t\t\t\t<\/div>\n\t\t\t\t<\/div>\n\t\t\t\t\t<\/div>\n\t\t\t\t<\/div>\n\t\t\t\t<\/div>","protected":false},"excerpt":{"rendered":"<p>edit Politics Zephyr Pulse 8 Min Read Assessing the Diplomatic Challenges and Global Security We are just an advanced breed of monkeys on a minor planet of a very average star. But we can understand the Universe. That makes us something very special. Headlines That Bridge Borders and Offer Insights Into International Serena Storyteller Challenge [&hellip;]<\/p>","protected":false},"author":1,"featured_media":0,"parent":0,"menu_order":0,"comment_status":"closed","ping_status":"closed","template":"","meta":{"content-type":"","footnotes":""},"class_list":["post-3067","page","type-page","status-publish"],"_links":{"self":[{"href":"https:\/\/theglobalhumanist.com\/es\/wp-json\/wp\/v2\/pages\/3067","targetHints":{"allow":["GET"]}}],"collection":[{"href":"https:\/\/theglobalhumanist.com\/es\/wp-json\/wp\/v2\/pages"}],"about":[{"href":"https:\/\/theglobalhumanist.com\/es\/wp-json\/wp\/v2\/types\/page"}],"author":[{"embeddable":true,"href":"https:\/\/theglobalhumanist.com\/es\/wp-json\/wp\/v2\/users\/1"}],"replies":[{"embeddable":true,"href":"https:\/\/theglobalhumanist.com\/es\/wp-json\/wp\/v2\/comments?post=3067"}],"version-history":[{"count":1,"href":"https:\/\/theglobalhumanist.com\/es\/wp-json\/wp\/v2\/pages\/3067\/revisions"}],"predecessor-version":[{"id":4018,"href":"https:\/\/theglobalhumanist.com\/es\/wp-json\/wp\/v2\/pages\/3067\/revisions\/4018"}],"wp:attachment":[{"href":"https:\/\/theglobalhumanist.com\/es\/wp-json\/wp\/v2\/media?parent=3067"}],"curies":[{"name":"wp","href":"https:\/\/api.w.org\/{rel}","templated":true}]}}