{"id":2175,"date":"2022-10-05T07:04:11","date_gmt":"2022-10-05T07:04:11","guid":{"rendered":"https:\/\/foxiz.themeruby.com\/time\/?page_id=2158"},"modified":"2024-07-29T05:59:51","modified_gmt":"2024-07-29T05:59:51","slug":"buzzstream-home","status":"publish","type":"page","link":"https:\/\/theglobalhumanist.com\/fr\/","title":{"rendered":"L&#039;humaniste mondial"},"content":{"rendered":"<div data-elementor-type=\"wp-page\" data-elementor-id=\"2175\" class=\"elementor elementor-2175\" data-elementor-post-type=\"page\">\n\t\t\t\t<div class=\"elementor-element elementor-element-cf90c41 e-flex e-con-boxed e-con e-parent\" data-id=\"cf90c41\" data-element_type=\"container\">\n\t\t\t\t\t<div class=\"e-con-inner\">\n\t\t<div class=\"elementor-element elementor-element-0f75b5c e-con-full e-flex e-con e-child\" data-id=\"0f75b5c\" data-element_type=\"container\">\n\t\t\t\t<div class=\"elementor-element elementor-element-359e02c elementor-widget elementor-widget-foxiz-grid-flex-1\" data-id=\"359e02c\" data-element_type=\"widget\" data-widget_type=\"foxiz-grid-flex-1.default\">\n\t\t\t\t<div class=\"elementor-widget-container\">\n\t\t\t\t\t<div id=\"uid_359e02c\" class=\"block-wrap block-grid block-grid-flex-1 rb-columns rb-col-1 rb-tcol-1 rb-mcol-1 is-gap-20 hovering-fade ecat-bg-4 ecat-size-big meta-s-line\"><div class=\"block-inner\">\t\t<div class=\"p-wrap p-grid p-grid-1\" data-pid=\"3312\">\r\n\t\t\t\t<div class=\"feat-holder\">\r\n\t\t\t\t\t\t<div class=\"p-featured\">\r\n\t\t\t\t\t<a class=\"p-flink\" href=\"https:\/\/theglobalhumanist.com\/fr\/evolutionary-perspectives-on-religion-and-violence-by-candace-alcorta-and-richard-sosis\/\" title=\"Perspectives \u00e9volutionnistes sur la religion et la violence par Candace Alcorta et Richard Sosis\">\r\n\t\t\t<img fetchpriority=\"high\" decoding=\"async\" width=\"462\" height=\"648\" src=\"https:\/\/theglobalhumanist.com\/wp-content\/uploads\/2024\/07\/Evolutionary-Perspectives-on-Religion-and-Violence-by-Candace-Alcorta-and-Richard-Sosis.jpg\" class=\"featured-img wp-post-image\" alt=\"\" loading=\"eager\" \/>\t\t<\/a>\r\n\t\t\t\t<\/div>\r\n\t<div class=\"p-categories light-scheme p-top\"><a class=\"p-category category-id-851\" href=\"https:\/\/theglobalhumanist.com\/fr\/category\/books\/\" rel=\"category\">Livres<\/a><a class=\"p-category category-id-49\" href=\"https:\/\/theglobalhumanist.com\/fr\/category\/history\/\" rel=\"category\">Histoire<\/a><\/div><\/div>\r\n\t\t\t\t\t<div class=\"p-meta has-bookmark\">\r\n\t\t\t\t<div class=\"meta-inner is-meta\">\r\n\t\t\t\t\t\t\t<div class=\"meta-el meta-author\">\r\n\t\t\t<a href=\"https:\/\/theglobalhumanist.com\/fr\/author\/ad4min\/\"><\/a>\t\t<\/div>\r\n\t\t\t\t<div class=\"meta-el meta-read\">1 Min Read<\/div>\r\n\t\t\t\t\t\t<\/div>\r\n\t\t\t\t<span class=\"rb-bookmark bookmark-trigger\" data-pid=\"3312\"><\/span>\t\t\t<\/div>\r\n\t\t<h2 class=\"entry-title\">\t\t<a class=\"p-url\" href=\"https:\/\/theglobalhumanist.com\/fr\/evolutionary-perspectives-on-religion-and-violence-by-candace-alcorta-and-richard-sosis\/\" rel=\"bookmark\">Perspectives \u00e9volutionnistes sur la religion et la violence par Candace Alcorta et Richard Sosis<\/a><\/h2><p class=\"entry-summary\">\u00ab\u00a0Perspectives \u00e9volutionnistes sur la religion et la violence\u00a0\u00bb, de Candace Alcorta et Richard Sosis, examine la relation entre religion et violence \u00e0 travers le prisme de la th\u00e9orie \u00e9volutionniste. L&#039;ouvrage explore comment\u2026<\/p>\r\n\t\t\t\t\t<\/div>\r\n\t<\/div><\/div>\t\t\t\t<\/div>\n\t\t\t\t<\/div>\n\t\t\t\t<\/div>\n\t\t<div class=\"elementor-element elementor-element-246b5cb e-con-full e-flex e-con e-child\" data-id=\"246b5cb\" data-element_type=\"container\">\n\t\t\t\t<div class=\"elementor-element elementor-element-2b5fa8b elementor-widget elementor-widget-foxiz-heading\" data-id=\"2b5fa8b\" data-element_type=\"widget\" data-widget_type=\"foxiz-heading.default\">\n\t\t\t\t<div class=\"elementor-widget-container\">\n\t\t\t\t\t<div id=\"uid_2b5fa8b\" class=\"block-h heading-layout-16\"><div class=\"heading-inner\"><h3 class=\"heading-title\"><span>Titres<\/span><\/h3><\/div><\/div>\t\t\t\t<\/div>\n\t\t\t\t<\/div>\n\t\t\t\t<div class=\"elementor-element elementor-element-4f24e55 elementor-widget elementor-widget-foxiz-list-small-1\" data-id=\"4f24e55\" data-element_type=\"widget\" data-widget_type=\"foxiz-list-small-1.default\">\n\t\t\t\t<div class=\"elementor-widget-container\">\n\t\t\t\t\t<div id=\"uid_4f24e55\" class=\"block-wrap block-small block-list block-list-small-1 rb-columns rb-col-1 rb-tcol-4 rb-mcol-1 is-gap-custom col-border is-border-gray bottom-border is-b-border-gray no-last-bb meta-s-line\"><div class=\"block-inner\">\t\t<div class=\"p-wrap p-small p-list-small-1\" data-pid=\"4431\">\r\n\t\t\t<div class=\"p-content\">\r\n\t\t\t<h3 class=\"entry-title\"><i class=\"rbi rbi-next\" aria-hidden=\"true\"><\/i>\t\t<a class=\"p-url\" href=\"https:\/\/theglobalhumanist.com\/fr\/humanists-international-warns-against-regional-escalation-at-the-un-foregrounding-human-rights-concerns\/\" rel=\"bookmark\">Humanists International warns against regional escalation at the UN, foregrounding human rights concerns<\/a><\/h3>\t\t\t<div class=\"p-meta has-bookmark\">\r\n\t\t\t\t<div class=\"meta-inner is-meta\">\r\n\t\t\t\t\t\t\t<div class=\"meta-el meta-author\">\r\n\t\t\t<a href=\"https:\/\/theglobalhumanist.com\/fr\/author\/ad4min\/\"><\/a>\t\t<\/div>\r\n\t\t\t\t\t\t<\/div>\r\n\t\t\t\t<span class=\"rb-bookmark bookmark-trigger\" data-pid=\"4431\"><\/span>\t\t\t<\/div>\r\n\t\t\t\t<\/div>\r\n\t\t\t\t<\/div>\r\n\t\t\t<div class=\"p-wrap p-small p-list-small-1\" data-pid=\"2992\">\r\n\t\t\t<div class=\"p-content\">\r\n\t\t\t<h3 class=\"entry-title\"><i class=\"rbi rbi-next\" aria-hidden=\"true\"><\/i>\t\t<a class=\"p-url\" href=\"https:\/\/theglobalhumanist.com\/fr\/the-gospel-of-the-flying-spaghetti-monster-by-bobby-henderson\/\" rel=\"bookmark\">L&#039;\u00c9vangile du monstre de spaghetti volant de Bobby Henderson<\/a><\/h3>\t\t\t<div class=\"p-meta has-bookmark\">\r\n\t\t\t\t<div class=\"meta-inner is-meta\">\r\n\t\t\t\t\t\t\t<div class=\"meta-el meta-author\">\r\n\t\t\t<a href=\"https:\/\/theglobalhumanist.com\/fr\/author\/ad4min\/\"><\/a>\t\t<\/div>\r\n\t\t\t\t\t\t<\/div>\r\n\t\t\t\t<span class=\"rb-bookmark bookmark-trigger\" data-pid=\"2992\"><\/span>\t\t\t<\/div>\r\n\t\t\t\t<\/div>\r\n\t\t\t\t<\/div>\r\n\t\t\t<div class=\"p-wrap p-small p-list-small-1\" data-pid=\"3741\">\r\n\t\t\t<div class=\"p-content\">\r\n\t\t\t<h3 class=\"entry-title\"><i class=\"rbi rbi-next\" aria-hidden=\"true\"><\/i>\t\t<a class=\"p-url\" href=\"https:\/\/theglobalhumanist.com\/fr\/the-original-atheists-first-thoughts-on-nonbelief-by-s-t-joshi\/\" rel=\"bookmark\">Les ath\u00e9es originels\u00a0: premi\u00e8res r\u00e9flexions sur la non-croyance par ST Joshi<\/a><\/h3>\t\t\t<div class=\"p-meta has-bookmark\">\r\n\t\t\t\t<div class=\"meta-inner is-meta\">\r\n\t\t\t\t\t\t\t<div class=\"meta-el meta-author\">\r\n\t\t\t<a href=\"https:\/\/theglobalhumanist.com\/fr\/author\/ad4min\/\"><\/a>\t\t<\/div>\r\n\t\t\t\t\t\t<\/div>\r\n\t\t\t\t<span class=\"rb-bookmark bookmark-trigger\" data-pid=\"3741\"><\/span>\t\t\t<\/div>\r\n\t\t\t\t<\/div>\r\n\t\t\t\t<\/div>\r\n\t\t\t<div class=\"p-wrap p-small p-list-small-1\" data-pid=\"3010\">\r\n\t\t\t<div class=\"p-content\">\r\n\t\t\t<h3 class=\"entry-title\"><i class=\"rbi rbi-next\" aria-hidden=\"true\"><\/i>\t\t<a class=\"p-url\" href=\"https:\/\/theglobalhumanist.com\/fr\/why-are-you-atheists-so-angry-99-things-that-piss-off-the-godless-by-greta-christina\/\" rel=\"bookmark\">Pourquoi \u00eates-vous si en col\u00e8re, vous les ath\u00e9es\u00a0: 99 choses qui \u00e9nervent les ath\u00e9es par Greta Christina<\/a><\/h3>\t\t\t<div class=\"p-meta has-bookmark\">\r\n\t\t\t\t<div class=\"meta-inner is-meta\">\r\n\t\t\t\t\t\t\t<div class=\"meta-el meta-author\">\r\n\t\t\t<a href=\"https:\/\/theglobalhumanist.com\/fr\/author\/ad4min\/\"><\/a>\t\t<\/div>\r\n\t\t\t\t\t\t<\/div>\r\n\t\t\t\t<span class=\"rb-bookmark bookmark-trigger\" data-pid=\"3010\"><\/span>\t\t\t<\/div>\r\n\t\t\t\t<\/div>\r\n\t\t\t\t<\/div>\r\n\t<\/div><\/div>\t\t\t\t<\/div>\n\t\t\t\t<\/div>\n\t\t\t\t<\/div>\n\t\t<div class=\"elementor-element elementor-element-fa7295a e-con-full e-flex e-con e-child\" data-id=\"fa7295a\" data-element_type=\"container\" data-settings=\"{&quot;background_background&quot;:&quot;classic&quot;}\">\n\t\t\t\t<div class=\"elementor-element elementor-element-c8d956f elementor-widget elementor-widget-foxiz-heading\" data-id=\"c8d956f\" data-element_type=\"widget\" data-widget_type=\"foxiz-heading.default\">\n\t\t\t\t<div class=\"elementor-widget-container\">\n\t\t\t\t\t<div id=\"uid_c8d956f\" class=\"block-h heading-layout-c10\"><div class=\"heading-inner\"><h4 class=\"heading-title\"><span>Un r\u00e9f\u00e9rentiel num\u00e9rique complet !<\/span><\/h4><div class=\"heading-tagline h6\"><span class=\"heading-tagline-label\">Nous nous engageons \u00e0 favoriser une communaut\u00e9 mondiale en offrant un acc\u00e8s gratuit \u00e0 diverses ressources humanistes, en promouvant la pens\u00e9e critique et en inspirant une action compatissante dans le monde entier.<\/span><\/div><\/div><\/div>\t\t\t\t<\/div>\n\t\t\t\t<\/div>\n\t\t\t\t<div class=\"elementor-element elementor-element-3d3caa5 yes-mono elementor-widget elementor-widget-foxiz-social-follower\" data-id=\"3d3caa5\" data-element_type=\"widget\" data-widget_type=\"foxiz-social-follower.default\">\n\t\t\t\t<div class=\"elementor-widget-container\">\n\t\t\t\t\t<div class=\"socials-counter h6 is-style-6 is-icon-color is-h-bg\"><div class=\"social-follower effect-fadeout\"><div class=\"follower-el fb-follower\"><a target=\"_blank\" href=\"https:\/\/facebook.com\/https:\/\/web.facebook.com\/profile.php?id=61563499943682\" class=\"facebook\" aria-label=\"Facebook\" rel=\"noopener nofollow\"><\/a><span class=\"follower-inner\"><span class=\"fnicon\"><i class=\"rbi rbi-facebook\" aria-hidden=\"true\"><\/i><\/span><span class=\"fnlabel\">Facebook<\/span><span class=\"text-count\">Like<\/span><\/span><\/div><div class=\"follower-el twitter-follower\"><a target=\"_blank\" href=\"https:\/\/twitter.com\/https:\/\/x.com\/humanist_global\" class=\"twitter\" aria-label=\"X\" rel=\"noopener nofollow\"><\/a><span class=\"follower-inner\"><span class=\"fnicon\"><i class=\"rbi rbi-twitter\" aria-hidden=\"true\"><\/i><\/span><span class=\"fnlabel\">X<\/span><span class=\"text-count\">Follow<\/span><\/span><\/div><div class=\"follower-el instagram-follower\"><a target=\"_blank\" href=\"https:\/\/instagram.com\/https:\/\/www.instagram.com\/the_globalhumanist\" class=\"instagram\" aria-label=\"Instagram\" rel=\"noopener nofollow\"><\/a><span class=\"follower-inner\"><span class=\"fnicon\"><i class=\"rbi rbi-instagram\" aria-hidden=\"true\"><\/i><\/span><span class=\"fnlabel\">Instagram<\/span><span class=\"text-count\">Follow<\/span><\/span><\/div><div class=\"follower-el youtube-follower\"><a target=\"_blank\" href=\"#\" class=\"youtube\" aria-label=\"Youtube\" rel=\"noopener nofollow\"><\/a><span class=\"follower-inner\"><span class=\"fnicon\"><i class=\"rbi rbi-youtube\" aria-hidden=\"true\"><\/i><\/span><span class=\"fnlabel\">Youtube<\/span><span class=\"text-count\">S&#039;abonner<\/span><\/span><\/div><div class=\"follower-el linkedin-follower\"><a target=\"_blank\" href=\"https:\/\/www.linkedin.com\/company\/the-global-humanist\/\" class=\"linkedin\" aria-label=\"LinkedIn\" rel=\"noopener nofollow\"><\/a><span class=\"follower-inner\"><span class=\"fnicon\"><i class=\"rbi rbi-linkedin\" aria-hidden=\"true\"><\/i><\/span><span class=\"fnlabel\">LinkedIn<\/span><span class=\"text-count\">Follow<\/span><\/span><\/div><div class=\"follower-el threads-follower\"><a target=\"_blank\" href=\"https:\/\/www.threads.net\/@the_globalhumanist\" class=\"threads\" aria-label=\"Fils\" rel=\"noopener nofollow\"><\/a><span class=\"follower-inner\"><span class=\"fnicon\"><i class=\"rbi rbi-threads\" aria-hidden=\"true\"><\/i><\/span><span class=\"fnlabel\">Fils<\/span><span class=\"text-count\">Follow<\/span><\/span><\/div><\/div><\/div>\t\t\t\t<\/div>\n\t\t\t\t<\/div>\n\t\t\t\t<\/div>\n\t\t\t\t\t<\/div>\n\t\t\t\t<\/div>\n\t\t<div class=\"elementor-element elementor-element-4dfc2c8 e-flex e-con-boxed e-con e-parent\" data-id=\"4dfc2c8\" data-element_type=\"container\">\n\t\t\t\t\t<div class=\"e-con-inner\">\n\t\t\t\t<div class=\"elementor-element elementor-element-52eec7e elementor-widget elementor-widget-foxiz-heading\" data-id=\"52eec7e\" data-element_type=\"widget\" data-widget_type=\"foxiz-heading.default\">\n\t\t\t\t<div class=\"elementor-widget-container\">\n\t\t\t\t\t<div id=\"uid_52eec7e\" class=\"block-h heading-layout-5\"><div class=\"heading-inner\"><h3 class=\"heading-title\"><span>Les plus lus cette semaine<\/span><\/h3><\/div><\/div>\t\t\t\t<\/div>\n\t\t\t\t<\/div>\n\t\t\t\t\t<\/div>\n\t\t\t\t<\/div>\n\t\t<div class=\"elementor-element elementor-element-9a15ccf e-flex e-con-boxed e-con e-parent\" data-id=\"9a15ccf\" data-element_type=\"container\">\n\t\t\t\t\t<div class=\"e-con-inner\">\n\t\t<div class=\"elementor-element elementor-element-592c597 e-con-full e-flex e-con e-child\" data-id=\"592c597\" data-element_type=\"container\">\n\t\t\t\t<div class=\"elementor-element elementor-element-ae1cca4 elementor-widget-tablet__width-initial elementor-widget elementor-widget-foxiz-ad-image\" data-id=\"ae1cca4\" data-element_type=\"widget\" data-widget_type=\"foxiz-ad-image.default\">\n\t\t\t\t<div class=\"elementor-widget-container\">\n\t\t\t\t\t<div class=\"ad-wrap ad-image-wrap\"><span class=\"ad-description is-meta\">- Publicit\u00e9 -<\/span><div class=\"ad-image\"><a class=\"ad-destination\" target=\"_blank\" rel=\"noopener nofollow\" href=\"\/\/1.envato.market\/MXYjYo\"><img loading=\"lazy\" decoding=\"async\" src=\"https:\/\/export.themeruby.com\/foxiz\/buzzstream\/wp-content\/uploads\/sites\/46\/2024\/01\/n-banner.jpg\" alt=\"Ad image\" width=\"400\" height=\"600\"\/><\/a><\/div><\/div>\t\t\t\t<\/div>\n\t\t\t\t<\/div>\n\t\t\t\t<\/div>\n\t\t<div class=\"elementor-element elementor-element-c32a2e0 e-con-full e-flex e-con e-child\" data-id=\"c32a2e0\" data-element_type=\"container\">\n\t\t\t\t<div class=\"elementor-element elementor-element-34abd94 elementor-widget elementor-widget-foxiz-list-1\" data-id=\"34abd94\" data-element_type=\"widget\" data-widget_type=\"foxiz-list-1.default\">\n\t\t\t\t<div class=\"elementor-widget-container\">\n\t\t\t\t\t<div id=\"uid_34abd94\" class=\"block-wrap block-big block-list block-list-1 rb-columns rb-col-1 rb-tcol-1 rb-mcol-1 hovering-fade bottom-border is-b-border-gray p-vtop ecat-bg-4 is-feat-right meta-s-line\"><div class=\"block-inner\">\t\t<div class=\"p-wrap p-list p-list-1\" data-pid=\"3726\">\r\n\t\t\t<div class=\"list-holder\">\r\n\t\t\t<div class=\"list-feat-holder\">\r\n\t\t\t\t\t\t\t<div class=\"feat-holder\">\r\n\t\t\t\t\t\t<div class=\"p-featured\">\r\n\t\t\t\t\t<a class=\"p-flink\" href=\"https:\/\/theglobalhumanist.com\/fr\/the-atheists-way-living-well-without-gods-by-eric-maisel\/\" title=\"La voie de l&#039;ath\u00e9e : bien vivre sans dieux par Eric Maisel\">\r\n\t\t\t<img loading=\"lazy\" decoding=\"async\" width=\"472\" height=\"410\" src=\"https:\/\/theglobalhumanist.com\/wp-content\/uploads\/2024\/07\/The-Atheists-Way-Living-Well-Without-Gods-by-Eric-Maisel-472x410.jpg\" class=\"featured-img wp-post-image\" alt=\"\" \/>\t\t<\/a>\r\n\t\t\t\t<\/div>\r\n\t<div class=\"p-categories light-scheme p-top\"><a class=\"p-category category-id-851\" href=\"https:\/\/theglobalhumanist.com\/fr\/category\/books\/\" rel=\"category\">Livres<\/a><a class=\"p-category category-id-45\" href=\"https:\/\/theglobalhumanist.com\/fr\/category\/philosophy\/\" rel=\"category\">Philosophie<\/a><\/div><\/div>\r\n\t\t\t\t\t<\/div>\r\n\t\t\t<div class=\"p-content\">\r\n\t\t\t\t<h2 class=\"entry-title\">\t\t<a class=\"p-url\" href=\"https:\/\/theglobalhumanist.com\/fr\/the-atheists-way-living-well-without-gods-by-eric-maisel\/\" rel=\"bookmark\">La voie de l&#039;ath\u00e9e : bien vivre sans dieux par Eric Maisel<\/a><\/h2><p class=\"entry-summary\">\u00ab\u00a0La Voie de l&#039;Ath\u00e9e\u00a0: Bien vivre sans Dieu\u00a0\u00bb d&#039;Eric Maisel propose des conseils pour vivre une vie pleine de sens et \u00e9panouissante, sans se fier aux croyances religieuses. Maisel offre des conseils pratiques pour d\u00e9velopper\u2026<\/p>\r\n\t\t\t\t\t\t<div class=\"p-meta has-bookmark\">\r\n\t\t\t\t<div class=\"meta-inner is-meta\">\r\n\t\t\t\t\t\t\t<a class=\"meta-el meta-avatar\" href=\"https:\/\/theglobalhumanist.com\/fr\/author\/ad4min\/\"><img alt='' src='https:\/\/secure.gravatar.com\/avatar\/0503e328cbef274ead1225b9469fea557f6e98ae6b8d7368f28dbc177fe966a2?s=44&#038;d=mm&#038;r=g' srcset='https:\/\/secure.gravatar.com\/avatar\/0503e328cbef274ead1225b9469fea557f6e98ae6b8d7368f28dbc177fe966a2?s=88&#038;d=mm&#038;r=g 2x' class='avatar avatar-44 photo' height='44' width='44' \/><\/a>\r\n\t\t\t\t<div class=\"meta-el meta-author\">\r\n\t\t\t<a href=\"https:\/\/theglobalhumanist.com\/fr\/author\/ad4min\/\"><\/a>\t\t<\/div>\r\n\t\t\t\t<div class=\"meta-el meta-update\">\r\n\t\t\t<i class=\"rbi rbi-time\" aria-hidden=\"true\"><\/i>\t\t\t<time class=\"updated\" datetime=\"2025-04-08T04:50:40+00:00\">8 avril 2025<\/time>\r\n\t\t<\/div>\r\n\t\t\t\t\t\t<\/div>\r\n\t\t\t\t<span class=\"rb-bookmark bookmark-trigger\" data-pid=\"3726\"><\/span>\t\t\t<\/div>\r\n\t\t\t\t\t<\/div>\r\n\t\t<\/div>\r\n\t\t\t\t<\/div>\r\n\t<\/div><\/div>\t\t\t\t<\/div>\n\t\t\t\t<\/div>\n\t\t\t\t<div class=\"elementor-element elementor-element-ed4401c elementor-widget elementor-widget-foxiz-list-small-1\" data-id=\"ed4401c\" data-element_type=\"widget\" data-widget_type=\"foxiz-list-small-1.default\">\n\t\t\t\t<div class=\"elementor-widget-container\">\n\t\t\t\t\t<div id=\"uid_ed4401c\" class=\"block-wrap block-small block-list block-list-small-1 rb-columns rb-col-3 rb-tcol-3 rb-mcol-1 is-gap-custom col-border is-border-gray bottom-border is-b-border-gray no-last-bb ecat-bg-4 meta-s-line\"><div class=\"block-inner\">\t\t<div class=\"p-wrap p-small p-list-small-1\" data-pid=\"3783\">\r\n\t\t\t<div class=\"p-content\">\r\n\t\t\t<div class=\"p-categories p-top\"><a class=\"p-category category-id-851\" href=\"https:\/\/theglobalhumanist.com\/fr\/category\/books\/\" rel=\"category\">Livres<\/a><a class=\"p-category category-id-44\" href=\"https:\/\/theglobalhumanist.com\/fr\/category\/science\/\" rel=\"category\">Science<\/a><\/div><h3 class=\"entry-title\">\t\t<a class=\"p-url\" href=\"https:\/\/theglobalhumanist.com\/fr\/a-devils-chaplain-reflections-on-hope-lies-science-and-love-by-richard-dawkins\/\" rel=\"bookmark\">L&#039;aum\u00f4nier du diable : r\u00e9flexions sur l&#039;espoir, les mensonges, la science et l&#039;amour par Richard Dawkins<\/a><\/h3><p class=\"entry-summary\">\u00ab L&#039;aum\u00f4nier du diable : r\u00e9flexions sur l&#039;espoir, les mensonges, la science et l&#039;amour \u00bb de Richard Dawkins est un\u2026<\/p>\r\n\t\t\t\t\t\t<div class=\"p-meta has-bookmark\">\r\n\t\t\t\t<div class=\"meta-inner is-meta\">\r\n\t\t\t\t\t\t\t<div class=\"meta-el meta-author\">\r\n\t\t\t<a href=\"https:\/\/theglobalhumanist.com\/fr\/author\/ad4min\/\"><\/a>\t\t<\/div>\r\n\t\t\t\t\t\t<\/div>\r\n\t\t\t\t<span class=\"rb-bookmark bookmark-trigger\" data-pid=\"3783\"><\/span>\t\t\t<\/div>\r\n\t\t\t\t<\/div>\r\n\t\t\t\t<\/div>\r\n\t\t\t<div class=\"p-wrap p-small p-list-small-1\" data-pid=\"3734\">\r\n\t\t\t<div class=\"p-content\">\r\n\t\t\t<div class=\"p-categories p-top\"><a class=\"p-category category-id-851\" href=\"https:\/\/theglobalhumanist.com\/fr\/category\/books\/\" rel=\"category\">Livres<\/a><a class=\"p-category category-id-45\" href=\"https:\/\/theglobalhumanist.com\/fr\/category\/philosophy\/\" rel=\"category\">Philosophie<\/a><\/div><h3 class=\"entry-title\">\t\t<a class=\"p-url\" href=\"https:\/\/theglobalhumanist.com\/fr\/the-cambridge-companion-to-atheism-by-michael-martin\/\" rel=\"bookmark\">Le compagnon de Cambridge de l&#039;ath\u00e9isme par Michael Martin<\/a><\/h3><p class=\"entry-summary\">\u00ab The Cambridge Companion to Atheism \u00bb \u00e9dit\u00e9 par Michael Martin est une anthologie compl\u00e8te explorant divers\u2026<\/p>\r\n\t\t\t\t\t\t<div class=\"p-meta has-bookmark\">\r\n\t\t\t\t<div class=\"meta-inner is-meta\">\r\n\t\t\t\t\t\t\t<div class=\"meta-el meta-author\">\r\n\t\t\t<a href=\"https:\/\/theglobalhumanist.com\/fr\/author\/ad4min\/\"><\/a>\t\t<\/div>\r\n\t\t\t\t\t\t<\/div>\r\n\t\t\t\t<span class=\"rb-bookmark bookmark-trigger\" data-pid=\"3734\"><\/span>\t\t\t<\/div>\r\n\t\t\t\t<\/div>\r\n\t\t\t\t<\/div>\r\n\t\t\t<div class=\"p-wrap p-small p-list-small-1\" data-pid=\"3726\">\r\n\t\t\t<div class=\"p-content\">\r\n\t\t\t<div class=\"p-categories p-top\"><a class=\"p-category category-id-851\" href=\"https:\/\/theglobalhumanist.com\/fr\/category\/books\/\" rel=\"category\">Livres<\/a><a class=\"p-category category-id-45\" href=\"https:\/\/theglobalhumanist.com\/fr\/category\/philosophy\/\" rel=\"category\">Philosophie<\/a><\/div><h3 class=\"entry-title\">\t\t<a class=\"p-url\" href=\"https:\/\/theglobalhumanist.com\/fr\/the-atheists-way-living-well-without-gods-by-eric-maisel\/\" rel=\"bookmark\">La voie de l&#039;ath\u00e9e : bien vivre sans dieux par Eric Maisel<\/a><\/h3><p class=\"entry-summary\">\u00ab La voie de l&#039;ath\u00e9e : bien vivre sans dieux \u00bb d&#039;Eric Maisel offre des conseils pour vivre une\u2026<\/p>\r\n\t\t\t\t\t\t<div class=\"p-meta has-bookmark\">\r\n\t\t\t\t<div class=\"meta-inner is-meta\">\r\n\t\t\t\t\t\t\t<div class=\"meta-el meta-author\">\r\n\t\t\t<a href=\"https:\/\/theglobalhumanist.com\/fr\/author\/ad4min\/\"><\/a>\t\t<\/div>\r\n\t\t\t\t\t\t<\/div>\r\n\t\t\t\t<span class=\"rb-bookmark bookmark-trigger\" data-pid=\"3726\"><\/span>\t\t\t<\/div>\r\n\t\t\t\t<\/div>\r\n\t\t\t\t<\/div>\r\n\t<\/div><\/div>\t\t\t\t<\/div>\n\t\t\t\t<\/div>\n\t\t\t\t<\/div>\n\t\t\t\t\t<\/div>\n\t\t\t\t<\/div>\n\t\t<div class=\"elementor-element elementor-element-313e6b5 e-flex e-con-boxed e-con e-parent\" data-id=\"313e6b5\" data-element_type=\"container\">\n\t\t\t\t\t<div class=\"e-con-inner\">\n\t\t\t\t<div class=\"elementor-element elementor-element-aadd301 elementor-widget elementor-widget-foxiz-heading\" data-id=\"aadd301\" data-element_type=\"widget\" data-widget_type=\"foxiz-heading.default\">\n\t\t\t\t<div class=\"elementor-widget-container\">\n\t\t\t\t\t<div id=\"uid_aadd301\" class=\"block-h heading-layout-5\"><div class=\"heading-inner\"><h3 class=\"heading-title\"><span>Juste pour toi<\/span><\/h3><\/div><\/div>\t\t\t\t<\/div>\n\t\t\t\t<\/div>\n\t\t\t\t<div class=\"elementor-element elementor-element-93e49bc elementor-widget elementor-widget-foxiz-grid-recommended-1\" data-id=\"93e49bc\" data-element_type=\"widget\" data-widget_type=\"foxiz-grid-recommended-1.default\">\n\t\t\t\t<div class=\"elementor-widget-container\">\n\t\t\t\t\t<div id=\"uid_93e49bc\" class=\"block-wrap block-grid block-grid-personalize-1 is-ajax-block is-hoz-scroll rb-columns rb-col-4 is-gap-custom col-border is-border-gray hovering-fade bottom-border is-b-border-gray no-last-bb ecat-bg-4 is-m-grid meta-s-line\"><div class=\"block-loader\"><svg class=\"svg-icon svg-loading\" aria-hidden=\"true\" role=\"img\" focusable=\"false\" version=\"1.1\" viewbox=\"0 0 66 100\" xmlns=\"http:\/\/www.w3.org\/2000\/svg\"><circle cx=\"6\" cy=\"50\" r=\"6\" fill=\"currentColor\"><animatetransform attributename=\"transform\" begin=\"0.1\" dur=\"1s\" repeatcount=\"indefinite\" type=\"translate\" values=\"0 15 ; 0 -15; 0 15\"\/><\/circle><circle cx=\"30\" cy=\"50\" r=\"6\" fill=\"currentColor\"><animatetransform attributename=\"transform\" begin=\"0.2\" dur=\"1s\" repeatcount=\"indefinite\" type=\"translate\" values=\"0 10 ; 0 -10; 0 10\"\/><\/circle><circle cx=\"54\" cy=\"50\" r=\"6\" fill=\"currentColor\"><animatetransform attributename=\"transform\" begin=\"0.3\" dur=\"1s\" repeatcount=\"indefinite\" type=\"translate\" values=\"0 5 ; 0 -5; 0 5\"\/><\/circle><\/svg><\/div><\/div>\t\t\t\t<\/div>\n\t\t\t\t<\/div>\n\t\t\t\t<div class=\"elementor-element elementor-element-5d49376 elementor-widget elementor-widget-foxiz-heading\" data-id=\"5d49376\" data-element_type=\"widget\" data-widget_type=\"foxiz-heading.default\">\n\t\t\t\t<div class=\"elementor-widget-container\">\n\t\t\t\t\t<div id=\"uid_5d49376\" class=\"block-h heading-layout-5\"><div class=\"heading-inner\"><h3 class=\"heading-title\"><a class=\"h-link\" href=\"https:\/\/foxiz.themeruby.com\/buzzstream\/category\/opinion\/\">Rationalisme<\/a><\/h3><div class=\"heading-tagline h6\"><a class=\"heading-tagline-label\" href=\"https:\/\/foxiz.themeruby.com\/buzzstream\/category\/opinion\/\">Plus de messages<\/a><\/div><\/div><\/div>\t\t\t\t<\/div>\n\t\t\t\t<\/div>\n\t\t\t\t<div class=\"elementor-element elementor-element-24adc3f elementor-widget elementor-widget-foxiz-list-1\" data-id=\"24adc3f\" data-element_type=\"widget\" data-widget_type=\"foxiz-list-1.default\">\n\t\t\t\t<div class=\"elementor-widget-container\">\n\t\t\t\t\t<div id=\"uid_24adc3f\" class=\"block-wrap block-big block-list block-list-1 rb-columns rb-col-2 rb-tcol-1 rb-mcol-1 is-gap-custom col-border is-border-gray hovering-fade bottom-border is-b-border-gray no-last-bb p-vtop ecat-bg-4 is-feat-left is-m-list res-feat-left meta-s-line\"><div class=\"block-inner\">\t\t<div class=\"p-wrap p-list p-list-1\" data-pid=\"3025\">\r\n\t\t\t<div class=\"list-holder\">\r\n\t\t\t<div class=\"list-feat-holder\">\r\n\t\t\t\t\t\t\t<div class=\"feat-holder\">\r\n\t\t\t\t\t\t<div class=\"p-featured\">\r\n\t\t\t\t\t<a class=\"p-flink\" href=\"https:\/\/theglobalhumanist.com\/fr\/lying-by-sam-harris\/\" title=\"Mentir par Sam Harris\">\r\n\t\t\t<img loading=\"lazy\" decoding=\"async\" width=\"420\" height=\"280\" src=\"https:\/\/theglobalhumanist.com\/wp-content\/uploads\/2023\/12\/Lying22-by-Sam-Harris-420x280.jpg\" class=\"featured-img wp-post-image\" alt=\"\" \/>\t\t<\/a>\r\n\t\t\t\t<\/div>\r\n\t<div class=\"p-categories light-scheme p-top mobile-hide\"><a class=\"p-category category-id-851\" href=\"https:\/\/theglobalhumanist.com\/fr\/category\/books\/\" rel=\"category\">Livres<\/a><a class=\"p-category category-id-43\" href=\"https:\/\/theglobalhumanist.com\/fr\/category\/critiques\/\" rel=\"category\">Critiques<\/a><\/div><\/div>\r\n\t\t\t\t\t<\/div>\r\n\t\t\t<div class=\"p-content\">\r\n\t\t\t\t<h2 class=\"entry-title\">\t\t<a class=\"p-url\" href=\"https:\/\/theglobalhumanist.com\/fr\/lying-by-sam-harris\/\" rel=\"bookmark\">Mentir par Sam Harris<\/a><\/h2><p class=\"entry-summary mobile-hide\">\u00ab\u00a0Lying\u00a0\u00bb de Sam Harris explore les implications et les cons\u00e9quences \u00e9thiques du mensonge. Harris soutient que\u2026<\/p>\r\n\t\t\t\t\t\t<div class=\"p-meta has-bookmark\">\r\n\t\t\t\t<div class=\"meta-inner is-meta\">\r\n\t\t\t\t\t\t\t<a class=\"meta-el meta-avatar\" href=\"https:\/\/theglobalhumanist.com\/fr\/author\/ad4min\/\"><img alt='' src='https:\/\/secure.gravatar.com\/avatar\/0503e328cbef274ead1225b9469fea557f6e98ae6b8d7368f28dbc177fe966a2?s=44&#038;d=mm&#038;r=g' srcset='https:\/\/secure.gravatar.com\/avatar\/0503e328cbef274ead1225b9469fea557f6e98ae6b8d7368f28dbc177fe966a2?s=88&#038;d=mm&#038;r=g 2x' class='avatar avatar-44 photo' height='44' width='44' \/><\/a>\r\n\t\t\t\t<div class=\"meta-el meta-author\">\r\n\t\t\t<a href=\"https:\/\/theglobalhumanist.com\/fr\/author\/ad4min\/\"><\/a>\t\t<\/div>\r\n\t\t\t\t<div class=\"meta-el meta-update\">\r\n\t\t\t<i class=\"rbi rbi-time\" aria-hidden=\"true\"><\/i>\t\t\t<time class=\"updated\" datetime=\"2025-04-08T04:45:06+00:00\">8 avril 2025<\/time>\r\n\t\t<\/div>\r\n\t\t\t\t\t\t<\/div>\r\n\t\t\t\t<span class=\"rb-bookmark bookmark-trigger\" data-pid=\"3025\"><\/span>\t\t\t<\/div>\r\n\t\t\t\t\t<\/div>\r\n\t\t<\/div>\r\n\t\t\t\t<\/div>\r\n\t\t\t<div class=\"p-wrap p-list p-list-1\" data-pid=\"2999\">\r\n\t\t\t<div class=\"list-holder\">\r\n\t\t\t<div class=\"list-feat-holder\">\r\n\t\t\t\t\t\t\t<div class=\"feat-holder\">\r\n\t\t\t\t\t\t<div class=\"p-featured\">\r\n\t\t\t\t\t<a class=\"p-flink\" href=\"https:\/\/theglobalhumanist.com\/fr\/breaking-the-spell-religion-as-a-natural-phenomenon-by-daniel-dennett\/\" title=\"Rompre le charme : la religion comme ph\u00e9nom\u00e8ne naturel par Daniel Dennett\">\r\n\t\t\t<img loading=\"lazy\" decoding=\"async\" width=\"420\" height=\"280\" src=\"https:\/\/theglobalhumanist.com\/wp-content\/uploads\/2023\/12\/Breaking-the-Spell-Religion-as-a-Natural-Phenomenon22-by-Daniel-Dennett-420x280.jpg\" class=\"featured-img wp-post-image\" alt=\"\" \/>\t\t<\/a>\r\n\t\t\t\t<\/div>\r\n\t<div class=\"p-categories light-scheme p-top mobile-hide\"><a class=\"p-category category-id-851\" href=\"https:\/\/theglobalhumanist.com\/fr\/category\/books\/\" rel=\"category\">Livres<\/a><a class=\"p-category category-id-43\" href=\"https:\/\/theglobalhumanist.com\/fr\/category\/critiques\/\" rel=\"category\">Critiques<\/a><\/div><\/div>\r\n\t\t\t\t\t<\/div>\r\n\t\t\t<div class=\"p-content\">\r\n\t\t\t\t<h2 class=\"entry-title\">\t\t<a class=\"p-url\" href=\"https:\/\/theglobalhumanist.com\/fr\/breaking-the-spell-religion-as-a-natural-phenomenon-by-daniel-dennett\/\" rel=\"bookmark\">Rompre le charme : la religion comme ph\u00e9nom\u00e8ne naturel par Daniel Dennett<\/a><\/h2><p class=\"entry-summary mobile-hide\">\u00ab Briser le sort : la religion comme ph\u00e9nom\u00e8ne naturel \u00bb de Daniel Dennett explore les origines et\u2026<\/p>\r\n\t\t\t\t\t\t<div class=\"p-meta has-bookmark\">\r\n\t\t\t\t<div class=\"meta-inner is-meta\">\r\n\t\t\t\t\t\t\t<a class=\"meta-el meta-avatar\" href=\"https:\/\/theglobalhumanist.com\/fr\/author\/ad4min\/\"><img alt='' src='https:\/\/secure.gravatar.com\/avatar\/0503e328cbef274ead1225b9469fea557f6e98ae6b8d7368f28dbc177fe966a2?s=44&#038;d=mm&#038;r=g' srcset='https:\/\/secure.gravatar.com\/avatar\/0503e328cbef274ead1225b9469fea557f6e98ae6b8d7368f28dbc177fe966a2?s=88&#038;d=mm&#038;r=g 2x' class='avatar avatar-44 photo' height='44' width='44' \/><\/a>\r\n\t\t\t\t<div class=\"meta-el meta-author\">\r\n\t\t\t<a href=\"https:\/\/theglobalhumanist.com\/fr\/author\/ad4min\/\"><\/a>\t\t<\/div>\r\n\t\t\t\t<div class=\"meta-el meta-update\">\r\n\t\t\t<i class=\"rbi rbi-time\" aria-hidden=\"true\"><\/i>\t\t\t<time class=\"updated\" datetime=\"2025-04-08T04:44:25+00:00\">8 avril 2025<\/time>\r\n\t\t<\/div>\r\n\t\t\t\t\t\t<\/div>\r\n\t\t\t\t<span class=\"rb-bookmark bookmark-trigger\" data-pid=\"2999\"><\/span>\t\t\t<\/div>\r\n\t\t\t\t\t<\/div>\r\n\t\t<\/div>\r\n\t\t\t\t<\/div>\r\n\t\t\t<div class=\"p-wrap p-list p-list-1\" data-pid=\"3783\">\r\n\t\t\t<div class=\"list-holder\">\r\n\t\t\t<div class=\"list-feat-holder\">\r\n\t\t\t\t\t\t\t<div class=\"feat-holder\">\r\n\t\t\t\t\t\t<div class=\"p-featured\">\r\n\t\t\t\t\t<a class=\"p-flink\" href=\"https:\/\/theglobalhumanist.com\/fr\/a-devils-chaplain-reflections-on-hope-lies-science-and-love-by-richard-dawkins\/\" title=\"L&#039;aum\u00f4nier du diable : r\u00e9flexions sur l&#039;espoir, les mensonges, la science et l&#039;amour par Richard Dawkins\">\r\n\t\t\t<img loading=\"lazy\" decoding=\"async\" width=\"420\" height=\"280\" src=\"https:\/\/theglobalhumanist.com\/wp-content\/uploads\/2024\/07\/A-Devils-Chaplain-by-Richard-Dawkins-420x280.jpg\" class=\"featured-img wp-post-image\" alt=\"\" \/>\t\t<\/a>\r\n\t\t\t\t<\/div>\r\n\t<div class=\"p-categories light-scheme p-top mobile-hide\"><a class=\"p-category category-id-851\" href=\"https:\/\/theglobalhumanist.com\/fr\/category\/books\/\" rel=\"category\">Livres<\/a><a class=\"p-category category-id-44\" href=\"https:\/\/theglobalhumanist.com\/fr\/category\/science\/\" rel=\"category\">Science<\/a><\/div><\/div>\r\n\t\t\t\t\t<\/div>\r\n\t\t\t<div class=\"p-content\">\r\n\t\t\t\t<h2 class=\"entry-title\">\t\t<a class=\"p-url\" href=\"https:\/\/theglobalhumanist.com\/fr\/a-devils-chaplain-reflections-on-hope-lies-science-and-love-by-richard-dawkins\/\" rel=\"bookmark\">L&#039;aum\u00f4nier du diable : r\u00e9flexions sur l&#039;espoir, les mensonges, la science et l&#039;amour par Richard Dawkins<\/a><\/h2><p class=\"entry-summary mobile-hide\">\u00ab L&#039;aum\u00f4nier du diable : r\u00e9flexions sur l&#039;espoir, les mensonges, la science et l&#039;amour \u00bb de Richard Dawkins est un\u2026<\/p>\r\n\t\t\t\t\t\t<div class=\"p-meta has-bookmark\">\r\n\t\t\t\t<div class=\"meta-inner is-meta\">\r\n\t\t\t\t\t\t\t<a class=\"meta-el meta-avatar\" href=\"https:\/\/theglobalhumanist.com\/fr\/author\/ad4min\/\"><img alt='' src='https:\/\/secure.gravatar.com\/avatar\/0503e328cbef274ead1225b9469fea557f6e98ae6b8d7368f28dbc177fe966a2?s=44&#038;d=mm&#038;r=g' srcset='https:\/\/secure.gravatar.com\/avatar\/0503e328cbef274ead1225b9469fea557f6e98ae6b8d7368f28dbc177fe966a2?s=88&#038;d=mm&#038;r=g 2x' class='avatar avatar-44 photo' height='44' width='44' \/><\/a>\r\n\t\t\t\t<div class=\"meta-el meta-author\">\r\n\t\t\t<a href=\"https:\/\/theglobalhumanist.com\/fr\/author\/ad4min\/\"><\/a>\t\t<\/div>\r\n\t\t\t\t<div class=\"meta-el meta-update\">\r\n\t\t\t<i class=\"rbi rbi-time\" aria-hidden=\"true\"><\/i>\t\t\t<time class=\"updated\" datetime=\"2025-04-08T04:51:46+00:00\">8 avril 2025<\/time>\r\n\t\t<\/div>\r\n\t\t\t\t\t\t<\/div>\r\n\t\t\t\t<span class=\"rb-bookmark bookmark-trigger\" data-pid=\"3783\"><\/span>\t\t\t<\/div>\r\n\t\t\t\t\t<\/div>\r\n\t\t<\/div>\r\n\t\t\t\t<\/div>\r\n\t\t\t<div class=\"p-wrap p-list p-list-1\" data-pid=\"3296\">\r\n\t\t\t<div class=\"list-holder\">\r\n\t\t\t<div class=\"list-feat-holder\">\r\n\t\t\t\t\t\t\t<div class=\"feat-holder\">\r\n\t\t\t\t\t\t<div class=\"p-featured\">\r\n\t\t\t\t\t<a class=\"p-flink\" href=\"https:\/\/theglobalhumanist.com\/fr\/the-portable-atheist-essential-readings-for-the-nonbeliever-by-christopher-hitchens\/\" title=\"L&#039;ath\u00e9e portable\u00a0: lectures essentielles pour les non-croyants par Christopher Hitchens\">\r\n\t\t\t<img loading=\"lazy\" decoding=\"async\" width=\"420\" height=\"280\" src=\"https:\/\/theglobalhumanist.com\/wp-content\/uploads\/2024\/07\/The-Portable-Atheist-Essential-Readings-for-the-Nonbeliever-by-Christopher-Hitchens-420x280.jpg\" class=\"featured-img wp-post-image\" alt=\"\" \/>\t\t<\/a>\r\n\t\t\t\t<\/div>\r\n\t<div class=\"p-categories light-scheme p-top mobile-hide\"><a class=\"p-category category-id-48\" href=\"https:\/\/theglobalhumanist.com\/fr\/category\/anthologies\/\" rel=\"category\">Anthologies<\/a><a class=\"p-category category-id-851\" href=\"https:\/\/theglobalhumanist.com\/fr\/category\/books\/\" rel=\"category\">Livres<\/a><\/div><\/div>\r\n\t\t\t\t\t<\/div>\r\n\t\t\t<div class=\"p-content\">\r\n\t\t\t\t<h2 class=\"entry-title\">\t\t<a class=\"p-url\" href=\"https:\/\/theglobalhumanist.com\/fr\/the-portable-atheist-essential-readings-for-the-nonbeliever-by-christopher-hitchens\/\" rel=\"bookmark\">L&#039;ath\u00e9e portable\u00a0: lectures essentielles pour les non-croyants par Christopher Hitchens<\/a><\/h2><p class=\"entry-summary mobile-hide\">\u00ab The Portable Atheist: Essential Readings for the Nonbeliever \u00bb \u00e9dit\u00e9 par Christopher Hitchens est une anthologie\u2026<\/p>\r\n\t\t\t\t\t\t<div class=\"p-meta has-bookmark\">\r\n\t\t\t\t<div class=\"meta-inner is-meta\">\r\n\t\t\t\t\t\t\t<a class=\"meta-el meta-avatar\" href=\"https:\/\/theglobalhumanist.com\/fr\/author\/ad4min\/\"><img alt='' src='https:\/\/secure.gravatar.com\/avatar\/0503e328cbef274ead1225b9469fea557f6e98ae6b8d7368f28dbc177fe966a2?s=44&#038;d=mm&#038;r=g' srcset='https:\/\/secure.gravatar.com\/avatar\/0503e328cbef274ead1225b9469fea557f6e98ae6b8d7368f28dbc177fe966a2?s=88&#038;d=mm&#038;r=g 2x' class='avatar avatar-44 photo' height='44' width='44' \/><\/a>\r\n\t\t\t\t<div class=\"meta-el meta-author\">\r\n\t\t\t<a href=\"https:\/\/theglobalhumanist.com\/fr\/author\/ad4min\/\"><\/a>\t\t<\/div>\r\n\t\t\t\t<div class=\"meta-el meta-update\">\r\n\t\t\t<i class=\"rbi rbi-time\" aria-hidden=\"true\"><\/i>\t\t\t<time class=\"updated\" datetime=\"2025-04-08T04:45:50+00:00\">8 avril 2025<\/time>\r\n\t\t<\/div>\r\n\t\t\t\t\t\t<\/div>\r\n\t\t\t\t<span class=\"rb-bookmark bookmark-trigger\" data-pid=\"3296\"><\/span>\t\t\t<\/div>\r\n\t\t\t\t\t<\/div>\r\n\t\t<\/div>\r\n\t\t\t\t<\/div>\r\n\t<\/div><\/div>\t\t\t\t<\/div>\n\t\t\t\t<\/div>\n\t\t\t\t\t<\/div>\n\t\t\t\t<\/div>\n\t\t<div class=\"elementor-element elementor-element-fe841f2 e-flex e-con-boxed e-con e-parent\" data-id=\"fe841f2\" data-element_type=\"container\">\n\t\t\t\t\t<div class=\"e-con-inner\">\n\t\t<div class=\"elementor-element elementor-element-ecb602e e-con-full e-flex e-con e-child\" data-id=\"ecb602e\" data-element_type=\"container\">\n\t\t\t\t<div class=\"elementor-element elementor-element-b86b74c elementor-widget elementor-widget-foxiz-heading\" data-id=\"b86b74c\" data-element_type=\"widget\" data-widget_type=\"foxiz-heading.default\">\n\t\t\t\t<div class=\"elementor-widget-container\">\n\t\t\t\t\t<div id=\"uid_b86b74c\" class=\"block-h heading-layout-7\"><div class=\"heading-inner\"><h3 class=\"heading-title\"><span>Meilleurs \u00e9crivains<\/span><\/h3><\/div><\/div>\t\t\t\t<\/div>\n\t\t\t\t<\/div>\n\t\t\t\t<div class=\"elementor-element elementor-element-32cee90 elementor-widget elementor-widget-foxiz-authors-1\" data-id=\"32cee90\" data-element_type=\"widget\" data-widget_type=\"foxiz-authors-1.default\">\n\t\t\t\t<div class=\"elementor-widget-container\">\n\t\t\t\t\t<div id=\"uid_32cee90\" class=\"block-wrap block-authors block-authors-1 is-box-gray rb-columns rb-col-1 rb-tcol-1 rb-mcol-1 is-gap-custom meta-s-line\">\t\t<div class=\"block-inner\">\r\n\t\t\t\t\t<div class=\"a-card a-card-1\">\r\n\t\t\t<div class=\"a-card-inner box-inner\">\r\n\t\t\t\t<div class=\"a-card-content\">\r\n\t\t\t\t\t<div class=\"a-card-name\">\r\n\t\t\t\t\t\t<a class=\"h4 nice-name\" href=\"https:\/\/theglobalhumanist.com\/fr\/author\/\"><\/a>\r\n\t\t\t\t\t\t\t\t\t\t\t<\/div>\r\n\t\t\t\t\t<div class=\"description-text rb-text\"><\/div>\r\n\t\t\t\t\t<span class=\"rb-follow follow-trigger\" data-uid=\"13\" data-name=\"\"><\/span>\t\t\t\t<\/div>\r\n\t\t\t\t<div class=\"a-card-feat\">\r\n\t\t\t\t\t<a href=\"https:\/\/theglobalhumanist.com\/fr\/author\/\"><img alt='' src='https:\/\/secure.gravatar.com\/avatar\/?s=400&#038;d=mm&#038;r=g' srcset='https:\/\/secure.gravatar.com\/avatar\/?s=800&#038;d=mm&#038;r=g 2x' class='avatar avatar-400 photo avatar-default' height='400' width='400' \/><\/a>\r\n\t\t\t\t\t\t\t\t\t<\/div>\r\n\t\t\t<\/div>\r\n\t\t<\/div>\r\n\t\t\t\t<div class=\"a-card a-card-1\">\r\n\t\t\t<div class=\"a-card-inner box-inner\">\r\n\t\t\t\t<div class=\"a-card-content\">\r\n\t\t\t\t\t<div class=\"a-card-name\">\r\n\t\t\t\t\t\t<a class=\"h4 nice-name\" href=\"https:\/\/theglobalhumanist.com\/fr\/author\/\"><\/a>\r\n\t\t\t\t\t\t\t\t\t\t\t<\/div>\r\n\t\t\t\t\t<div class=\"description-text rb-text\"><\/div>\r\n\t\t\t\t\t<span class=\"rb-follow follow-trigger\" data-uid=\"15\" data-name=\"\"><\/span>\t\t\t\t<\/div>\r\n\t\t\t\t<div class=\"a-card-feat\">\r\n\t\t\t\t\t<a href=\"https:\/\/theglobalhumanist.com\/fr\/author\/\"><img alt='' src='https:\/\/secure.gravatar.com\/avatar\/?s=400&#038;d=mm&#038;r=g' srcset='https:\/\/secure.gravatar.com\/avatar\/?s=800&#038;d=mm&#038;r=g 2x' class='avatar avatar-400 photo avatar-default' height='400' width='400' \/><\/a>\r\n\t\t\t\t\t\t\t\t\t<\/div>\r\n\t\t\t<\/div>\r\n\t\t<\/div>\r\n\t\t\t\t<div class=\"a-card a-card-1\">\r\n\t\t\t<div class=\"a-card-inner box-inner\">\r\n\t\t\t\t<div class=\"a-card-content\">\r\n\t\t\t\t\t<div class=\"a-card-name\">\r\n\t\t\t\t\t\t<a class=\"h4 nice-name\" href=\"https:\/\/theglobalhumanist.com\/fr\/author\/\"><\/a>\r\n\t\t\t\t\t\t\t\t\t\t\t<\/div>\r\n\t\t\t\t\t<div class=\"description-text rb-text\"><\/div>\r\n\t\t\t\t\t<span class=\"rb-follow follow-trigger\" data-uid=\"14\" data-name=\"\"><\/span>\t\t\t\t<\/div>\r\n\t\t\t\t<div class=\"a-card-feat\">\r\n\t\t\t\t\t<a href=\"https:\/\/theglobalhumanist.com\/fr\/author\/\"><img alt='' src='https:\/\/secure.gravatar.com\/avatar\/?s=400&#038;d=mm&#038;r=g' srcset='https:\/\/secure.gravatar.com\/avatar\/?s=800&#038;d=mm&#038;r=g 2x' class='avatar avatar-400 photo avatar-default' height='400' width='400' \/><\/a>\r\n\t\t\t\t\t\t\t\t\t<\/div>\r\n\t\t\t<\/div>\r\n\t\t<\/div>\r\n\t\t\t\t<div class=\"a-card a-card-1\">\r\n\t\t\t<div class=\"a-card-inner box-inner\">\r\n\t\t\t\t<div class=\"a-card-content\">\r\n\t\t\t\t\t<div class=\"a-card-name\">\r\n\t\t\t\t\t\t<a class=\"h4 nice-name\" href=\"https:\/\/theglobalhumanist.com\/fr\/author\/\"><\/a>\r\n\t\t\t\t\t\t\t\t\t\t\t<\/div>\r\n\t\t\t\t\t<div class=\"description-text rb-text\"><\/div>\r\n\t\t\t\t\t<span class=\"rb-follow follow-trigger\" data-uid=\"16\" data-name=\"\"><\/span>\t\t\t\t<\/div>\r\n\t\t\t\t<div class=\"a-card-feat\">\r\n\t\t\t\t\t<a href=\"https:\/\/theglobalhumanist.com\/fr\/author\/\"><img alt='' src='https:\/\/secure.gravatar.com\/avatar\/?s=400&#038;d=mm&#038;r=g' srcset='https:\/\/secure.gravatar.com\/avatar\/?s=800&#038;d=mm&#038;r=g 2x' class='avatar avatar-400 photo avatar-default' height='400' width='400' \/><\/a>\r\n\t\t\t\t\t\t\t\t\t<\/div>\r\n\t\t\t<\/div>\r\n\t\t<\/div>\r\n\t\t\t\t<\/div>\r\n\t\t<\/div>\t\t\t\t<\/div>\n\t\t\t\t<\/div>\n\t\t\t\t<div class=\"elementor-element elementor-element-336a2aa is-divider-hyphen elementor-widget elementor-widget-foxiz-quick-links\" data-id=\"336a2aa\" data-element_type=\"widget\" data-widget_type=\"foxiz-quick-links.default\">\n\t\t\t\t<div class=\"elementor-widget-container\">\n\t\t\t\t\t<div id=\"uid_336a2aa\" class=\"block-wrap block-qlinks qlayout-1 effect-dotted res-nowrap qlinks-scroll meta-s-line\">\t\t<ul class=\"qlinks-inner\">\r\n\t\t\t\t\t\t\t<li class=\"qlink qlinks-heading\">\r\n\t\t\t\t\t<div class=\"qlink-label\">Consultez les balises\u00a0:<\/div>\r\n\t\t\t\t<\/li>\r\n\t\t\t<li class=\"qlink h5\"><a href=\"https:\/\/theglobalhumanist.com\/fr\/category\/books\/\">Livres<\/a><\/li><li class=\"qlink h5\"><a href=\"https:\/\/theglobalhumanist.com\/fr\/tag\/religion\/\">Religion<\/a><\/li><li class=\"qlink h5\"><a href=\"https:\/\/theglobalhumanist.com\/fr\/tag\/atheism\/\">Ath\u00e9isme<\/a><\/li><li class=\"qlink h5\"><a href=\"https:\/\/theglobalhumanist.com\/fr\/tag\/skepticism\/\">Scepticisme<\/a><\/li><li class=\"qlink h5\"><a href=\"https:\/\/theglobalhumanist.com\/fr\/tag\/secularism\/\">La\u00efcit\u00e9<\/a><\/li><li class=\"qlink h5\"><a href=\"https:\/\/theglobalhumanist.com\/fr\/tag\/philosophy\/\">Philosophie<\/a><\/li><li class=\"qlink h5\"><a href=\"https:\/\/theglobalhumanist.com\/fr\/tag\/rationalism\/\">Rationalisme<\/a><\/li><li class=\"qlink h5\"><a href=\"https:\/\/theglobalhumanist.com\/fr\/tag\/science\/\">Science<\/a><\/li><\/ul>\r\n\t\t<\/div>\t\t\t\t<\/div>\n\t\t\t\t<\/div>\n\t\t\t\t<\/div>\n\t\t<div class=\"elementor-element elementor-element-2c47147 e-con-full e-flex e-con e-child\" data-id=\"2c47147\" data-element_type=\"container\">\n\t\t\t\t<div class=\"elementor-element elementor-element-bbcedb2 elementor-widget elementor-widget-foxiz-heading\" data-id=\"bbcedb2\" data-element_type=\"widget\" data-widget_type=\"foxiz-heading.default\">\n\t\t\t\t<div class=\"elementor-widget-container\">\n\t\t\t\t\t<div id=\"uid_bbcedb2\" class=\"block-h heading-layout-7\"><div class=\"heading-inner\"><h3 class=\"heading-title\"><a class=\"h-link\" href=\"https:\/\/foxiz.themeruby.com\/buzzstream\/category\/tech\/\">Religion<\/a><\/h3><\/div><\/div>\t\t\t\t<\/div>\n\t\t\t\t<\/div>\n\t\t\t\t<div class=\"elementor-element elementor-element-00c5f18 elementor-widget elementor-widget-foxiz-grid-1\" data-id=\"00c5f18\" data-element_type=\"widget\" data-widget_type=\"foxiz-grid-1.default\">\n\t\t\t\t<div class=\"elementor-widget-container\">\n\t\t\t\t\t<div id=\"uid_00c5f18\" class=\"block-wrap block-grid block-grid-1 rb-columns rb-col-1 rb-tcol-1 rb-mcol-1 is-gap-20 hovering-fade bottom-border is-b-border-gray ecat-bg-4 is-m-list meta-s-line\"><div class=\"block-inner\">\t\t<div class=\"p-wrap p-grid p-grid-1\" data-pid=\"3012\">\r\n\t\t\t\t<div class=\"feat-holder\">\r\n\t\t\t\t\t\t<div class=\"p-featured\">\r\n\t\t\t\t\t<a class=\"p-flink\" href=\"https:\/\/theglobalhumanist.com\/fr\/the-end-of-faith-by-sam-harris\/\" title=\"La fin de la foi par Sam Harris\">\r\n\t\t\t<img loading=\"lazy\" decoding=\"async\" width=\"420\" height=\"280\" src=\"https:\/\/theglobalhumanist.com\/wp-content\/uploads\/2023\/12\/The-End-of-Faith22-by-Sam-Harris-420x280.jpg\" class=\"featured-img wp-post-image\" alt=\"\" \/>\t\t<\/a>\r\n\t\t\t\t<\/div>\r\n\t<div class=\"p-categories light-scheme p-top mobile-hide\"><a class=\"p-category category-id-851\" href=\"https:\/\/theglobalhumanist.com\/fr\/category\/books\/\" rel=\"category\">Livres<\/a><a class=\"p-category category-id-43\" href=\"https:\/\/theglobalhumanist.com\/fr\/category\/critiques\/\" rel=\"category\">Critiques<\/a><\/div><\/div>\r\n\t\t<h3 class=\"entry-title\">\t\t<a class=\"p-url\" href=\"https:\/\/theglobalhumanist.com\/fr\/the-end-of-faith-by-sam-harris\/\" rel=\"bookmark\">La fin de la foi par Sam Harris<\/a><\/h3><p class=\"entry-summary mobile-hide\">\u00ab La fin de la foi : religion, terreur et avenir de la raison \u00bb de Sam Harris critique la religion organis\u00e9e, affirmant qu&#039;elle\u2026<\/p>\r\n\t\t\t\t\t\t<div class=\"p-meta has-bookmark\">\r\n\t\t\t\t<div class=\"meta-inner is-meta\">\r\n\t\t\t\t\t\t\t<a class=\"meta-el meta-avatar\" href=\"https:\/\/theglobalhumanist.com\/fr\/author\/ad4min\/\"><img alt='' src='https:\/\/secure.gravatar.com\/avatar\/0503e328cbef274ead1225b9469fea557f6e98ae6b8d7368f28dbc177fe966a2?s=44&#038;d=mm&#038;r=g' srcset='https:\/\/secure.gravatar.com\/avatar\/0503e328cbef274ead1225b9469fea557f6e98ae6b8d7368f28dbc177fe966a2?s=88&#038;d=mm&#038;r=g 2x' class='avatar avatar-44 photo' height='44' width='44' \/><\/a>\r\n\t\t\t\t<div class=\"meta-el meta-author\">\r\n\t\t\t<a href=\"https:\/\/theglobalhumanist.com\/fr\/author\/ad4min\/\"><\/a>\t\t<\/div>\r\n\t\t\t\t<div class=\"meta-el meta-update\">\r\n\t\t\t<i class=\"rbi rbi-time\" aria-hidden=\"true\"><\/i>\t\t\t<time class=\"updated\" datetime=\"2025-04-08T04:45:08+00:00\">8 avril 2025<\/time>\r\n\t\t<\/div>\r\n\t\t\t\t\t\t<\/div>\r\n\t\t\t\t<span class=\"rb-bookmark bookmark-trigger\" data-pid=\"3012\"><\/span>\t\t\t<\/div>\r\n\t\t\t\t<\/div>\r\n\t<\/div><\/div>\t\t\t\t<\/div>\n\t\t\t\t<\/div>\n\t\t\t\t<div class=\"elementor-element elementor-element-002bfdd elementor-widget elementor-widget-foxiz-list-small-1\" data-id=\"002bfdd\" data-element_type=\"widget\" data-widget_type=\"foxiz-list-small-1.default\">\n\t\t\t\t<div class=\"elementor-widget-container\">\n\t\t\t\t\t<div id=\"uid_002bfdd\" class=\"block-wrap block-small block-list block-list-small-1 rb-columns rb-col-1 rb-tcol-1 rb-mcol-1 is-gap-custom col-border is-border-gray bottom-border is-b-border-gray no-last-bb meta-s-line\"><div class=\"block-inner\">\t\t<div class=\"p-wrap p-small p-list-small-1\" data-pid=\"3147\">\r\n\t\t\t<div class=\"p-content\">\r\n\t\t\t<h3 class=\"entry-title\">\t\t<a class=\"p-url\" href=\"https:\/\/theglobalhumanist.com\/fr\/a-history-of-the-end-of-the-world-how-the-most-controversial-book-in-the-bible-changed-the-course-of-western-civilization-by-jonathan-kirsch\/\" rel=\"bookmark\">Une histoire de la fin du monde : comment le livre le plus controvers\u00e9 de la Bible a chang\u00e9 le cours de la civilisation occidentale par Jonathan Kirsch<\/a><\/h3><p class=\"entry-summary\">\u00ab Une histoire de la fin du monde \u00bb de Jonathan Kirsch explore le Livre de\u2026<\/p>\r\n\t\t\t\t\t\t<div class=\"p-meta has-bookmark\">\r\n\t\t\t\t<div class=\"meta-inner is-meta\">\r\n\t\t\t\t\t\t\t<div class=\"meta-el meta-author\">\r\n\t\t\t<a href=\"https:\/\/theglobalhumanist.com\/fr\/author\/ad4min\/\"><\/a>\t\t<\/div>\r\n\t\t\t\t\t\t<\/div>\r\n\t\t\t\t<span class=\"rb-bookmark bookmark-trigger\" data-pid=\"3147\"><\/span>\t\t\t<\/div>\r\n\t\t\t\t<\/div>\r\n\t\t\t\t<\/div>\r\n\t\t\t<div class=\"p-wrap p-small p-list-small-1\" data-pid=\"3290\">\r\n\t\t\t<div class=\"p-content\">\r\n\t\t\t<h3 class=\"entry-title\">\t\t<a class=\"p-url\" href=\"https:\/\/theglobalhumanist.com\/fr\/the-origin-of-the-new-testament-by-william-wrede\/\" rel=\"bookmark\">L&#039;origine du Nouveau Testament par William Wrede<\/a><\/h3><p class=\"entry-summary\">\u00ab L&#039;origine du Nouveau Testament \u00bb de William Wrede examine le d\u00e9veloppement historique et critique\u2026<\/p>\r\n\t\t\t\t\t\t<div class=\"p-meta has-bookmark\">\r\n\t\t\t\t<div class=\"meta-inner is-meta\">\r\n\t\t\t\t\t\t\t<div class=\"meta-el meta-author\">\r\n\t\t\t<a href=\"https:\/\/theglobalhumanist.com\/fr\/author\/ad4min\/\"><\/a>\t\t<\/div>\r\n\t\t\t\t\t\t<\/div>\r\n\t\t\t\t<span class=\"rb-bookmark bookmark-trigger\" data-pid=\"3290\"><\/span>\t\t\t<\/div>\r\n\t\t\t\t<\/div>\r\n\t\t\t\t<\/div>\r\n\t<\/div><\/div>\t\t\t\t<\/div>\n\t\t\t\t<\/div>\n\t\t\t\t<\/div>\n\t\t<div class=\"elementor-element elementor-element-2dec6fd e-con-full e-flex e-con e-child\" data-id=\"2dec6fd\" data-element_type=\"container\">\n\t\t\t\t<div class=\"elementor-element elementor-element-43dbc72 elementor-widget elementor-widget-foxiz-heading\" data-id=\"43dbc72\" data-element_type=\"widget\" data-widget_type=\"foxiz-heading.default\">\n\t\t\t\t<div class=\"elementor-widget-container\">\n\t\t\t\t\t<div id=\"uid_43dbc72\" class=\"block-h heading-layout-7\"><div class=\"heading-inner\"><h3 class=\"heading-title\"><a class=\"h-link\" href=\"https:\/\/foxiz.themeruby.com\/buzzstream\/category\/world\/\">Islam<\/a><\/h3><\/div><\/div>\t\t\t\t<\/div>\n\t\t\t\t<\/div>\n\t\t\t\t<div class=\"elementor-element elementor-element-c0f78a7 elementor-widget elementor-widget-foxiz-list-small-1\" data-id=\"c0f78a7\" data-element_type=\"widget\" data-widget_type=\"foxiz-list-small-1.default\">\n\t\t\t\t<div class=\"elementor-widget-container\">\n\t\t\t\t\t<div id=\"uid_c0f78a7\" class=\"block-wrap block-small block-list block-list-small-1 rb-columns rb-col-1 rb-tcol-1 rb-mcol-1 is-gap-custom col-border is-border-gray bottom-border is-b-border-gray meta-s-line\"><div class=\"block-inner\">\t\t<div class=\"p-wrap p-small p-list-small-1\" data-pid=\"3035\">\r\n\t\t\t<div class=\"p-content\">\r\n\t\t\t<h3 class=\"entry-title\">\t\t<a class=\"p-url\" href=\"https:\/\/theglobalhumanist.com\/fr\/islam-and-the-future-of-tolerance-by-sam-harris-and-maajid-nawaz\/\" rel=\"bookmark\">L&#039;Islam et l&#039;avenir de la tol\u00e9rance par Sam Harris et Maajid Nawaz<\/a><\/h3><p class=\"entry-summary\">\u00ab L\u2019Islam et l\u2019avenir de la tol\u00e9rance \u00bb de Sam Harris et Maajid Nawaz est un dialogue\u2026<\/p>\r\n\t\t\t\t\t\t<div class=\"p-meta has-bookmark\">\r\n\t\t\t\t<div class=\"meta-inner is-meta\">\r\n\t\t\t\t\t\t\t<div class=\"meta-el meta-author\">\r\n\t\t\t<a href=\"https:\/\/theglobalhumanist.com\/fr\/author\/ad4min\/\"><\/a>\t\t<\/div>\r\n\t\t\t\t\t\t<\/div>\r\n\t\t\t\t<span class=\"rb-bookmark bookmark-trigger\" data-pid=\"3035\"><\/span>\t\t\t<\/div>\r\n\t\t\t\t<\/div>\r\n\t\t\t\t<\/div>\r\n\t\t\t<div class=\"p-wrap p-small p-list-small-1\" data-pid=\"3014\">\r\n\t\t\t<div class=\"p-content\">\r\n\t\t\t<h3 class=\"entry-title\">\t\t<a class=\"p-url\" href=\"https:\/\/theglobalhumanist.com\/fr\/why-i-am-not-muslim-by-ibn-warraq\/\" rel=\"bookmark\">Pourquoi je ne suis pas musulman par Ibn Warraq<\/a><\/h3><p class=\"entry-summary\">\u00ab Pourquoi je ne suis pas musulman \u00bb d\u2019Ibn Warraq est un examen critique de l\u2019Islam\u2026<\/p>\r\n\t\t\t\t\t\t<div class=\"p-meta has-bookmark\">\r\n\t\t\t\t<div class=\"meta-inner is-meta\">\r\n\t\t\t\t\t\t\t<div class=\"meta-el meta-author\">\r\n\t\t\t<a href=\"https:\/\/theglobalhumanist.com\/fr\/author\/ad4min\/\"><\/a>\t\t<\/div>\r\n\t\t\t\t\t\t<\/div>\r\n\t\t\t\t<span class=\"rb-bookmark bookmark-trigger\" data-pid=\"3014\"><\/span>\t\t\t<\/div>\r\n\t\t\t\t<\/div>\r\n\t\t\t\t<\/div>\r\n\t<\/div><\/div>\t\t\t\t<\/div>\n\t\t\t\t<\/div>\n\t\t\t\t<div class=\"elementor-element elementor-element-c2a71e7 elementor-widget elementor-widget-foxiz-grid-1\" data-id=\"c2a71e7\" data-element_type=\"widget\" data-widget_type=\"foxiz-grid-1.default\">\n\t\t\t\t<div class=\"elementor-widget-container\">\n\t\t\t\t\t<div id=\"uid_c2a71e7\" class=\"block-wrap block-grid block-grid-1 rb-columns rb-col-1 rb-tcol-1 rb-mcol-1 is-gap-20 hovering-fade bottom-border is-b-border-gray no-last-bb ecat-bg-4 is-m-list meta-s-line\"><div class=\"block-inner\">\t\t<div class=\"p-wrap p-grid p-grid-1\" data-pid=\"4419\">\r\n\t<h3 class=\"entry-title\">\t\t<a class=\"p-url\" href=\"https:\/\/theglobalhumanist.com\/fr\/freedom-of-thought-report-2025-launched-in-brussels\/\" rel=\"bookmark\">Freedom of Thought Report 2025 launched in Brussels<\/a><\/h3><p class=\"entry-summary mobile-hide\">The post Freedom of Thought Report 2025 launched in Brussels appeared first on Humanists International.<\/p>\r\n\t\t\t\t\t\t<div class=\"p-meta has-bookmark\">\r\n\t\t\t\t<div class=\"meta-inner is-meta\">\r\n\t\t\t\t\t\t\t<a class=\"meta-el meta-avatar\" href=\"https:\/\/theglobalhumanist.com\/fr\/author\/ad4min\/\"><img alt='' src='https:\/\/secure.gravatar.com\/avatar\/0503e328cbef274ead1225b9469fea557f6e98ae6b8d7368f28dbc177fe966a2?s=44&#038;d=mm&#038;r=g' srcset='https:\/\/secure.gravatar.com\/avatar\/0503e328cbef274ead1225b9469fea557f6e98ae6b8d7368f28dbc177fe966a2?s=88&#038;d=mm&#038;r=g 2x' class='avatar avatar-44 photo' height='44' width='44' \/><\/a>\r\n\t\t\t\t<div class=\"meta-el meta-author\">\r\n\t\t\t<a href=\"https:\/\/theglobalhumanist.com\/fr\/author\/ad4min\/\"><\/a>\t\t<\/div>\r\n\t\t\t\t<div class=\"meta-el meta-update\">\r\n\t\t\t<i class=\"rbi rbi-time\" aria-hidden=\"true\"><\/i>\t\t\t<time class=\"updated\" datetime=\"2026-03-02T16:00:36+00:00\">mars 2, 2026<\/time>\r\n\t\t<\/div>\r\n\t\t\t\t\t\t<\/div>\r\n\t\t\t\t<span class=\"rb-bookmark bookmark-trigger\" data-pid=\"4419\"><\/span>\t\t\t<\/div>\r\n\t\t\t\t<\/div>\r\n\t<\/div><\/div>\t\t\t\t<\/div>\n\t\t\t\t<\/div>\n\t\t\t\t<\/div>\n\t\t\t\t\t<\/div>\n\t\t\t\t<\/div>\n\t\t<div class=\"elementor-element elementor-element-b554322 e-flex e-con-boxed e-con e-parent\" data-id=\"b554322\" data-element_type=\"container\">\n\t\t\t\t\t<div class=\"e-con-inner\">\n\t\t\t\t<div class=\"elementor-element elementor-element-e57441d submit-layout-2 elementor-widget elementor-widget-foxiz-newsletter-1\" data-id=\"e57441d\" data-element_type=\"widget\" id=\"newsletter\" data-widget_type=\"foxiz-newsletter-1.default\">\n\t\t\t\t<div class=\"elementor-widget-container\">\n\t\t\t\t\t<div class=\"newsletter-box newsletter-style is-box-none newsletter-box-1\"><div class=\"newsletter-inner\"><div class=\"newsletter-featured\"><img loading=\"lazy\" decoding=\"async\" width=\"300\" height=\"285\" src=\"https:\/\/theglobalhumanist.com\/wp-content\/uploads\/2024\/01\/newsletter.png\" class=\"attachment-full size-full\" alt=\"\" \/><\/div><div class=\"newsletter-content\"><h2 class=\"newsletter-title\">Restez connect\u00e9 avec The Global Humanist !<\/h2><div class=\"newsletter-description rb-text\">Abonnez-vous \u00e0 notre newsletter pour recevoir les derni\u00e8res actualit\u00e9s, ressources et \u00e9v\u00e9nements. Rejoignez notre communaut\u00e9 d\u00e8s aujourd&#039;hui\u00a0!<\/div><\/div><div class=\"newsletter-form\"><script>(function() {\n\twindow.mc4wp = window.mc4wp || {\n\t\tlisteners: [],\n\t\tforms: {\n\t\t\ton: function(evt, cb) {\n\t\t\t\twindow.mc4wp.listeners.push(\n\t\t\t\t\t{\n\t\t\t\t\t\tevent   : evt,\n\t\t\t\t\t\tcallback: cb\n\t\t\t\t\t}\n\t\t\t\t);\n\t\t\t}\n\t\t}\n\t}\n})();\n<\/script><!-- Mailchimp for WordPress v4.10.3 - https:\/\/wordpress.org\/plugins\/mailchimp-for-wp\/ --><form id=\"mc4wp-form-1\" class=\"mc4wp-form mc4wp-form-3992\" method=\"post\" data-id=\"3992\" data-name=\"Subscribe\" action=\"\" ><div class=\"mc4wp-form-fields\"><p>\r\n\t<label>Adresse email: \r\n\t\t<input type=\"email\" name=\"EMAIL\" placeholder=\"Votre adresse e-mail\" required \/>\r\n<\/label>\r\n<\/p>\r\n\r\n<p>\r\n\t<input type=\"submit\" value=\"S&#039;inscrire\" \/>\r\n<\/p><\/div><label style=\"display: none !important;\">Laissez ce champ vide si vous \u00eates humain\u00a0: <input type=\"text\" name=\"_mc4wp_honeypot\" value=\"\" tabindex=\"-1\" autocomplete=\"off\" \/><\/label><input type=\"hidden\" name=\"_mc4wp_timestamp\" value=\"1788469556\" \/><input type=\"hidden\" name=\"_mc4wp_form_id\" value=\"3992\" \/><input type=\"hidden\" name=\"_mc4wp_form_element_id\" value=\"mc4wp-form-1\" \/><div class=\"mc4wp-response\"><\/div><input type=\"hidden\" name=\"trp-form-language\" value=\"fr\"\/><\/form><!-- \/ Mailchimp for WordPress Plugin --><\/div><\/div><\/div>\t\t\t\t<\/div>\n\t\t\t\t<\/div>\n\t\t\t\t<div class=\"elementor-element elementor-element-5e03810 elementor-widget elementor-widget-foxiz-heading\" data-id=\"5e03810\" data-element_type=\"widget\" data-widget_type=\"foxiz-heading.default\">\n\t\t\t\t<div class=\"elementor-widget-container\">\n\t\t\t\t\t<div id=\"uid_5e03810\" class=\"block-h heading-layout-7\"><div class=\"heading-inner\"><h3 class=\"heading-title\"><span>Ath\u00e9isme<\/span><\/h3><\/div><\/div>\t\t\t\t<\/div>\n\t\t\t\t<\/div>\n\t\t\t\t<div class=\"elementor-element elementor-element-6049edc elementor-widget elementor-widget-foxiz-grid-1\" data-id=\"6049edc\" data-element_type=\"widget\" data-widget_type=\"foxiz-grid-1.default\">\n\t\t\t\t<div class=\"elementor-widget-container\">\n\t\t\t\t\t<div id=\"uid_6049edc\" class=\"block-wrap block-grid block-grid-1 is-hoz-scroll rb-columns rb-col-4 is-gap-custom col-border is-border-gray hovering-fade bottom-border is-b-border-gray no-last-bb ecat-bg-4 meta-s-line\"><div class=\"block-inner\">\t\t<div class=\"p-wrap p-grid p-grid-1\" data-pid=\"3010\">\r\n\t\t\t\t<div class=\"feat-holder\">\r\n\t\t\t\t\t\t<div class=\"p-featured\">\r\n\t\t\t\t\t<a class=\"p-flink\" href=\"https:\/\/theglobalhumanist.com\/fr\/why-are-you-atheists-so-angry-99-things-that-piss-off-the-godless-by-greta-christina\/\" title=\"Pourquoi \u00eates-vous si en col\u00e8re, vous les ath\u00e9es\u00a0: 99 choses qui \u00e9nervent les ath\u00e9es par Greta Christina\">\r\n\t\t\t<img loading=\"lazy\" decoding=\"async\" width=\"330\" height=\"220\" src=\"https:\/\/theglobalhumanist.com\/wp-content\/uploads\/2023\/12\/Why-Are-You-Atheists-So-Angry-99-Things-That-Piss-Off-the-Godless22-by-Greta-Christina-330x220.jpg\" class=\"featured-img wp-post-image\" alt=\"\" \/>\t\t<\/a>\r\n\t\t\t\t<\/div>\r\n\t<div class=\"p-categories light-scheme p-top\"><a class=\"p-category category-id-851\" href=\"https:\/\/theglobalhumanist.com\/fr\/category\/books\/\" rel=\"category\">Livres<\/a><a class=\"p-category category-id-43\" href=\"https:\/\/theglobalhumanist.com\/fr\/category\/critiques\/\" rel=\"category\">Critiques<\/a><\/div><\/div>\r\n\t\t<h3 class=\"entry-title\">\t\t<a class=\"p-url\" href=\"https:\/\/theglobalhumanist.com\/fr\/why-are-you-atheists-so-angry-99-things-that-piss-off-the-godless-by-greta-christina\/\" rel=\"bookmark\">Pourquoi \u00eates-vous si en col\u00e8re, vous les ath\u00e9es\u00a0: 99 choses qui \u00e9nervent les ath\u00e9es par Greta Christina<\/a><\/h3><p class=\"entry-summary mobile-hide\">\u00ab Pourquoi \u00eates-vous ath\u00e9es si en col\u00e8re : 99 choses qui \u00e9nervent les sans-Dieu \u00bb de Greta Christina est un livre passionn\u00e9 et\u2026<\/p>\r\n\t\t\t\t\t\t<div class=\"p-meta has-bookmark\">\r\n\t\t\t\t<div class=\"meta-inner is-meta\">\r\n\t\t\t\t\t\t\t<div class=\"meta-el meta-author\">\r\n\t\t\t<a href=\"https:\/\/theglobalhumanist.com\/fr\/author\/ad4min\/\"><\/a>\t\t<\/div>\r\n\t\t\t\t\t\t<\/div>\r\n\t\t\t\t<span class=\"rb-bookmark bookmark-trigger\" data-pid=\"3010\"><\/span>\t\t\t<\/div>\r\n\t\t\t\t<\/div>\r\n\t\t\t<div class=\"p-wrap p-grid p-grid-1\" data-pid=\"3790\">\r\n\t\t\t\t<div class=\"feat-holder\">\r\n\t\t\t\t\t\t<div class=\"p-featured\">\r\n\t\t\t\t\t<a class=\"p-flink\" href=\"https:\/\/theglobalhumanist.com\/fr\/a-universe-from-nothing-why-there-is-something-rather-than-nothing-by-lawrence-m-krauss\/\" title=\"Un univers \u00e0 partir de rien\u00a0: pourquoi il y a quelque chose plut\u00f4t que rien par Lawrence M. Krauss\">\r\n\t\t\t<img loading=\"lazy\" decoding=\"async\" width=\"330\" height=\"220\" src=\"https:\/\/theglobalhumanist.com\/wp-content\/uploads\/2024\/07\/A-Universe-From-Nothing-Why-There-Is-Something-Rather-Than-Nothing-by-Lawrence-M.-Krauss-330x220.jpg\" class=\"featured-img wp-post-image\" alt=\"\" \/>\t\t<\/a>\r\n\t\t\t\t<\/div>\r\n\t<div class=\"p-categories light-scheme p-top\"><a class=\"p-category category-id-851\" href=\"https:\/\/theglobalhumanist.com\/fr\/category\/books\/\" rel=\"category\">Livres<\/a><a class=\"p-category category-id-44\" href=\"https:\/\/theglobalhumanist.com\/fr\/category\/science\/\" rel=\"category\">Science<\/a><\/div><\/div>\r\n\t\t<h3 class=\"entry-title\">\t\t<a class=\"p-url\" href=\"https:\/\/theglobalhumanist.com\/fr\/a-universe-from-nothing-why-there-is-something-rather-than-nothing-by-lawrence-m-krauss\/\" rel=\"bookmark\">Un univers \u00e0 partir de rien\u00a0: pourquoi il y a quelque chose plut\u00f4t que rien par Lawrence M. Krauss<\/a><\/h3><p class=\"entry-summary mobile-hide\">\u00ab Un univers \u00e0 partir de rien : pourquoi il y a quelque chose plut\u00f4t que rien \u00bb de Lawrence M. Krauss explore les origines de\u2026<\/p>\r\n\t\t\t\t\t\t<div class=\"p-meta has-bookmark\">\r\n\t\t\t\t<div class=\"meta-inner is-meta\">\r\n\t\t\t\t\t\t\t<div class=\"meta-el meta-author\">\r\n\t\t\t<a href=\"https:\/\/theglobalhumanist.com\/fr\/author\/ad4min\/\"><\/a>\t\t<\/div>\r\n\t\t\t\t\t\t<\/div>\r\n\t\t\t\t<span class=\"rb-bookmark bookmark-trigger\" data-pid=\"3790\"><\/span>\t\t\t<\/div>\r\n\t\t\t\t<\/div>\r\n\t\t\t<div class=\"p-wrap p-grid p-grid-1\" data-pid=\"3660\">\r\n\t\t\t\t<div class=\"feat-holder\">\r\n\t\t\t\t\t\t<div class=\"p-featured\">\r\n\t\t\t\t\t<a class=\"p-flink\" href=\"https:\/\/theglobalhumanist.com\/fr\/a-manual-for-creating-atheists-by-peter-boghossian\/\" title=\"Un manuel pour cr\u00e9er des ath\u00e9es par Peter Boghossian\">\r\n\t\t\t<img loading=\"lazy\" decoding=\"async\" width=\"330\" height=\"220\" src=\"https:\/\/theglobalhumanist.com\/wp-content\/uploads\/2024\/07\/A-Manual-for-Creating-Atheists-by-Peter-Boghossian-330x220.jpg\" class=\"featured-img wp-post-image\" alt=\"\" \/>\t\t<\/a>\r\n\t\t\t\t<\/div>\r\n\t<div class=\"p-categories light-scheme p-top\"><a class=\"p-category category-id-851\" href=\"https:\/\/theglobalhumanist.com\/fr\/category\/books\/\" rel=\"category\">Livres<\/a><a class=\"p-category category-id-45\" href=\"https:\/\/theglobalhumanist.com\/fr\/category\/philosophy\/\" rel=\"category\">Philosophie<\/a><\/div><\/div>\r\n\t\t<h3 class=\"entry-title\">\t\t<a class=\"p-url\" href=\"https:\/\/theglobalhumanist.com\/fr\/a-manual-for-creating-atheists-by-peter-boghossian\/\" rel=\"bookmark\">Un manuel pour cr\u00e9er des ath\u00e9es par Peter Boghossian<\/a><\/h3><p class=\"entry-summary mobile-hide\">\u00ab Un manuel pour cr\u00e9er des ath\u00e9es \u00bb de Peter Boghossian est un guide pratique visant \u00e0 fournir aux lecteurs des outils pour s&#039;engager\u2026<\/p>\r\n\t\t\t\t\t\t<div class=\"p-meta has-bookmark\">\r\n\t\t\t\t<div class=\"meta-inner is-meta\">\r\n\t\t\t\t\t\t\t<div class=\"meta-el meta-author\">\r\n\t\t\t<a href=\"https:\/\/theglobalhumanist.com\/fr\/author\/ad4min\/\"><\/a>\t\t<\/div>\r\n\t\t\t\t\t\t<\/div>\r\n\t\t\t\t<span class=\"rb-bookmark bookmark-trigger\" data-pid=\"3660\"><\/span>\t\t\t<\/div>\r\n\t\t\t\t<\/div>\r\n\t\t\t<div class=\"p-wrap p-grid p-grid-1\" data-pid=\"3016\">\r\n\t\t\t\t<div class=\"feat-holder\">\r\n\t\t\t\t\t\t<div class=\"p-featured\">\r\n\t\t\t\t\t<a class=\"p-flink\" href=\"https:\/\/theglobalhumanist.com\/fr\/irreligion-by-john-allen-paulos\/\" title=\"Irr\u00e9ligion par John Allen Paulos\">\r\n\t\t\t<img loading=\"lazy\" decoding=\"async\" width=\"330\" height=\"220\" src=\"https:\/\/theglobalhumanist.com\/wp-content\/uploads\/2023\/12\/Irreligion22-by-John-Allen-Paulos-330x220.jpg\" class=\"featured-img wp-post-image\" alt=\"\" \/>\t\t<\/a>\r\n\t\t\t\t<\/div>\r\n\t<div class=\"p-categories light-scheme p-top\"><a class=\"p-category category-id-851\" href=\"https:\/\/theglobalhumanist.com\/fr\/category\/books\/\" rel=\"category\">Livres<\/a><a class=\"p-category category-id-43\" href=\"https:\/\/theglobalhumanist.com\/fr\/category\/critiques\/\" rel=\"category\">Critiques<\/a><\/div><\/div>\r\n\t\t<h3 class=\"entry-title\">\t\t<a class=\"p-url\" href=\"https:\/\/theglobalhumanist.com\/fr\/irreligion-by-john-allen-paulos\/\" rel=\"bookmark\">Irr\u00e9ligion par John Allen Paulos<\/a><\/h3><p class=\"entry-summary mobile-hide\">\u00ab Irreligion : un math\u00e9maticien explique pourquoi les arguments en faveur de Dieu ne s&#039;additionnent pas \u00bb de John Allen Paulos utilise la logique math\u00e9matique\u2026<\/p>\r\n\t\t\t\t\t\t<div class=\"p-meta has-bookmark\">\r\n\t\t\t\t<div class=\"meta-inner is-meta\">\r\n\t\t\t\t\t\t\t<div class=\"meta-el meta-author\">\r\n\t\t\t<a href=\"https:\/\/theglobalhumanist.com\/fr\/author\/ad4min\/\"><\/a>\t\t<\/div>\r\n\t\t\t\t\t\t<\/div>\r\n\t\t\t\t<span class=\"rb-bookmark bookmark-trigger\" data-pid=\"3016\"><\/span>\t\t\t<\/div>\r\n\t\t\t\t<\/div>\r\n\t<\/div><\/div>\t\t\t\t<\/div>\n\t\t\t\t<\/div>\n\t\t\t\t<div class=\"elementor-element elementor-element-2e9826a elementor-widget elementor-widget-foxiz-heading\" data-id=\"2e9826a\" data-element_type=\"widget\" data-widget_type=\"foxiz-heading.default\">\n\t\t\t\t<div class=\"elementor-widget-container\">\n\t\t\t\t\t<div id=\"uid_2e9826a\" class=\"block-h heading-layout-5\"><div class=\"heading-inner\"><h3 class=\"heading-title\"><a class=\"h-link\" href=\"https:\/\/theglobalhumanist.com\/fr\/blog\/\">Philosophie<\/a><\/h3><div class=\"heading-tagline h6\"><a class=\"heading-tagline-label\" href=\"https:\/\/theglobalhumanist.com\/fr\/blog\/\">Plus de messages<\/a><\/div><\/div><\/div>\t\t\t\t<\/div>\n\t\t\t\t<\/div>\n\t\t\t\t\t<\/div>\n\t\t\t\t<\/div>\n\t\t<div class=\"elementor-element elementor-element-edda0bb e-flex e-con-boxed e-con e-parent\" data-id=\"edda0bb\" data-element_type=\"container\">\n\t\t\t\t\t<div class=\"e-con-inner\">\n\t\t<div class=\"elementor-element elementor-element-9bf8ecb e-con-full e-flex e-con e-child\" data-id=\"9bf8ecb\" data-element_type=\"container\">\n\t\t\t\t<div class=\"elementor-element elementor-element-9e82218 elementor-widget elementor-widget-foxiz-overlay-1\" data-id=\"9e82218\" data-element_type=\"widget\" data-widget_type=\"foxiz-overlay-1.default\">\n\t\t\t\t<div class=\"elementor-widget-container\">\n\t\t\t\t\t<div id=\"uid_9e82218\" class=\"block-wrap block-overlay overlay-1 p-gradient rb-columns rb-col-1 rb-tcol-1 rb-mcol-1 hovering-fade meta-s-line\"><div class=\"block-inner\">\t\t<div class=\"p-wrap p-highlight p-overlay-1\" data-pid=\"2997\">\r\n\t\t\t<div class=\"overlay-holder\">\r\n\t\t\t\t\t<div class=\"p-featured\">\r\n\t\t\t\t\t<a class=\"p-flink\" href=\"https:\/\/theglobalhumanist.com\/fr\/objecting-to-god-by-colin-howson\/\" title=\"Objection \u00e0 Dieu par Colin Howson\">\r\n\t\t\t<img decoding=\"async\" width=\"629\" height=\"1000\" src=\"https:\/\/theglobalhumanist.com\/wp-content\/uploads\/2023\/12\/Objecting-to-God22-by-Colin-Howson.jpg\" class=\"featured-img wp-post-image\" alt=\"\" loading=\"eager\" \/>\t\t<\/a>\r\n\t\t\t\t<\/div>\r\n\t\t\t\t<div class=\"overlay-wrap\">\r\n\t\t\t\t<div class=\"overlay-inner p-content light-scheme\">\r\n\t\t\t\t\t<h2 class=\"entry-title\">\t\t<a class=\"p-url\" href=\"https:\/\/theglobalhumanist.com\/fr\/objecting-to-god-by-colin-howson\/\" rel=\"bookmark\">Objection \u00e0 Dieu par Colin Howson<\/a><\/h2><p class=\"entry-summary\">\u00ab\u00a0Objecting to God\u00a0\u00bb de Colin Howson est une critique philosophique du th\u00e9isme et du concept de Dieu. Howson, philosophe et logicien, s&#039;oppose \u00e0 l&#039;existence d&#039;une divinit\u00e9 en utilisant\u2026<\/p>\r\n\t\t\t\t\t\t<div class=\"p-meta has-bookmark\">\r\n\t\t\t\t<div class=\"meta-inner is-meta\">\r\n\t\t\t\t\t\t\t<div class=\"meta-el meta-author\">\r\n\t\t\t<a href=\"https:\/\/theglobalhumanist.com\/fr\/author\/ad4min\/\"><\/a>\t\t<\/div>\r\n\t\t\t\t<div class=\"meta-el meta-read\">1 Min Read<\/div>\r\n\t\t\t\t\t\t<\/div>\r\n\t\t\t\t<span class=\"rb-bookmark bookmark-trigger\" data-pid=\"2997\"><\/span>\t\t\t<\/div>\r\n\t\t\t\t\t\t<\/div>\r\n\t\t\t<\/div>\r\n\t\t<\/div>\r\n\t\t\t\t<\/div>\r\n\t<\/div><\/div>\t\t\t\t<\/div>\n\t\t\t\t<\/div>\n\t\t\t\t<\/div>\n\t\t<div class=\"elementor-element elementor-element-75fff00 e-con-full e-flex e-con e-child\" data-id=\"75fff00\" data-element_type=\"container\">\n\t\t\t\t<div class=\"elementor-element elementor-element-c3f33ff elementor-widget elementor-widget-foxiz-list-small-1\" data-id=\"c3f33ff\" data-element_type=\"widget\" data-widget_type=\"foxiz-list-small-1.default\">\n\t\t\t\t<div class=\"elementor-widget-container\">\n\t\t\t\t\t<div id=\"uid_c3f33ff\" class=\"block-wrap block-small block-list block-list-small-1 rb-columns rb-col-2 rb-tcol-4 rb-mcol-1 is-gap-custom col-border is-border-gray bottom-border is-b-border-gray no-last-bb meta-s-line\"><div class=\"block-inner\">\t\t<div class=\"p-wrap p-small p-list-small-1\" data-pid=\"3911\">\r\n\t\t\t<div class=\"p-content\">\r\n\t\t\t<h3 class=\"entry-title\">\t\t<a class=\"p-url\" href=\"https:\/\/theglobalhumanist.com\/fr\/unweaving-the-rainbow-science-delusion-and-the-appetite-for-wonder-by-richard-dawkins\/\" rel=\"bookmark\">D\u00e9m\u00ealer l&#039;arc-en-ciel : science, illusion et app\u00e9tit d&#039;\u00e9merveillement par Richard Dawkins<\/a><\/h3><p class=\"entry-summary\">\u00ab D\u00e9m\u00ealer l&#039;arc-en-ciel : science, illusion et app\u00e9tit d&#039;\u00e9merveillement \u00bb de Richard Dawkins soutient que\u2026<\/p>\r\n\t\t\t\t\t\t<div class=\"p-meta has-bookmark\">\r\n\t\t\t\t<div class=\"meta-inner is-meta\">\r\n\t\t\t\t\t\t\t<div class=\"meta-el meta-author\">\r\n\t\t\t<a href=\"https:\/\/theglobalhumanist.com\/fr\/author\/ad4min\/\"><\/a>\t\t<\/div>\r\n\t\t\t\t\t\t<\/div>\r\n\t\t\t\t<span class=\"rb-bookmark bookmark-trigger\" data-pid=\"3911\"><\/span>\t\t\t<\/div>\r\n\t\t\t\t<\/div>\r\n\t\t\t\t<\/div>\r\n\t\t\t<div class=\"p-wrap p-small p-list-small-1\" data-pid=\"3741\">\r\n\t\t\t<div class=\"p-content\">\r\n\t\t\t<h3 class=\"entry-title\">\t\t<a class=\"p-url\" href=\"https:\/\/theglobalhumanist.com\/fr\/the-original-atheists-first-thoughts-on-nonbelief-by-s-t-joshi\/\" rel=\"bookmark\">Les ath\u00e9es originels\u00a0: premi\u00e8res r\u00e9flexions sur la non-croyance par ST Joshi<\/a><\/h3><p class=\"entry-summary\">\u00ab The Original Atheists: First Thoughts on Nonbelief \u00bb de ST Joshi est une anthologie qui rassemble\u2026<\/p>\r\n\t\t\t\t\t\t<div class=\"p-meta has-bookmark\">\r\n\t\t\t\t<div class=\"meta-inner is-meta\">\r\n\t\t\t\t\t\t\t<div class=\"meta-el meta-author\">\r\n\t\t\t<a href=\"https:\/\/theglobalhumanist.com\/fr\/author\/ad4min\/\"><\/a>\t\t<\/div>\r\n\t\t\t\t\t\t<\/div>\r\n\t\t\t\t<span class=\"rb-bookmark bookmark-trigger\" data-pid=\"3741\"><\/span>\t\t\t<\/div>\r\n\t\t\t\t<\/div>\r\n\t\t\t\t<\/div>\r\n\t\t\t<div class=\"p-wrap p-small p-list-small-1\" data-pid=\"3734\">\r\n\t\t\t<div class=\"p-content\">\r\n\t\t\t<h3 class=\"entry-title\">\t\t<a class=\"p-url\" href=\"https:\/\/theglobalhumanist.com\/fr\/the-cambridge-companion-to-atheism-by-michael-martin\/\" rel=\"bookmark\">Le compagnon de Cambridge de l&#039;ath\u00e9isme par Michael Martin<\/a><\/h3><p class=\"entry-summary\">\u00ab The Cambridge Companion to Atheism \u00bb \u00e9dit\u00e9 par Michael Martin est une anthologie compl\u00e8te explorant divers\u2026<\/p>\r\n\t\t\t\t\t\t<div class=\"p-meta has-bookmark\">\r\n\t\t\t\t<div class=\"meta-inner is-meta\">\r\n\t\t\t\t\t\t\t<div class=\"meta-el meta-author\">\r\n\t\t\t<a href=\"https:\/\/theglobalhumanist.com\/fr\/author\/ad4min\/\"><\/a>\t\t<\/div>\r\n\t\t\t\t\t\t<\/div>\r\n\t\t\t\t<span class=\"rb-bookmark bookmark-trigger\" data-pid=\"3734\"><\/span>\t\t\t<\/div>\r\n\t\t\t\t<\/div>\r\n\t\t\t\t<\/div>\r\n\t\t\t<div class=\"p-wrap p-small p-list-small-1\" data-pid=\"3697\">\r\n\t\t\t<div class=\"p-content\">\r\n\t\t\t<h3 class=\"entry-title\">\t\t<a class=\"p-url\" href=\"https:\/\/theglobalhumanist.com\/fr\/ethics-a-very-short-introduction-by-simon-blackburn\/\" rel=\"bookmark\">\u00c9thique : une tr\u00e8s br\u00e8ve introduction par Simon Blackburn<\/a><\/h3><p class=\"entry-summary\">\u00ab\u00a0\u00c9thique\u00a0: une tr\u00e8s br\u00e8ve introduction\u00a0\u00bb de Simon Blackburn propose une exploration concise et accessible de\u2026<\/p>\r\n\t\t\t\t\t\t<div class=\"p-meta has-bookmark\">\r\n\t\t\t\t<div class=\"meta-inner is-meta\">\r\n\t\t\t\t\t\t\t<div class=\"meta-el meta-author\">\r\n\t\t\t<a href=\"https:\/\/theglobalhumanist.com\/fr\/author\/ad4min\/\"><\/a>\t\t<\/div>\r\n\t\t\t\t\t\t<\/div>\r\n\t\t\t\t<span class=\"rb-bookmark bookmark-trigger\" data-pid=\"3697\"><\/span>\t\t\t<\/div>\r\n\t\t\t\t<\/div>\r\n\t\t\t\t<\/div>\r\n\t<\/div><\/div>\t\t\t\t<\/div>\n\t\t\t\t<\/div>\n\t\t\t\t<\/div>\n\t\t\t\t\t<\/div>\n\t\t\t\t<\/div>\n\t\t<div class=\"elementor-element elementor-element-c8613ce e-flex e-con-boxed e-con e-parent\" data-id=\"c8613ce\" data-element_type=\"container\">\n\t\t\t\t\t<div class=\"e-con-inner\">\n\t\t\t\t<div class=\"elementor-element elementor-element-892d7a5 elementor-widget elementor-widget-foxiz-heading\" data-id=\"892d7a5\" data-element_type=\"widget\" data-widget_type=\"foxiz-heading.default\">\n\t\t\t\t<div class=\"elementor-widget-container\">\n\t\t\t\t\t<div id=\"uid_892d7a5\" class=\"block-h heading-layout-5\"><div class=\"heading-inner\"><h3 class=\"heading-title\"><a class=\"h-link\" href=\"https:\/\/foxiz.themeruby.com\/time\/category\/travel\/\">R\u00e9cit personnel<\/a><\/h3><div class=\"heading-tagline h6\"><a class=\"heading-tagline-label\" href=\"https:\/\/foxiz.themeruby.com\/time\/category\/travel\/\">Plus de messages<\/a><\/div><\/div><\/div>\t\t\t\t<\/div>\n\t\t\t\t<\/div>\n\t\t\t\t<div class=\"elementor-element elementor-element-512876f elementor-widget elementor-widget-foxiz-grid-1\" data-id=\"512876f\" data-element_type=\"widget\" data-widget_type=\"foxiz-grid-1.default\">\n\t\t\t\t<div class=\"elementor-widget-container\">\n\t\t\t\t\t<div id=\"uid_512876f\" class=\"block-wrap block-grid block-grid-1 is-thoz-scroll rb-columns rb-col-4 rb-mcol-1 is-gap-custom col-border is-border-gray hovering-fade bottom-border is-b-border-gray no-last-bb is-m-list meta-s-line\"><div class=\"block-inner\">\t\t<div class=\"p-wrap p-grid p-grid-1\" data-pid=\"3001\">\r\n\t\t\t\t<div class=\"feat-holder\">\r\n\t\t\t\t\t\t<div class=\"p-featured\">\r\n\t\t\t\t\t<a class=\"p-flink\" href=\"https:\/\/theglobalhumanist.com\/fr\/mom-dad-im-an-atheist-by-david-g-mcafee\/\" title=\"Maman, papa, je suis ath\u00e9e par David G. McAfee\">\r\n\t\t\t<img loading=\"lazy\" decoding=\"async\" width=\"330\" height=\"220\" src=\"https:\/\/theglobalhumanist.com\/wp-content\/uploads\/2023\/12\/Mom-Dad-Im-an-Atheist22-by-David-G.-McAfee-330x220.jpg\" class=\"featured-img wp-post-image\" alt=\"\" \/>\t\t<\/a>\r\n\t\t\t\t<\/div>\r\n\t<\/div>\r\n\t\t<h3 class=\"entry-title\">\t\t<a class=\"p-url\" href=\"https:\/\/theglobalhumanist.com\/fr\/mom-dad-im-an-atheist-by-david-g-mcafee\/\" rel=\"bookmark\">Maman, papa, je suis ath\u00e9e par David G. McAfee<\/a><\/h3><p class=\"entry-summary mobile-hide\">\u00ab Maman, papa, je suis ath\u00e9e : le guide pour faire son coming out en tant que non-croyant \u00bb de David G. McAfee offre des conseils pratiques\u2026<\/p>\r\n\t\t\t\t\t\t<div class=\"p-meta has-bookmark\">\r\n\t\t\t\t<div class=\"meta-inner is-meta\">\r\n\t\t\t\t\t\t\t<div class=\"meta-el meta-author\">\r\n\t\t\t<a href=\"https:\/\/theglobalhumanist.com\/fr\/author\/ad4min\/\"><\/a>\t\t<\/div>\r\n\t\t\t\t\t\t<\/div>\r\n\t\t\t\t<span class=\"rb-bookmark bookmark-trigger\" data-pid=\"3001\"><\/span>\t\t\t<\/div>\r\n\t\t\t\t<\/div>\r\n\t\t\t<div class=\"p-wrap p-grid p-grid-1\" data-pid=\"3023\">\r\n\t\t\t\t<div class=\"feat-holder\">\r\n\t\t\t\t\t\t<div class=\"p-featured\">\r\n\t\t\t\t\t<a class=\"p-flink\" href=\"https:\/\/theglobalhumanist.com\/fr\/why-i-became-an-atheist-a-former-preacher-rejects-christianity-by-john-w-loftus\/\" title=\"Pourquoi je suis devenu ath\u00e9e\u00a0: un ancien pr\u00e9dicateur rejette le christianisme par John W. Loftus\">\r\n\t\t\t<img loading=\"lazy\" decoding=\"async\" width=\"330\" height=\"220\" src=\"https:\/\/theglobalhumanist.com\/wp-content\/uploads\/2023\/12\/Why-I-Became-an-Atheist-A-Former-Preacher-Rejects-Christianity22-by-John-W.-Loftus-330x220.jpg\" class=\"featured-img wp-post-image\" alt=\"\" \/>\t\t<\/a>\r\n\t\t\t\t<\/div>\r\n\t<\/div>\r\n\t\t<h3 class=\"entry-title\">\t\t<a class=\"p-url\" href=\"https:\/\/theglobalhumanist.com\/fr\/why-i-became-an-atheist-a-former-preacher-rejects-christianity-by-john-w-loftus\/\" rel=\"bookmark\">Pourquoi je suis devenu ath\u00e9e\u00a0: un ancien pr\u00e9dicateur rejette le christianisme par John W. Loftus<\/a><\/h3><p class=\"entry-summary mobile-hide\">\u00ab Pourquoi je suis devenu ath\u00e9e : un ancien pr\u00e9dicateur rejette le christianisme \u00bb de John W. Loftus raconte le parcours de l&#039;auteur depuis\u2026<\/p>\r\n\t\t\t\t\t\t<div class=\"p-meta has-bookmark\">\r\n\t\t\t\t<div class=\"meta-inner is-meta\">\r\n\t\t\t\t\t\t\t<div class=\"meta-el meta-author\">\r\n\t\t\t<a href=\"https:\/\/theglobalhumanist.com\/fr\/author\/ad4min\/\"><\/a>\t\t<\/div>\r\n\t\t\t\t\t\t<\/div>\r\n\t\t\t\t<span class=\"rb-bookmark bookmark-trigger\" data-pid=\"3023\"><\/span>\t\t\t<\/div>\r\n\t\t\t\t<\/div>\r\n\t\t\t<div class=\"p-wrap p-grid p-grid-1\" data-pid=\"3029\">\r\n\t\t\t\t<div class=\"feat-holder\">\r\n\t\t\t\t\t\t<div class=\"p-featured\">\r\n\t\t\t\t\t<a class=\"p-flink\" href=\"https:\/\/theglobalhumanist.com\/fr\/faith-no-more-why-people-reject-religion-by-phil-zuckerman\/\" title=\"La foi n&#039;est plus : pourquoi les gens rejettent la religion par Phil Zuckerman\">\r\n\t\t\t<img loading=\"lazy\" decoding=\"async\" width=\"330\" height=\"220\" src=\"https:\/\/theglobalhumanist.com\/wp-content\/uploads\/2023\/12\/Faith-No-More-Why-People-Reject-Religion22-by-Phil-Zuckerman-330x220.jpg\" class=\"featured-img wp-post-image\" alt=\"\" \/>\t\t<\/a>\r\n\t\t\t\t<\/div>\r\n\t<\/div>\r\n\t\t<h3 class=\"entry-title\">\t\t<a class=\"p-url\" href=\"https:\/\/theglobalhumanist.com\/fr\/faith-no-more-why-people-reject-religion-by-phil-zuckerman\/\" rel=\"bookmark\">La foi n&#039;est plus : pourquoi les gens rejettent la religion par Phil Zuckerman<\/a><\/h3><p class=\"entry-summary mobile-hide\">\u00ab\u00a0Faith No More: Why People Reject Religion\u00a0\u00bb de Phil Zuckerman explore les raisons qui poussent les individus \u00e0 quitter leur religion\u2026<\/p>\r\n\t\t\t\t\t\t<div class=\"p-meta has-bookmark\">\r\n\t\t\t\t<div class=\"meta-inner is-meta\">\r\n\t\t\t\t\t\t\t<div class=\"meta-el meta-author\">\r\n\t\t\t<a href=\"https:\/\/theglobalhumanist.com\/fr\/author\/ad4min\/\"><\/a>\t\t<\/div>\r\n\t\t\t\t\t\t<\/div>\r\n\t\t\t\t<span class=\"rb-bookmark bookmark-trigger\" data-pid=\"3029\"><\/span>\t\t\t<\/div>\r\n\t\t\t\t<\/div>\r\n\t\t\t<div class=\"p-wrap p-grid p-grid-1\" data-pid=\"2994\">\r\n\t\t\t\t<div class=\"feat-holder\">\r\n\t\t\t\t\t\t<div class=\"p-featured\">\r\n\t\t\t\t\t<a class=\"p-flink\" href=\"https:\/\/theglobalhumanist.com\/fr\/christian-no-more-a-former-devout-christian-dismantles-christianity-by-jeffrey-mark\/\" title=\"Christian No More : Un ancien chr\u00e9tien fervent d\u00e9mant\u00e8le le christianisme par Jeffrey Mark\">\r\n\t\t\t<img loading=\"lazy\" decoding=\"async\" width=\"330\" height=\"220\" src=\"https:\/\/theglobalhumanist.com\/wp-content\/uploads\/2024\/07\/Christian-No-More_-A-Former-Devout-Christian-Dismantles-Christianity-Jeffrey-Mark-330x220.jpg\" class=\"featured-img wp-post-image\" alt=\"\" \/>\t\t<\/a>\r\n\t\t\t\t<\/div>\r\n\t<\/div>\r\n\t\t<h3 class=\"entry-title\">\t\t<a class=\"p-url\" href=\"https:\/\/theglobalhumanist.com\/fr\/christian-no-more-a-former-devout-christian-dismantles-christianity-by-jeffrey-mark\/\" rel=\"bookmark\">Christian No More : Un ancien chr\u00e9tien fervent d\u00e9mant\u00e8le le christianisme par Jeffrey Mark<\/a><\/h3><p class=\"entry-summary mobile-hide\">\u00ab Christian No More: A Former Devot Christian Dismantles Christianity \u00bb de Jeffrey Mark est un examen critique du christianisme du\u2026<\/p>\r\n\t\t\t\t\t\t<div class=\"p-meta has-bookmark\">\r\n\t\t\t\t<div class=\"meta-inner is-meta\">\r\n\t\t\t\t\t\t\t<div class=\"meta-el meta-author\">\r\n\t\t\t<a href=\"https:\/\/theglobalhumanist.com\/fr\/author\/ad4min\/\"><\/a>\t\t<\/div>\r\n\t\t\t\t\t\t<\/div>\r\n\t\t\t\t<span class=\"rb-bookmark bookmark-trigger\" data-pid=\"2994\"><\/span>\t\t\t<\/div>\r\n\t\t\t\t<\/div>\r\n\t<\/div><\/div>\t\t\t\t<\/div>\n\t\t\t\t<\/div>\n\t\t\t\t\t<\/div>\n\t\t\t\t<\/div>\n\t\t<div class=\"elementor-element elementor-element-37e17ec e-flex e-con-boxed e-con e-parent\" data-id=\"37e17ec\" data-element_type=\"container\">\n\t\t\t\t\t<div class=\"e-con-inner\">\n\t\t\t\t<div class=\"elementor-element elementor-element-092227b elementor-widget elementor-widget-foxiz-heading\" data-id=\"092227b\" data-element_type=\"widget\" data-widget_type=\"foxiz-heading.default\">\n\t\t\t\t<div class=\"elementor-widget-container\">\n\t\t\t\t\t<div id=\"uid_092227b\" class=\"block-h heading-layout-5\"><div class=\"heading-inner\"><h3 class=\"heading-title\"><a class=\"h-link\" href=\"https:\/\/theglobalhumanist.com\/fr\/blog\/\">Nouveaux ajouts<\/a><\/h3><div class=\"heading-tagline h6\"><a class=\"heading-tagline-label\" href=\"https:\/\/theglobalhumanist.com\/fr\/blog\/\">Du blog<\/a><\/div><\/div><\/div>\t\t\t\t<\/div>\n\t\t\t\t<\/div>\n\t\t\t\t<div class=\"elementor-element elementor-element-bdd7145 elementor-widget elementor-widget-foxiz-list-box-1\" data-id=\"bdd7145\" data-element_type=\"widget\" data-widget_type=\"foxiz-list-box-1.default\">\n\t\t\t\t<div class=\"elementor-widget-container\">\n\t\t\t\t\t<div id=\"uid_bdd7145\" class=\"block-wrap block-big block-list block-list-box-1 rb-columns rb-col-1 rb-tcol-1 rb-mcol-1 light-scheme hovering-fade p-vtop ecat-bg-4 ecat-size-big is-feat-left meta-s-line\"><div class=\"block-inner\">\t\t<div class=\"p-wrap p-list p-box p-list-1 p-list-box-1 box-bg\" data-pid=\"4410\">\r\n\t\t\t<div class=\"list-box\">\r\n\t\t\t<div class=\"list-holder\">\r\n\t\t\t\t<div class=\"list-feat-holder\">\r\n\t\t\t\t\t\t\t\t<div class=\"feat-holder\">\r\n\t\t\t\t\t\t<div class=\"p-featured\">\r\n\t\t\t\t\t<a class=\"p-flink\" href=\"https:\/\/theglobalhumanist.com\/fr\/global-civil-society-unites-to-defend-multilateralism-against-us-withdrawal\/\" title=\"Global Civil Society Unites to Defend Multilateralism Against US Withdrawal\">\r\n\t\t\t<img decoding=\"async\" width=\"77\" height=\"77\" src=\"https:\/\/theglobalhumanist.com\/wp-content\/uploads\/2026\/01\/feedzy-D8alVq.svgz\" class=\"featured-img wp-post-image\" alt=\"\" loading=\"eager\" \/>\t\t<\/a>\r\n\t\t\t\t<\/div>\r\n\t<\/div>\r\n\t\t\t\t\t\t<\/div>\r\n\t\t\t\t<div class=\"p-content\">\r\n\t\t\t\t\t<h2 class=\"entry-title\">\t\t<a class=\"p-url\" href=\"https:\/\/theglobalhumanist.com\/fr\/global-civil-society-unites-to-defend-multilateralism-against-us-withdrawal\/\" rel=\"bookmark\">Global Civil Society Unites to Defend Multilateralism Against US Withdrawal<\/a><\/h2><p class=\"entry-summary\">The post Global Civil Society Unites to Defend Multilateralism Against US Withdrawal appeared first on Humanists International.<\/p>\r\n\t\t\t\t\t\t<div class=\"p-meta has-bookmark\">\r\n\t\t\t\t<div class=\"meta-inner is-meta\">\r\n\t\t\t\t\t\t\t<div class=\"meta-el meta-author\">\r\n\t\t\t<a href=\"https:\/\/theglobalhumanist.com\/fr\/author\/ad4min\/\"><\/a>\t\t<\/div>\r\n\t\t\t\t<div class=\"meta-el meta-read\">0 Min Read<\/div>\r\n\t\t\t\t\t\t<\/div>\r\n\t\t\t\t<span class=\"rb-bookmark bookmark-trigger\" data-pid=\"4410\"><\/span>\t\t\t<\/div>\r\n\t\t\t\t\t\t<\/div>\r\n\t\t\t<\/div>\r\n\t\t<\/div>\r\n\t\t\t\t<\/div>\r\n\t<\/div><\/div>\t\t\t\t<\/div>\n\t\t\t\t<\/div>\n\t\t\t\t<div class=\"elementor-element elementor-element-7e576c4 elementor-widget__width-inherit elementor-widget elementor-widget-foxiz-categories-5\" data-id=\"7e576c4\" data-element_type=\"widget\" data-widget_type=\"foxiz-categories-5.default\">\n\t\t\t\t<div class=\"elementor-widget-container\">\n\t\t\t\t\t<div id=\"uid_7e576c4\" class=\"block-wrap block-categories block-categories-5 rb-columns rb-col-6 rb-tcol-6 rb-mcol-3 is-gap-custom meta-s-line\">\t\t<div class=\"block-inner\">\r\n\t\t\t\t\t<div class=\"cbox cbox-5 is-cbox-48\">\r\n\t\t\t<div class=\"cbox-featured-holder\">\r\n\t\t\t\t\t\t\t\t\t<span class=\"cbox-featured\"><\/span>\r\n\t\t\t\t\t<span class=\"rb-follow follow-trigger is-light\" data-cid=\"48\" data-name=\"Anthologies\"><\/span>\t\t\t<\/div>\r\n\t\t\t<div class=\"cbox-content\">\r\n\t\t\t\t<h4 class=\"cbox-title\"><a class=\"p-url\" href=\"https:\/\/theglobalhumanist.com\/fr\/category\/anthologies\/\" rel=\"category\">Anthologies<\/a><\/h4><span class=\"cbox-count is-meta\">23 Articles<\/span>\t\t\t<\/div>\r\n\t\t<\/div>\r\n\t\t\t<div class=\"cbox cbox-5 is-cbox-43\">\r\n\t\t\t<div class=\"cbox-featured-holder\">\r\n\t\t\t\t\t\t\t\t\t<span class=\"cbox-featured\"><\/span>\r\n\t\t\t\t\t<span class=\"rb-follow follow-trigger is-light\" data-cid=\"43\" data-name=\"Critiques\"><\/span>\t\t\t<\/div>\r\n\t\t\t<div class=\"cbox-content\">\r\n\t\t\t\t<h4 class=\"cbox-title\"><a class=\"p-url\" href=\"https:\/\/theglobalhumanist.com\/fr\/category\/critiques\/\" rel=\"category\">Critiques<\/a><\/h4><span class=\"cbox-count is-meta\">28 Articles<\/span>\t\t\t<\/div>\r\n\t\t<\/div>\r\n\t\t\t<div class=\"cbox cbox-5 is-cbox-49\">\r\n\t\t\t<div class=\"cbox-featured-holder\">\r\n\t\t\t\t\t\t\t\t\t<span class=\"cbox-featured\"><\/span>\r\n\t\t\t\t\t<span class=\"rb-follow follow-trigger is-light\" data-cid=\"49\" data-name=\"History\"><\/span>\t\t\t<\/div>\r\n\t\t\t<div class=\"cbox-content\">\r\n\t\t\t\t<h4 class=\"cbox-title\"><a class=\"p-url\" href=\"https:\/\/theglobalhumanist.com\/fr\/category\/history\/\" rel=\"category\">Histoire<\/a><\/h4><span class=\"cbox-count is-meta\">22 Articles<\/span>\t\t\t<\/div>\r\n\t\t<\/div>\r\n\t\t\t<div class=\"cbox cbox-5 is-cbox-45\">\r\n\t\t\t<div class=\"cbox-featured-holder\">\r\n\t\t\t\t\t\t\t\t\t<span class=\"cbox-featured\"><\/span>\r\n\t\t\t\t\t<span class=\"rb-follow follow-trigger is-light\" data-cid=\"45\" data-name=\"Philosophy\"><\/span>\t\t\t<\/div>\r\n\t\t\t<div class=\"cbox-content\">\r\n\t\t\t\t<h4 class=\"cbox-title\"><a class=\"p-url\" href=\"https:\/\/theglobalhumanist.com\/fr\/category\/philosophy\/\" rel=\"category\">Philosophie<\/a><\/h4><span class=\"cbox-count is-meta\">16 Articles<\/span>\t\t\t<\/div>\r\n\t\t<\/div>\r\n\t\t\t<div class=\"cbox cbox-5 is-cbox-44\">\r\n\t\t\t<div class=\"cbox-featured-holder\">\r\n\t\t\t\t\t\t\t\t\t<span class=\"cbox-featured\"><\/span>\r\n\t\t\t\t\t<span class=\"rb-follow follow-trigger is-light\" data-cid=\"44\" data-name=\"Science\"><\/span>\t\t\t<\/div>\r\n\t\t\t<div class=\"cbox-content\">\r\n\t\t\t\t<h4 class=\"cbox-title\"><a class=\"p-url\" href=\"https:\/\/theglobalhumanist.com\/fr\/category\/science\/\" rel=\"category\">Science<\/a><\/h4><span class=\"cbox-count is-meta\">19 Articles<\/span>\t\t\t<\/div>\r\n\t\t<\/div>\r\n\t\t\t<div class=\"cbox cbox-5 is-cbox-47\">\r\n\t\t\t<div class=\"cbox-featured-holder\">\r\n\t\t\t\t\t\t\t\t\t<span class=\"cbox-featured\"><\/span>\r\n\t\t\t\t\t<span class=\"rb-follow follow-trigger is-light\" data-cid=\"47\" data-name=\"Skepticism\"><\/span>\t\t\t<\/div>\r\n\t\t\t<div class=\"cbox-content\">\r\n\t\t\t\t<h4 class=\"cbox-title\"><a class=\"p-url\" href=\"https:\/\/theglobalhumanist.com\/fr\/category\/skepticism\/\" rel=\"category\">Scepticisme<\/a><\/h4><span class=\"cbox-count is-meta\">9 Articles<\/span>\t\t\t<\/div>\r\n\t\t<\/div>\r\n\t\t\t<\/div>\r\n\t<\/div>\t\t\t\t<\/div>\n\t\t\t\t<\/div>\n\t\t\t\t\t<\/div>\n\t\t\t\t<\/div>\n\t\t<div class=\"elementor-element elementor-element-1b1feaf e-flex e-con-boxed e-con e-parent\" data-id=\"1b1feaf\" data-element_type=\"container\">\n\t\t\t\t\t<div class=\"e-con-inner\">\n\t\t<div class=\"elementor-element elementor-element-54d5ff1 e-con-full e-flex e-con e-child\" data-id=\"54d5ff1\" data-element_type=\"container\">\n\t\t\t\t<div class=\"elementor-element elementor-element-f788a39 elementor-widget elementor-widget-foxiz-list-1\" data-id=\"f788a39\" data-element_type=\"widget\" data-widget_type=\"foxiz-list-1.default\">\n\t\t\t\t<div class=\"elementor-widget-container\">\n\t\t\t\t\t<div id=\"uid_f788a39\" class=\"block-wrap block-big block-list block-list-1 rb-columns rb-col-1 rb-tcol-1 rb-mcol-1 hovering-fade bottom-border is-b-border-gray no-last-bb is-pagi-text p-vtop ecat-bg-4 is-feat-left meta-s-line\"><div class=\"block-inner\">\t\t<div class=\"p-wrap p-list p-list-1\" data-pid=\"4460\">\r\n\t\t\t<div class=\"list-holder\">\r\n\t\t\t<div class=\"list-feat-holder\">\r\n\t\t\t\t\t\t\t<\/div>\r\n\t\t\t<div class=\"p-content\">\r\n\t\t\t\t<h3 class=\"entry-title\">\t\t<a class=\"p-url\" href=\"https:\/\/theglobalhumanist.com\/fr\/united-nations-invites-humanist-organizations-to-shape-new-human-rights-report\/\" rel=\"bookmark\">United Nations invites humanist organizations to shape new human rights report<\/a><\/h3><p class=\"entry-summary mobile-hide\">The post United Nations invites humanist organizations to shape new human rights report appeared first on Humanists International.<\/p>\r\n\t\t\t\t\t\t<div class=\"p-meta has-bookmark\">\r\n\t\t\t\t<div class=\"meta-inner is-meta\">\r\n\t\t\t\t\t\t\t<div class=\"meta-el meta-author\">\r\n\t\t\t<a href=\"https:\/\/theglobalhumanist.com\/fr\/author\/ad4min\/\"><\/a>\t\t<\/div>\r\n\t\t\t\t<div class=\"meta-el meta-read\">0 Min Read<\/div>\r\n\t\t\t\t\t\t<\/div>\r\n\t\t\t\t<span class=\"rb-bookmark bookmark-trigger\" data-pid=\"4460\"><\/span>\t\t\t<\/div>\r\n\t\t\t\t\t<\/div>\r\n\t\t<\/div>\r\n\t\t\t\t<\/div>\r\n\t\t\t<div class=\"p-wrap p-list p-list-1\" data-pid=\"4459\">\r\n\t\t\t<div class=\"list-holder\">\r\n\t\t\t<div class=\"list-feat-holder\">\r\n\t\t\t\t\t\t\t<\/div>\r\n\t\t\t<div class=\"p-content\">\r\n\t\t\t\t<h3 class=\"entry-title\">\t\t<a class=\"p-url\" href=\"https:\/\/theglobalhumanist.com\/fr\/the-world-humanist-congress-2026-welcomes-over-500-delegates\/\" rel=\"bookmark\">The World Humanist Congress 2026 welcomes over 500 delegates<\/a><\/h3><p class=\"entry-summary mobile-hide\">The post The World Humanist Congress 2026 welcomes over 500 delegates appeared first on Humanists International.<\/p>\r\n\t\t\t\t\t\t<div class=\"p-meta has-bookmark\">\r\n\t\t\t\t<div class=\"meta-inner is-meta\">\r\n\t\t\t\t\t\t\t<div class=\"meta-el meta-author\">\r\n\t\t\t<a href=\"https:\/\/theglobalhumanist.com\/fr\/author\/ad4min\/\"><\/a>\t\t<\/div>\r\n\t\t\t\t<div class=\"meta-el meta-read\">0 Min Read<\/div>\r\n\t\t\t\t\t\t<\/div>\r\n\t\t\t\t<span class=\"rb-bookmark bookmark-trigger\" data-pid=\"4459\"><\/span>\t\t\t<\/div>\r\n\t\t\t\t\t<\/div>\r\n\t\t<\/div>\r\n\t\t\t\t<\/div>\r\n\t\t\t<div class=\"p-wrap p-list p-list-1\" data-pid=\"4458\">\r\n\t\t\t<div class=\"list-holder\">\r\n\t\t\t<div class=\"list-feat-holder\">\r\n\t\t\t\t\t\t\t<\/div>\r\n\t\t\t<div class=\"p-content\">\r\n\t\t\t\t<h3 class=\"entry-title\">\t\t<a class=\"p-url\" href=\"https:\/\/theglobalhumanist.com\/fr\/humanists-international-makes-a-submission-on-freedom-of-association-to-the-un\/\" rel=\"bookmark\">Humanists International makes a submission on freedom of association to the UN<\/a><\/h3><p class=\"entry-summary mobile-hide\">The post Humanists International makes a submission on freedom of association to the UN appeared first on Humanists International.<\/p>\r\n\t\t\t\t\t\t<div class=\"p-meta has-bookmark\">\r\n\t\t\t\t<div class=\"meta-inner is-meta\">\r\n\t\t\t\t\t\t\t<div class=\"meta-el meta-author\">\r\n\t\t\t<a href=\"https:\/\/theglobalhumanist.com\/fr\/author\/ad4min\/\"><\/a>\t\t<\/div>\r\n\t\t\t\t<div class=\"meta-el meta-read\">0 Min Read<\/div>\r\n\t\t\t\t\t\t<\/div>\r\n\t\t\t\t<span class=\"rb-bookmark bookmark-trigger\" data-pid=\"4458\"><\/span>\t\t\t<\/div>\r\n\t\t\t\t\t<\/div>\r\n\t\t<\/div>\r\n\t\t\t\t<\/div>\r\n\t\t\t<div class=\"p-wrap p-list p-list-1\" data-pid=\"4454\">\r\n\t\t\t<div class=\"list-holder\">\r\n\t\t\t<div class=\"list-feat-holder\">\r\n\t\t\t\t\t\t\t<div class=\"feat-holder\">\r\n\t\t\t\t\t\t<div class=\"p-featured\">\r\n\t\t\t\t\t<a class=\"p-flink\" href=\"https:\/\/theglobalhumanist.com\/fr\/roslyn-mould-to-step-down-as-vice-president-of-humanists-international\/\" title=\"Roslyn Mould to step down as Vice President of Humanists International\">\r\n\t\t\t<img loading=\"lazy\" decoding=\"async\" width=\"77\" height=\"77\" src=\"https:\/\/theglobalhumanist.com\/wp-content\/uploads\/2026\/07\/feedzy-du7D83.svgz\" class=\"featured-img wp-post-image\" alt=\"\" \/>\t\t<\/a>\r\n\t\t\t\t<\/div>\r\n\t<\/div>\r\n\t\t\t\t\t<\/div>\r\n\t\t\t<div class=\"p-content\">\r\n\t\t\t\t<h3 class=\"entry-title\">\t\t<a class=\"p-url\" href=\"https:\/\/theglobalhumanist.com\/fr\/roslyn-mould-to-step-down-as-vice-president-of-humanists-international\/\" rel=\"bookmark\">Roslyn Mould to step down as Vice President of Humanists International<\/a><\/h3><p class=\"entry-summary mobile-hide\">The post Roslyn Mould to step down as Vice President of Humanists International appeared first on Humanists International.<\/p>\r\n\t\t\t\t\t\t<div class=\"p-meta has-bookmark\">\r\n\t\t\t\t<div class=\"meta-inner is-meta\">\r\n\t\t\t\t\t\t\t<div class=\"meta-el meta-author\">\r\n\t\t\t<a href=\"https:\/\/theglobalhumanist.com\/fr\/author\/ad4min\/\"><\/a>\t\t<\/div>\r\n\t\t\t\t<div class=\"meta-el meta-read\">0 Min Read<\/div>\r\n\t\t\t\t\t\t<\/div>\r\n\t\t\t\t<span class=\"rb-bookmark bookmark-trigger\" data-pid=\"4454\"><\/span>\t\t\t<\/div>\r\n\t\t\t\t\t<\/div>\r\n\t\t<\/div>\r\n\t\t\t\t<\/div>\r\n\t\t\t<div class=\"p-wrap p-list p-list-1\" data-pid=\"4456\">\r\n\t\t\t<div class=\"list-holder\">\r\n\t\t\t<div class=\"list-feat-holder\">\r\n\t\t\t\t\t\t\t<div class=\"feat-holder\">\r\n\t\t\t\t\t\t<div class=\"p-featured\">\r\n\t\t\t\t\t<a class=\"p-flink\" href=\"https:\/\/theglobalhumanist.com\/fr\/humanists-international-calls-on-austria-to-strengthen-state-neutrality-at-the-un\/\" title=\"Humanists International calls on Austria to strengthen state neutrality at the UN\">\r\n\t\t\t<img loading=\"lazy\" decoding=\"async\" width=\"77\" height=\"77\" src=\"https:\/\/theglobalhumanist.com\/wp-content\/uploads\/2026\/07\/feedzy-7btv4B.svgz\" class=\"featured-img wp-post-image\" alt=\"\" \/>\t\t<\/a>\r\n\t\t\t\t<\/div>\r\n\t<\/div>\r\n\t\t\t\t\t<\/div>\r\n\t\t\t<div class=\"p-content\">\r\n\t\t\t\t<h3 class=\"entry-title\">\t\t<a class=\"p-url\" href=\"https:\/\/theglobalhumanist.com\/fr\/humanists-international-calls-on-austria-to-strengthen-state-neutrality-at-the-un\/\" rel=\"bookmark\">Humanists International calls on Austria to strengthen state neutrality at the UN<\/a><\/h3><p class=\"entry-summary mobile-hide\">The post Humanists International calls on Austria to strengthen state neutrality at the UN appeared first on Humanists International.<\/p>\r\n\t\t\t\t\t\t<div class=\"p-meta has-bookmark\">\r\n\t\t\t\t<div class=\"meta-inner is-meta\">\r\n\t\t\t\t\t\t\t<div class=\"meta-el meta-author\">\r\n\t\t\t<a href=\"https:\/\/theglobalhumanist.com\/fr\/author\/ad4min\/\"><\/a>\t\t<\/div>\r\n\t\t\t\t<div class=\"meta-el meta-read\">0 Min Read<\/div>\r\n\t\t\t\t\t\t<\/div>\r\n\t\t\t\t<span class=\"rb-bookmark bookmark-trigger\" data-pid=\"4456\"><\/span>\t\t\t<\/div>\r\n\t\t\t\t\t<\/div>\r\n\t\t<\/div>\r\n\t\t\t\t<\/div>\r\n\t\t\t<div class=\"p-wrap p-list p-list-1\" data-pid=\"4452\">\r\n\t\t\t<div class=\"list-holder\">\r\n\t\t\t<div class=\"list-feat-holder\">\r\n\t\t\t\t\t\t\t<div class=\"feat-holder\">\r\n\t\t\t\t\t\t<div class=\"p-featured\">\r\n\t\t\t\t\t<a class=\"p-flink\" href=\"https:\/\/theglobalhumanist.com\/fr\/celebrating-positive-change-around-the-world-this-world-humanist-day\/\" title=\"Celebrating positive change around the world this World Humanist Day\">\r\n\t\t\t<img loading=\"lazy\" decoding=\"async\" width=\"77\" height=\"77\" src=\"https:\/\/theglobalhumanist.com\/wp-content\/uploads\/2026\/06\/feedzy-UdT32T.svgz\" class=\"featured-img wp-post-image\" alt=\"\" \/>\t\t<\/a>\r\n\t\t\t\t<\/div>\r\n\t<\/div>\r\n\t\t\t\t\t<\/div>\r\n\t\t\t<div class=\"p-content\">\r\n\t\t\t\t<h3 class=\"entry-title\">\t\t<a class=\"p-url\" href=\"https:\/\/theglobalhumanist.com\/fr\/celebrating-positive-change-around-the-world-this-world-humanist-day\/\" rel=\"bookmark\">Celebrating positive change around the world this World Humanist Day<\/a><\/h3><p class=\"entry-summary mobile-hide\">The post Celebrating positive change around the world this World Humanist Day appeared first on Humanists International.<\/p>\r\n\t\t\t\t\t\t<div class=\"p-meta has-bookmark\">\r\n\t\t\t\t<div class=\"meta-inner is-meta\">\r\n\t\t\t\t\t\t\t<div class=\"meta-el meta-author\">\r\n\t\t\t<a href=\"https:\/\/theglobalhumanist.com\/fr\/author\/ad4min\/\"><\/a>\t\t<\/div>\r\n\t\t\t\t<div class=\"meta-el meta-read\">0 Min Read<\/div>\r\n\t\t\t\t\t\t<\/div>\r\n\t\t\t\t<span class=\"rb-bookmark bookmark-trigger\" data-pid=\"4452\"><\/span>\t\t\t<\/div>\r\n\t\t\t\t\t<\/div>\r\n\t\t<\/div>\r\n\t\t\t\t<\/div>\r\n\t\t\t<div class=\"p-wrap p-list p-list-1\" data-pid=\"4451\">\r\n\t\t\t<div class=\"list-holder\">\r\n\t\t\t<div class=\"list-feat-holder\">\r\n\t\t\t\t\t\t\t<\/div>\r\n\t\t\t<div class=\"p-content\">\r\n\t\t\t\t<h3 class=\"entry-title\">\t\t<a class=\"p-url\" href=\"https:\/\/theglobalhumanist.com\/fr\/mobile-reading-room-helps-children-explore-humanism-in-the-philippines\/\" rel=\"bookmark\">Mobile reading room helps children explore humanism in the Philippines<\/a><\/h3><p class=\"entry-summary mobile-hide\">The post Mobile reading room helps children explore humanism in the Philippines appeared first on Humanists International.<\/p>\r\n\t\t\t\t\t\t<div class=\"p-meta has-bookmark\">\r\n\t\t\t\t<div class=\"meta-inner is-meta\">\r\n\t\t\t\t\t\t\t<div class=\"meta-el meta-author\">\r\n\t\t\t<a href=\"https:\/\/theglobalhumanist.com\/fr\/author\/ad4min\/\"><\/a>\t\t<\/div>\r\n\t\t\t\t<div class=\"meta-el meta-read\">0 Min Read<\/div>\r\n\t\t\t\t\t\t<\/div>\r\n\t\t\t\t<span class=\"rb-bookmark bookmark-trigger\" data-pid=\"4451\"><\/span>\t\t\t<\/div>\r\n\t\t\t\t\t<\/div>\r\n\t\t<\/div>\r\n\t\t\t\t<\/div>\r\n\t\t\t<div class=\"p-wrap p-list p-list-1\" data-pid=\"4445\">\r\n\t\t\t<div class=\"list-holder\">\r\n\t\t\t<div class=\"list-feat-holder\">\r\n\t\t\t\t\t\t\t<div class=\"feat-holder\">\r\n\t\t\t\t\t\t<div class=\"p-featured\">\r\n\t\t\t\t\t<a class=\"p-flink\" href=\"https:\/\/theglobalhumanist.com\/fr\/humanists-warn-eu-of-ai-monopolies-urge-public-ownership-and-human-control\/\" title=\"Humanists warn EU of AI monopolies, urge public ownership and human control\">\r\n\t\t\t<img loading=\"lazy\" decoding=\"async\" width=\"77\" height=\"77\" src=\"https:\/\/theglobalhumanist.com\/wp-content\/uploads\/2026\/06\/feedzy-n2byVs.svgz\" class=\"featured-img wp-post-image\" alt=\"\" \/>\t\t<\/a>\r\n\t\t\t\t<\/div>\r\n\t<\/div>\r\n\t\t\t\t\t<\/div>\r\n\t\t\t<div class=\"p-content\">\r\n\t\t\t\t<h3 class=\"entry-title\">\t\t<a class=\"p-url\" href=\"https:\/\/theglobalhumanist.com\/fr\/humanists-warn-eu-of-ai-monopolies-urge-public-ownership-and-human-control\/\" rel=\"bookmark\">Humanists warn EU of AI monopolies, urge public ownership and human control<\/a><\/h3><p class=\"entry-summary mobile-hide\">The post Humanists warn EU of AI monopolies, urge public ownership and human control appeared first on Humanists International.<\/p>\r\n\t\t\t\t\t\t<div class=\"p-meta has-bookmark\">\r\n\t\t\t\t<div class=\"meta-inner is-meta\">\r\n\t\t\t\t\t\t\t<div class=\"meta-el meta-author\">\r\n\t\t\t<a href=\"https:\/\/theglobalhumanist.com\/fr\/author\/ad4min\/\"><\/a>\t\t<\/div>\r\n\t\t\t\t<div class=\"meta-el meta-read\">0 Min Read<\/div>\r\n\t\t\t\t\t\t<\/div>\r\n\t\t\t\t<span class=\"rb-bookmark bookmark-trigger\" data-pid=\"4445\"><\/span>\t\t\t<\/div>\r\n\t\t\t\t\t<\/div>\r\n\t\t<\/div>\r\n\t\t\t\t<\/div>\r\n\t\t\t<div class=\"p-wrap p-list p-list-1\" data-pid=\"4447\">\r\n\t\t\t<div class=\"list-holder\">\r\n\t\t\t<div class=\"list-feat-holder\">\r\n\t\t\t\t\t\t\t<div class=\"feat-holder\">\r\n\t\t\t\t\t\t<div class=\"p-featured\">\r\n\t\t\t\t\t<a class=\"p-flink\" href=\"https:\/\/theglobalhumanist.com\/fr\/humanists-call-on-european-parliament-to-protect-human-centric-care-in-ai-rules\/\" title=\"Humanists call on European Parliament to protect human-centric care in AI rules\">\r\n\t\t\t<img loading=\"lazy\" decoding=\"async\" width=\"77\" height=\"77\" src=\"https:\/\/theglobalhumanist.com\/wp-content\/uploads\/2026\/06\/feedzy-Im3EPE.svgz\" class=\"featured-img wp-post-image\" alt=\"\" \/>\t\t<\/a>\r\n\t\t\t\t<\/div>\r\n\t<\/div>\r\n\t\t\t\t\t<\/div>\r\n\t\t\t<div class=\"p-content\">\r\n\t\t\t\t<h3 class=\"entry-title\">\t\t<a class=\"p-url\" href=\"https:\/\/theglobalhumanist.com\/fr\/humanists-call-on-european-parliament-to-protect-human-centric-care-in-ai-rules\/\" rel=\"bookmark\">Humanists call on European Parliament to protect human-centric care in AI rules<\/a><\/h3><p class=\"entry-summary mobile-hide\">The post Humanists call on European Parliament to protect human-centric care in AI rules appeared first on Humanists International.<\/p>\r\n\t\t\t\t\t\t<div class=\"p-meta has-bookmark\">\r\n\t\t\t\t<div class=\"meta-inner is-meta\">\r\n\t\t\t\t\t\t\t<div class=\"meta-el meta-author\">\r\n\t\t\t<a href=\"https:\/\/theglobalhumanist.com\/fr\/author\/ad4min\/\"><\/a>\t\t<\/div>\r\n\t\t\t\t<div class=\"meta-el meta-read\">0 Min Read<\/div>\r\n\t\t\t\t\t\t<\/div>\r\n\t\t\t\t<span class=\"rb-bookmark bookmark-trigger\" data-pid=\"4447\"><\/span>\t\t\t<\/div>\r\n\t\t\t\t\t<\/div>\r\n\t\t<\/div>\r\n\t\t\t\t<\/div>\r\n\t\t\t<div class=\"p-wrap p-list p-list-1\" data-pid=\"4449\">\r\n\t\t\t<div class=\"list-holder\">\r\n\t\t\t<div class=\"list-feat-holder\">\r\n\t\t\t\t\t\t\t<div class=\"feat-holder\">\r\n\t\t\t\t\t\t<div class=\"p-featured\">\r\n\t\t\t\t\t<a class=\"p-flink\" href=\"https:\/\/theglobalhumanist.com\/fr\/critical-thinking-project-reaches-over-300-people-in-five-ugandan-schools\/\" title=\"Critical thinking project reaches over 300 people in five Ugandan schools\">\r\n\t\t\t<img loading=\"lazy\" decoding=\"async\" width=\"77\" height=\"77\" src=\"https:\/\/theglobalhumanist.com\/wp-content\/uploads\/2026\/06\/feedzy-ABsvQc.svgz\" class=\"featured-img wp-post-image\" alt=\"\" \/>\t\t<\/a>\r\n\t\t\t\t<\/div>\r\n\t<\/div>\r\n\t\t\t\t\t<\/div>\r\n\t\t\t<div class=\"p-content\">\r\n\t\t\t\t<h3 class=\"entry-title\">\t\t<a class=\"p-url\" href=\"https:\/\/theglobalhumanist.com\/fr\/critical-thinking-project-reaches-over-300-people-in-five-ugandan-schools\/\" rel=\"bookmark\">Critical thinking project reaches over 300 people in five Ugandan schools<\/a><\/h3><p class=\"entry-summary mobile-hide\">The post Critical thinking project reaches over 300 people in five Ugandan schools appeared first on Humanists International.<\/p>\r\n\t\t\t\t\t\t<div class=\"p-meta has-bookmark\">\r\n\t\t\t\t<div class=\"meta-inner is-meta\">\r\n\t\t\t\t\t\t\t<div class=\"meta-el meta-author\">\r\n\t\t\t<a href=\"https:\/\/theglobalhumanist.com\/fr\/author\/ad4min\/\"><\/a>\t\t<\/div>\r\n\t\t\t\t<div class=\"meta-el meta-read\">0 Min Read<\/div>\r\n\t\t\t\t\t\t<\/div>\r\n\t\t\t\t<span class=\"rb-bookmark bookmark-trigger\" data-pid=\"4449\"><\/span>\t\t\t<\/div>\r\n\t\t\t\t\t<\/div>\r\n\t\t<\/div>\r\n\t\t\t\t<\/div>\r\n\t<\/div>\t\t<div class=\"pagination-wrap pagination-loadmore\">\r\n\t\t\t<a href=\"#\" class=\"loadmore-trigger\"><span>Show More<\/span><i class=\"rb-loader\" aria-hidden=\"true\"><\/i><\/a>\r\n\t\t<\/div>\r\n\t\t<\/div>\t\t\t\t<\/div>\n\t\t\t\t<\/div>\n\t\t\t\t<\/div>\n\t\t<div class=\"elementor-element elementor-element-efcf474 e-con-full rb-sticky e-flex e-con e-child\" data-id=\"efcf474\" data-element_type=\"container\">\n\t\t\t\t<\/div>\n\t\t\t\t\t<\/div>\n\t\t\t\t<\/div>\n\t\t<div class=\"elementor-element elementor-element-fe16341 e-flex e-con-boxed e-con e-parent\" data-id=\"fe16341\" data-element_type=\"container\">\n\t\t\t\t\t<div class=\"e-con-inner\">\n\t\t\t\t\t<\/div>\n\t\t\t\t<\/div>\n\t\t\t\t<\/div>","protected":false},"excerpt":{"rendered":"<p>edit Uncategorized The Global Humanist 1 Min Read Anarchy Evolution: Faith, Science, and Bad Religion in a World Without God by Greg Graffin and Steve Olson &#8220;Anarchy Evolution: Faith, Science, and Bad Religion in a World Without God&#8221; by Greg Graffin and Steve Olson blends autobiography, science, and philosophy to explore the intersection of evolution [&hellip;]<\/p>","protected":false},"author":1,"featured_media":0,"parent":0,"menu_order":0,"comment_status":"closed","ping_status":"closed","template":"","meta":{"content-type":"","footnotes":""},"class_list":["post-2175","page","type-page","status-publish"],"_links":{"self":[{"href":"https:\/\/theglobalhumanist.com\/fr\/wp-json\/wp\/v2\/pages\/2175","targetHints":{"allow":["GET"]}}],"collection":[{"href":"https:\/\/theglobalhumanist.com\/fr\/wp-json\/wp\/v2\/pages"}],"about":[{"href":"https:\/\/theglobalhumanist.com\/fr\/wp-json\/wp\/v2\/types\/page"}],"author":[{"embeddable":true,"href":"https:\/\/theglobalhumanist.com\/fr\/wp-json\/wp\/v2\/users\/1"}],"replies":[{"embeddable":true,"href":"https:\/\/theglobalhumanist.com\/fr\/wp-json\/wp\/v2\/comments?post=2175"}],"version-history":[{"count":30,"href":"https:\/\/theglobalhumanist.com\/fr\/wp-json\/wp\/v2\/pages\/2175\/revisions"}],"predecessor-version":[{"id":4016,"href":"https:\/\/theglobalhumanist.com\/fr\/wp-json\/wp\/v2\/pages\/2175\/revisions\/4016"}],"wp:attachment":[{"href":"https:\/\/theglobalhumanist.com\/fr\/wp-json\/wp\/v2\/media?parent=2175"}],"curies":[{"name":"wp","href":"https:\/\/api.w.org\/{rel}","templated":true}]}}